{"id":5058,"date":"2018-08-13T14:02:14","date_gmt":"2018-08-13T11:02:14","guid":{"rendered":"http:\/\/www.bakirkoyrotaract.org\/tr\/?page_id=5058"},"modified":"2018-11-28T13:54:07","modified_gmt":"2018-11-28T10:54:07","slug":"2018-2019-proje-arsivi","status":"publish","type":"page","link":"https:\/\/www.bakirkoyrotaract.org\/tr\/projeler\/2018-2019-proje-arsivi\/","title":{"rendered":"2018-2019 Ar\u015fivi"},"content":{"rendered":"<section class=\"kc-elm kc-css-493160 kc_row xt_kc_row_has_container xt_kc_row_has_padding\"><div class=\"kc-row-container  kc-container\"><div class=\"kc-wrap-columns\"><div class=\"kc-elm kc-css-168586 kc_col-sm-12 kc_column kc_col-sm-12\"><div class=\"kc-col-container\">\n<div class=\"kc-elm kc-css-908974 kc-blog-posts kc-blog-posts-2 kc-image-align-both\">\n\t\n\t\t\n\t\t\t\t<div class=\"kc-list-item-2\">\n\n\t\t\t\t\t\n\t\t\t\t\t\t<div class=\"post-item-left\">\n\t\t\t\t\t\t\t<div class=\"post_details\">\n\t\t\t\t\t\t\t\t<h2 class=\"post-title-alt\"><a\n\t\t\t\t\t\t\t\t\t\thref=\"https:\/\/www.bakirkoyrotaract.org\/tr\/31-05-2019-sevgi-battaniyesi-2\/\"\n\t\t\t\t\t\t\t\t\t\ttitle=\"31.05.2019 \/ Sevgi Battaniyesi 2#\">31.05.2019 \/ Sevgi Battaniyesi 2#<\/a>\n\t\t\t\t\t\t\t\t<\/h2>\n\t\t\t\t\t\t\t\t\t\t\t\t\t\t\t\t\t<div class=\"post-meta\">\n\t\t\t\t\t\t\t\t\t\t\t\t\t\t\t\t\t\t\t\t\t\t\t\t\t\t\t\t\t\t\t<span class=\"post-date\"><i class=\"fa fa-clock-o\"><\/i> <a\n\t\t\t\t\t\t\t\t\t\t\t\thref=\"https:\/\/www.bakirkoyrotaract.org\/tr\/2019\/05\/\">May\u0131s 31 2019<\/a> <\/span>\n\t\t\t\t\t\t\t\t\t\t\t\t\t\t\t\t\t\t\t\t\t\t\t\t\t\t\t\t\t\t\t\t\t\t\t\t\t\t\t\t\t\t\t<span class=\"post-cats\"><i class=\"fa fa-folder-o\"\n\t\t\t\t\t\t\t\t\t\t\t                           aria-hidden=\"true\"><\/i> <a href=\"https:\/\/www.bakirkoyrotaract.org\/tr\/category\/2018-2019\/\" rel=\"category tag\">2018-2019<\/a>, <a href=\"https:\/\/www.bakirkoyrotaract.org\/tr\/category\/genel\/\" rel=\"category tag\">Genel<\/a>, <a href=\"https:\/\/www.bakirkoyrotaract.org\/tr\/category\/hpk\/\" rel=\"category tag\">Hizmet Projeleri Kom.<\/a><\/span>\n\t\t\t\t\t\t\t\t\t\t\t\t\t\t\t\t\t\t\t\t\t\t\t\t\t\t\t\t\t\t<\/div>\n\t\t\t\t\t\t\t\t\t\t\t\t\t\t\t<\/div>\n\t\t\t\t\t\t\t\t\t\t\t\t\t\t\t<p>(Bak\u0131rk\u00f6y RAC - Tarsus RAC - Alanya RAC - Gaziantep&hellip;<\/p>\n\t\t\t\t\t\t\t\t\t\t\t\t\t\t<a href=\"https:\/\/www.bakirkoyrotaract.org\/tr\/31-05-2019-sevgi-battaniyesi-2\/\"\n\t\t\t\t\t\t\t   class=\"kc-post-2-button\">Devam\u0131n\u0131 Oku <i\n\t\t\t\t\t\t\t\t\tclass=\"fa fa-angle-right\" aria-hidden=\"true\"><\/i><\/a>\n\t\t\t\t\t\t\t\t\t\t\t\t\t<\/div>\n\t\t\t\t\t\t<div class=\"post-item-right\">\n\t\t\t\t\t\t\t<figure>\n\t\t\t\t\t\t\t\t<img decoding=\"async\" src=\"https:\/\/www.bakirkoyrotaract.org\/tr\/wp-content\/uploads\/2019\/05\/WhatsApp-Image-2019-05-31-at-12.21.10-2-543x304xct.jpeg\"\n\t\t\t\t\t\t\t\t     alt=\"31.05.2019 \/ Sevgi Battaniyesi 2#\">\n\t\t\t\t\t\t\t<\/figure>\n\t\t\t\t\t\t<\/div>\n\n\t\t\t\t\t\n\t\t\t\t<\/div>\n\n\t\t\t\t\n\t\t\t\t<div class=\"kc-list-item-2\">\n\n\t\t\t\t\t\t\t\t\t\t\t\t\t\t\t\t\t\t<div class=\"post-item-left\">\n\t\t\t\t\t\t\t\t<figure>\n\t\t\t\t\t\t\t\t\t<img decoding=\"async\" src=\"https:\/\/www.bakirkoyrotaract.org\/tr\/wp-content\/uploads\/2019\/05\/WhatsApp-Image-2019-05-31-at-15.00.14-543x304xct.jpeg\"\n\t\t\t\t\t\t\t\t\t     alt=\"30.05.2019 \/ \u0130\u00e7imizden Biri Sunumlar\u0131 [Deniz \u00d6zyal\u00e7\u0131n &#8211; Diyette Do\u011fru Bilinen Yanl\u0131\u015flar]\">\n\t\t\t\t\t\t\t\t<\/figure>\n\t\t\t\t\t\t\t<\/div>\n\t\t\t\t\t\t\t\t\t\t\t\t<div class=\"post-item-right\">\n\t\t\t\t\t\t\t<div class=\"post_details\">\n\t\t\t\t\t\t\t\t<h2 class=\"post-title-alt\"><a\n\t\t\t\t\t\t\t\t\t\thref=\"https:\/\/www.bakirkoyrotaract.org\/tr\/30-05-2019-icimizden-biri-sunumlari-deniz-ozyalcin-diyette-dogru-bilinen-yanlislar\/\"\n\t\t\t\t\t\t\t\t\t\ttitle=\"30.05.2019 \/ \u0130\u00e7imizden Biri Sunumlar\u0131 [Deniz \u00d6zyal\u00e7\u0131n &#8211; Diyette Do\u011fru Bilinen Yanl\u0131\u015flar]\">30.05.2019 \/ \u0130\u00e7imizden Biri Sunumlar\u0131 [Deniz \u00d6zyal\u00e7\u0131n &#8211; Diyette Do\u011fru Bilinen Yanl\u0131\u015flar]<\/a>\n\t\t\t\t\t\t\t\t<\/h2>\n\n\t\t\t\t\t\t\t\t\t\t\t\t\t\t\t\t\t<div class=\"post-meta\">\n\t\t\t\t\t\t\t\t\t\t\t\t\t\t\t\t\t\t\t\t\t\t\t\t\t\t\t\t\t\t\t<span class=\"post-date\"><i class=\"fa fa-clock-o\"><\/i> <a\n\t\t\t\t\t\t\t\t\t\t\t\thref=\"https:\/\/www.bakirkoyrotaract.org\/tr\/2019\/05\/\">May\u0131s 30 2019<\/a> <\/span>\n\t\t\t\t\t\t\t\t\t\t\t\t\t\t\t\t\t\t\t\t\t\t\t\t\t\t\t\t\t\t\t\t\t\t\t\t\t\t\t\t\t\t\t<span class=\"post-cats\"><i class=\"fa fa-folder-o\"\n\t\t\t\t\t\t\t\t\t\t\t\t                           aria-hidden=\"true\"><\/i> <a href=\"https:\/\/www.bakirkoyrotaract.org\/tr\/category\/2018-2019\/\" rel=\"category tag\">2018-2019<\/a>, <a href=\"https:\/\/www.bakirkoyrotaract.org\/tr\/category\/genel\/\" rel=\"category tag\">Genel<\/a>, <a href=\"https:\/\/www.bakirkoyrotaract.org\/tr\/category\/mgk\/\" rel=\"category tag\">Kariyer Geli\u015fim Kom.<\/a><\/span>\n\t\t\t\t\t\t\t\t\t\t\t\t\t\t\t\t\t\t\t\t\t\t\t\t\t\t\t\t\t\t<\/div>\n\t\t\t\t\t\t\t\t\t\t\t\t\t\t\t<\/div>\n\t\t\t\t\t\t\t\t\t\t\t\t\t\t\t<p>\u0130\u00e7imizden Biri sunumlar\u0131 kapsam\u0131ndan aday \u00fcyelerimizden Deniz \u00d6zyal\u00e7\u0131n 30.05.2019&nbsp; tarihinde,&hellip;<\/p>\n\t\t\t\t\t\t\t\t\t\t\t\t\t\t<a href=\"https:\/\/www.bakirkoyrotaract.org\/tr\/30-05-2019-icimizden-biri-sunumlari-deniz-ozyalcin-diyette-dogru-bilinen-yanlislar\/\"\n\t\t\t\t\t\t\t   class=\"kc-post-2-button\">Devam\u0131n\u0131 Oku <i\n\t\t\t\t\t\t\t\t\tclass=\"fa fa-angle-right\" aria-hidden=\"true\"><\/i><\/a>\n\t\t\t\t\t\t\t\t\t\t\t\t\t<\/div>\n\n\t\t\t\t\t\n\t\t\t\t<\/div>\n\n\t\t\t\t\n\t\t\t\t<div class=\"kc-list-item-2\">\n\n\t\t\t\t\t\n\t\t\t\t\t\t<div class=\"post-item-left\">\n\t\t\t\t\t\t\t<div class=\"post_details\">\n\t\t\t\t\t\t\t\t<h2 class=\"post-title-alt\"><a\n\t\t\t\t\t\t\t\t\t\thref=\"https:\/\/www.bakirkoyrotaract.org\/tr\/30-05-2019-bakirkoy-kadin-cezaevi-cocuklari-sinema-organizasyonu\/\"\n\t\t\t\t\t\t\t\t\t\ttitle=\"30.05.2019 \/ Bak\u0131rk\u00f6y Kad\u0131n Cezaevi \u00c7ocuklar\u0131 Sinema Organizasyonu\">30.05.2019 \/ Bak\u0131rk\u00f6y Kad\u0131n Cezaevi \u00c7ocuklar\u0131 Sinema Organizasyonu<\/a>\n\t\t\t\t\t\t\t\t<\/h2>\n\t\t\t\t\t\t\t\t\t\t\t\t\t\t\t\t\t<div class=\"post-meta\">\n\t\t\t\t\t\t\t\t\t\t\t\t\t\t\t\t\t\t\t\t\t\t\t\t\t\t\t\t\t\t\t<span class=\"post-date\"><i class=\"fa fa-clock-o\"><\/i> <a\n\t\t\t\t\t\t\t\t\t\t\t\thref=\"https:\/\/www.bakirkoyrotaract.org\/tr\/2019\/05\/\">May\u0131s 30 2019<\/a> <\/span>\n\t\t\t\t\t\t\t\t\t\t\t\t\t\t\t\t\t\t\t\t\t\t\t\t\t\t\t\t\t\t\t\t\t\t\t\t\t\t\t\t\t\t\t<span class=\"post-cats\"><i class=\"fa fa-folder-o\"\n\t\t\t\t\t\t\t\t\t\t\t                           aria-hidden=\"true\"><\/i> <a href=\"https:\/\/www.bakirkoyrotaract.org\/tr\/category\/2018-2019\/\" rel=\"category tag\">2018-2019<\/a>, <a href=\"https:\/\/www.bakirkoyrotaract.org\/tr\/category\/genel\/\" rel=\"category tag\">Genel<\/a>, <a href=\"https:\/\/www.bakirkoyrotaract.org\/tr\/category\/hpk\/\" rel=\"category tag\">Hizmet Projeleri Kom.<\/a><\/span>\n\t\t\t\t\t\t\t\t\t\t\t\t\t\t\t\t\t\t\t\t\t\t\t\t\t\t\t\t\t\t<\/div>\n\t\t\t\t\t\t\t\t\t\t\t\t\t\t\t<\/div>\n\t\t\t\t\t\t\t\t\t\t\t\t\t\t\t<p>(Bak\u0131rk\u00f6y RAC &amp;&nbsp;Atlas Yard\u0131mla\u015fma ve Dayan\u0131\u015fma Derne\u011fi Ortak Projesi) Atlas&hellip;<\/p>\n\t\t\t\t\t\t\t\t\t\t\t\t\t\t<a href=\"https:\/\/www.bakirkoyrotaract.org\/tr\/30-05-2019-bakirkoy-kadin-cezaevi-cocuklari-sinema-organizasyonu\/\"\n\t\t\t\t\t\t\t   class=\"kc-post-2-button\">Devam\u0131n\u0131 Oku <i\n\t\t\t\t\t\t\t\t\tclass=\"fa fa-angle-right\" aria-hidden=\"true\"><\/i><\/a>\n\t\t\t\t\t\t\t\t\t\t\t\t\t<\/div>\n\t\t\t\t\t\t<div class=\"post-item-right\">\n\t\t\t\t\t\t\t<figure>\n\t\t\t\t\t\t\t\t<img decoding=\"async\" src=\"https:\/\/www.bakirkoyrotaract.org\/tr\/wp-content\/uploads\/2019\/05\/lkhj61653378_10219417277803719_803057385684860928_n-e1559214823485-543x304xct.jpg\"\n\t\t\t\t\t\t\t\t     alt=\"30.05.2019 \/ Bak\u0131rk\u00f6y Kad\u0131n Cezaevi \u00c7ocuklar\u0131 Sinema Organizasyonu\">\n\t\t\t\t\t\t\t<\/figure>\n\t\t\t\t\t\t<\/div>\n\n\t\t\t\t\t\n\t\t\t\t<\/div>\n\n\t\t\t\t\n\t\t\t\t<div class=\"kc-list-item-2\">\n\n\t\t\t\t\t\t\t\t\t\t\t\t\t\t\t\t\t\t<div class=\"post-item-left\">\n\t\t\t\t\t\t\t\t<figure>\n\t\t\t\t\t\t\t\t\t<img decoding=\"async\" src=\"https:\/\/www.bakirkoyrotaract.org\/tr\/wp-content\/uploads\/2019\/05\/WhatsApp-Image-2019-05-29-at-21.04.28-543x304xct.jpeg\"\n\t\t\t\t\t\t\t\t\t     alt=\"29.05.2019 \/ Sokak Lambas\u0131 \u00c7orba Da\u011f\u0131t\u0131m\u0131\">\n\t\t\t\t\t\t\t\t<\/figure>\n\t\t\t\t\t\t\t<\/div>\n\t\t\t\t\t\t\t\t\t\t\t\t<div class=\"post-item-right\">\n\t\t\t\t\t\t\t<div class=\"post_details\">\n\t\t\t\t\t\t\t\t<h2 class=\"post-title-alt\"><a\n\t\t\t\t\t\t\t\t\t\thref=\"https:\/\/www.bakirkoyrotaract.org\/tr\/29-05-2019-sokak-lambasi-corba-dagitimi\/\"\n\t\t\t\t\t\t\t\t\t\ttitle=\"29.05.2019 \/ Sokak Lambas\u0131 \u00c7orba Da\u011f\u0131t\u0131m\u0131\">29.05.2019 \/ Sokak Lambas\u0131 \u00c7orba Da\u011f\u0131t\u0131m\u0131<\/a>\n\t\t\t\t\t\t\t\t<\/h2>\n\n\t\t\t\t\t\t\t\t\t\t\t\t\t\t\t\t\t<div class=\"post-meta\">\n\t\t\t\t\t\t\t\t\t\t\t\t\t\t\t\t\t\t\t\t\t\t\t\t\t\t\t\t\t\t\t<span class=\"post-date\"><i class=\"fa fa-clock-o\"><\/i> <a\n\t\t\t\t\t\t\t\t\t\t\t\thref=\"https:\/\/www.bakirkoyrotaract.org\/tr\/2019\/05\/\">May\u0131s 29 2019<\/a> <\/span>\n\t\t\t\t\t\t\t\t\t\t\t\t\t\t\t\t\t\t\t\t\t\t\t\t\t\t\t\t\t\t\t\t\t\t\t\t\t\t\t\t\t\t\t<span class=\"post-cats\"><i class=\"fa fa-folder-o\"\n\t\t\t\t\t\t\t\t\t\t\t\t                           aria-hidden=\"true\"><\/i> <a href=\"https:\/\/www.bakirkoyrotaract.org\/tr\/category\/2018-2019\/\" rel=\"category tag\">2018-2019<\/a>, <a href=\"https:\/\/www.bakirkoyrotaract.org\/tr\/category\/genel\/\" rel=\"category tag\">Genel<\/a>, <a href=\"https:\/\/www.bakirkoyrotaract.org\/tr\/category\/hpk\/\" rel=\"category tag\">Hizmet Projeleri Kom.<\/a><\/span>\n\t\t\t\t\t\t\t\t\t\t\t\t\t\t\t\t\t\t\t\t\t\t\t\t\t\t\t\t\t\t<\/div>\n\t\t\t\t\t\t\t\t\t\t\t\t\t\t\t<\/div>\n\t\t\t\t\t\t\t\t\t\t\t\t\t\t\t<p>D\u00f6nemin alt\u0131nc\u0131 Sokak Lambas\u0131 \u00e7orba da\u011f\u0131t\u0131m\u0131 29.05.2019 tarihinde ger\u00e7ekle\u015ftirildi. [gallery&hellip;<\/p>\n\t\t\t\t\t\t\t\t\t\t\t\t\t\t<a href=\"https:\/\/www.bakirkoyrotaract.org\/tr\/29-05-2019-sokak-lambasi-corba-dagitimi\/\"\n\t\t\t\t\t\t\t   class=\"kc-post-2-button\">Devam\u0131n\u0131 Oku <i\n\t\t\t\t\t\t\t\t\tclass=\"fa fa-angle-right\" aria-hidden=\"true\"><\/i><\/a>\n\t\t\t\t\t\t\t\t\t\t\t\t\t<\/div>\n\n\t\t\t\t\t\n\t\t\t\t<\/div>\n\n\t\t\t\t\n\t\t\t\t<div class=\"kc-list-item-2\">\n\n\t\t\t\t\t\n\t\t\t\t\t\t<div class=\"post-item-left\">\n\t\t\t\t\t\t\t<div class=\"post_details\">\n\t\t\t\t\t\t\t\t<h2 class=\"post-title-alt\"><a\n\t\t\t\t\t\t\t\t\t\thref=\"https:\/\/www.bakirkoyrotaract.org\/tr\/25-05-2019-mama-bagisi\/\"\n\t\t\t\t\t\t\t\t\t\ttitle=\"25.05.2019 \/ Mama Ba\u011f\u0131\u015f\u0131\">25.05.2019 \/ Mama Ba\u011f\u0131\u015f\u0131<\/a>\n\t\t\t\t\t\t\t\t<\/h2>\n\t\t\t\t\t\t\t\t\t\t\t\t\t\t\t\t\t<div class=\"post-meta\">\n\t\t\t\t\t\t\t\t\t\t\t\t\t\t\t\t\t\t\t\t\t\t\t\t\t\t\t\t\t\t\t<span class=\"post-date\"><i class=\"fa fa-clock-o\"><\/i> <a\n\t\t\t\t\t\t\t\t\t\t\t\thref=\"https:\/\/www.bakirkoyrotaract.org\/tr\/2019\/05\/\">May\u0131s 25 2019<\/a> <\/span>\n\t\t\t\t\t\t\t\t\t\t\t\t\t\t\t\t\t\t\t\t\t\t\t\t\t\t\t\t\t\t\t\t\t\t\t\t\t\t\t\t\t\t\t<span class=\"post-cats\"><i class=\"fa fa-folder-o\"\n\t\t\t\t\t\t\t\t\t\t\t                           aria-hidden=\"true\"><\/i> <a href=\"https:\/\/www.bakirkoyrotaract.org\/tr\/category\/2018-2019\/\" rel=\"category tag\">2018-2019<\/a>, <a href=\"https:\/\/www.bakirkoyrotaract.org\/tr\/category\/genel\/\" rel=\"category tag\">Genel<\/a>, <a href=\"https:\/\/www.bakirkoyrotaract.org\/tr\/category\/hpk\/\" rel=\"category tag\">Hizmet Projeleri Kom.<\/a><\/span>\n\t\t\t\t\t\t\t\t\t\t\t\t\t\t\t\t\t\t\t\t\t\t\t\t\t\t\t\t\t\t<\/div>\n\t\t\t\t\t\t\t\t\t\t\t\t\t\t\t<\/div>\n\t\t\t\t\t\t\t\t\t\t\t\t\t\t\t<p>25.05.2019 tarihinde &nbsp;Patilik\u00f6y hayvan bar\u0131na\u011f\u0131na&nbsp;360 kg kuru mama yard\u0131m\u0131&nbsp;ger\u00e7ekle\u015ftirldi.<\/p>\n\t\t\t\t\t\t\t\t\t\t\t\t\t\t<a href=\"https:\/\/www.bakirkoyrotaract.org\/tr\/25-05-2019-mama-bagisi\/\"\n\t\t\t\t\t\t\t   class=\"kc-post-2-button\">Devam\u0131n\u0131 Oku <i\n\t\t\t\t\t\t\t\t\tclass=\"fa fa-angle-right\" aria-hidden=\"true\"><\/i><\/a>\n\t\t\t\t\t\t\t\t\t\t\t\t\t<\/div>\n\t\t\t\t\t\t<div class=\"post-item-right\">\n\t\t\t\t\t\t\t<figure>\n\t\t\t\t\t\t\t\t<img decoding=\"async\" src=\"https:\/\/www.bakirkoyrotaract.org\/tr\/wp-content\/uploads\/2019\/05\/patilik\u00f6y-543x304xct.png\"\n\t\t\t\t\t\t\t\t     alt=\"25.05.2019 \/ Mama Ba\u011f\u0131\u015f\u0131\">\n\t\t\t\t\t\t\t<\/figure>\n\t\t\t\t\t\t<\/div>\n\n\t\t\t\t\t\n\t\t\t\t<\/div>\n\n\t\t\t\t\n\t\t\t\t<div class=\"kc-list-item-2\">\n\n\t\t\t\t\t\t\t\t\t\t\t\t\t\t\t\t\t\t<div class=\"post-item-left\">\n\t\t\t\t\t\t\t\t<figure>\n\t\t\t\t\t\t\t\t\t<img decoding=\"async\" src=\"https:\/\/www.bakirkoyrotaract.org\/tr\/wp-content\/uploads\/2019\/05\/WhatsApp-Image-2019-05-25-at-16.03.23-543x304xct.jpeg\"\n\t\t\t\t\t\t\t\t\t     alt=\"25.05.2019 \/ 2. El K\u0131yafet Ba\u011f\u0131\u015f\u0131\">\n\t\t\t\t\t\t\t\t<\/figure>\n\t\t\t\t\t\t\t<\/div>\n\t\t\t\t\t\t\t\t\t\t\t\t<div class=\"post-item-right\">\n\t\t\t\t\t\t\t<div class=\"post_details\">\n\t\t\t\t\t\t\t\t<h2 class=\"post-title-alt\"><a\n\t\t\t\t\t\t\t\t\t\thref=\"https:\/\/www.bakirkoyrotaract.org\/tr\/25-05-2019-2-el-kiyafet-bagisi\/\"\n\t\t\t\t\t\t\t\t\t\ttitle=\"25.05.2019 \/ 2. El K\u0131yafet Ba\u011f\u0131\u015f\u0131\">25.05.2019 \/ 2. El K\u0131yafet Ba\u011f\u0131\u015f\u0131<\/a>\n\t\t\t\t\t\t\t\t<\/h2>\n\n\t\t\t\t\t\t\t\t\t\t\t\t\t\t\t\t\t<div class=\"post-meta\">\n\t\t\t\t\t\t\t\t\t\t\t\t\t\t\t\t\t\t\t\t\t\t\t\t\t\t\t\t\t\t\t<span class=\"post-date\"><i class=\"fa fa-clock-o\"><\/i> <a\n\t\t\t\t\t\t\t\t\t\t\t\thref=\"https:\/\/www.bakirkoyrotaract.org\/tr\/2019\/05\/\">May\u0131s 25 2019<\/a> <\/span>\n\t\t\t\t\t\t\t\t\t\t\t\t\t\t\t\t\t\t\t\t\t\t\t\t\t\t\t\t\t\t\t\t\t\t\t\t\t\t\t\t\t\t\t<span class=\"post-cats\"><i class=\"fa fa-folder-o\"\n\t\t\t\t\t\t\t\t\t\t\t\t                           aria-hidden=\"true\"><\/i> <a href=\"https:\/\/www.bakirkoyrotaract.org\/tr\/category\/2018-2019\/\" rel=\"category tag\">2018-2019<\/a>, <a href=\"https:\/\/www.bakirkoyrotaract.org\/tr\/category\/genel\/\" rel=\"category tag\">Genel<\/a>, <a href=\"https:\/\/www.bakirkoyrotaract.org\/tr\/category\/hpk\/\" rel=\"category tag\">Hizmet Projeleri Kom.<\/a><\/span>\n\t\t\t\t\t\t\t\t\t\t\t\t\t\t\t\t\t\t\t\t\t\t\t\t\t\t\t\t\t\t<\/div>\n\t\t\t\t\t\t\t\t\t\t\t\t\t\t\t<\/div>\n\t\t\t\t\t\t\t\t\t\t\t\t\t\t\t<p>Proje dahilinde toplanan k\u0131yafetler 25.05.2019 tarihinde ihtiya\u00e7 sahiplerine ula\u015ft\u0131r\u0131lmak \u00fczere&hellip;<\/p>\n\t\t\t\t\t\t\t\t\t\t\t\t\t\t<a href=\"https:\/\/www.bakirkoyrotaract.org\/tr\/25-05-2019-2-el-kiyafet-bagisi\/\"\n\t\t\t\t\t\t\t   class=\"kc-post-2-button\">Devam\u0131n\u0131 Oku <i\n\t\t\t\t\t\t\t\t\tclass=\"fa fa-angle-right\" aria-hidden=\"true\"><\/i><\/a>\n\t\t\t\t\t\t\t\t\t\t\t\t\t<\/div>\n\n\t\t\t\t\t\n\t\t\t\t<\/div>\n\n\t\t\t\t\n\t\t\t\t<div class=\"kc-list-item-2\">\n\n\t\t\t\t\t\n\t\t\t\t\t\t<div class=\"post-item-left\">\n\t\t\t\t\t\t\t<div class=\"post_details\">\n\t\t\t\t\t\t\t\t<h2 class=\"post-title-alt\"><a\n\t\t\t\t\t\t\t\t\t\thref=\"https:\/\/www.bakirkoyrotaract.org\/tr\/23-05-2019-hijyen-malzemesi-bagisi\/\"\n\t\t\t\t\t\t\t\t\t\ttitle=\"23.05.2019 \/ Hijyen Malzemesi Ba\u011f\u0131\u015f\u0131\">23.05.2019 \/ Hijyen Malzemesi Ba\u011f\u0131\u015f\u0131<\/a>\n\t\t\t\t\t\t\t\t<\/h2>\n\t\t\t\t\t\t\t\t\t\t\t\t\t\t\t\t\t<div class=\"post-meta\">\n\t\t\t\t\t\t\t\t\t\t\t\t\t\t\t\t\t\t\t\t\t\t\t\t\t\t\t\t\t\t\t<span class=\"post-date\"><i class=\"fa fa-clock-o\"><\/i> <a\n\t\t\t\t\t\t\t\t\t\t\t\thref=\"https:\/\/www.bakirkoyrotaract.org\/tr\/2019\/05\/\">May\u0131s 23 2019<\/a> <\/span>\n\t\t\t\t\t\t\t\t\t\t\t\t\t\t\t\t\t\t\t\t\t\t\t\t\t\t\t\t\t\t\t\t\t\t\t\t\t\t\t\t\t\t\t<span class=\"post-cats\"><i class=\"fa fa-folder-o\"\n\t\t\t\t\t\t\t\t\t\t\t                           aria-hidden=\"true\"><\/i> <a href=\"https:\/\/www.bakirkoyrotaract.org\/tr\/category\/2018-2019\/\" rel=\"category tag\">2018-2019<\/a>, <a href=\"https:\/\/www.bakirkoyrotaract.org\/tr\/category\/genel\/\" rel=\"category tag\">Genel<\/a>, <a href=\"https:\/\/www.bakirkoyrotaract.org\/tr\/category\/hpk\/\" rel=\"category tag\">Hizmet Projeleri Kom.<\/a><\/span>\n\t\t\t\t\t\t\t\t\t\t\t\t\t\t\t\t\t\t\t\t\t\t\t\t\t\t\t\t\t\t<\/div>\n\t\t\t\t\t\t\t\t\t\t\t\t\t\t\t<\/div>\n\t\t\t\t\t\t\t\t\t\t\t\t\t\t\t<p>(Bak\u0131rk\u00f6y RAC &amp; \u0130stanbul RAC Ortak Projesi) Muhtelif ki\u015fisel hijyen&hellip;<\/p>\n\t\t\t\t\t\t\t\t\t\t\t\t\t\t<a href=\"https:\/\/www.bakirkoyrotaract.org\/tr\/23-05-2019-hijyen-malzemesi-bagisi\/\"\n\t\t\t\t\t\t\t   class=\"kc-post-2-button\">Devam\u0131n\u0131 Oku <i\n\t\t\t\t\t\t\t\t\tclass=\"fa fa-angle-right\" aria-hidden=\"true\"><\/i><\/a>\n\t\t\t\t\t\t\t\t\t\t\t\t\t<\/div>\n\t\t\t\t\t\t<div class=\"post-item-right\">\n\t\t\t\t\t\t\t<figure>\n\t\t\t\t\t\t\t\t<img decoding=\"async\" src=\"https:\/\/www.bakirkoyrotaract.org\/tr\/wp-content\/uploads\/2019\/05\/WhatsApp-Image-2019-05-23-at-13.31.35-543x304xct.jpeg\"\n\t\t\t\t\t\t\t\t     alt=\"23.05.2019 \/ Hijyen Malzemesi Ba\u011f\u0131\u015f\u0131\">\n\t\t\t\t\t\t\t<\/figure>\n\t\t\t\t\t\t<\/div>\n\n\t\t\t\t\t\n\t\t\t\t<\/div>\n\n\t\t\t\t\n\t\t\t\t<div class=\"kc-list-item-2\">\n\n\t\t\t\t\t\t\t\t\t\t\t\t\t\t\t\t\t\t<div class=\"post-item-left\">\n\t\t\t\t\t\t\t\t<figure>\n\t\t\t\t\t\t\t\t\t<img decoding=\"async\" src=\"https:\/\/www.bakirkoyrotaract.org\/tr\/wp-content\/uploads\/2019\/05\/WhatsApp-Image-2019-05-22-at-14.54.55-543x304xct.jpeg\"\n\t\t\t\t\t\t\t\t\t     alt=\"22.05.2019 \/ Bak\u0131rk\u00f6y \u015eefkat Huzurevi Ziyareti\">\n\t\t\t\t\t\t\t\t<\/figure>\n\t\t\t\t\t\t\t<\/div>\n\t\t\t\t\t\t\t\t\t\t\t\t<div class=\"post-item-right\">\n\t\t\t\t\t\t\t<div class=\"post_details\">\n\t\t\t\t\t\t\t\t<h2 class=\"post-title-alt\"><a\n\t\t\t\t\t\t\t\t\t\thref=\"https:\/\/www.bakirkoyrotaract.org\/tr\/22-05-2019-bakirkoy-sefkat-huzurevi-ziyareti\/\"\n\t\t\t\t\t\t\t\t\t\ttitle=\"22.05.2019 \/ Bak\u0131rk\u00f6y \u015eefkat Huzurevi Ziyareti\">22.05.2019 \/ Bak\u0131rk\u00f6y \u015eefkat Huzurevi Ziyareti<\/a>\n\t\t\t\t\t\t\t\t<\/h2>\n\n\t\t\t\t\t\t\t\t\t\t\t\t\t\t\t\t\t<div class=\"post-meta\">\n\t\t\t\t\t\t\t\t\t\t\t\t\t\t\t\t\t\t\t\t\t\t\t\t\t\t\t\t\t\t\t<span class=\"post-date\"><i class=\"fa fa-clock-o\"><\/i> <a\n\t\t\t\t\t\t\t\t\t\t\t\thref=\"https:\/\/www.bakirkoyrotaract.org\/tr\/2019\/05\/\">May\u0131s 22 2019<\/a> <\/span>\n\t\t\t\t\t\t\t\t\t\t\t\t\t\t\t\t\t\t\t\t\t\t\t\t\t\t\t\t\t\t\t\t\t\t\t\t\t\t\t\t\t\t\t<span class=\"post-cats\"><i class=\"fa fa-folder-o\"\n\t\t\t\t\t\t\t\t\t\t\t\t                           aria-hidden=\"true\"><\/i> <a href=\"https:\/\/www.bakirkoyrotaract.org\/tr\/category\/2018-2019\/\" rel=\"category tag\">2018-2019<\/a>, <a href=\"https:\/\/www.bakirkoyrotaract.org\/tr\/category\/genel\/\" rel=\"category tag\">Genel<\/a>, <a href=\"https:\/\/www.bakirkoyrotaract.org\/tr\/category\/hpk\/\" rel=\"category tag\">Hizmet Projeleri Kom.<\/a><\/span>\n\t\t\t\t\t\t\t\t\t\t\t\t\t\t\t\t\t\t\t\t\t\t\t\t\t\t\t\t\t\t<\/div>\n\t\t\t\t\t\t\t\t\t\t\t\t\t\t\t<\/div>\n\t\t\t\t\t\t\t\t\t\t\t\t\t\t\t<p>D\u00fczenli olarak ger\u00e7ekle\u015ftirdi\u011fimiz projelerimizden huzur evi ziyaretlerinin bu d\u00f6nemki ikincisi&hellip;<\/p>\n\t\t\t\t\t\t\t\t\t\t\t\t\t\t<a href=\"https:\/\/www.bakirkoyrotaract.org\/tr\/22-05-2019-bakirkoy-sefkat-huzurevi-ziyareti\/\"\n\t\t\t\t\t\t\t   class=\"kc-post-2-button\">Devam\u0131n\u0131 Oku <i\n\t\t\t\t\t\t\t\t\tclass=\"fa fa-angle-right\" aria-hidden=\"true\"><\/i><\/a>\n\t\t\t\t\t\t\t\t\t\t\t\t\t<\/div>\n\n\t\t\t\t\t\n\t\t\t\t<\/div>\n\n\t\t\t\t\n\t\t\t\t<div class=\"kc-list-item-2\">\n\n\t\t\t\t\t\n\t\t\t\t\t\t<div class=\"post-item-left\">\n\t\t\t\t\t\t\t<div class=\"post_details\">\n\t\t\t\t\t\t\t\t<h2 class=\"post-title-alt\"><a\n\t\t\t\t\t\t\t\t\t\thref=\"https:\/\/www.bakirkoyrotaract.org\/tr\/18-05-2019-kulup-ocakbasi\/\"\n\t\t\t\t\t\t\t\t\t\ttitle=\"18.05.2019 \/ Kul\u00fcp Ocakba\u015f\u0131\">18.05.2019 \/ Kul\u00fcp Ocakba\u015f\u0131<\/a>\n\t\t\t\t\t\t\t\t<\/h2>\n\t\t\t\t\t\t\t\t\t\t\t\t\t\t\t\t\t<div class=\"post-meta\">\n\t\t\t\t\t\t\t\t\t\t\t\t\t\t\t\t\t\t\t\t\t\t\t\t\t\t\t\t\t\t\t<span class=\"post-date\"><i class=\"fa fa-clock-o\"><\/i> <a\n\t\t\t\t\t\t\t\t\t\t\t\thref=\"https:\/\/www.bakirkoyrotaract.org\/tr\/2019\/05\/\">May\u0131s 18 2019<\/a> <\/span>\n\t\t\t\t\t\t\t\t\t\t\t\t\t\t\t\t\t\t\t\t\t\t\t\t\t\t\t\t\t\t\t\t\t\t\t\t\t\t\t\t\t\t\t<span class=\"post-cats\"><i class=\"fa fa-folder-o\"\n\t\t\t\t\t\t\t\t\t\t\t                           aria-hidden=\"true\"><\/i> <a href=\"https:\/\/www.bakirkoyrotaract.org\/tr\/category\/2018-2019\/\" rel=\"category tag\">2018-2019<\/a>, <a href=\"https:\/\/www.bakirkoyrotaract.org\/tr\/category\/genel\/\" rel=\"category tag\">Genel<\/a>, <a href=\"https:\/\/www.bakirkoyrotaract.org\/tr\/category\/kyk\/\" rel=\"category tag\">Kul\u00fcp Y\u00f6netimi Kom.<\/a><\/span>\n\t\t\t\t\t\t\t\t\t\t\t\t\t\t\t\t\t\t\t\t\t\t\t\t\t\t\t\t\t\t<\/div>\n\t\t\t\t\t\t\t\t\t\t\t\t\t\t\t<\/div>\n\t\t\t\t\t\t\t\t\t\t\t\t\t\t\t<p>D\u00f6nemin 9. ocakba\u015f\u0131 organizasyonu 18.05.2019 tarihinde ger\u00e7ekle\u015ftirildi.<\/p>\n\t\t\t\t\t\t\t\t\t\t\t\t\t\t<a href=\"https:\/\/www.bakirkoyrotaract.org\/tr\/18-05-2019-kulup-ocakbasi\/\"\n\t\t\t\t\t\t\t   class=\"kc-post-2-button\">Devam\u0131n\u0131 Oku <i\n\t\t\t\t\t\t\t\t\tclass=\"fa fa-angle-right\" aria-hidden=\"true\"><\/i><\/a>\n\t\t\t\t\t\t\t\t\t\t\t\t\t<\/div>\n\t\t\t\t\t\t<div class=\"post-item-right\">\n\t\t\t\t\t\t\t<figure>\n\t\t\t\t\t\t\t\t<img decoding=\"async\" src=\"https:\/\/www.bakirkoyrotaract.org\/tr\/wp-content\/uploads\/2019\/05\/ocakba\u015f\u013118.05.19-543x304xct.jpg\"\n\t\t\t\t\t\t\t\t     alt=\"18.05.2019 \/ Kul\u00fcp Ocakba\u015f\u0131\">\n\t\t\t\t\t\t\t<\/figure>\n\t\t\t\t\t\t<\/div>\n\n\t\t\t\t\t\n\t\t\t\t<\/div>\n\n\t\t\t\t\n\t\t\t\t<div class=\"kc-list-item-2\">\n\n\t\t\t\t\t\t\t\t\t\t\t\t\t\t\t\t\t\t<div class=\"post-item-left\">\n\t\t\t\t\t\t\t\t<figure>\n\t\t\t\t\t\t\t\t\t<img decoding=\"async\" src=\"https:\/\/www.bakirkoyrotaract.org\/tr\/wp-content\/uploads\/2019\/05\/WhatsApp-Image-2019-05-19-at-10.34.39-1-543x304xct.jpeg\"\n\t\t\t\t\t\t\t\t\t     alt=\"18.05.2019 \/ K\u00fct\u00fcphane Yap\u0131m\u0131 [Kocaeli &#8211; Dar\u0131ca Ne\u015fet Yal\u00e7\u0131n Ortaokulu]\">\n\t\t\t\t\t\t\t\t<\/figure>\n\t\t\t\t\t\t\t<\/div>\n\t\t\t\t\t\t\t\t\t\t\t\t<div class=\"post-item-right\">\n\t\t\t\t\t\t\t<div class=\"post_details\">\n\t\t\t\t\t\t\t\t<h2 class=\"post-title-alt\"><a\n\t\t\t\t\t\t\t\t\t\thref=\"https:\/\/www.bakirkoyrotaract.org\/tr\/18-05-2019-kutuphane-yapimi-kocaeli-darica-neset-yalcin-ortaokulu\/\"\n\t\t\t\t\t\t\t\t\t\ttitle=\"18.05.2019 \/ K\u00fct\u00fcphane Yap\u0131m\u0131 [Kocaeli &#8211; Dar\u0131ca Ne\u015fet Yal\u00e7\u0131n Ortaokulu]\">18.05.2019 \/ K\u00fct\u00fcphane Yap\u0131m\u0131 [Kocaeli &#8211; Dar\u0131ca Ne\u015fet Yal\u00e7\u0131n Ortaokulu]<\/a>\n\t\t\t\t\t\t\t\t<\/h2>\n\n\t\t\t\t\t\t\t\t\t\t\t\t\t\t\t\t\t<div class=\"post-meta\">\n\t\t\t\t\t\t\t\t\t\t\t\t\t\t\t\t\t\t\t\t\t\t\t\t\t\t\t\t\t\t\t<span class=\"post-date\"><i class=\"fa fa-clock-o\"><\/i> <a\n\t\t\t\t\t\t\t\t\t\t\t\thref=\"https:\/\/www.bakirkoyrotaract.org\/tr\/2019\/05\/\">May\u0131s 18 2019<\/a> <\/span>\n\t\t\t\t\t\t\t\t\t\t\t\t\t\t\t\t\t\t\t\t\t\t\t\t\t\t\t\t\t\t\t\t\t\t\t\t\t\t\t\t\t\t\t<span class=\"post-cats\"><i class=\"fa fa-folder-o\"\n\t\t\t\t\t\t\t\t\t\t\t\t                           aria-hidden=\"true\"><\/i> <a href=\"https:\/\/www.bakirkoyrotaract.org\/tr\/category\/2018-2019\/\" rel=\"category tag\">2018-2019<\/a>, <a href=\"https:\/\/www.bakirkoyrotaract.org\/tr\/category\/genel\/\" rel=\"category tag\">Genel<\/a>, <a href=\"https:\/\/www.bakirkoyrotaract.org\/tr\/category\/hpk\/\" rel=\"category tag\">Hizmet Projeleri Kom.<\/a><\/span>\n\t\t\t\t\t\t\t\t\t\t\t\t\t\t\t\t\t\t\t\t\t\t\t\t\t\t\t\t\t\t<\/div>\n\t\t\t\t\t\t\t\t\t\t\t\t\t\t\t<\/div>\n\t\t\t\t\t\t\t\t\t\t\t\t\t\t\t<p>D\u00f6nemin en \u00f6nemli projelerinden biri 18.05.2019 tarihinde ger\u00e7ekle\u015ftirildi. K\u00fct\u00fcphanesi bulunmayan&hellip;<\/p>\n\t\t\t\t\t\t\t\t\t\t\t\t\t\t<a href=\"https:\/\/www.bakirkoyrotaract.org\/tr\/18-05-2019-kutuphane-yapimi-kocaeli-darica-neset-yalcin-ortaokulu\/\"\n\t\t\t\t\t\t\t   class=\"kc-post-2-button\">Devam\u0131n\u0131 Oku <i\n\t\t\t\t\t\t\t\t\tclass=\"fa fa-angle-right\" aria-hidden=\"true\"><\/i><\/a>\n\t\t\t\t\t\t\t\t\t\t\t\t\t<\/div>\n\n\t\t\t\t\t\n\t\t\t\t<\/div>\n\n\t\t\t\t\n\t\t\t\t<div class=\"kc-list-item-2\">\n\n\t\t\t\t\t\n\t\t\t\t\t\t<div class=\"post-item-left\">\n\t\t\t\t\t\t\t<div class=\"post_details\">\n\t\t\t\t\t\t\t\t<h2 class=\"post-title-alt\"><a\n\t\t\t\t\t\t\t\t\t\thref=\"https:\/\/www.bakirkoyrotaract.org\/tr\/17-05-2019-ramazan-paketi-yardimi\/\"\n\t\t\t\t\t\t\t\t\t\ttitle=\"17.05.2019 \/ Ramazan Paketi Yard\u0131m\u0131\">17.05.2019 \/ Ramazan Paketi Yard\u0131m\u0131<\/a>\n\t\t\t\t\t\t\t\t<\/h2>\n\t\t\t\t\t\t\t\t\t\t\t\t\t\t\t\t\t<div class=\"post-meta\">\n\t\t\t\t\t\t\t\t\t\t\t\t\t\t\t\t\t\t\t\t\t\t\t\t\t\t\t\t\t\t\t<span class=\"post-date\"><i class=\"fa fa-clock-o\"><\/i> <a\n\t\t\t\t\t\t\t\t\t\t\t\thref=\"https:\/\/www.bakirkoyrotaract.org\/tr\/2019\/05\/\">May\u0131s 17 2019<\/a> <\/span>\n\t\t\t\t\t\t\t\t\t\t\t\t\t\t\t\t\t\t\t\t\t\t\t\t\t\t\t\t\t\t\t\t\t\t\t\t\t\t\t\t\t\t\t<span class=\"post-cats\"><i class=\"fa fa-folder-o\"\n\t\t\t\t\t\t\t\t\t\t\t                           aria-hidden=\"true\"><\/i> <a href=\"https:\/\/www.bakirkoyrotaract.org\/tr\/category\/2018-2019\/\" rel=\"category tag\">2018-2019<\/a>, <a href=\"https:\/\/www.bakirkoyrotaract.org\/tr\/category\/genel\/\" rel=\"category tag\">Genel<\/a>, <a href=\"https:\/\/www.bakirkoyrotaract.org\/tr\/category\/hpk\/\" rel=\"category tag\">Hizmet Projeleri Kom.<\/a><\/span>\n\t\t\t\t\t\t\t\t\t\t\t\t\t\t\t\t\t\t\t\t\t\t\t\t\t\t\t\t\t\t<\/div>\n\t\t\t\t\t\t\t\t\t\t\t\t\t\t\t<\/div>\n\t\t\t\t\t\t\t\t\t\t\t\t\t\t\t<p>UR 2420. B\u00f6lge Rotaract Temsilcili\u011fi Toplum Hizmetleri Komitesi taraf\u0131ndan her&hellip;<\/p>\n\t\t\t\t\t\t\t\t\t\t\t\t\t\t<a href=\"https:\/\/www.bakirkoyrotaract.org\/tr\/17-05-2019-ramazan-paketi-yardimi\/\"\n\t\t\t\t\t\t\t   class=\"kc-post-2-button\">Devam\u0131n\u0131 Oku <i\n\t\t\t\t\t\t\t\t\tclass=\"fa fa-angle-right\" aria-hidden=\"true\"><\/i><\/a>\n\t\t\t\t\t\t\t\t\t\t\t\t\t<\/div>\n\t\t\t\t\t\t<div class=\"post-item-right\">\n\t\t\t\t\t\t\t<figure>\n\t\t\t\t\t\t\t\t<img decoding=\"async\" src=\"https:\/\/www.bakirkoyrotaract.org\/tr\/wp-content\/uploads\/2019\/05\/ramazan-543x304xct.jpg\"\n\t\t\t\t\t\t\t\t     alt=\"17.05.2019 \/ Ramazan Paketi Yard\u0131m\u0131\">\n\t\t\t\t\t\t\t<\/figure>\n\t\t\t\t\t\t<\/div>\n\n\t\t\t\t\t\n\t\t\t\t<\/div>\n\n\t\t\t\t\n\t\t\t\t<div class=\"kc-list-item-2\">\n\n\t\t\t\t\t\t\t\t\t\t\t\t\t\t\t\t\t\t<div class=\"post-item-left\">\n\t\t\t\t\t\t\t\t<figure>\n\t\t\t\t\t\t\t\t\t<img decoding=\"async\" src=\"https:\/\/www.bakirkoyrotaract.org\/tr\/wp-content\/uploads\/2019\/05\/WhatsApp-Image-2019-05-14-at-15.38.07-543x304xct.jpeg\"\n\t\t\t\t\t\t\t\t\t     alt=\"11.05.2019 \/ Kul\u00fcp \u0130\u00e7i Sinema Organizasyonu [Avengers End Game]\">\n\t\t\t\t\t\t\t\t<\/figure>\n\t\t\t\t\t\t\t<\/div>\n\t\t\t\t\t\t\t\t\t\t\t\t<div class=\"post-item-right\">\n\t\t\t\t\t\t\t<div class=\"post_details\">\n\t\t\t\t\t\t\t\t<h2 class=\"post-title-alt\"><a\n\t\t\t\t\t\t\t\t\t\thref=\"https:\/\/www.bakirkoyrotaract.org\/tr\/11-05-2019-sinema-organizasyonu-avengers-end-game\/\"\n\t\t\t\t\t\t\t\t\t\ttitle=\"11.05.2019 \/ Kul\u00fcp \u0130\u00e7i Sinema Organizasyonu [Avengers End Game]\">11.05.2019 \/ Kul\u00fcp \u0130\u00e7i Sinema Organizasyonu [Avengers End Game]<\/a>\n\t\t\t\t\t\t\t\t<\/h2>\n\n\t\t\t\t\t\t\t\t\t\t\t\t\t\t\t\t\t<div class=\"post-meta\">\n\t\t\t\t\t\t\t\t\t\t\t\t\t\t\t\t\t\t\t\t\t\t\t\t\t\t\t\t\t\t\t<span class=\"post-date\"><i class=\"fa fa-clock-o\"><\/i> <a\n\t\t\t\t\t\t\t\t\t\t\t\thref=\"https:\/\/www.bakirkoyrotaract.org\/tr\/2019\/05\/\">May\u0131s 11 2019<\/a> <\/span>\n\t\t\t\t\t\t\t\t\t\t\t\t\t\t\t\t\t\t\t\t\t\t\t\t\t\t\t\t\t\t\t\t\t\t\t\t\t\t\t\t\t\t\t<span class=\"post-cats\"><i class=\"fa fa-folder-o\"\n\t\t\t\t\t\t\t\t\t\t\t\t                           aria-hidden=\"true\"><\/i> <a href=\"https:\/\/www.bakirkoyrotaract.org\/tr\/category\/2018-2019\/\" rel=\"category tag\">2018-2019<\/a>, <a href=\"https:\/\/www.bakirkoyrotaract.org\/tr\/category\/genel\/\" rel=\"category tag\">Genel<\/a>, <a href=\"https:\/\/www.bakirkoyrotaract.org\/tr\/category\/kgk\/\" rel=\"category tag\">K\u00fclt\u00fcrel Geli\u015fim Kom.<\/a><\/span>\n\t\t\t\t\t\t\t\t\t\t\t\t\t\t\t\t\t\t\t\t\t\t\t\t\t\t\t\t\t\t<\/div>\n\t\t\t\t\t\t\t\t\t\t\t\t\t\t\t<\/div>\n\t\t\t\t\t\t\t\t\t\t\t\t\t\t\t<p>D\u00f6nemin \u00fc\u00e7\u00fcnc\u00fc sinema organizasyonunda 11.05.2019 tarihinde kul\u00fcp\u00e7e Avengers End Game&hellip;<\/p>\n\t\t\t\t\t\t\t\t\t\t\t\t\t\t<a href=\"https:\/\/www.bakirkoyrotaract.org\/tr\/11-05-2019-sinema-organizasyonu-avengers-end-game\/\"\n\t\t\t\t\t\t\t   class=\"kc-post-2-button\">Devam\u0131n\u0131 Oku <i\n\t\t\t\t\t\t\t\t\tclass=\"fa fa-angle-right\" aria-hidden=\"true\"><\/i><\/a>\n\t\t\t\t\t\t\t\t\t\t\t\t\t<\/div>\n\n\t\t\t\t\t\n\t\t\t\t<\/div>\n\n\t\t\t\t\n\t\t\t\t<div class=\"kc-list-item-2\">\n\n\t\t\t\t\t\n\t\t\t\t\t\t<div class=\"post-item-left\">\n\t\t\t\t\t\t\t<div class=\"post_details\">\n\t\t\t\t\t\t\t\t<h2 class=\"post-title-alt\"><a\n\t\t\t\t\t\t\t\t\t\thref=\"https:\/\/www.bakirkoyrotaract.org\/tr\/04-05-2019-rotaract-senligi\/\"\n\t\t\t\t\t\t\t\t\t\ttitle=\"04.05.2019 \/ Rotaract \u015eenli\u011fi\">04.05.2019 \/ Rotaract \u015eenli\u011fi<\/a>\n\t\t\t\t\t\t\t\t<\/h2>\n\t\t\t\t\t\t\t\t\t\t\t\t\t\t\t\t\t<div class=\"post-meta\">\n\t\t\t\t\t\t\t\t\t\t\t\t\t\t\t\t\t\t\t\t\t\t\t\t\t\t\t\t\t\t\t<span class=\"post-date\"><i class=\"fa fa-clock-o\"><\/i> <a\n\t\t\t\t\t\t\t\t\t\t\t\thref=\"https:\/\/www.bakirkoyrotaract.org\/tr\/2019\/05\/\">May\u0131s 4 2019<\/a> <\/span>\n\t\t\t\t\t\t\t\t\t\t\t\t\t\t\t\t\t\t\t\t\t\t\t\t\t\t\t\t\t\t\t\t\t\t\t\t\t\t\t\t\t\t\t<span class=\"post-cats\"><i class=\"fa fa-folder-o\"\n\t\t\t\t\t\t\t\t\t\t\t                           aria-hidden=\"true\"><\/i> <a href=\"https:\/\/www.bakirkoyrotaract.org\/tr\/category\/2018-2019\/\" rel=\"category tag\">2018-2019<\/a>, <a href=\"https:\/\/www.bakirkoyrotaract.org\/tr\/category\/bolge-organizasyonlari\/\" rel=\"category tag\">B\u00f6lge Organizasyonlar\u0131<\/a>, <a href=\"https:\/\/www.bakirkoyrotaract.org\/tr\/category\/genel\/\" rel=\"category tag\">Genel<\/a><\/span>\n\t\t\t\t\t\t\t\t\t\t\t\t\t\t\t\t\t\t\t\t\t\t\t\t\t\t\t\t\t\t<\/div>\n\t\t\t\t\t\t\t\t\t\t\t\t\t\t\t<\/div>\n\t\t\t\t\t\t\t\t\t\t\t\t\t\t\t<p>(Bak\u0131rk\u00f6y RAC &amp; Galata RAC Ev Sahipli\u011finde) Rotaract \u015eenli\u011fi'19, Bak\u0131rk\u00f6y&hellip;<\/p>\n\t\t\t\t\t\t\t\t\t\t\t\t\t\t<a href=\"https:\/\/www.bakirkoyrotaract.org\/tr\/04-05-2019-rotaract-senligi\/\"\n\t\t\t\t\t\t\t   class=\"kc-post-2-button\">Devam\u0131n\u0131 Oku <i\n\t\t\t\t\t\t\t\t\tclass=\"fa fa-angle-right\" aria-hidden=\"true\"><\/i><\/a>\n\t\t\t\t\t\t\t\t\t\t\t\t\t<\/div>\n\t\t\t\t\t\t<div class=\"post-item-right\">\n\t\t\t\t\t\t\t<figure>\n\t\t\t\t\t\t\t\t<img decoding=\"async\" src=\"https:\/\/www.bakirkoyrotaract.org\/tr\/wp-content\/uploads\/2019\/05\/WhatsApp-Image-2019-05-04-at-21.47.48-543x304xct.jpeg\"\n\t\t\t\t\t\t\t\t     alt=\"04.05.2019 \/ Rotaract \u015eenli\u011fi\">\n\t\t\t\t\t\t\t<\/figure>\n\t\t\t\t\t\t<\/div>\n\n\t\t\t\t\t\n\t\t\t\t<\/div>\n\n\t\t\t\t\n\t\t\t\t<div class=\"kc-list-item-2\">\n\n\t\t\t\t\t\t\t\t\t\t\t\t\t\t\t\t\t\t<div class=\"post-item-left\">\n\t\t\t\t\t\t\t\t<figure>\n\t\t\t\t\t\t\t\t\t<img decoding=\"async\" src=\"https:\/\/www.bakirkoyrotaract.org\/tr\/wp-content\/uploads\/2019\/05\/WhatsApp-Image-2019-04-25-at-21.00.45-543x304xct.jpeg\"\n\t\t\t\t\t\t\t\t\t     alt=\"30.04.2019 \/ G\u00f6rme Engelliler Men\u00fcs\u00fc\">\n\t\t\t\t\t\t\t\t<\/figure>\n\t\t\t\t\t\t\t<\/div>\n\t\t\t\t\t\t\t\t\t\t\t\t<div class=\"post-item-right\">\n\t\t\t\t\t\t\t<div class=\"post_details\">\n\t\t\t\t\t\t\t\t<h2 class=\"post-title-alt\"><a\n\t\t\t\t\t\t\t\t\t\thref=\"https:\/\/www.bakirkoyrotaract.org\/tr\/30-04-2019-gorme-engelliler-menusu\/\"\n\t\t\t\t\t\t\t\t\t\ttitle=\"30.04.2019 \/ G\u00f6rme Engelliler Men\u00fcs\u00fc\">30.04.2019 \/ G\u00f6rme Engelliler Men\u00fcs\u00fc<\/a>\n\t\t\t\t\t\t\t\t<\/h2>\n\n\t\t\t\t\t\t\t\t\t\t\t\t\t\t\t\t\t<div class=\"post-meta\">\n\t\t\t\t\t\t\t\t\t\t\t\t\t\t\t\t\t\t\t\t\t\t\t\t\t\t\t\t\t\t\t<span class=\"post-date\"><i class=\"fa fa-clock-o\"><\/i> <a\n\t\t\t\t\t\t\t\t\t\t\t\thref=\"https:\/\/www.bakirkoyrotaract.org\/tr\/2019\/04\/\">Nisan 30 2019<\/a> <\/span>\n\t\t\t\t\t\t\t\t\t\t\t\t\t\t\t\t\t\t\t\t\t\t\t\t\t\t\t\t\t\t\t\t\t\t\t\t\t\t\t\t\t\t\t<span class=\"post-cats\"><i class=\"fa fa-folder-o\"\n\t\t\t\t\t\t\t\t\t\t\t\t                           aria-hidden=\"true\"><\/i> <a href=\"https:\/\/www.bakirkoyrotaract.org\/tr\/category\/2018-2019\/\" rel=\"category tag\">2018-2019<\/a>, <a href=\"https:\/\/www.bakirkoyrotaract.org\/tr\/category\/genel\/\" rel=\"category tag\">Genel<\/a>, <a href=\"https:\/\/www.bakirkoyrotaract.org\/tr\/category\/hpk\/\" rel=\"category tag\">Hizmet Projeleri Kom.<\/a><\/span>\n\t\t\t\t\t\t\t\t\t\t\t\t\t\t\t\t\t\t\t\t\t\t\t\t\t\t\t\t\t\t<\/div>\n\t\t\t\t\t\t\t\t\t\t\t\t\t\t\t<\/div>\n\t\t\t\t\t\t\t\t\t\t\t\t\t\t\t<p>Engellilerin g\u00fcndelik hayata entegrasyonu ve ba\u015fka birinin yard\u0131m\u0131na ihtiya\u00e7 duymaks\u0131z\u0131n&hellip;<\/p>\n\t\t\t\t\t\t\t\t\t\t\t\t\t\t<a href=\"https:\/\/www.bakirkoyrotaract.org\/tr\/30-04-2019-gorme-engelliler-menusu\/\"\n\t\t\t\t\t\t\t   class=\"kc-post-2-button\">Devam\u0131n\u0131 Oku <i\n\t\t\t\t\t\t\t\t\tclass=\"fa fa-angle-right\" aria-hidden=\"true\"><\/i><\/a>\n\t\t\t\t\t\t\t\t\t\t\t\t\t<\/div>\n\n\t\t\t\t\t\n\t\t\t\t<\/div>\n\n\t\t\t\t\n\t\t\t\t<div class=\"kc-list-item-2\">\n\n\t\t\t\t\t\n\t\t\t\t\t\t<div class=\"post-item-left\">\n\t\t\t\t\t\t\t<div class=\"post_details\">\n\t\t\t\t\t\t\t\t<h2 class=\"post-title-alt\"><a\n\t\t\t\t\t\t\t\t\t\thref=\"https:\/\/www.bakirkoyrotaract.org\/tr\/28-04-2019-kelebek-festivali-yuz-boyama-standi\/\"\n\t\t\t\t\t\t\t\t\t\ttitle=\"28.04.2019 \/ Kelebek Festivali Y\u00fcz Boyama Stand\u0131\">28.04.2019 \/ Kelebek Festivali Y\u00fcz Boyama Stand\u0131<\/a>\n\t\t\t\t\t\t\t\t<\/h2>\n\t\t\t\t\t\t\t\t\t\t\t\t\t\t\t\t\t<div class=\"post-meta\">\n\t\t\t\t\t\t\t\t\t\t\t\t\t\t\t\t\t\t\t\t\t\t\t\t\t\t\t\t\t\t\t<span class=\"post-date\"><i class=\"fa fa-clock-o\"><\/i> <a\n\t\t\t\t\t\t\t\t\t\t\t\thref=\"https:\/\/www.bakirkoyrotaract.org\/tr\/2019\/04\/\">Nisan 28 2019<\/a> <\/span>\n\t\t\t\t\t\t\t\t\t\t\t\t\t\t\t\t\t\t\t\t\t\t\t\t\t\t\t\t\t\t\t\t\t\t\t\t\t\t\t\t\t\t\t<span class=\"post-cats\"><i class=\"fa fa-folder-o\"\n\t\t\t\t\t\t\t\t\t\t\t                           aria-hidden=\"true\"><\/i> <a href=\"https:\/\/www.bakirkoyrotaract.org\/tr\/category\/2018-2019\/\" rel=\"category tag\">2018-2019<\/a>, <a href=\"https:\/\/www.bakirkoyrotaract.org\/tr\/category\/genel\/\" rel=\"category tag\">Genel<\/a>, <a href=\"https:\/\/www.bakirkoyrotaract.org\/tr\/category\/hpk\/\" rel=\"category tag\">Hizmet Projeleri Kom.<\/a><\/span>\n\t\t\t\t\t\t\t\t\t\t\t\t\t\t\t\t\t\t\t\t\t\t\t\t\t\t\t\t\t\t<\/div>\n\t\t\t\t\t\t\t\t\t\t\t\t\t\t\t<\/div>\n\t\t\t\t\t\t\t\t\t\t\t\t\t\t\t<p>U.R. 2420. B\u00f6lge Rotaract Temsilcili\u011fi Hizmet Projeleri Komitesi taraf\u0131ndan geleneksel&hellip;<\/p>\n\t\t\t\t\t\t\t\t\t\t\t\t\t\t<a href=\"https:\/\/www.bakirkoyrotaract.org\/tr\/28-04-2019-kelebek-festivali-yuz-boyama-standi\/\"\n\t\t\t\t\t\t\t   class=\"kc-post-2-button\">Devam\u0131n\u0131 Oku <i\n\t\t\t\t\t\t\t\t\tclass=\"fa fa-angle-right\" aria-hidden=\"true\"><\/i><\/a>\n\t\t\t\t\t\t\t\t\t\t\t\t\t<\/div>\n\t\t\t\t\t\t<div class=\"post-item-right\">\n\t\t\t\t\t\t\t<figure>\n\t\t\t\t\t\t\t\t<img decoding=\"async\" src=\"https:\/\/www.bakirkoyrotaract.org\/tr\/wp-content\/uploads\/2019\/04\/WhatsApp-Image-2019-04-29-at-00.15.58-2-Kopya-543x304xct.jpeg\"\n\t\t\t\t\t\t\t\t     alt=\"28.04.2019 \/ Kelebek Festivali Y\u00fcz Boyama Stand\u0131\">\n\t\t\t\t\t\t\t<\/figure>\n\t\t\t\t\t\t<\/div>\n\n\t\t\t\t\t\n\t\t\t\t<\/div>\n\n\t\t\t\t\n\t\t\t\t<div class=\"kc-list-item-2\">\n\n\t\t\t\t\t\t\t\t\t\t\t\t\t\t\t\t\t\t<div class=\"post-item-left\">\n\t\t\t\t\t\t\t\t<figure>\n\t\t\t\t\t\t\t\t\t<img decoding=\"async\" src=\"https:\/\/www.bakirkoyrotaract.org\/tr\/wp-content\/uploads\/2019\/05\/rwenWhatsApp-Image-2019-04-25-at-21.07.29-543x304xct.jpeg\"\n\t\t\t\t\t\t\t\t\t     alt=\"27.04.2019 \/ Zumba Workshopu\">\n\t\t\t\t\t\t\t\t<\/figure>\n\t\t\t\t\t\t\t<\/div>\n\t\t\t\t\t\t\t\t\t\t\t\t<div class=\"post-item-right\">\n\t\t\t\t\t\t\t<div class=\"post_details\">\n\t\t\t\t\t\t\t\t<h2 class=\"post-title-alt\"><a\n\t\t\t\t\t\t\t\t\t\thref=\"https:\/\/www.bakirkoyrotaract.org\/tr\/27-04-2019-zumba-workshopu\/\"\n\t\t\t\t\t\t\t\t\t\ttitle=\"27.04.2019 \/ Zumba Workshopu\">27.04.2019 \/ Zumba Workshopu<\/a>\n\t\t\t\t\t\t\t\t<\/h2>\n\n\t\t\t\t\t\t\t\t\t\t\t\t\t\t\t\t\t<div class=\"post-meta\">\n\t\t\t\t\t\t\t\t\t\t\t\t\t\t\t\t\t\t\t\t\t\t\t\t\t\t\t\t\t\t\t<span class=\"post-date\"><i class=\"fa fa-clock-o\"><\/i> <a\n\t\t\t\t\t\t\t\t\t\t\t\thref=\"https:\/\/www.bakirkoyrotaract.org\/tr\/2019\/04\/\">Nisan 27 2019<\/a> <\/span>\n\t\t\t\t\t\t\t\t\t\t\t\t\t\t\t\t\t\t\t\t\t\t\t\t\t\t\t\t\t\t\t\t\t\t\t\t\t\t\t\t\t\t\t<span class=\"post-cats\"><i class=\"fa fa-folder-o\"\n\t\t\t\t\t\t\t\t\t\t\t\t                           aria-hidden=\"true\"><\/i> <a href=\"https:\/\/www.bakirkoyrotaract.org\/tr\/category\/2018-2019\/\" rel=\"category tag\">2018-2019<\/a>, <a href=\"https:\/\/www.bakirkoyrotaract.org\/tr\/category\/hpk\/\" rel=\"category tag\">Hizmet Projeleri Kom.<\/a>, <a href=\"https:\/\/www.bakirkoyrotaract.org\/tr\/category\/kgk\/\" rel=\"category tag\">K\u00fclt\u00fcrel Geli\u015fim Kom.<\/a><\/span>\n\t\t\t\t\t\t\t\t\t\t\t\t\t\t\t\t\t\t\t\t\t\t\t\t\t\t\t\t\t\t<\/div>\n\t\t\t\t\t\t\t\t\t\t\t\t\t\t\t<\/div>\n\t\t\t\t\t\t\t\t\t\t\t\t\t\t\t<p>(Bak\u0131rk\u00f6y RAC &amp; Marmara \u00dcniversitesi Dans Kul\u00fcb\u00fc Ortak Projesi) Zumba&hellip;<\/p>\n\t\t\t\t\t\t\t\t\t\t\t\t\t\t<a href=\"https:\/\/www.bakirkoyrotaract.org\/tr\/27-04-2019-zumba-workshopu\/\"\n\t\t\t\t\t\t\t   class=\"kc-post-2-button\">Devam\u0131n\u0131 Oku <i\n\t\t\t\t\t\t\t\t\tclass=\"fa fa-angle-right\" aria-hidden=\"true\"><\/i><\/a>\n\t\t\t\t\t\t\t\t\t\t\t\t\t<\/div>\n\n\t\t\t\t\t\n\t\t\t\t<\/div>\n\n\t\t\t\t\n\t\t\t\t<div class=\"kc-list-item-2\">\n\n\t\t\t\t\t\n\t\t\t\t\t\t<div class=\"post-item-left\">\n\t\t\t\t\t\t\t<div class=\"post_details\">\n\t\t\t\t\t\t\t\t<h2 class=\"post-title-alt\"><a\n\t\t\t\t\t\t\t\t\t\thref=\"https:\/\/www.bakirkoyrotaract.org\/tr\/27-04-2019-kulup-ocakbasi\/\"\n\t\t\t\t\t\t\t\t\t\ttitle=\"27.04.2019 \/ Kul\u00fcp Ocakba\u015f\u0131\">27.04.2019 \/ Kul\u00fcp Ocakba\u015f\u0131<\/a>\n\t\t\t\t\t\t\t\t<\/h2>\n\t\t\t\t\t\t\t\t\t\t\t\t\t\t\t\t\t<div class=\"post-meta\">\n\t\t\t\t\t\t\t\t\t\t\t\t\t\t\t\t\t\t\t\t\t\t\t\t\t\t\t\t\t\t\t<span class=\"post-date\"><i class=\"fa fa-clock-o\"><\/i> <a\n\t\t\t\t\t\t\t\t\t\t\t\thref=\"https:\/\/www.bakirkoyrotaract.org\/tr\/2019\/04\/\">Nisan 27 2019<\/a> <\/span>\n\t\t\t\t\t\t\t\t\t\t\t\t\t\t\t\t\t\t\t\t\t\t\t\t\t\t\t\t\t\t\t\t\t\t\t\t\t\t\t\t\t\t\t<span class=\"post-cats\"><i class=\"fa fa-folder-o\"\n\t\t\t\t\t\t\t\t\t\t\t                           aria-hidden=\"true\"><\/i> <a href=\"https:\/\/www.bakirkoyrotaract.org\/tr\/category\/2018-2019\/\" rel=\"category tag\">2018-2019<\/a>, <a href=\"https:\/\/www.bakirkoyrotaract.org\/tr\/category\/genel\/\" rel=\"category tag\">Genel<\/a>, <a href=\"https:\/\/www.bakirkoyrotaract.org\/tr\/category\/kyk\/\" rel=\"category tag\">Kul\u00fcp Y\u00f6netimi Kom.<\/a><\/span>\n\t\t\t\t\t\t\t\t\t\t\t\t\t\t\t\t\t\t\t\t\t\t\t\t\t\t\t\t\t\t<\/div>\n\t\t\t\t\t\t\t\t\t\t\t\t\t\t\t<\/div>\n\t\t\t\t\t\t\t\t\t\t\t\t\t\t\t<p>D\u00f6nemin 8. ocakba\u015f\u0131 organizasyonu 27.04.2019 tarihinde ger\u00e7ekle\u015ftirildi.<\/p>\n\t\t\t\t\t\t\t\t\t\t\t\t\t\t<a href=\"https:\/\/www.bakirkoyrotaract.org\/tr\/27-04-2019-kulup-ocakbasi\/\"\n\t\t\t\t\t\t\t   class=\"kc-post-2-button\">Devam\u0131n\u0131 Oku <i\n\t\t\t\t\t\t\t\t\tclass=\"fa fa-angle-right\" aria-hidden=\"true\"><\/i><\/a>\n\t\t\t\t\t\t\t\t\t\t\t\t\t<\/div>\n\t\t\t\t\t\t<div class=\"post-item-right\">\n\t\t\t\t\t\t\t<figure>\n\t\t\t\t\t\t\t\t<img decoding=\"async\" src=\"https:\/\/www.bakirkoyrotaract.org\/tr\/wp-content\/uploads\/2019\/05\/WhatsApp-Image-2019-04-27-at-22.16.46-543x304xct.jpeg\"\n\t\t\t\t\t\t\t\t     alt=\"27.04.2019 \/ Kul\u00fcp Ocakba\u015f\u0131\">\n\t\t\t\t\t\t\t<\/figure>\n\t\t\t\t\t\t<\/div>\n\n\t\t\t\t\t\n\t\t\t\t<\/div>\n\n\t\t\t\t\n\t\t\t\t<div class=\"kc-list-item-2\">\n\n\t\t\t\t\t\t\t\t\t\t\t\t\t\t\t\t\t\t<div class=\"post-item-left\">\n\t\t\t\t\t\t\t\t<figure>\n\t\t\t\t\t\t\t\t\t<img decoding=\"async\" src=\"https:\/\/www.bakirkoyrotaract.org\/tr\/wp-content\/uploads\/2019\/04\/WhatsApp-Image-2019-04-23-at-14.50.57-e1556022838343-543x304xct.jpeg\"\n\t\t\t\t\t\t\t\t\t     alt=\"23.04.2019 \/ 23 Nisan \u00c7ocuk \u015eenli\u011fi\">\n\t\t\t\t\t\t\t\t<\/figure>\n\t\t\t\t\t\t\t<\/div>\n\t\t\t\t\t\t\t\t\t\t\t\t<div class=\"post-item-right\">\n\t\t\t\t\t\t\t<div class=\"post_details\">\n\t\t\t\t\t\t\t\t<h2 class=\"post-title-alt\"><a\n\t\t\t\t\t\t\t\t\t\thref=\"https:\/\/www.bakirkoyrotaract.org\/tr\/23-04-2019-23-nisan-cocuk-senligi\/\"\n\t\t\t\t\t\t\t\t\t\ttitle=\"23.04.2019 \/ 23 Nisan \u00c7ocuk \u015eenli\u011fi\">23.04.2019 \/ 23 Nisan \u00c7ocuk \u015eenli\u011fi<\/a>\n\t\t\t\t\t\t\t\t<\/h2>\n\n\t\t\t\t\t\t\t\t\t\t\t\t\t\t\t\t\t<div class=\"post-meta\">\n\t\t\t\t\t\t\t\t\t\t\t\t\t\t\t\t\t\t\t\t\t\t\t\t\t\t\t\t\t\t\t<span class=\"post-date\"><i class=\"fa fa-clock-o\"><\/i> <a\n\t\t\t\t\t\t\t\t\t\t\t\thref=\"https:\/\/www.bakirkoyrotaract.org\/tr\/2019\/04\/\">Nisan 23 2019<\/a> <\/span>\n\t\t\t\t\t\t\t\t\t\t\t\t\t\t\t\t\t\t\t\t\t\t\t\t\t\t\t\t\t\t\t\t\t\t\t\t\t\t\t\t\t\t\t<span class=\"post-cats\"><i class=\"fa fa-folder-o\"\n\t\t\t\t\t\t\t\t\t\t\t\t                           aria-hidden=\"true\"><\/i> <a href=\"https:\/\/www.bakirkoyrotaract.org\/tr\/category\/2018-2019\/\" rel=\"category tag\">2018-2019<\/a>, <a href=\"https:\/\/www.bakirkoyrotaract.org\/tr\/category\/genel\/\" rel=\"category tag\">Genel<\/a>, <a href=\"https:\/\/www.bakirkoyrotaract.org\/tr\/category\/hpk\/\" rel=\"category tag\">Hizmet Projeleri Kom.<\/a><\/span>\n\t\t\t\t\t\t\t\t\t\t\t\t\t\t\t\t\t\t\t\t\t\t\t\t\t\t\t\t\t\t<\/div>\n\t\t\t\t\t\t\t\t\t\t\t\t\t\t\t<\/div>\n\t\t\t\t\t\t\t\t\t\t\t\t\t\t\t<p>(Bak\u0131rk\u00f6y RAC &amp; Atlas Yard\u0131m E\u011fitim Dayan\u0131\u015fma Derne\u011fi Ortak Projesi)&hellip;<\/p>\n\t\t\t\t\t\t\t\t\t\t\t\t\t\t<a href=\"https:\/\/www.bakirkoyrotaract.org\/tr\/23-04-2019-23-nisan-cocuk-senligi\/\"\n\t\t\t\t\t\t\t   class=\"kc-post-2-button\">Devam\u0131n\u0131 Oku <i\n\t\t\t\t\t\t\t\t\tclass=\"fa fa-angle-right\" aria-hidden=\"true\"><\/i><\/a>\n\t\t\t\t\t\t\t\t\t\t\t\t\t<\/div>\n\n\t\t\t\t\t\n\t\t\t\t<\/div>\n\n\t\t\t\t\n\t\t\t\t<div class=\"kc-list-item-2\">\n\n\t\t\t\t\t\n\t\t\t\t\t\t<div class=\"post-item-left\">\n\t\t\t\t\t\t\t<div class=\"post_details\">\n\t\t\t\t\t\t\t\t<h2 class=\"post-title-alt\"><a\n\t\t\t\t\t\t\t\t\t\thref=\"https:\/\/www.bakirkoyrotaract.org\/tr\/21-04-2019-geleneksel-shcek-cocuk-senligi-kassel-cocuk-koyu\/\"\n\t\t\t\t\t\t\t\t\t\ttitle=\"21.04.2019 \/ Geleneksel SH\u00c7EK \u00c7ocuk \u015eenli\u011fi [Kassel \u00c7ocuk K\u00f6y\u00fc]\">21.04.2019 \/ Geleneksel SH\u00c7EK \u00c7ocuk \u015eenli\u011fi [Kassel \u00c7ocuk K\u00f6y\u00fc]<\/a>\n\t\t\t\t\t\t\t\t<\/h2>\n\t\t\t\t\t\t\t\t\t\t\t\t\t\t\t\t\t<div class=\"post-meta\">\n\t\t\t\t\t\t\t\t\t\t\t\t\t\t\t\t\t\t\t\t\t\t\t\t\t\t\t\t\t\t\t<span class=\"post-date\"><i class=\"fa fa-clock-o\"><\/i> <a\n\t\t\t\t\t\t\t\t\t\t\t\thref=\"https:\/\/www.bakirkoyrotaract.org\/tr\/2019\/04\/\">Nisan 21 2019<\/a> <\/span>\n\t\t\t\t\t\t\t\t\t\t\t\t\t\t\t\t\t\t\t\t\t\t\t\t\t\t\t\t\t\t\t\t\t\t\t\t\t\t\t\t\t\t\t<span class=\"post-cats\"><i class=\"fa fa-folder-o\"\n\t\t\t\t\t\t\t\t\t\t\t                           aria-hidden=\"true\"><\/i> <a href=\"https:\/\/www.bakirkoyrotaract.org\/tr\/category\/2018-2019\/\" rel=\"category tag\">2018-2019<\/a>, <a href=\"https:\/\/www.bakirkoyrotaract.org\/tr\/category\/genel\/\" rel=\"category tag\">Genel<\/a>, <a href=\"https:\/\/www.bakirkoyrotaract.org\/tr\/category\/hpk\/\" rel=\"category tag\">Hizmet Projeleri Kom.<\/a><\/span>\n\t\t\t\t\t\t\t\t\t\t\t\t\t\t\t\t\t\t\t\t\t\t\t\t\t\t\t\t\t\t<\/div>\n\t\t\t\t\t\t\t\t\t\t\t\t\t\t\t<\/div>\n\t\t\t\t\t\t\t\t\t\t\t\t\t\t\t<p>(Bak\u0131rk\u00f6y RAC &amp; \u0130zmit RAC Ortak Projesi) 2016-2017 d\u00f6neminden beri&hellip;<\/p>\n\t\t\t\t\t\t\t\t\t\t\t\t\t\t<a href=\"https:\/\/www.bakirkoyrotaract.org\/tr\/21-04-2019-geleneksel-shcek-cocuk-senligi-kassel-cocuk-koyu\/\"\n\t\t\t\t\t\t\t   class=\"kc-post-2-button\">Devam\u0131n\u0131 Oku <i\n\t\t\t\t\t\t\t\t\tclass=\"fa fa-angle-right\" aria-hidden=\"true\"><\/i><\/a>\n\t\t\t\t\t\t\t\t\t\t\t\t\t<\/div>\n\t\t\t\t\t\t<div class=\"post-item-right\">\n\t\t\t\t\t\t\t<figure>\n\t\t\t\t\t\t\t\t<img decoding=\"async\" src=\"https:\/\/www.bakirkoyrotaract.org\/tr\/wp-content\/uploads\/2019\/04\/WhatsApp-Image-2019-04-21-at-15.30.59-543x304xct.jpeg\"\n\t\t\t\t\t\t\t\t     alt=\"21.04.2019 \/ Geleneksel SH\u00c7EK \u00c7ocuk \u015eenli\u011fi [Kassel \u00c7ocuk K\u00f6y\u00fc]\">\n\t\t\t\t\t\t\t<\/figure>\n\t\t\t\t\t\t<\/div>\n\n\t\t\t\t\t\n\t\t\t\t<\/div>\n\n\t\t\t\t\n\t\t\t\t<div class=\"kc-list-item-2\">\n\n\t\t\t\t\t\t\t\t\t\t\t\t\t\t\t\t\t\t<div class=\"post-item-left\">\n\t\t\t\t\t\t\t\t<figure>\n\t\t\t\t\t\t\t\t\t<img decoding=\"async\" src=\"https:\/\/www.bakirkoyrotaract.org\/tr\/wp-content\/uploads\/2019\/04\/WhatsApp-Image-2019-04-23-at-14.58.58-543x304xct.jpeg\"\n\t\t\t\t\t\t\t\t\t     alt=\"20.04.2019 \/ Gelece\u011fin Liderleri Zirvesi\">\n\t\t\t\t\t\t\t\t<\/figure>\n\t\t\t\t\t\t\t<\/div>\n\t\t\t\t\t\t\t\t\t\t\t\t<div class=\"post-item-right\">\n\t\t\t\t\t\t\t<div class=\"post_details\">\n\t\t\t\t\t\t\t\t<h2 class=\"post-title-alt\"><a\n\t\t\t\t\t\t\t\t\t\thref=\"https:\/\/www.bakirkoyrotaract.org\/tr\/20-04-2019-gelecegin-liderleri-zirvesi\/\"\n\t\t\t\t\t\t\t\t\t\ttitle=\"20.04.2019 \/ Gelece\u011fin Liderleri Zirvesi\">20.04.2019 \/ Gelece\u011fin Liderleri Zirvesi<\/a>\n\t\t\t\t\t\t\t\t<\/h2>\n\n\t\t\t\t\t\t\t\t\t\t\t\t\t\t\t\t\t<div class=\"post-meta\">\n\t\t\t\t\t\t\t\t\t\t\t\t\t\t\t\t\t\t\t\t\t\t\t\t\t\t\t\t\t\t\t<span class=\"post-date\"><i class=\"fa fa-clock-o\"><\/i> <a\n\t\t\t\t\t\t\t\t\t\t\t\thref=\"https:\/\/www.bakirkoyrotaract.org\/tr\/2019\/04\/\">Nisan 20 2019<\/a> <\/span>\n\t\t\t\t\t\t\t\t\t\t\t\t\t\t\t\t\t\t\t\t\t\t\t\t\t\t\t\t\t\t\t\t\t\t\t\t\t\t\t\t\t\t\t<span class=\"post-cats\"><i class=\"fa fa-folder-o\"\n\t\t\t\t\t\t\t\t\t\t\t\t                           aria-hidden=\"true\"><\/i> <a href=\"https:\/\/www.bakirkoyrotaract.org\/tr\/category\/2018-2019\/\" rel=\"category tag\">2018-2019<\/a>, <a href=\"https:\/\/www.bakirkoyrotaract.org\/tr\/category\/genel\/\" rel=\"category tag\">Genel<\/a>, <a href=\"https:\/\/www.bakirkoyrotaract.org\/tr\/category\/mgk\/\" rel=\"category tag\">Kariyer Geli\u015fim Kom.<\/a><\/span>\n\t\t\t\t\t\t\t\t\t\t\t\t\t\t\t\t\t\t\t\t\t\t\t\t\t\t\t\t\t\t<\/div>\n\t\t\t\t\t\t\t\t\t\t\t\t\t\t\t<\/div>\n\t\t\t\t\t\t\t\t\t\t\t\t\t\t\t<p>(Bak\u0131rk\u00f6y RAC - Beyo\u011flu RAC - Bostanc\u0131 RAC - Caddebostan&hellip;<\/p>\n\t\t\t\t\t\t\t\t\t\t\t\t\t\t<a href=\"https:\/\/www.bakirkoyrotaract.org\/tr\/20-04-2019-gelecegin-liderleri-zirvesi\/\"\n\t\t\t\t\t\t\t   class=\"kc-post-2-button\">Devam\u0131n\u0131 Oku <i\n\t\t\t\t\t\t\t\t\tclass=\"fa fa-angle-right\" aria-hidden=\"true\"><\/i><\/a>\n\t\t\t\t\t\t\t\t\t\t\t\t\t<\/div>\n\n\t\t\t\t\t\n\t\t\t\t<\/div>\n\n\t\t\t\t\n\t\t\t\t<div class=\"kc-list-item-2\">\n\n\t\t\t\t\t\n\t\t\t\t\t\t<div class=\"post-item-left\">\n\t\t\t\t\t\t\t<div class=\"post_details\">\n\t\t\t\t\t\t\t\t<h2 class=\"post-title-alt\"><a\n\t\t\t\t\t\t\t\t\t\thref=\"https:\/\/www.bakirkoyrotaract.org\/tr\/17-04-2019-konuk-konusmacili-toplanti-awake-millennials-meet-icons-tuba-unsal\/\"\n\t\t\t\t\t\t\t\t\t\ttitle=\"17.04.2019 \/ Konuk Konu\u015fmac\u0131l\u0131 Toplant\u0131 [Awake &#8211; Millennials Meet Icons \/ Tuba \u00dcnsal]\">17.04.2019 \/ Konuk Konu\u015fmac\u0131l\u0131 Toplant\u0131 [Awake &#8211; Millennials Meet Icons \/ Tuba \u00dcnsal]<\/a>\n\t\t\t\t\t\t\t\t<\/h2>\n\t\t\t\t\t\t\t\t\t\t\t\t\t\t\t\t\t<div class=\"post-meta\">\n\t\t\t\t\t\t\t\t\t\t\t\t\t\t\t\t\t\t\t\t\t\t\t\t\t\t\t\t\t\t\t<span class=\"post-date\"><i class=\"fa fa-clock-o\"><\/i> <a\n\t\t\t\t\t\t\t\t\t\t\t\thref=\"https:\/\/www.bakirkoyrotaract.org\/tr\/2019\/04\/\">Nisan 17 2019<\/a> <\/span>\n\t\t\t\t\t\t\t\t\t\t\t\t\t\t\t\t\t\t\t\t\t\t\t\t\t\t\t\t\t\t\t\t\t\t\t\t\t\t\t\t\t\t\t<span class=\"post-cats\"><i class=\"fa fa-folder-o\"\n\t\t\t\t\t\t\t\t\t\t\t                           aria-hidden=\"true\"><\/i> <a href=\"https:\/\/www.bakirkoyrotaract.org\/tr\/category\/2018-2019\/\" rel=\"category tag\">2018-2019<\/a>, <a href=\"https:\/\/www.bakirkoyrotaract.org\/tr\/category\/genel\/\" rel=\"category tag\">Genel<\/a>, <a href=\"https:\/\/www.bakirkoyrotaract.org\/tr\/category\/mgk\/\" rel=\"category tag\">Kariyer Geli\u015fim Kom.<\/a><\/span>\n\t\t\t\t\t\t\t\t\t\t\t\t\t\t\t\t\t\t\t\t\t\t\t\t\t\t\t\t\t\t<\/div>\n\t\t\t\t\t\t\t\t\t\t\t\t\t\t\t<\/div>\n\t\t\t\t\t\t\t\t\t\t\t\t\t\t\t<p>(Bak\u0131rk\u00f6y RAC \u2013 Caddebostan RAC \u2013 Sar\u0131yer RAC - \u015ei\u015fli&hellip;<\/p>\n\t\t\t\t\t\t\t\t\t\t\t\t\t\t<a href=\"https:\/\/www.bakirkoyrotaract.org\/tr\/17-04-2019-konuk-konusmacili-toplanti-awake-millennials-meet-icons-tuba-unsal\/\"\n\t\t\t\t\t\t\t   class=\"kc-post-2-button\">Devam\u0131n\u0131 Oku <i\n\t\t\t\t\t\t\t\t\tclass=\"fa fa-angle-right\" aria-hidden=\"true\"><\/i><\/a>\n\t\t\t\t\t\t\t\t\t\t\t\t\t<\/div>\n\t\t\t\t\t\t<div class=\"post-item-right\">\n\t\t\t\t\t\t\t<figure>\n\t\t\t\t\t\t\t\t<img decoding=\"async\" src=\"https:\/\/www.bakirkoyrotaract.org\/tr\/wp-content\/uploads\/2019\/04\/WhatsApp-Image-2019-04-23-at-14.58.20-543x304xct.jpeg\"\n\t\t\t\t\t\t\t\t     alt=\"17.04.2019 \/ Konuk Konu\u015fmac\u0131l\u0131 Toplant\u0131 [Awake &#8211; Millennials Meet Icons \/ Tuba \u00dcnsal]\">\n\t\t\t\t\t\t\t<\/figure>\n\t\t\t\t\t\t<\/div>\n\n\t\t\t\t\t\n\t\t\t\t<\/div>\n\n\t\t\t\t\n\t\t\t\t<div class=\"kc-list-item-2\">\n\n\t\t\t\t\t\t\t\t\t\t\t\t\t\t\t\t\t\t<div class=\"post-item-left\">\n\t\t\t\t\t\t\t\t<figure>\n\t\t\t\t\t\t\t\t\t<img decoding=\"async\" src=\"https:\/\/www.bakirkoyrotaract.org\/tr\/wp-content\/uploads\/2019\/05\/WhatsApp-Image-2019-04-17-at-00.52.14-543x304xct.jpeg\"\n\t\t\t\t\t\t\t\t\t     alt=\"16.04.2019 \/ Tango Workshopu\">\n\t\t\t\t\t\t\t\t<\/figure>\n\t\t\t\t\t\t\t<\/div>\n\t\t\t\t\t\t\t\t\t\t\t\t<div class=\"post-item-right\">\n\t\t\t\t\t\t\t<div class=\"post_details\">\n\t\t\t\t\t\t\t\t<h2 class=\"post-title-alt\"><a\n\t\t\t\t\t\t\t\t\t\thref=\"https:\/\/www.bakirkoyrotaract.org\/tr\/16-04-2019-tango-workshopu\/\"\n\t\t\t\t\t\t\t\t\t\ttitle=\"16.04.2019 \/ Tango Workshopu\">16.04.2019 \/ Tango Workshopu<\/a>\n\t\t\t\t\t\t\t\t<\/h2>\n\n\t\t\t\t\t\t\t\t\t\t\t\t\t\t\t\t\t<div class=\"post-meta\">\n\t\t\t\t\t\t\t\t\t\t\t\t\t\t\t\t\t\t\t\t\t\t\t\t\t\t\t\t\t\t\t<span class=\"post-date\"><i class=\"fa fa-clock-o\"><\/i> <a\n\t\t\t\t\t\t\t\t\t\t\t\thref=\"https:\/\/www.bakirkoyrotaract.org\/tr\/2019\/04\/\">Nisan 16 2019<\/a> <\/span>\n\t\t\t\t\t\t\t\t\t\t\t\t\t\t\t\t\t\t\t\t\t\t\t\t\t\t\t\t\t\t\t\t\t\t\t\t\t\t\t\t\t\t\t<span class=\"post-cats\"><i class=\"fa fa-folder-o\"\n\t\t\t\t\t\t\t\t\t\t\t\t                           aria-hidden=\"true\"><\/i> <a href=\"https:\/\/www.bakirkoyrotaract.org\/tr\/category\/2018-2019\/\" rel=\"category tag\">2018-2019<\/a>, <a href=\"https:\/\/www.bakirkoyrotaract.org\/tr\/category\/genel\/\" rel=\"category tag\">Genel<\/a>, <a href=\"https:\/\/www.bakirkoyrotaract.org\/tr\/category\/kgk\/\" rel=\"category tag\">K\u00fclt\u00fcrel Geli\u015fim Kom.<\/a><\/span>\n\t\t\t\t\t\t\t\t\t\t\t\t\t\t\t\t\t\t\t\t\t\t\t\t\t\t\t\t\t\t<\/div>\n\t\t\t\t\t\t\t\t\t\t\t\t\t\t\t<\/div>\n\t\t\t\t\t\t\t\t\t\t\t\t\t\t\t<p>K\u00fclt\u00fcrel Geli\u015fim Komitesi projelerimizden Tango Workshopu 16.04.2019 tarihinde GSA Akademi'de&hellip;<\/p>\n\t\t\t\t\t\t\t\t\t\t\t\t\t\t<a href=\"https:\/\/www.bakirkoyrotaract.org\/tr\/16-04-2019-tango-workshopu\/\"\n\t\t\t\t\t\t\t   class=\"kc-post-2-button\">Devam\u0131n\u0131 Oku <i\n\t\t\t\t\t\t\t\t\tclass=\"fa fa-angle-right\" aria-hidden=\"true\"><\/i><\/a>\n\t\t\t\t\t\t\t\t\t\t\t\t\t<\/div>\n\n\t\t\t\t\t\n\t\t\t\t<\/div>\n\n\t\t\t\t\n\t\t\t\t<div class=\"kc-list-item-2\">\n\n\t\t\t\t\t\n\t\t\t\t\t\t<div class=\"post-item-left\">\n\t\t\t\t\t\t\t<div class=\"post_details\">\n\t\t\t\t\t\t\t\t<h2 class=\"post-title-alt\"><a\n\t\t\t\t\t\t\t\t\t\thref=\"https:\/\/www.bakirkoyrotaract.org\/tr\/04-04-2019-satrancla-buyuyorum-71-ordu-kabaduz-cok-programli-anadolu-lisesi\/\"\n\t\t\t\t\t\t\t\t\t\ttitle=\"04.04.2019 \/ Satran\u00e7la B\u00fcy\u00fcyorum #71 [Ordu &#8211; Kabad\u00fcz \u00c7ok Programl\u0131 Anadolu Lisesi]\">04.04.2019 \/ Satran\u00e7la B\u00fcy\u00fcyorum #71 [Ordu &#8211; Kabad\u00fcz \u00c7ok Programl\u0131 Anadolu Lisesi]<\/a>\n\t\t\t\t\t\t\t\t<\/h2>\n\t\t\t\t\t\t\t\t\t\t\t\t\t\t\t\t\t<div class=\"post-meta\">\n\t\t\t\t\t\t\t\t\t\t\t\t\t\t\t\t\t\t\t\t\t\t\t\t\t\t\t\t\t\t\t<span class=\"post-date\"><i class=\"fa fa-clock-o\"><\/i> <a\n\t\t\t\t\t\t\t\t\t\t\t\thref=\"https:\/\/www.bakirkoyrotaract.org\/tr\/2019\/04\/\">Nisan 4 2019<\/a> <\/span>\n\t\t\t\t\t\t\t\t\t\t\t\t\t\t\t\t\t\t\t\t\t\t\t\t\t\t\t\t\t\t\t\t\t\t\t\t\t\t\t\t\t\t\t<span class=\"post-cats\"><i class=\"fa fa-folder-o\"\n\t\t\t\t\t\t\t\t\t\t\t                           aria-hidden=\"true\"><\/i> <a href=\"https:\/\/www.bakirkoyrotaract.org\/tr\/category\/2018-2019\/\" rel=\"category tag\">2018-2019<\/a>, <a href=\"https:\/\/www.bakirkoyrotaract.org\/tr\/category\/genel\/\" rel=\"category tag\">Genel<\/a>, <a href=\"https:\/\/www.bakirkoyrotaract.org\/tr\/category\/hpk\/\" rel=\"category tag\">Hizmet Projeleri Kom.<\/a><\/span>\n\t\t\t\t\t\t\t\t\t\t\t\t\t\t\t\t\t\t\t\t\t\t\t\t\t\t\t\t\t\t<\/div>\n\t\t\t\t\t\t\t\t\t\t\t\t\t\t\t<\/div>\n\t\t\t\t\t\t\t\t\t\t\t\t\t\t\t<p>Satran\u00e7la B\u00fcy\u00fcyorum Ordu-Giresun aya\u011f\u0131n\u0131n 13. toplamda ise 71. okulu olan&hellip;<\/p>\n\t\t\t\t\t\t\t\t\t\t\t\t\t\t<a href=\"https:\/\/www.bakirkoyrotaract.org\/tr\/04-04-2019-satrancla-buyuyorum-71-ordu-kabaduz-cok-programli-anadolu-lisesi\/\"\n\t\t\t\t\t\t\t   class=\"kc-post-2-button\">Devam\u0131n\u0131 Oku <i\n\t\t\t\t\t\t\t\t\tclass=\"fa fa-angle-right\" aria-hidden=\"true\"><\/i><\/a>\n\t\t\t\t\t\t\t\t\t\t\t\t\t<\/div>\n\t\t\t\t\t\t<div class=\"post-item-right\">\n\t\t\t\t\t\t\t<figure>\n\t\t\t\t\t\t\t\t<img decoding=\"async\" src=\"https:\/\/www.bakirkoyrotaract.org\/tr\/wp-content\/uploads\/2019\/04\/WhatsApp-Image-2019-06-02-at-14.21.49-543x304xct.jpeg\"\n\t\t\t\t\t\t\t\t     alt=\"04.04.2019 \/ Satran\u00e7la B\u00fcy\u00fcyorum #71 [Ordu &#8211; Kabad\u00fcz \u00c7ok Programl\u0131 Anadolu Lisesi]\">\n\t\t\t\t\t\t\t<\/figure>\n\t\t\t\t\t\t<\/div>\n\n\t\t\t\t\t\n\t\t\t\t<\/div>\n\n\t\t\t\t\n\t\t\t\t<div class=\"kc-list-item-2\">\n\n\t\t\t\t\t\t\t\t\t\t\t\t\t\t\t\t\t\t<div class=\"post-item-left\">\n\t\t\t\t\t\t\t\t<figure>\n\t\t\t\t\t\t\t\t\t<img decoding=\"async\" src=\"https:\/\/www.bakirkoyrotaract.org\/tr\/wp-content\/uploads\/2019\/04\/img_1223-543x304xct.jpg\"\n\t\t\t\t\t\t\t\t\t     alt=\"04.04.2019 \/ Satran\u00e7la B\u00fcy\u00fcyorum #67 [Ordu &#8211; Alt\u0131nordu Cumhuriyet K\u00f6y\u00fc \u0130lkokulu]\">\n\t\t\t\t\t\t\t\t<\/figure>\n\t\t\t\t\t\t\t<\/div>\n\t\t\t\t\t\t\t\t\t\t\t\t<div class=\"post-item-right\">\n\t\t\t\t\t\t\t<div class=\"post_details\">\n\t\t\t\t\t\t\t\t<h2 class=\"post-title-alt\"><a\n\t\t\t\t\t\t\t\t\t\thref=\"https:\/\/www.bakirkoyrotaract.org\/tr\/04-04-2019-satrancla-buyuyorum-67-ordu-altinordu-cumhuriyet-koyu-ilkokulu\/\"\n\t\t\t\t\t\t\t\t\t\ttitle=\"04.04.2019 \/ Satran\u00e7la B\u00fcy\u00fcyorum #67 [Ordu &#8211; Alt\u0131nordu Cumhuriyet K\u00f6y\u00fc \u0130lkokulu]\">04.04.2019 \/ Satran\u00e7la B\u00fcy\u00fcyorum #67 [Ordu &#8211; Alt\u0131nordu Cumhuriyet K\u00f6y\u00fc \u0130lkokulu]<\/a>\n\t\t\t\t\t\t\t\t<\/h2>\n\n\t\t\t\t\t\t\t\t\t\t\t\t\t\t\t\t\t<div class=\"post-meta\">\n\t\t\t\t\t\t\t\t\t\t\t\t\t\t\t\t\t\t\t\t\t\t\t\t\t\t\t\t\t\t\t<span class=\"post-date\"><i class=\"fa fa-clock-o\"><\/i> <a\n\t\t\t\t\t\t\t\t\t\t\t\thref=\"https:\/\/www.bakirkoyrotaract.org\/tr\/2019\/04\/\">Nisan 4 2019<\/a> <\/span>\n\t\t\t\t\t\t\t\t\t\t\t\t\t\t\t\t\t\t\t\t\t\t\t\t\t\t\t\t\t\t\t\t\t\t\t\t\t\t\t\t\t\t\t<span class=\"post-cats\"><i class=\"fa fa-folder-o\"\n\t\t\t\t\t\t\t\t\t\t\t\t                           aria-hidden=\"true\"><\/i> <a href=\"https:\/\/www.bakirkoyrotaract.org\/tr\/category\/2018-2019\/\" rel=\"category tag\">2018-2019<\/a>, <a href=\"https:\/\/www.bakirkoyrotaract.org\/tr\/category\/genel\/\" rel=\"category tag\">Genel<\/a>, <a href=\"https:\/\/www.bakirkoyrotaract.org\/tr\/category\/hpk\/\" rel=\"category tag\">Hizmet Projeleri Kom.<\/a>, <a href=\"https:\/\/www.bakirkoyrotaract.org\/tr\/category\/satrancla-buyuyorum\/\" rel=\"category tag\">Satran\u00e7la B\u00fcy\u00fcyorum<\/a><\/span>\n\t\t\t\t\t\t\t\t\t\t\t\t\t\t\t\t\t\t\t\t\t\t\t\t\t\t\t\t\t\t<\/div>\n\t\t\t\t\t\t\t\t\t\t\t\t\t\t\t<\/div>\n\t\t\t\t\t\t\t\t\t\t\t\t\t\t\t<p>Satran\u00e7la B\u00fcy\u00fcyorum Ordu-Giresun aya\u011f\u0131n\u0131n 9. toplamda ise 67. okulu olan&hellip;<\/p>\n\t\t\t\t\t\t\t\t\t\t\t\t\t\t<a href=\"https:\/\/www.bakirkoyrotaract.org\/tr\/04-04-2019-satrancla-buyuyorum-67-ordu-altinordu-cumhuriyet-koyu-ilkokulu\/\"\n\t\t\t\t\t\t\t   class=\"kc-post-2-button\">Devam\u0131n\u0131 Oku <i\n\t\t\t\t\t\t\t\t\tclass=\"fa fa-angle-right\" aria-hidden=\"true\"><\/i><\/a>\n\t\t\t\t\t\t\t\t\t\t\t\t\t<\/div>\n\n\t\t\t\t\t\n\t\t\t\t<\/div>\n\n\t\t\t\t\n\t\t\t\t<div class=\"kc-list-item-2\">\n\n\t\t\t\t\t\n\t\t\t\t\t\t<div class=\"post-item-left\">\n\t\t\t\t\t\t\t<div class=\"post_details\">\n\t\t\t\t\t\t\t\t<h2 class=\"post-title-alt\"><a\n\t\t\t\t\t\t\t\t\t\thref=\"https:\/\/www.bakirkoyrotaract.org\/tr\/04-04-2019-satrancla-buyuyorum-66-ordu-gurgentepe-cumhuriyet-ortaokulu\/\"\n\t\t\t\t\t\t\t\t\t\ttitle=\"04.04.2019 \/ Satran\u00e7la B\u00fcy\u00fcyorum #66 [Ordu &#8211; G\u00fcrgentepe Cumhuriyet Ortaokulu]\">04.04.2019 \/ Satran\u00e7la B\u00fcy\u00fcyorum #66 [Ordu &#8211; G\u00fcrgentepe Cumhuriyet Ortaokulu]<\/a>\n\t\t\t\t\t\t\t\t<\/h2>\n\t\t\t\t\t\t\t\t\t\t\t\t\t\t\t\t\t<div class=\"post-meta\">\n\t\t\t\t\t\t\t\t\t\t\t\t\t\t\t\t\t\t\t\t\t\t\t\t\t\t\t\t\t\t\t<span class=\"post-date\"><i class=\"fa fa-clock-o\"><\/i> <a\n\t\t\t\t\t\t\t\t\t\t\t\thref=\"https:\/\/www.bakirkoyrotaract.org\/tr\/2019\/04\/\">Nisan 4 2019<\/a> <\/span>\n\t\t\t\t\t\t\t\t\t\t\t\t\t\t\t\t\t\t\t\t\t\t\t\t\t\t\t\t\t\t\t\t\t\t\t\t\t\t\t\t\t\t\t<span class=\"post-cats\"><i class=\"fa fa-folder-o\"\n\t\t\t\t\t\t\t\t\t\t\t                           aria-hidden=\"true\"><\/i> <a href=\"https:\/\/www.bakirkoyrotaract.org\/tr\/category\/2018-2019\/\" rel=\"category tag\">2018-2019<\/a>, <a href=\"https:\/\/www.bakirkoyrotaract.org\/tr\/category\/genel\/\" rel=\"category tag\">Genel<\/a>, <a href=\"https:\/\/www.bakirkoyrotaract.org\/tr\/category\/hpk\/\" rel=\"category tag\">Hizmet Projeleri Kom.<\/a><\/span>\n\t\t\t\t\t\t\t\t\t\t\t\t\t\t\t\t\t\t\t\t\t\t\t\t\t\t\t\t\t\t<\/div>\n\t\t\t\t\t\t\t\t\t\t\t\t\t\t\t<\/div>\n\t\t\t\t\t\t\t\t\t\t\t\t\t\t\t<p>Satran\u00e7la B\u00fcy\u00fcyorum Ordu-Giresun aya\u011f\u0131n\u0131n 8. toplamda ise 66. okulu olan&hellip;<\/p>\n\t\t\t\t\t\t\t\t\t\t\t\t\t\t<a href=\"https:\/\/www.bakirkoyrotaract.org\/tr\/04-04-2019-satrancla-buyuyorum-66-ordu-gurgentepe-cumhuriyet-ortaokulu\/\"\n\t\t\t\t\t\t\t   class=\"kc-post-2-button\">Devam\u0131n\u0131 Oku <i\n\t\t\t\t\t\t\t\t\tclass=\"fa fa-angle-right\" aria-hidden=\"true\"><\/i><\/a>\n\t\t\t\t\t\t\t\t\t\t\t\t\t<\/div>\n\t\t\t\t\t\t<div class=\"post-item-right\">\n\t\t\t\t\t\t\t<figure>\n\t\t\t\t\t\t\t\t<img decoding=\"async\" src=\"https:\/\/www.bakirkoyrotaract.org\/tr\/wp-content\/uploads\/2019\/04\/img_1223-543x304xct.jpg\"\n\t\t\t\t\t\t\t\t     alt=\"04.04.2019 \/ Satran\u00e7la B\u00fcy\u00fcyorum #66 [Ordu &#8211; G\u00fcrgentepe Cumhuriyet Ortaokulu]\">\n\t\t\t\t\t\t\t<\/figure>\n\t\t\t\t\t\t<\/div>\n\n\t\t\t\t\t\n\t\t\t\t<\/div>\n\n\t\t\t\t\n\t\t\t\t<div class=\"kc-list-item-2\">\n\n\t\t\t\t\t\t\t\t\t\t\t\t\t\t\t\t\t\t<div class=\"post-item-left\">\n\t\t\t\t\t\t\t\t<figure>\n\t\t\t\t\t\t\t\t\t<img decoding=\"async\" src=\"https:\/\/www.bakirkoyrotaract.org\/tr\/wp-content\/uploads\/2019\/05\/WhatsApp-Image-2019-04-16-at-14.34.14-1-543x304xct.jpeg\"\n\t\t\t\t\t\t\t\t\t     alt=\"04.04.2019 \/ Satran\u00e7la B\u00fcy\u00fcyorum #69 [Ordu &#8211; Kabata\u015f Atat\u00fcrk \u0130lkokulu]\">\n\t\t\t\t\t\t\t\t<\/figure>\n\t\t\t\t\t\t\t<\/div>\n\t\t\t\t\t\t\t\t\t\t\t\t<div class=\"post-item-right\">\n\t\t\t\t\t\t\t<div class=\"post_details\">\n\t\t\t\t\t\t\t\t<h2 class=\"post-title-alt\"><a\n\t\t\t\t\t\t\t\t\t\thref=\"https:\/\/www.bakirkoyrotaract.org\/tr\/04-04-2019-satrancla-buyuyorum-69-ordu-kabatas-ataturk-ilkokulu\/\"\n\t\t\t\t\t\t\t\t\t\ttitle=\"04.04.2019 \/ Satran\u00e7la B\u00fcy\u00fcyorum #69 [Ordu &#8211; Kabata\u015f Atat\u00fcrk \u0130lkokulu]\">04.04.2019 \/ Satran\u00e7la B\u00fcy\u00fcyorum #69 [Ordu &#8211; Kabata\u015f Atat\u00fcrk \u0130lkokulu]<\/a>\n\t\t\t\t\t\t\t\t<\/h2>\n\n\t\t\t\t\t\t\t\t\t\t\t\t\t\t\t\t\t<div class=\"post-meta\">\n\t\t\t\t\t\t\t\t\t\t\t\t\t\t\t\t\t\t\t\t\t\t\t\t\t\t\t\t\t\t\t<span class=\"post-date\"><i class=\"fa fa-clock-o\"><\/i> <a\n\t\t\t\t\t\t\t\t\t\t\t\thref=\"https:\/\/www.bakirkoyrotaract.org\/tr\/2019\/04\/\">Nisan 4 2019<\/a> <\/span>\n\t\t\t\t\t\t\t\t\t\t\t\t\t\t\t\t\t\t\t\t\t\t\t\t\t\t\t\t\t\t\t\t\t\t\t\t\t\t\t\t\t\t\t<span class=\"post-cats\"><i class=\"fa fa-folder-o\"\n\t\t\t\t\t\t\t\t\t\t\t\t                           aria-hidden=\"true\"><\/i> <a href=\"https:\/\/www.bakirkoyrotaract.org\/tr\/category\/2018-2019\/\" rel=\"category tag\">2018-2019<\/a>, <a href=\"https:\/\/www.bakirkoyrotaract.org\/tr\/category\/genel\/\" rel=\"category tag\">Genel<\/a>, <a href=\"https:\/\/www.bakirkoyrotaract.org\/tr\/category\/hpk\/\" rel=\"category tag\">Hizmet Projeleri Kom.<\/a>, <a href=\"https:\/\/www.bakirkoyrotaract.org\/tr\/category\/satrancla-buyuyorum\/\" rel=\"category tag\">Satran\u00e7la B\u00fcy\u00fcyorum<\/a><\/span>\n\t\t\t\t\t\t\t\t\t\t\t\t\t\t\t\t\t\t\t\t\t\t\t\t\t\t\t\t\t\t<\/div>\n\t\t\t\t\t\t\t\t\t\t\t\t\t\t\t<\/div>\n\t\t\t\t\t\t\t\t\t\t\t\t\t\t\t<p>Satran\u00e7la B\u00fcy\u00fcyorum Ordu-Giresun aya\u011f\u0131n\u0131n 11. toplamda ise 69. okulu olan&hellip;<\/p>\n\t\t\t\t\t\t\t\t\t\t\t\t\t\t<a href=\"https:\/\/www.bakirkoyrotaract.org\/tr\/04-04-2019-satrancla-buyuyorum-69-ordu-kabatas-ataturk-ilkokulu\/\"\n\t\t\t\t\t\t\t   class=\"kc-post-2-button\">Devam\u0131n\u0131 Oku <i\n\t\t\t\t\t\t\t\t\tclass=\"fa fa-angle-right\" aria-hidden=\"true\"><\/i><\/a>\n\t\t\t\t\t\t\t\t\t\t\t\t\t<\/div>\n\n\t\t\t\t\t\n\t\t\t\t<\/div>\n\n\t\t\t\t\n\t\t\t\t<div class=\"kc-list-item-2\">\n\n\t\t\t\t\t\n\t\t\t\t\t\t<div class=\"post-item-left\">\n\t\t\t\t\t\t\t<div class=\"post_details\">\n\t\t\t\t\t\t\t\t<h2 class=\"post-title-alt\"><a\n\t\t\t\t\t\t\t\t\t\thref=\"https:\/\/www.bakirkoyrotaract.org\/tr\/04-04-2019-satrancla-buyuyorum-68-ordu-kabatas-osman-ozyurt-ortaokulu\/\"\n\t\t\t\t\t\t\t\t\t\ttitle=\"04.04.2019 \/ Satran\u00e7la B\u00fcy\u00fcyorum #68 [Ordu &#8211; Kabata\u015f Osman \u00d6zyurt Ortaokulu]\">04.04.2019 \/ Satran\u00e7la B\u00fcy\u00fcyorum #68 [Ordu &#8211; Kabata\u015f Osman \u00d6zyurt Ortaokulu]<\/a>\n\t\t\t\t\t\t\t\t<\/h2>\n\t\t\t\t\t\t\t\t\t\t\t\t\t\t\t\t\t<div class=\"post-meta\">\n\t\t\t\t\t\t\t\t\t\t\t\t\t\t\t\t\t\t\t\t\t\t\t\t\t\t\t\t\t\t\t<span class=\"post-date\"><i class=\"fa fa-clock-o\"><\/i> <a\n\t\t\t\t\t\t\t\t\t\t\t\thref=\"https:\/\/www.bakirkoyrotaract.org\/tr\/2019\/04\/\">Nisan 4 2019<\/a> <\/span>\n\t\t\t\t\t\t\t\t\t\t\t\t\t\t\t\t\t\t\t\t\t\t\t\t\t\t\t\t\t\t\t\t\t\t\t\t\t\t\t\t\t\t\t<span class=\"post-cats\"><i class=\"fa fa-folder-o\"\n\t\t\t\t\t\t\t\t\t\t\t                           aria-hidden=\"true\"><\/i> <a href=\"https:\/\/www.bakirkoyrotaract.org\/tr\/category\/2018-2019\/\" rel=\"category tag\">2018-2019<\/a>, <a href=\"https:\/\/www.bakirkoyrotaract.org\/tr\/category\/genel\/\" rel=\"category tag\">Genel<\/a>, <a href=\"https:\/\/www.bakirkoyrotaract.org\/tr\/category\/hpk\/\" rel=\"category tag\">Hizmet Projeleri Kom.<\/a>, <a href=\"https:\/\/www.bakirkoyrotaract.org\/tr\/category\/satrancla-buyuyorum\/\" rel=\"category tag\">Satran\u00e7la B\u00fcy\u00fcyorum<\/a><\/span>\n\t\t\t\t\t\t\t\t\t\t\t\t\t\t\t\t\t\t\t\t\t\t\t\t\t\t\t\t\t\t<\/div>\n\t\t\t\t\t\t\t\t\t\t\t\t\t\t\t<\/div>\n\t\t\t\t\t\t\t\t\t\t\t\t\t\t\t<p>Satran\u00e7la B\u00fcy\u00fcyorum Ordu-Giresun aya\u011f\u0131n\u0131n 10. toplamda ise 68. okulu olan&hellip;<\/p>\n\t\t\t\t\t\t\t\t\t\t\t\t\t\t<a href=\"https:\/\/www.bakirkoyrotaract.org\/tr\/04-04-2019-satrancla-buyuyorum-68-ordu-kabatas-osman-ozyurt-ortaokulu\/\"\n\t\t\t\t\t\t\t   class=\"kc-post-2-button\">Devam\u0131n\u0131 Oku <i\n\t\t\t\t\t\t\t\t\tclass=\"fa fa-angle-right\" aria-hidden=\"true\"><\/i><\/a>\n\t\t\t\t\t\t\t\t\t\t\t\t\t<\/div>\n\t\t\t\t\t\t<div class=\"post-item-right\">\n\t\t\t\t\t\t\t<figure>\n\t\t\t\t\t\t\t\t<img decoding=\"async\" src=\"https:\/\/www.bakirkoyrotaract.org\/tr\/wp-content\/uploads\/2019\/05\/WhatsApp-Image-2019-04-16-at-14.34.13-543x304xct.jpeg\"\n\t\t\t\t\t\t\t\t     alt=\"04.04.2019 \/ Satran\u00e7la B\u00fcy\u00fcyorum #68 [Ordu &#8211; Kabata\u015f Osman \u00d6zyurt Ortaokulu]\">\n\t\t\t\t\t\t\t<\/figure>\n\t\t\t\t\t\t<\/div>\n\n\t\t\t\t\t\n\t\t\t\t<\/div>\n\n\t\t\t\t\n\t\t\t\t<div class=\"kc-list-item-2\">\n\n\t\t\t\t\t\t\t\t\t\t\t\t\t\t\t\t\t\t<div class=\"post-item-left\">\n\t\t\t\t\t\t\t\t<figure>\n\t\t\t\t\t\t\t\t\t<img decoding=\"async\" src=\"https:\/\/www.bakirkoyrotaract.org\/tr\/wp-content\/uploads\/2019\/05\/WhatsApp-Image-2019-04-16-at-10.58.28-543x304xct.jpeg\"\n\t\t\t\t\t\t\t\t\t     alt=\"04.04.2019 \/ Satran\u00e7la B\u00fcy\u00fcyorum #70 [Ordu &#8211; Alt\u0131nordu Kayaba\u015f\u0131 Ortaokulu]\">\n\t\t\t\t\t\t\t\t<\/figure>\n\t\t\t\t\t\t\t<\/div>\n\t\t\t\t\t\t\t\t\t\t\t\t<div class=\"post-item-right\">\n\t\t\t\t\t\t\t<div class=\"post_details\">\n\t\t\t\t\t\t\t\t<h2 class=\"post-title-alt\"><a\n\t\t\t\t\t\t\t\t\t\thref=\"https:\/\/www.bakirkoyrotaract.org\/tr\/04-04-2019-satrancla-buyuyorum-70-ordu-altinordu-kayabasi-ortaokulu\/\"\n\t\t\t\t\t\t\t\t\t\ttitle=\"04.04.2019 \/ Satran\u00e7la B\u00fcy\u00fcyorum #70 [Ordu &#8211; Alt\u0131nordu Kayaba\u015f\u0131 Ortaokulu]\">04.04.2019 \/ Satran\u00e7la B\u00fcy\u00fcyorum #70 [Ordu &#8211; Alt\u0131nordu Kayaba\u015f\u0131 Ortaokulu]<\/a>\n\t\t\t\t\t\t\t\t<\/h2>\n\n\t\t\t\t\t\t\t\t\t\t\t\t\t\t\t\t\t<div class=\"post-meta\">\n\t\t\t\t\t\t\t\t\t\t\t\t\t\t\t\t\t\t\t\t\t\t\t\t\t\t\t\t\t\t\t<span class=\"post-date\"><i class=\"fa fa-clock-o\"><\/i> <a\n\t\t\t\t\t\t\t\t\t\t\t\thref=\"https:\/\/www.bakirkoyrotaract.org\/tr\/2019\/04\/\">Nisan 4 2019<\/a> <\/span>\n\t\t\t\t\t\t\t\t\t\t\t\t\t\t\t\t\t\t\t\t\t\t\t\t\t\t\t\t\t\t\t\t\t\t\t\t\t\t\t\t\t\t\t<span class=\"post-cats\"><i class=\"fa fa-folder-o\"\n\t\t\t\t\t\t\t\t\t\t\t\t                           aria-hidden=\"true\"><\/i> <a href=\"https:\/\/www.bakirkoyrotaract.org\/tr\/category\/2018-2019\/\" rel=\"category tag\">2018-2019<\/a>, <a href=\"https:\/\/www.bakirkoyrotaract.org\/tr\/category\/genel\/\" rel=\"category tag\">Genel<\/a>, <a href=\"https:\/\/www.bakirkoyrotaract.org\/tr\/category\/hpk\/\" rel=\"category tag\">Hizmet Projeleri Kom.<\/a>, <a href=\"https:\/\/www.bakirkoyrotaract.org\/tr\/category\/satrancla-buyuyorum\/\" rel=\"category tag\">Satran\u00e7la B\u00fcy\u00fcyorum<\/a><\/span>\n\t\t\t\t\t\t\t\t\t\t\t\t\t\t\t\t\t\t\t\t\t\t\t\t\t\t\t\t\t\t<\/div>\n\t\t\t\t\t\t\t\t\t\t\t\t\t\t\t<\/div>\n\t\t\t\t\t\t\t\t\t\t\t\t\t\t\t<p>Satran\u00e7la B\u00fcy\u00fcyorum Ordu-Giresun aya\u011f\u0131n\u0131n 12. toplamda ise 70. okulu olan&hellip;<\/p>\n\t\t\t\t\t\t\t\t\t\t\t\t\t\t<a href=\"https:\/\/www.bakirkoyrotaract.org\/tr\/04-04-2019-satrancla-buyuyorum-70-ordu-altinordu-kayabasi-ortaokulu\/\"\n\t\t\t\t\t\t\t   class=\"kc-post-2-button\">Devam\u0131n\u0131 Oku <i\n\t\t\t\t\t\t\t\t\tclass=\"fa fa-angle-right\" aria-hidden=\"true\"><\/i><\/a>\n\t\t\t\t\t\t\t\t\t\t\t\t\t<\/div>\n\n\t\t\t\t\t\n\t\t\t\t<\/div>\n\n\t\t\t\t\n\t\t\t\t<div class=\"kc-list-item-2\">\n\n\t\t\t\t\t\n\t\t\t\t\t\t<div class=\"post-item-left\">\n\t\t\t\t\t\t\t<div class=\"post_details\">\n\t\t\t\t\t\t\t\t<h2 class=\"post-title-alt\"><a\n\t\t\t\t\t\t\t\t\t\thref=\"https:\/\/www.bakirkoyrotaract.org\/tr\/30-03-2019-bilim-cocuklari\/\"\n\t\t\t\t\t\t\t\t\t\ttitle=\"30.03.2019 \/ Bilim \u00c7ocuklar\u0131\">30.03.2019 \/ Bilim \u00c7ocuklar\u0131<\/a>\n\t\t\t\t\t\t\t\t<\/h2>\n\t\t\t\t\t\t\t\t\t\t\t\t\t\t\t\t\t<div class=\"post-meta\">\n\t\t\t\t\t\t\t\t\t\t\t\t\t\t\t\t\t\t\t\t\t\t\t\t\t\t\t\t\t\t\t<span class=\"post-date\"><i class=\"fa fa-clock-o\"><\/i> <a\n\t\t\t\t\t\t\t\t\t\t\t\thref=\"https:\/\/www.bakirkoyrotaract.org\/tr\/2019\/03\/\">Mart 30 2019<\/a> <\/span>\n\t\t\t\t\t\t\t\t\t\t\t\t\t\t\t\t\t\t\t\t\t\t\t\t\t\t\t\t\t\t\t\t\t\t\t\t\t\t\t\t\t\t\t<span class=\"post-cats\"><i class=\"fa fa-folder-o\"\n\t\t\t\t\t\t\t\t\t\t\t                           aria-hidden=\"true\"><\/i> <a href=\"https:\/\/www.bakirkoyrotaract.org\/tr\/category\/2018-2019\/\" rel=\"category tag\">2018-2019<\/a>, <a href=\"https:\/\/www.bakirkoyrotaract.org\/tr\/category\/genel\/\" rel=\"category tag\">Genel<\/a>, <a href=\"https:\/\/www.bakirkoyrotaract.org\/tr\/category\/hpk\/\" rel=\"category tag\">Hizmet Projeleri Kom.<\/a><\/span>\n\t\t\t\t\t\t\t\t\t\t\t\t\t\t\t\t\t\t\t\t\t\t\t\t\t\t\t\t\t\t<\/div>\n\t\t\t\t\t\t\t\t\t\t\t\t\t\t\t<\/div>\n\t\t\t\t\t\t\t\t\t\t\t\t\t\t\t<p>(Bak\u0131rk\u00f6y RAC - Beo\u011flu RAC - Lambas\u0131 Yard\u0131m Derne\u011fi Ortak&hellip;<\/p>\n\t\t\t\t\t\t\t\t\t\t\t\t\t\t<a href=\"https:\/\/www.bakirkoyrotaract.org\/tr\/30-03-2019-bilim-cocuklari\/\"\n\t\t\t\t\t\t\t   class=\"kc-post-2-button\">Devam\u0131n\u0131 Oku <i\n\t\t\t\t\t\t\t\t\tclass=\"fa fa-angle-right\" aria-hidden=\"true\"><\/i><\/a>\n\t\t\t\t\t\t\t\t\t\t\t\t\t<\/div>\n\t\t\t\t\t\t<div class=\"post-item-right\">\n\t\t\t\t\t\t\t<figure>\n\t\t\t\t\t\t\t\t<img decoding=\"async\" src=\"https:\/\/www.bakirkoyrotaract.org\/tr\/wp-content\/uploads\/2019\/05\/WhatsApp-Image-2019-03-30-at-16.46.19-3-543x304xct.jpeg\"\n\t\t\t\t\t\t\t\t     alt=\"30.03.2019 \/ Bilim \u00c7ocuklar\u0131\">\n\t\t\t\t\t\t\t<\/figure>\n\t\t\t\t\t\t<\/div>\n\n\t\t\t\t\t\n\t\t\t\t<\/div>\n\n\t\t\t\t\n\t\t\t\t<div class=\"kc-list-item-2\">\n\n\t\t\t\t\t\t\t\t\t\t\t\t\t\t\t\t\t\t<div class=\"post-item-left\">\n\t\t\t\t\t\t\t\t<figure>\n\t\t\t\t\t\t\t\t\t<img decoding=\"async\" src=\"https:\/\/www.bakirkoyrotaract.org\/tr\/wp-content\/uploads\/2019\/05\/WhatsApp-Image-2019-03-27-at-20.31.57-543x304xct.jpeg\"\n\t\t\t\t\t\t\t\t\t     alt=\"27.03.2019 \/ Sokak Lambas\u0131 \u00c7orba Da\u011f\u0131t\u0131m\u0131\">\n\t\t\t\t\t\t\t\t<\/figure>\n\t\t\t\t\t\t\t<\/div>\n\t\t\t\t\t\t\t\t\t\t\t\t<div class=\"post-item-right\">\n\t\t\t\t\t\t\t<div class=\"post_details\">\n\t\t\t\t\t\t\t\t<h2 class=\"post-title-alt\"><a\n\t\t\t\t\t\t\t\t\t\thref=\"https:\/\/www.bakirkoyrotaract.org\/tr\/27-03-2019-sokak-lambasi-corba-dagitimi\/\"\n\t\t\t\t\t\t\t\t\t\ttitle=\"27.03.2019 \/ Sokak Lambas\u0131 \u00c7orba Da\u011f\u0131t\u0131m\u0131\">27.03.2019 \/ Sokak Lambas\u0131 \u00c7orba Da\u011f\u0131t\u0131m\u0131<\/a>\n\t\t\t\t\t\t\t\t<\/h2>\n\n\t\t\t\t\t\t\t\t\t\t\t\t\t\t\t\t\t<div class=\"post-meta\">\n\t\t\t\t\t\t\t\t\t\t\t\t\t\t\t\t\t\t\t\t\t\t\t\t\t\t\t\t\t\t\t<span class=\"post-date\"><i class=\"fa fa-clock-o\"><\/i> <a\n\t\t\t\t\t\t\t\t\t\t\t\thref=\"https:\/\/www.bakirkoyrotaract.org\/tr\/2019\/03\/\">Mart 27 2019<\/a> <\/span>\n\t\t\t\t\t\t\t\t\t\t\t\t\t\t\t\t\t\t\t\t\t\t\t\t\t\t\t\t\t\t\t\t\t\t\t\t\t\t\t\t\t\t\t<span class=\"post-cats\"><i class=\"fa fa-folder-o\"\n\t\t\t\t\t\t\t\t\t\t\t\t                           aria-hidden=\"true\"><\/i> <a href=\"https:\/\/www.bakirkoyrotaract.org\/tr\/category\/2018-2019\/\" rel=\"category tag\">2018-2019<\/a>, <a href=\"https:\/\/www.bakirkoyrotaract.org\/tr\/category\/genel\/\" rel=\"category tag\">Genel<\/a>, <a href=\"https:\/\/www.bakirkoyrotaract.org\/tr\/category\/hpk\/\" rel=\"category tag\">Hizmet Projeleri Kom.<\/a><\/span>\n\t\t\t\t\t\t\t\t\t\t\t\t\t\t\t\t\t\t\t\t\t\t\t\t\t\t\t\t\t\t<\/div>\n\t\t\t\t\t\t\t\t\t\t\t\t\t\t\t<\/div>\n\t\t\t\t\t\t\t\t\t\t\t\t\t\t\t<p>D\u00f6nemin be\u015finci Sokak Lambas\u0131 \u00e7orba da\u011f\u0131t\u0131m\u0131 27.03.2019 tarihinde ger\u00e7ekle\u015ftirildi. [gallery&hellip;<\/p>\n\t\t\t\t\t\t\t\t\t\t\t\t\t\t<a href=\"https:\/\/www.bakirkoyrotaract.org\/tr\/27-03-2019-sokak-lambasi-corba-dagitimi\/\"\n\t\t\t\t\t\t\t   class=\"kc-post-2-button\">Devam\u0131n\u0131 Oku <i\n\t\t\t\t\t\t\t\t\tclass=\"fa fa-angle-right\" aria-hidden=\"true\"><\/i><\/a>\n\t\t\t\t\t\t\t\t\t\t\t\t\t<\/div>\n\n\t\t\t\t\t\n\t\t\t\t<\/div>\n\n\t\t\t\t\n\t\t\t\t<div class=\"kc-list-item-2\">\n\n\t\t\t\t\t\n\t\t\t\t\t\t<div class=\"post-item-left\">\n\t\t\t\t\t\t\t<div class=\"post_details\">\n\t\t\t\t\t\t\t\t<h2 class=\"post-title-alt\"><a\n\t\t\t\t\t\t\t\t\t\thref=\"https:\/\/www.bakirkoyrotaract.org\/tr\/20-03-2019-bakirkoy-kadin-cezaevi-cocuklari-kidzania-organizasyonu\/\"\n\t\t\t\t\t\t\t\t\t\ttitle=\"20.03.2019 \/ Bak\u0131rk\u00f6y Kad\u0131n Cezaevi \u00c7ocuklar\u0131 Kidzania Organizasyonu\">20.03.2019 \/ Bak\u0131rk\u00f6y Kad\u0131n Cezaevi \u00c7ocuklar\u0131 Kidzania Organizasyonu<\/a>\n\t\t\t\t\t\t\t\t<\/h2>\n\t\t\t\t\t\t\t\t\t\t\t\t\t\t\t\t\t<div class=\"post-meta\">\n\t\t\t\t\t\t\t\t\t\t\t\t\t\t\t\t\t\t\t\t\t\t\t\t\t\t\t\t\t\t\t<span class=\"post-date\"><i class=\"fa fa-clock-o\"><\/i> <a\n\t\t\t\t\t\t\t\t\t\t\t\thref=\"https:\/\/www.bakirkoyrotaract.org\/tr\/2019\/03\/\">Mart 20 2019<\/a> <\/span>\n\t\t\t\t\t\t\t\t\t\t\t\t\t\t\t\t\t\t\t\t\t\t\t\t\t\t\t\t\t\t\t\t\t\t\t\t\t\t\t\t\t\t\t<span class=\"post-cats\"><i class=\"fa fa-folder-o\"\n\t\t\t\t\t\t\t\t\t\t\t                           aria-hidden=\"true\"><\/i> <a href=\"https:\/\/www.bakirkoyrotaract.org\/tr\/category\/2018-2019\/\" rel=\"category tag\">2018-2019<\/a>, <a href=\"https:\/\/www.bakirkoyrotaract.org\/tr\/category\/genel\/\" rel=\"category tag\">Genel<\/a>, <a href=\"https:\/\/www.bakirkoyrotaract.org\/tr\/category\/hpk\/\" rel=\"category tag\">Hizmet Projeleri Kom.<\/a><\/span>\n\t\t\t\t\t\t\t\t\t\t\t\t\t\t\t\t\t\t\t\t\t\t\t\t\t\t\t\t\t\t<\/div>\n\t\t\t\t\t\t\t\t\t\t\t\t\t\t\t<\/div>\n\t\t\t\t\t\t\t\t\t\t\t\t\t\t\t<p>Bak\u0131rk\u00f6y Kad\u0131n Cezaevi'nde tutuklu annelerinin yan\u0131nda kalan \u00e7ocuklar 20.03.2019 tarihinde&hellip;<\/p>\n\t\t\t\t\t\t\t\t\t\t\t\t\t\t<a href=\"https:\/\/www.bakirkoyrotaract.org\/tr\/20-03-2019-bakirkoy-kadin-cezaevi-cocuklari-kidzania-organizasyonu\/\"\n\t\t\t\t\t\t\t   class=\"kc-post-2-button\">Devam\u0131n\u0131 Oku <i\n\t\t\t\t\t\t\t\t\tclass=\"fa fa-angle-right\" aria-hidden=\"true\"><\/i><\/a>\n\t\t\t\t\t\t\t\t\t\t\t\t\t<\/div>\n\t\t\t\t\t\t<div class=\"post-item-right\">\n\t\t\t\t\t\t\t<figure>\n\t\t\t\t\t\t\t\t<img decoding=\"async\" src=\"https:\/\/www.bakirkoyrotaract.org\/tr\/wp-content\/uploads\/2019\/04\/WhatsApp-Image-2019-03-20-at-12.19.51-543x304xct.jpeg\"\n\t\t\t\t\t\t\t\t     alt=\"20.03.2019 \/ Bak\u0131rk\u00f6y Kad\u0131n Cezaevi \u00c7ocuklar\u0131 Kidzania Organizasyonu\">\n\t\t\t\t\t\t\t<\/figure>\n\t\t\t\t\t\t<\/div>\n\n\t\t\t\t\t\n\t\t\t\t<\/div>\n\n\t\t\t\t\n\t\t\t\t<div class=\"kc-list-item-2\">\n\n\t\t\t\t\t\t\t\t\t\t\t\t\t\t\t\t\t\t<div class=\"post-item-left\">\n\t\t\t\t\t\t\t\t<figure>\n\t\t\t\t\t\t\t\t\t<img decoding=\"async\" src=\"https:\/\/www.bakirkoyrotaract.org\/tr\/wp-content\/uploads\/2019\/05\/WhatsApp-Image-2019-03-16-at-13.42.13-543x304xct.jpeg\"\n\t\t\t\t\t\t\t\t\t     alt=\"16.03.2019 \/ Atlas Yard\u0131mla\u015fma ve Dayan\u0131\u015fma Derne\u011fi Hayal \u00c7alan Cad\u0131 M\u00fczikali Organizasyonu\">\n\t\t\t\t\t\t\t\t<\/figure>\n\t\t\t\t\t\t\t<\/div>\n\t\t\t\t\t\t\t\t\t\t\t\t<div class=\"post-item-right\">\n\t\t\t\t\t\t\t<div class=\"post_details\">\n\t\t\t\t\t\t\t\t<h2 class=\"post-title-alt\"><a\n\t\t\t\t\t\t\t\t\t\thref=\"https:\/\/www.bakirkoyrotaract.org\/tr\/20190316-atlas-yardimlasma-ve-dayanisma-dernegi-hayal-calan-cadi-muzikali-organizasyonu\/\"\n\t\t\t\t\t\t\t\t\t\ttitle=\"16.03.2019 \/ Atlas Yard\u0131mla\u015fma ve Dayan\u0131\u015fma Derne\u011fi Hayal \u00c7alan Cad\u0131 M\u00fczikali Organizasyonu\">16.03.2019 \/ Atlas Yard\u0131mla\u015fma ve Dayan\u0131\u015fma Derne\u011fi Hayal \u00c7alan Cad\u0131 M\u00fczikali Organizasyonu<\/a>\n\t\t\t\t\t\t\t\t<\/h2>\n\n\t\t\t\t\t\t\t\t\t\t\t\t\t\t\t\t\t<div class=\"post-meta\">\n\t\t\t\t\t\t\t\t\t\t\t\t\t\t\t\t\t\t\t\t\t\t\t\t\t\t\t\t\t\t\t<span class=\"post-date\"><i class=\"fa fa-clock-o\"><\/i> <a\n\t\t\t\t\t\t\t\t\t\t\t\thref=\"https:\/\/www.bakirkoyrotaract.org\/tr\/2019\/03\/\">Mart 16 2019<\/a> <\/span>\n\t\t\t\t\t\t\t\t\t\t\t\t\t\t\t\t\t\t\t\t\t\t\t\t\t\t\t\t\t\t\t\t\t\t\t\t\t\t\t\t\t\t\t<span class=\"post-cats\"><i class=\"fa fa-folder-o\"\n\t\t\t\t\t\t\t\t\t\t\t\t                           aria-hidden=\"true\"><\/i> <a href=\"https:\/\/www.bakirkoyrotaract.org\/tr\/category\/2018-2019\/\" rel=\"category tag\">2018-2019<\/a>, <a href=\"https:\/\/www.bakirkoyrotaract.org\/tr\/category\/genel\/\" rel=\"category tag\">Genel<\/a>, <a href=\"https:\/\/www.bakirkoyrotaract.org\/tr\/category\/hpk\/\" rel=\"category tag\">Hizmet Projeleri Kom.<\/a><\/span>\n\t\t\t\t\t\t\t\t\t\t\t\t\t\t\t\t\t\t\t\t\t\t\t\t\t\t\t\t\t\t<\/div>\n\t\t\t\t\t\t\t\t\t\t\t\t\t\t\t<\/div>\n\t\t\t\t\t\t\t\t\t\t\t\t\t\t\t<p>Atlas Yard\u0131mla\u015fma ve Dayan\u0131\u015fma Derne\u011fi'nden karde\u015flerimiz 16.03.2019 tarihinde Zorlu Center&hellip;<\/p>\n\t\t\t\t\t\t\t\t\t\t\t\t\t\t<a href=\"https:\/\/www.bakirkoyrotaract.org\/tr\/20190316-atlas-yardimlasma-ve-dayanisma-dernegi-hayal-calan-cadi-muzikali-organizasyonu\/\"\n\t\t\t\t\t\t\t   class=\"kc-post-2-button\">Devam\u0131n\u0131 Oku <i\n\t\t\t\t\t\t\t\t\tclass=\"fa fa-angle-right\" aria-hidden=\"true\"><\/i><\/a>\n\t\t\t\t\t\t\t\t\t\t\t\t\t<\/div>\n\n\t\t\t\t\t\n\t\t\t\t<\/div>\n\n\t\t\t\t\n\t\t\t\t<div class=\"kc-list-item-2\">\n\n\t\t\t\t\t\n\t\t\t\t\t\t<div class=\"post-item-left\">\n\t\t\t\t\t\t\t<div class=\"post_details\">\n\t\t\t\t\t\t\t\t<h2 class=\"post-title-alt\"><a\n\t\t\t\t\t\t\t\t\t\thref=\"https:\/\/www.bakirkoyrotaract.org\/tr\/13-03-2019-sokak-lambasi-corba-dagitimi\/\"\n\t\t\t\t\t\t\t\t\t\ttitle=\"13.03.2019 \/ Sokak Lambas\u0131 \u00c7orba Da\u011f\u0131t\u0131m\u0131\">13.03.2019 \/ Sokak Lambas\u0131 \u00c7orba Da\u011f\u0131t\u0131m\u0131<\/a>\n\t\t\t\t\t\t\t\t<\/h2>\n\t\t\t\t\t\t\t\t\t\t\t\t\t\t\t\t\t<div class=\"post-meta\">\n\t\t\t\t\t\t\t\t\t\t\t\t\t\t\t\t\t\t\t\t\t\t\t\t\t\t\t\t\t\t\t<span class=\"post-date\"><i class=\"fa fa-clock-o\"><\/i> <a\n\t\t\t\t\t\t\t\t\t\t\t\thref=\"https:\/\/www.bakirkoyrotaract.org\/tr\/2019\/03\/\">Mart 13 2019<\/a> <\/span>\n\t\t\t\t\t\t\t\t\t\t\t\t\t\t\t\t\t\t\t\t\t\t\t\t\t\t\t\t\t\t\t\t\t\t\t\t\t\t\t\t\t\t\t<span class=\"post-cats\"><i class=\"fa fa-folder-o\"\n\t\t\t\t\t\t\t\t\t\t\t                           aria-hidden=\"true\"><\/i> <a href=\"https:\/\/www.bakirkoyrotaract.org\/tr\/category\/2018-2019\/\" rel=\"category tag\">2018-2019<\/a>, <a href=\"https:\/\/www.bakirkoyrotaract.org\/tr\/category\/genel\/\" rel=\"category tag\">Genel<\/a>, <a href=\"https:\/\/www.bakirkoyrotaract.org\/tr\/category\/hpk\/\" rel=\"category tag\">Hizmet Projeleri Kom.<\/a><\/span>\n\t\t\t\t\t\t\t\t\t\t\t\t\t\t\t\t\t\t\t\t\t\t\t\t\t\t\t\t\t\t<\/div>\n\t\t\t\t\t\t\t\t\t\t\t\t\t\t\t<\/div>\n\t\t\t\t\t\t\t\t\t\t\t\t\t\t\t<p>D\u00f6nemin d\u00f6rd\u00fcnc\u00fc Sokak Lambas\u0131 \u00e7orba da\u011f\u0131t\u0131m\u0131 13.03.2019 tarihinde ger\u00e7ekle\u015ftirildi. [gallery&hellip;<\/p>\n\t\t\t\t\t\t\t\t\t\t\t\t\t\t<a href=\"https:\/\/www.bakirkoyrotaract.org\/tr\/13-03-2019-sokak-lambasi-corba-dagitimi\/\"\n\t\t\t\t\t\t\t   class=\"kc-post-2-button\">Devam\u0131n\u0131 Oku <i\n\t\t\t\t\t\t\t\t\tclass=\"fa fa-angle-right\" aria-hidden=\"true\"><\/i><\/a>\n\t\t\t\t\t\t\t\t\t\t\t\t\t<\/div>\n\t\t\t\t\t\t<div class=\"post-item-right\">\n\t\t\t\t\t\t\t<figure>\n\t\t\t\t\t\t\t\t<img decoding=\"async\" src=\"https:\/\/www.bakirkoyrotaract.org\/tr\/wp-content\/uploads\/2019\/05\/WhatsApp-Image-2019-03-13-at-20.26.01-543x304xct.jpeg\"\n\t\t\t\t\t\t\t\t     alt=\"13.03.2019 \/ Sokak Lambas\u0131 \u00c7orba Da\u011f\u0131t\u0131m\u0131\">\n\t\t\t\t\t\t\t<\/figure>\n\t\t\t\t\t\t<\/div>\n\n\t\t\t\t\t\n\t\t\t\t<\/div>\n\n\t\t\t\t\n\t\t\t\t<div class=\"kc-list-item-2\">\n\n\t\t\t\t\t\t\t\t\t\t\t\t\t\t\t\t\t\t<div class=\"post-item-left\">\n\t\t\t\t\t\t\t\t<figure>\n\t\t\t\t\t\t\t\t\t<img decoding=\"async\" src=\"https:\/\/www.bakirkoyrotaract.org\/tr\/wp-content\/uploads\/2019\/05\/WhatsApp-Image-2019-03-12-at-12.45.56-543x304xct.jpeg\"\n\t\t\t\t\t\t\t\t\t     alt=\"11.03.2019 \/ Atk\u0131&#038;Bere Ba\u011f\u0131\u015f\u0131\">\n\t\t\t\t\t\t\t\t<\/figure>\n\t\t\t\t\t\t\t<\/div>\n\t\t\t\t\t\t\t\t\t\t\t\t<div class=\"post-item-right\">\n\t\t\t\t\t\t\t<div class=\"post_details\">\n\t\t\t\t\t\t\t\t<h2 class=\"post-title-alt\"><a\n\t\t\t\t\t\t\t\t\t\thref=\"https:\/\/www.bakirkoyrotaract.org\/tr\/11-03-2019-atkibere-bagisi\/\"\n\t\t\t\t\t\t\t\t\t\ttitle=\"11.03.2019 \/ Atk\u0131&#038;Bere Ba\u011f\u0131\u015f\u0131\">11.03.2019 \/ Atk\u0131&#038;Bere Ba\u011f\u0131\u015f\u0131<\/a>\n\t\t\t\t\t\t\t\t<\/h2>\n\n\t\t\t\t\t\t\t\t\t\t\t\t\t\t\t\t\t<div class=\"post-meta\">\n\t\t\t\t\t\t\t\t\t\t\t\t\t\t\t\t\t\t\t\t\t\t\t\t\t\t\t\t\t\t\t<span class=\"post-date\"><i class=\"fa fa-clock-o\"><\/i> <a\n\t\t\t\t\t\t\t\t\t\t\t\thref=\"https:\/\/www.bakirkoyrotaract.org\/tr\/2019\/03\/\">Mart 11 2019<\/a> <\/span>\n\t\t\t\t\t\t\t\t\t\t\t\t\t\t\t\t\t\t\t\t\t\t\t\t\t\t\t\t\t\t\t\t\t\t\t\t\t\t\t\t\t\t\t<span class=\"post-cats\"><i class=\"fa fa-folder-o\"\n\t\t\t\t\t\t\t\t\t\t\t\t                           aria-hidden=\"true\"><\/i> <a href=\"https:\/\/www.bakirkoyrotaract.org\/tr\/category\/2018-2019\/\" rel=\"category tag\">2018-2019<\/a>, <a href=\"https:\/\/www.bakirkoyrotaract.org\/tr\/category\/genel\/\" rel=\"category tag\">Genel<\/a>, <a href=\"https:\/\/www.bakirkoyrotaract.org\/tr\/category\/hpk\/\" rel=\"category tag\">Hizmet Projeleri Kom.<\/a><\/span>\n\t\t\t\t\t\t\t\t\t\t\t\t\t\t\t\t\t\t\t\t\t\t\t\t\t\t\t\t\t\t<\/div>\n\t\t\t\t\t\t\t\t\t\t\t\t\t\t\t<\/div>\n\t\t\t\t\t\t\t\t\t\t\t\t\t\t\t<p>Muhtelif say\u0131da atk\u0131 ve bere ihtiya\u00e7 sahiplerine ula\u015ft\u0131r\u0131lmak \u00fczere 11.03.2019&hellip;<\/p>\n\t\t\t\t\t\t\t\t\t\t\t\t\t\t<a href=\"https:\/\/www.bakirkoyrotaract.org\/tr\/11-03-2019-atkibere-bagisi\/\"\n\t\t\t\t\t\t\t   class=\"kc-post-2-button\">Devam\u0131n\u0131 Oku <i\n\t\t\t\t\t\t\t\t\tclass=\"fa fa-angle-right\" aria-hidden=\"true\"><\/i><\/a>\n\t\t\t\t\t\t\t\t\t\t\t\t\t<\/div>\n\n\t\t\t\t\t\n\t\t\t\t<\/div>\n\n\t\t\t\t\n\t\t\t\t<div class=\"kc-list-item-2\">\n\n\t\t\t\t\t\n\t\t\t\t\t\t<div class=\"post-item-left\">\n\t\t\t\t\t\t\t<div class=\"post_details\">\n\t\t\t\t\t\t\t\t<h2 class=\"post-title-alt\"><a\n\t\t\t\t\t\t\t\t\t\thref=\"https:\/\/www.bakirkoyrotaract.org\/tr\/09-03-2019-2-el-kiyafet-bagisi\/\"\n\t\t\t\t\t\t\t\t\t\ttitle=\"09.03.2019 \/ 2. El K\u0131yafet Ba\u011f\u0131\u015f\u0131\">09.03.2019 \/ 2. El K\u0131yafet Ba\u011f\u0131\u015f\u0131<\/a>\n\t\t\t\t\t\t\t\t<\/h2>\n\t\t\t\t\t\t\t\t\t\t\t\t\t\t\t\t\t<div class=\"post-meta\">\n\t\t\t\t\t\t\t\t\t\t\t\t\t\t\t\t\t\t\t\t\t\t\t\t\t\t\t\t\t\t\t<span class=\"post-date\"><i class=\"fa fa-clock-o\"><\/i> <a\n\t\t\t\t\t\t\t\t\t\t\t\thref=\"https:\/\/www.bakirkoyrotaract.org\/tr\/2019\/03\/\">Mart 9 2019<\/a> <\/span>\n\t\t\t\t\t\t\t\t\t\t\t\t\t\t\t\t\t\t\t\t\t\t\t\t\t\t\t\t\t\t\t\t\t\t\t\t\t\t\t\t\t\t\t<span class=\"post-cats\"><i class=\"fa fa-folder-o\"\n\t\t\t\t\t\t\t\t\t\t\t                           aria-hidden=\"true\"><\/i> <a href=\"https:\/\/www.bakirkoyrotaract.org\/tr\/category\/2018-2019\/\" rel=\"category tag\">2018-2019<\/a>, <a href=\"https:\/\/www.bakirkoyrotaract.org\/tr\/category\/genel\/\" rel=\"category tag\">Genel<\/a>, <a href=\"https:\/\/www.bakirkoyrotaract.org\/tr\/category\/hpk\/\" rel=\"category tag\">Hizmet Projeleri Kom.<\/a><\/span>\n\t\t\t\t\t\t\t\t\t\t\t\t\t\t\t\t\t\t\t\t\t\t\t\t\t\t\t\t\t\t<\/div>\n\t\t\t\t\t\t\t\t\t\t\t\t\t\t\t<\/div>\n\t\t\t\t\t\t\t\t\t\t\t\t\t\t\t<p>Proje dahilinde toplanan k\u0131yafetler 09.03.2019 tarihinde ihtiya\u00e7 sahiplerine ula\u015ft\u0131r\u0131lmak \u00fczere&hellip;<\/p>\n\t\t\t\t\t\t\t\t\t\t\t\t\t\t<a href=\"https:\/\/www.bakirkoyrotaract.org\/tr\/09-03-2019-2-el-kiyafet-bagisi\/\"\n\t\t\t\t\t\t\t   class=\"kc-post-2-button\">Devam\u0131n\u0131 Oku <i\n\t\t\t\t\t\t\t\t\tclass=\"fa fa-angle-right\" aria-hidden=\"true\"><\/i><\/a>\n\t\t\t\t\t\t\t\t\t\t\t\t\t<\/div>\n\t\t\t\t\t\t<div class=\"post-item-right\">\n\t\t\t\t\t\t\t<figure>\n\t\t\t\t\t\t\t\t<img decoding=\"async\" src=\"https:\/\/www.bakirkoyrotaract.org\/tr\/wp-content\/uploads\/2019\/05\/ikinci-el-k\u0131yafet-atlas-09.03.19-543x304xct.png\"\n\t\t\t\t\t\t\t\t     alt=\"09.03.2019 \/ 2. El K\u0131yafet Ba\u011f\u0131\u015f\u0131\">\n\t\t\t\t\t\t\t<\/figure>\n\t\t\t\t\t\t<\/div>\n\n\t\t\t\t\t\n\t\t\t\t<\/div>\n\n\t\t\t\t\n\t\t\t\t<div class=\"kc-list-item-2\">\n\n\t\t\t\t\t\t\t\t\t\t\t\t\t\t\t\t\t\t<div class=\"post-item-left\">\n\t\t\t\t\t\t\t\t<figure>\n\t\t\t\t\t\t\t\t\t<img decoding=\"async\" src=\"https:\/\/www.bakirkoyrotaract.org\/tr\/wp-content\/uploads\/2019\/05\/WhatsApp-Image-2019-03-08-at-23.11.48-543x304xct.jpeg\"\n\t\t\t\t\t\t\t\t\t     alt=\"08.03.2019 \/ Kul\u00fcp Ocakba\u015f\u0131\">\n\t\t\t\t\t\t\t\t<\/figure>\n\t\t\t\t\t\t\t<\/div>\n\t\t\t\t\t\t\t\t\t\t\t\t<div class=\"post-item-right\">\n\t\t\t\t\t\t\t<div class=\"post_details\">\n\t\t\t\t\t\t\t\t<h2 class=\"post-title-alt\"><a\n\t\t\t\t\t\t\t\t\t\thref=\"https:\/\/www.bakirkoyrotaract.org\/tr\/08-03-2019-kulup-ocakbasi\/\"\n\t\t\t\t\t\t\t\t\t\ttitle=\"08.03.2019 \/ Kul\u00fcp Ocakba\u015f\u0131\">08.03.2019 \/ Kul\u00fcp Ocakba\u015f\u0131<\/a>\n\t\t\t\t\t\t\t\t<\/h2>\n\n\t\t\t\t\t\t\t\t\t\t\t\t\t\t\t\t\t<div class=\"post-meta\">\n\t\t\t\t\t\t\t\t\t\t\t\t\t\t\t\t\t\t\t\t\t\t\t\t\t\t\t\t\t\t\t<span class=\"post-date\"><i class=\"fa fa-clock-o\"><\/i> <a\n\t\t\t\t\t\t\t\t\t\t\t\thref=\"https:\/\/www.bakirkoyrotaract.org\/tr\/2019\/03\/\">Mart 8 2019<\/a> <\/span>\n\t\t\t\t\t\t\t\t\t\t\t\t\t\t\t\t\t\t\t\t\t\t\t\t\t\t\t\t\t\t\t\t\t\t\t\t\t\t\t\t\t\t\t<span class=\"post-cats\"><i class=\"fa fa-folder-o\"\n\t\t\t\t\t\t\t\t\t\t\t\t                           aria-hidden=\"true\"><\/i> <a href=\"https:\/\/www.bakirkoyrotaract.org\/tr\/category\/2018-2019\/\" rel=\"category tag\">2018-2019<\/a>, <a href=\"https:\/\/www.bakirkoyrotaract.org\/tr\/category\/genel\/\" rel=\"category tag\">Genel<\/a>, <a href=\"https:\/\/www.bakirkoyrotaract.org\/tr\/category\/kyk\/\" rel=\"category tag\">Kul\u00fcp Y\u00f6netimi Kom.<\/a><\/span>\n\t\t\t\t\t\t\t\t\t\t\t\t\t\t\t\t\t\t\t\t\t\t\t\t\t\t\t\t\t\t<\/div>\n\t\t\t\t\t\t\t\t\t\t\t\t\t\t\t<\/div>\n\t\t\t\t\t\t\t\t\t\t\t\t\t\t\t<p>D\u00f6nemin 7. ocakba\u015f\u0131 organizasyonu 08.03.2019 tarihinde ger\u00e7ekle\u015ftirildi.<\/p>\n\t\t\t\t\t\t\t\t\t\t\t\t\t\t<a href=\"https:\/\/www.bakirkoyrotaract.org\/tr\/08-03-2019-kulup-ocakbasi\/\"\n\t\t\t\t\t\t\t   class=\"kc-post-2-button\">Devam\u0131n\u0131 Oku <i\n\t\t\t\t\t\t\t\t\tclass=\"fa fa-angle-right\" aria-hidden=\"true\"><\/i><\/a>\n\t\t\t\t\t\t\t\t\t\t\t\t\t<\/div>\n\n\t\t\t\t\t\n\t\t\t\t<\/div>\n\n\t\t\t\t\n\t\t\t\t<div class=\"kc-list-item-2\">\n\n\t\t\t\t\t\n\t\t\t\t\t\t<div class=\"post-item-left\">\n\t\t\t\t\t\t\t<div class=\"post_details\">\n\t\t\t\t\t\t\t\t<h2 class=\"post-title-alt\"><a\n\t\t\t\t\t\t\t\t\t\thref=\"https:\/\/www.bakirkoyrotaract.org\/tr\/28-02-2019-goksu-rotary-kulubu-hamilik-kutlama-kokteyli\/\"\n\t\t\t\t\t\t\t\t\t\ttitle=\"28.02.2019 \/ G\u00f6ksu Rotary Kul\u00fcb\u00fc Hamilik Kutlama Kokteyli\">28.02.2019 \/ G\u00f6ksu Rotary Kul\u00fcb\u00fc Hamilik Kutlama Kokteyli<\/a>\n\t\t\t\t\t\t\t\t<\/h2>\n\t\t\t\t\t\t\t\t\t\t\t\t\t\t\t\t\t<div class=\"post-meta\">\n\t\t\t\t\t\t\t\t\t\t\t\t\t\t\t\t\t\t\t\t\t\t\t\t\t\t\t\t\t\t\t<span class=\"post-date\"><i class=\"fa fa-clock-o\"><\/i> <a\n\t\t\t\t\t\t\t\t\t\t\t\thref=\"https:\/\/www.bakirkoyrotaract.org\/tr\/2019\/02\/\">\u015eubat 28 2019<\/a> <\/span>\n\t\t\t\t\t\t\t\t\t\t\t\t\t\t\t\t\t\t\t\t\t\t\t\t\t\t\t\t\t\t\t\t\t\t\t\t\t\t\t\t\t\t\t<span class=\"post-cats\"><i class=\"fa fa-folder-o\"\n\t\t\t\t\t\t\t\t\t\t\t                           aria-hidden=\"true\"><\/i> <a href=\"https:\/\/www.bakirkoyrotaract.org\/tr\/category\/2018-2019\/\" rel=\"category tag\">2018-2019<\/a>, <a href=\"https:\/\/www.bakirkoyrotaract.org\/tr\/category\/genel\/\" rel=\"category tag\">Genel<\/a>, <a href=\"https:\/\/www.bakirkoyrotaract.org\/tr\/category\/kyk\/\" rel=\"category tag\">Kul\u00fcp Y\u00f6netimi Kom.<\/a><\/span>\n\t\t\t\t\t\t\t\t\t\t\t\t\t\t\t\t\t\t\t\t\t\t\t\t\t\t\t\t\t\t<\/div>\n\t\t\t\t\t\t\t\t\t\t\t\t\t\t\t<\/div>\n\t\t\t\t\t\t\t\t\t\t\t\t\t\t\t<p>Kul\u00fcb\u00fcm\u00fcz\u00fcn Bak\u0131rk\u00f6y Rotary Kul\u00fcb\u00fc ile birlikte G\u00f6ksu Rotary Kul\u00fcb\u00fc'n\u00fcn de&hellip;<\/p>\n\t\t\t\t\t\t\t\t\t\t\t\t\t\t<a href=\"https:\/\/www.bakirkoyrotaract.org\/tr\/28-02-2019-goksu-rotary-kulubu-hamilik-kutlama-kokteyli\/\"\n\t\t\t\t\t\t\t   class=\"kc-post-2-button\">Devam\u0131n\u0131 Oku <i\n\t\t\t\t\t\t\t\t\tclass=\"fa fa-angle-right\" aria-hidden=\"true\"><\/i><\/a>\n\t\t\t\t\t\t\t\t\t\t\t\t\t<\/div>\n\t\t\t\t\t\t<div class=\"post-item-right\">\n\t\t\t\t\t\t\t<figure>\n\t\t\t\t\t\t\t\t<img decoding=\"async\" src=\"https:\/\/www.bakirkoyrotaract.org\/tr\/wp-content\/uploads\/2019\/05\/WhatsApp-Image-2019-03-01-at-00.37.02-1-543x304xct.jpeg\"\n\t\t\t\t\t\t\t\t     alt=\"28.02.2019 \/ G\u00f6ksu Rotary Kul\u00fcb\u00fc Hamilik Kutlama Kokteyli\">\n\t\t\t\t\t\t\t<\/figure>\n\t\t\t\t\t\t<\/div>\n\n\t\t\t\t\t\n\t\t\t\t<\/div>\n\n\t\t\t\t\n\t\t\t\t<div class=\"kc-list-item-2\">\n\n\t\t\t\t\t\t\t\t\t\t\t\t\t\t\t\t\t\t<div class=\"post-item-left\">\n\t\t\t\t\t\t\t\t<figure>\n\t\t\t\t\t\t\t\t\t<img decoding=\"async\" src=\"https:\/\/www.bakirkoyrotaract.org\/tr\/wp-content\/uploads\/2019\/05\/\u00e7apa-\u00e7ocuk-onkoloji-ziyareti-27.02.2019-543x304xct.jpg\"\n\t\t\t\t\t\t\t\t\t     alt=\"27.02.2019 \/ Cerrahpa\u015fa T\u0131p Fak\u00fcltesi \u00c7ocuk Onkoloji Birimi Boyama Seti Yard\u0131m\u0131\">\n\t\t\t\t\t\t\t\t<\/figure>\n\t\t\t\t\t\t\t<\/div>\n\t\t\t\t\t\t\t\t\t\t\t\t<div class=\"post-item-right\">\n\t\t\t\t\t\t\t<div class=\"post_details\">\n\t\t\t\t\t\t\t\t<h2 class=\"post-title-alt\"><a\n\t\t\t\t\t\t\t\t\t\thref=\"https:\/\/www.bakirkoyrotaract.org\/tr\/27-02-2019-cerrahpasa-tip-fakultesi-cocuk-onkoloji-birimi-boyama-seti-yardimi\/\"\n\t\t\t\t\t\t\t\t\t\ttitle=\"27.02.2019 \/ Cerrahpa\u015fa T\u0131p Fak\u00fcltesi \u00c7ocuk Onkoloji Birimi Boyama Seti Yard\u0131m\u0131\">27.02.2019 \/ Cerrahpa\u015fa T\u0131p Fak\u00fcltesi \u00c7ocuk Onkoloji Birimi Boyama Seti Yard\u0131m\u0131<\/a>\n\t\t\t\t\t\t\t\t<\/h2>\n\n\t\t\t\t\t\t\t\t\t\t\t\t\t\t\t\t\t<div class=\"post-meta\">\n\t\t\t\t\t\t\t\t\t\t\t\t\t\t\t\t\t\t\t\t\t\t\t\t\t\t\t\t\t\t\t<span class=\"post-date\"><i class=\"fa fa-clock-o\"><\/i> <a\n\t\t\t\t\t\t\t\t\t\t\t\thref=\"https:\/\/www.bakirkoyrotaract.org\/tr\/2019\/02\/\">\u015eubat 27 2019<\/a> <\/span>\n\t\t\t\t\t\t\t\t\t\t\t\t\t\t\t\t\t\t\t\t\t\t\t\t\t\t\t\t\t\t\t\t\t\t\t\t\t\t\t\t\t\t\t<span class=\"post-cats\"><i class=\"fa fa-folder-o\"\n\t\t\t\t\t\t\t\t\t\t\t\t                           aria-hidden=\"true\"><\/i> <a href=\"https:\/\/www.bakirkoyrotaract.org\/tr\/category\/2018-2019\/\" rel=\"category tag\">2018-2019<\/a>, <a href=\"https:\/\/www.bakirkoyrotaract.org\/tr\/category\/genel\/\" rel=\"category tag\">Genel<\/a>, <a href=\"https:\/\/www.bakirkoyrotaract.org\/tr\/category\/hpk\/\" rel=\"category tag\">Hizmet Projeleri Kom.<\/a><\/span>\n\t\t\t\t\t\t\t\t\t\t\t\t\t\t\t\t\t\t\t\t\t\t\t\t\t\t\t\t\t\t<\/div>\n\t\t\t\t\t\t\t\t\t\t\t\t\t\t\t<\/div>\n\t\t\t\t\t\t\t\t\t\t\t\t\t\t\t<p>Okmeydan\u0131 E\u011fitim ve Ara\u015ft\u0131rma Hastanesi \u00c7ocuk Onkoloji Birimi, 05.10.2016 tarihinde&hellip;<\/p>\n\t\t\t\t\t\t\t\t\t\t\t\t\t\t<a href=\"https:\/\/www.bakirkoyrotaract.org\/tr\/27-02-2019-cerrahpasa-tip-fakultesi-cocuk-onkoloji-birimi-boyama-seti-yardimi\/\"\n\t\t\t\t\t\t\t   class=\"kc-post-2-button\">Devam\u0131n\u0131 Oku <i\n\t\t\t\t\t\t\t\t\tclass=\"fa fa-angle-right\" aria-hidden=\"true\"><\/i><\/a>\n\t\t\t\t\t\t\t\t\t\t\t\t\t<\/div>\n\n\t\t\t\t\t\n\t\t\t\t<\/div>\n\n\t\t\t\t\n\t\t\t\t<div class=\"kc-list-item-2\">\n\n\t\t\t\t\t\n\t\t\t\t\t\t<div class=\"post-item-left\">\n\t\t\t\t\t\t\t<div class=\"post_details\">\n\t\t\t\t\t\t\t\t<h2 class=\"post-title-alt\"><a\n\t\t\t\t\t\t\t\t\t\thref=\"https:\/\/www.bakirkoyrotaract.org\/tr\/26-02-2019-satrancla-buyuyorum-65-giresun-bulancak-aydindere-ortaokulu\/\"\n\t\t\t\t\t\t\t\t\t\ttitle=\"26.02.2019 \/ Satran\u00e7la B\u00fcy\u00fcyorum #65 [Giresun &#8211; Bulancak Ayd\u0131ndere Ortaokulu]\">26.02.2019 \/ Satran\u00e7la B\u00fcy\u00fcyorum #65 [Giresun &#8211; Bulancak Ayd\u0131ndere Ortaokulu]<\/a>\n\t\t\t\t\t\t\t\t<\/h2>\n\t\t\t\t\t\t\t\t\t\t\t\t\t\t\t\t\t<div class=\"post-meta\">\n\t\t\t\t\t\t\t\t\t\t\t\t\t\t\t\t\t\t\t\t\t\t\t\t\t\t\t\t\t\t\t<span class=\"post-date\"><i class=\"fa fa-clock-o\"><\/i> <a\n\t\t\t\t\t\t\t\t\t\t\t\thref=\"https:\/\/www.bakirkoyrotaract.org\/tr\/2019\/02\/\">\u015eubat 22 2019<\/a> <\/span>\n\t\t\t\t\t\t\t\t\t\t\t\t\t\t\t\t\t\t\t\t\t\t\t\t\t\t\t\t\t\t\t\t\t\t\t\t\t\t\t\t\t\t\t<span class=\"post-cats\"><i class=\"fa fa-folder-o\"\n\t\t\t\t\t\t\t\t\t\t\t                           aria-hidden=\"true\"><\/i> <a href=\"https:\/\/www.bakirkoyrotaract.org\/tr\/category\/2018-2019\/\" rel=\"category tag\">2018-2019<\/a>, <a href=\"https:\/\/www.bakirkoyrotaract.org\/tr\/category\/genel\/\" rel=\"category tag\">Genel<\/a>, <a href=\"https:\/\/www.bakirkoyrotaract.org\/tr\/category\/hpk\/\" rel=\"category tag\">Hizmet Projeleri Kom.<\/a>, <a href=\"https:\/\/www.bakirkoyrotaract.org\/tr\/category\/satrancla-buyuyorum\/\" rel=\"category tag\">Satran\u00e7la B\u00fcy\u00fcyorum<\/a><\/span>\n\t\t\t\t\t\t\t\t\t\t\t\t\t\t\t\t\t\t\t\t\t\t\t\t\t\t\t\t\t\t<\/div>\n\t\t\t\t\t\t\t\t\t\t\t\t\t\t\t<\/div>\n\t\t\t\t\t\t\t\t\t\t\t\t\t\t\t<p>Satran\u00e7la B\u00fcy\u00fcyorum Ordu-Giresun aya\u011f\u0131n\u0131n 7. toplamda ise 65. okulu olan&hellip;<\/p>\n\t\t\t\t\t\t\t\t\t\t\t\t\t\t<a href=\"https:\/\/www.bakirkoyrotaract.org\/tr\/26-02-2019-satrancla-buyuyorum-65-giresun-bulancak-aydindere-ortaokulu\/\"\n\t\t\t\t\t\t\t   class=\"kc-post-2-button\">Devam\u0131n\u0131 Oku <i\n\t\t\t\t\t\t\t\t\tclass=\"fa fa-angle-right\" aria-hidden=\"true\"><\/i><\/a>\n\t\t\t\t\t\t\t\t\t\t\t\t\t<\/div>\n\t\t\t\t\t\t<div class=\"post-item-right\">\n\t\t\t\t\t\t\t<figure>\n\t\t\t\t\t\t\t\t<img decoding=\"async\" src=\"https:\/\/www.bakirkoyrotaract.org\/tr\/wp-content\/uploads\/2019\/05\/WhatsApp-Image-2019-03-08-at-23.25.58-2-543x304xct.jpeg\"\n\t\t\t\t\t\t\t\t     alt=\"26.02.2019 \/ Satran\u00e7la B\u00fcy\u00fcyorum #65 [Giresun &#8211; Bulancak Ayd\u0131ndere Ortaokulu]\">\n\t\t\t\t\t\t\t<\/figure>\n\t\t\t\t\t\t<\/div>\n\n\t\t\t\t\t\n\t\t\t\t<\/div>\n\n\t\t\t\t\n\t\t\t\t<div class=\"kc-list-item-2\">\n\n\t\t\t\t\t\t\t\t\t\t\t\t\t\t\t\t\t\t<div class=\"post-item-left\">\n\t\t\t\t\t\t\t\t<figure>\n\t\t\t\t\t\t\t\t\t<img decoding=\"async\" src=\"https:\/\/www.bakirkoyrotaract.org\/tr\/wp-content\/uploads\/2019\/05\/WhatsApp-Image-2019-03-08-at-23.25.00-1-543x304xct.jpeg\"\n\t\t\t\t\t\t\t\t\t     alt=\"20.02.2019 \/ Satran\u00e7la B\u00fcy\u00fcyorum #64 [Ordu &#8211; Kabad\u00fcz Yoku\u015fdibi Ortaokulu]\">\n\t\t\t\t\t\t\t\t<\/figure>\n\t\t\t\t\t\t\t<\/div>\n\t\t\t\t\t\t\t\t\t\t\t\t<div class=\"post-item-right\">\n\t\t\t\t\t\t\t<div class=\"post_details\">\n\t\t\t\t\t\t\t\t<h2 class=\"post-title-alt\"><a\n\t\t\t\t\t\t\t\t\t\thref=\"https:\/\/www.bakirkoyrotaract.org\/tr\/20-02-2019-satrancla-buyuyorum-64-ordu-kabaduz-yokusdibi-ortaokulu\/\"\n\t\t\t\t\t\t\t\t\t\ttitle=\"20.02.2019 \/ Satran\u00e7la B\u00fcy\u00fcyorum #64 [Ordu &#8211; Kabad\u00fcz Yoku\u015fdibi Ortaokulu]\">20.02.2019 \/ Satran\u00e7la B\u00fcy\u00fcyorum #64 [Ordu &#8211; Kabad\u00fcz Yoku\u015fdibi Ortaokulu]<\/a>\n\t\t\t\t\t\t\t\t<\/h2>\n\n\t\t\t\t\t\t\t\t\t\t\t\t\t\t\t\t\t<div class=\"post-meta\">\n\t\t\t\t\t\t\t\t\t\t\t\t\t\t\t\t\t\t\t\t\t\t\t\t\t\t\t\t\t\t\t<span class=\"post-date\"><i class=\"fa fa-clock-o\"><\/i> <a\n\t\t\t\t\t\t\t\t\t\t\t\thref=\"https:\/\/www.bakirkoyrotaract.org\/tr\/2019\/02\/\">\u015eubat 20 2019<\/a> <\/span>\n\t\t\t\t\t\t\t\t\t\t\t\t\t\t\t\t\t\t\t\t\t\t\t\t\t\t\t\t\t\t\t\t\t\t\t\t\t\t\t\t\t\t\t<span class=\"post-cats\"><i class=\"fa fa-folder-o\"\n\t\t\t\t\t\t\t\t\t\t\t\t                           aria-hidden=\"true\"><\/i> <a href=\"https:\/\/www.bakirkoyrotaract.org\/tr\/category\/2018-2019\/\" rel=\"category tag\">2018-2019<\/a>, <a href=\"https:\/\/www.bakirkoyrotaract.org\/tr\/category\/genel\/\" rel=\"category tag\">Genel<\/a>, <a href=\"https:\/\/www.bakirkoyrotaract.org\/tr\/category\/hpk\/\" rel=\"category tag\">Hizmet Projeleri Kom.<\/a>, <a href=\"https:\/\/www.bakirkoyrotaract.org\/tr\/category\/satrancla-buyuyorum\/\" rel=\"category tag\">Satran\u00e7la B\u00fcy\u00fcyorum<\/a><\/span>\n\t\t\t\t\t\t\t\t\t\t\t\t\t\t\t\t\t\t\t\t\t\t\t\t\t\t\t\t\t\t<\/div>\n\t\t\t\t\t\t\t\t\t\t\t\t\t\t\t<\/div>\n\t\t\t\t\t\t\t\t\t\t\t\t\t\t\t<p>Satran\u00e7la B\u00fcy\u00fcyorum Ordu-Giresun aya\u011f\u0131n\u0131n 6. toplamda ise 64. okulu olan&hellip;<\/p>\n\t\t\t\t\t\t\t\t\t\t\t\t\t\t<a href=\"https:\/\/www.bakirkoyrotaract.org\/tr\/20-02-2019-satrancla-buyuyorum-64-ordu-kabaduz-yokusdibi-ortaokulu\/\"\n\t\t\t\t\t\t\t   class=\"kc-post-2-button\">Devam\u0131n\u0131 Oku <i\n\t\t\t\t\t\t\t\t\tclass=\"fa fa-angle-right\" aria-hidden=\"true\"><\/i><\/a>\n\t\t\t\t\t\t\t\t\t\t\t\t\t<\/div>\n\n\t\t\t\t\t\n\t\t\t\t<\/div>\n\n\t\t\t\t\n\t\t\t\t<div class=\"kc-list-item-2\">\n\n\t\t\t\t\t\n\t\t\t\t\t\t<div class=\"post-item-left\">\n\t\t\t\t\t\t\t<div class=\"post_details\">\n\t\t\t\t\t\t\t\t<h2 class=\"post-title-alt\"><a\n\t\t\t\t\t\t\t\t\t\thref=\"https:\/\/www.bakirkoyrotaract.org\/tr\/20-02-2019-sokak-lambasi-corba-dagitimi\/\"\n\t\t\t\t\t\t\t\t\t\ttitle=\"20.02.2019 \/ Sokak Lambas\u0131 \u00c7orba Da\u011f\u0131t\u0131m\u0131\">20.02.2019 \/ Sokak Lambas\u0131 \u00c7orba Da\u011f\u0131t\u0131m\u0131<\/a>\n\t\t\t\t\t\t\t\t<\/h2>\n\t\t\t\t\t\t\t\t\t\t\t\t\t\t\t\t\t<div class=\"post-meta\">\n\t\t\t\t\t\t\t\t\t\t\t\t\t\t\t\t\t\t\t\t\t\t\t\t\t\t\t\t\t\t\t<span class=\"post-date\"><i class=\"fa fa-clock-o\"><\/i> <a\n\t\t\t\t\t\t\t\t\t\t\t\thref=\"https:\/\/www.bakirkoyrotaract.org\/tr\/2019\/02\/\">\u015eubat 20 2019<\/a> <\/span>\n\t\t\t\t\t\t\t\t\t\t\t\t\t\t\t\t\t\t\t\t\t\t\t\t\t\t\t\t\t\t\t\t\t\t\t\t\t\t\t\t\t\t\t<span class=\"post-cats\"><i class=\"fa fa-folder-o\"\n\t\t\t\t\t\t\t\t\t\t\t                           aria-hidden=\"true\"><\/i> <a href=\"https:\/\/www.bakirkoyrotaract.org\/tr\/category\/2018-2019\/\" rel=\"category tag\">2018-2019<\/a>, <a href=\"https:\/\/www.bakirkoyrotaract.org\/tr\/category\/genel\/\" rel=\"category tag\">Genel<\/a>, <a href=\"https:\/\/www.bakirkoyrotaract.org\/tr\/category\/hpk\/\" rel=\"category tag\">Hizmet Projeleri Kom.<\/a><\/span>\n\t\t\t\t\t\t\t\t\t\t\t\t\t\t\t\t\t\t\t\t\t\t\t\t\t\t\t\t\t\t<\/div>\n\t\t\t\t\t\t\t\t\t\t\t\t\t\t\t<\/div>\n\t\t\t\t\t\t\t\t\t\t\t\t\t\t\t<p>D\u00f6nemin ikinci Sokak Lambas\u0131 \u00e7orba da\u011f\u0131t\u0131m\u0131 20.02.2019 tarihinde ger\u00e7ekle\u015ftirildi.<\/p>\n\t\t\t\t\t\t\t\t\t\t\t\t\t\t<a href=\"https:\/\/www.bakirkoyrotaract.org\/tr\/20-02-2019-sokak-lambasi-corba-dagitimi\/\"\n\t\t\t\t\t\t\t   class=\"kc-post-2-button\">Devam\u0131n\u0131 Oku <i\n\t\t\t\t\t\t\t\t\tclass=\"fa fa-angle-right\" aria-hidden=\"true\"><\/i><\/a>\n\t\t\t\t\t\t\t\t\t\t\t\t\t<\/div>\n\t\t\t\t\t\t<div class=\"post-item-right\">\n\t\t\t\t\t\t\t<figure>\n\t\t\t\t\t\t\t\t<img decoding=\"async\" src=\"https:\/\/www.bakirkoyrotaract.org\/tr\/wp-content\/uploads\/2019\/05\/WhatsApp-Image-2019-05-31-at-16.26.05-543x304xct.jpeg\"\n\t\t\t\t\t\t\t\t     alt=\"20.02.2019 \/ Sokak Lambas\u0131 \u00c7orba Da\u011f\u0131t\u0131m\u0131\">\n\t\t\t\t\t\t\t<\/figure>\n\t\t\t\t\t\t<\/div>\n\n\t\t\t\t\t\n\t\t\t\t<\/div>\n\n\t\t\t\t\n\t\t\t\t<div class=\"kc-list-item-2\">\n\n\t\t\t\t\t\t\t\t\t\t\t\t\t\t\t\t\t\t<div class=\"post-item-left\">\n\t\t\t\t\t\t\t\t<figure>\n\t\t\t\t\t\t\t\t\t<img decoding=\"async\" src=\"https:\/\/www.bakirkoyrotaract.org\/tr\/wp-content\/uploads\/2019\/05\/WhatsApp-Image-2019-04-23-at-11.54.35-1-543x304xct.jpeg\"\n\t\t\t\t\t\t\t\t\t     alt=\"15.02.2019 \/ \u0130\u00e7imizden Biri Sunumlar\u0131 [Buket Hamarat &#8211; Gelece\u011fin Mimarl\u0131\u011f\u0131]\">\n\t\t\t\t\t\t\t\t<\/figure>\n\t\t\t\t\t\t\t<\/div>\n\t\t\t\t\t\t\t\t\t\t\t\t<div class=\"post-item-right\">\n\t\t\t\t\t\t\t<div class=\"post_details\">\n\t\t\t\t\t\t\t\t<h2 class=\"post-title-alt\"><a\n\t\t\t\t\t\t\t\t\t\thref=\"https:\/\/www.bakirkoyrotaract.org\/tr\/15-02-2019-icimizden-biri-sunumlari-buket-hamarat-gelecegin-mimarligi\/\"\n\t\t\t\t\t\t\t\t\t\ttitle=\"15.02.2019 \/ \u0130\u00e7imizden Biri Sunumlar\u0131 [Buket Hamarat &#8211; Gelece\u011fin Mimarl\u0131\u011f\u0131]\">15.02.2019 \/ \u0130\u00e7imizden Biri Sunumlar\u0131 [Buket Hamarat &#8211; Gelece\u011fin Mimarl\u0131\u011f\u0131]<\/a>\n\t\t\t\t\t\t\t\t<\/h2>\n\n\t\t\t\t\t\t\t\t\t\t\t\t\t\t\t\t\t<div class=\"post-meta\">\n\t\t\t\t\t\t\t\t\t\t\t\t\t\t\t\t\t\t\t\t\t\t\t\t\t\t\t\t\t\t\t<span class=\"post-date\"><i class=\"fa fa-clock-o\"><\/i> <a\n\t\t\t\t\t\t\t\t\t\t\t\thref=\"https:\/\/www.bakirkoyrotaract.org\/tr\/2019\/02\/\">\u015eubat 15 2019<\/a> <\/span>\n\t\t\t\t\t\t\t\t\t\t\t\t\t\t\t\t\t\t\t\t\t\t\t\t\t\t\t\t\t\t\t\t\t\t\t\t\t\t\t\t\t\t\t<span class=\"post-cats\"><i class=\"fa fa-folder-o\"\n\t\t\t\t\t\t\t\t\t\t\t\t                           aria-hidden=\"true\"><\/i> <a href=\"https:\/\/www.bakirkoyrotaract.org\/tr\/category\/2018-2019\/\" rel=\"category tag\">2018-2019<\/a>, <a href=\"https:\/\/www.bakirkoyrotaract.org\/tr\/category\/genel\/\" rel=\"category tag\">Genel<\/a>, <a href=\"https:\/\/www.bakirkoyrotaract.org\/tr\/category\/mgk\/\" rel=\"category tag\">Kariyer Geli\u015fim Kom.<\/a><\/span>\n\t\t\t\t\t\t\t\t\t\t\t\t\t\t\t\t\t\t\t\t\t\t\t\t\t\t\t\t\t\t<\/div>\n\t\t\t\t\t\t\t\t\t\t\t\t\t\t\t<\/div>\n\t\t\t\t\t\t\t\t\t\t\t\t\t\t\t<p>\u0130\u00e7imizden Biri sunumlar\u0131 kapsam\u0131ndan aday \u00fcyelerimizden Buket Hamarat 15.02.2019\u00a0 tarihinde,&hellip;<\/p>\n\t\t\t\t\t\t\t\t\t\t\t\t\t\t<a href=\"https:\/\/www.bakirkoyrotaract.org\/tr\/15-02-2019-icimizden-biri-sunumlari-buket-hamarat-gelecegin-mimarligi\/\"\n\t\t\t\t\t\t\t   class=\"kc-post-2-button\">Devam\u0131n\u0131 Oku <i\n\t\t\t\t\t\t\t\t\tclass=\"fa fa-angle-right\" aria-hidden=\"true\"><\/i><\/a>\n\t\t\t\t\t\t\t\t\t\t\t\t\t<\/div>\n\n\t\t\t\t\t\n\t\t\t\t<\/div>\n\n\t\t\t\t\n\t\t\t\t<div class=\"kc-list-item-2\">\n\n\t\t\t\t\t\n\t\t\t\t\t\t<div class=\"post-item-left\">\n\t\t\t\t\t\t\t<div class=\"post_details\">\n\t\t\t\t\t\t\t\t<h2 class=\"post-title-alt\"><a\n\t\t\t\t\t\t\t\t\t\thref=\"https:\/\/www.bakirkoyrotaract.org\/tr\/12-02-2019-meslekte-ustun-hizmet-odulu\/\"\n\t\t\t\t\t\t\t\t\t\ttitle=\"12.02.2019 \/ Meslekte \u00dcst\u00fcn Hizmet \u00d6d\u00fcl\u00fc\">12.02.2019 \/ Meslekte \u00dcst\u00fcn Hizmet \u00d6d\u00fcl\u00fc<\/a>\n\t\t\t\t\t\t\t\t<\/h2>\n\t\t\t\t\t\t\t\t\t\t\t\t\t\t\t\t\t<div class=\"post-meta\">\n\t\t\t\t\t\t\t\t\t\t\t\t\t\t\t\t\t\t\t\t\t\t\t\t\t\t\t\t\t\t\t<span class=\"post-date\"><i class=\"fa fa-clock-o\"><\/i> <a\n\t\t\t\t\t\t\t\t\t\t\t\thref=\"https:\/\/www.bakirkoyrotaract.org\/tr\/2019\/02\/\">\u015eubat 12 2019<\/a> <\/span>\n\t\t\t\t\t\t\t\t\t\t\t\t\t\t\t\t\t\t\t\t\t\t\t\t\t\t\t\t\t\t\t\t\t\t\t\t\t\t\t\t\t\t\t<span class=\"post-cats\"><i class=\"fa fa-folder-o\"\n\t\t\t\t\t\t\t\t\t\t\t                           aria-hidden=\"true\"><\/i> <a href=\"https:\/\/www.bakirkoyrotaract.org\/tr\/category\/2018-2019\/\" rel=\"category tag\">2018-2019<\/a>, <a href=\"https:\/\/www.bakirkoyrotaract.org\/tr\/category\/genel\/\" rel=\"category tag\">Genel<\/a>, <a href=\"https:\/\/www.bakirkoyrotaract.org\/tr\/category\/mgk\/\" rel=\"category tag\">Kariyer Geli\u015fim Kom.<\/a><\/span>\n\t\t\t\t\t\t\t\t\t\t\t\t\t\t\t\t\t\t\t\t\t\t\t\t\t\t\t\t\t\t<\/div>\n\t\t\t\t\t\t\t\t\t\t\t\t\t\t\t<\/div>\n\t\t\t\t\t\t\t\t\t\t\t\t\t\t\t<p>(Bak\u0131rk\u00f6y RAC &amp; Bak\u0131rk\u00f6y Rotary Kul\u00fcb\u00fc Ortak Projesi) Kariyerlerindeki \u00fcst\u00fcn&hellip;<\/p>\n\t\t\t\t\t\t\t\t\t\t\t\t\t\t<a href=\"https:\/\/www.bakirkoyrotaract.org\/tr\/12-02-2019-meslekte-ustun-hizmet-odulu\/\"\n\t\t\t\t\t\t\t   class=\"kc-post-2-button\">Devam\u0131n\u0131 Oku <i\n\t\t\t\t\t\t\t\t\tclass=\"fa fa-angle-right\" aria-hidden=\"true\"><\/i><\/a>\n\t\t\t\t\t\t\t\t\t\t\t\t\t<\/div>\n\t\t\t\t\t\t<div class=\"post-item-right\">\n\t\t\t\t\t\t\t<figure>\n\t\t\t\t\t\t\t\t<img decoding=\"async\" src=\"https:\/\/www.bakirkoyrotaract.org\/tr\/wp-content\/uploads\/2019\/05\/must1-543x304xct.jpg\"\n\t\t\t\t\t\t\t\t     alt=\"12.02.2019 \/ Meslekte \u00dcst\u00fcn Hizmet \u00d6d\u00fcl\u00fc\">\n\t\t\t\t\t\t\t<\/figure>\n\t\t\t\t\t\t<\/div>\n\n\t\t\t\t\t\n\t\t\t\t<\/div>\n\n\t\t\t\t\n\t\t\t\t<div class=\"kc-list-item-2\">\n\n\t\t\t\t\t\t\t\t\t\t\t\t\t\t\t\t\t\t<div class=\"post-item-left\">\n\t\t\t\t\t\t\t\t<figure>\n\t\t\t\t\t\t\t\t\t<img decoding=\"async\" src=\"https:\/\/www.bakirkoyrotaract.org\/tr\/wp-content\/uploads\/2019\/05\/WhatsApp-Image-2019-02-10-at-14.06.52-543x304xct.jpeg\"\n\t\t\t\t\t\t\t\t\t     alt=\"10.02.2019 \/ Atlas Yard\u0131m E\u011fitim Dayan\u0131\u015fma Derne\u011fi Karton \u015eehir M\u00fczikali Organizasyonu\">\n\t\t\t\t\t\t\t\t<\/figure>\n\t\t\t\t\t\t\t<\/div>\n\t\t\t\t\t\t\t\t\t\t\t\t<div class=\"post-item-right\">\n\t\t\t\t\t\t\t<div class=\"post_details\">\n\t\t\t\t\t\t\t\t<h2 class=\"post-title-alt\"><a\n\t\t\t\t\t\t\t\t\t\thref=\"https:\/\/www.bakirkoyrotaract.org\/tr\/10-02-2019-atlas-yardim-egitim-dayanisma-dernegi-karton-sehir-muzikali-organizasyonu\/\"\n\t\t\t\t\t\t\t\t\t\ttitle=\"10.02.2019 \/ Atlas Yard\u0131m E\u011fitim Dayan\u0131\u015fma Derne\u011fi Karton \u015eehir M\u00fczikali Organizasyonu\">10.02.2019 \/ Atlas Yard\u0131m E\u011fitim Dayan\u0131\u015fma Derne\u011fi Karton \u015eehir M\u00fczikali Organizasyonu<\/a>\n\t\t\t\t\t\t\t\t<\/h2>\n\n\t\t\t\t\t\t\t\t\t\t\t\t\t\t\t\t\t<div class=\"post-meta\">\n\t\t\t\t\t\t\t\t\t\t\t\t\t\t\t\t\t\t\t\t\t\t\t\t\t\t\t\t\t\t\t<span class=\"post-date\"><i class=\"fa fa-clock-o\"><\/i> <a\n\t\t\t\t\t\t\t\t\t\t\t\thref=\"https:\/\/www.bakirkoyrotaract.org\/tr\/2019\/02\/\">\u015eubat 10 2019<\/a> <\/span>\n\t\t\t\t\t\t\t\t\t\t\t\t\t\t\t\t\t\t\t\t\t\t\t\t\t\t\t\t\t\t\t\t\t\t\t\t\t\t\t\t\t\t\t<span class=\"post-cats\"><i class=\"fa fa-folder-o\"\n\t\t\t\t\t\t\t\t\t\t\t\t                           aria-hidden=\"true\"><\/i> <a href=\"https:\/\/www.bakirkoyrotaract.org\/tr\/category\/2018-2019\/\" rel=\"category tag\">2018-2019<\/a>, <a href=\"https:\/\/www.bakirkoyrotaract.org\/tr\/category\/genel\/\" rel=\"category tag\">Genel<\/a>, <a href=\"https:\/\/www.bakirkoyrotaract.org\/tr\/category\/hpk\/\" rel=\"category tag\">Hizmet Projeleri Kom.<\/a><\/span>\n\t\t\t\t\t\t\t\t\t\t\t\t\t\t\t\t\t\t\t\t\t\t\t\t\t\t\t\t\t\t<\/div>\n\t\t\t\t\t\t\t\t\t\t\t\t\t\t\t<\/div>\n\t\t\t\t\t\t\t\t\t\t\t\t\t\t\t<p>Atlas Yard\u0131mla\u015fma ve Dayan\u0131\u015fma Derne\u011fi'nden karde\u015flerimiz 10.02.2019 tarihinde Zorlu PSM&hellip;<\/p>\n\t\t\t\t\t\t\t\t\t\t\t\t\t\t<a href=\"https:\/\/www.bakirkoyrotaract.org\/tr\/10-02-2019-atlas-yardim-egitim-dayanisma-dernegi-karton-sehir-muzikali-organizasyonu\/\"\n\t\t\t\t\t\t\t   class=\"kc-post-2-button\">Devam\u0131n\u0131 Oku <i\n\t\t\t\t\t\t\t\t\tclass=\"fa fa-angle-right\" aria-hidden=\"true\"><\/i><\/a>\n\t\t\t\t\t\t\t\t\t\t\t\t\t<\/div>\n\n\t\t\t\t\t\n\t\t\t\t<\/div>\n\n\t\t\t\t\n\t\t\t\t<div class=\"kc-list-item-2\">\n\n\t\t\t\t\t\n\t\t\t\t\t\t<div class=\"post-item-left\">\n\t\t\t\t\t\t\t<div class=\"post_details\">\n\t\t\t\t\t\t\t\t<h2 class=\"post-title-alt\"><a\n\t\t\t\t\t\t\t\t\t\thref=\"https:\/\/www.bakirkoyrotaract.org\/tr\/08-02-2019-cocuk-haklari-egitimi\/\"\n\t\t\t\t\t\t\t\t\t\ttitle=\"08.02.2019 \/ \u00c7ocuk Haklar\u0131 E\u011fitimi\">08.02.2019 \/ \u00c7ocuk Haklar\u0131 E\u011fitimi<\/a>\n\t\t\t\t\t\t\t\t<\/h2>\n\t\t\t\t\t\t\t\t\t\t\t\t\t\t\t\t\t<div class=\"post-meta\">\n\t\t\t\t\t\t\t\t\t\t\t\t\t\t\t\t\t\t\t\t\t\t\t\t\t\t\t\t\t\t\t<span class=\"post-date\"><i class=\"fa fa-clock-o\"><\/i> <a\n\t\t\t\t\t\t\t\t\t\t\t\thref=\"https:\/\/www.bakirkoyrotaract.org\/tr\/2019\/02\/\">\u015eubat 8 2019<\/a> <\/span>\n\t\t\t\t\t\t\t\t\t\t\t\t\t\t\t\t\t\t\t\t\t\t\t\t\t\t\t\t\t\t\t\t\t\t\t\t\t\t\t\t\t\t\t<span class=\"post-cats\"><i class=\"fa fa-folder-o\"\n\t\t\t\t\t\t\t\t\t\t\t                           aria-hidden=\"true\"><\/i> <a href=\"https:\/\/www.bakirkoyrotaract.org\/tr\/category\/2018-2019\/\" rel=\"category tag\">2018-2019<\/a>, <a href=\"https:\/\/www.bakirkoyrotaract.org\/tr\/category\/genel\/\" rel=\"category tag\">Genel<\/a>, <a href=\"https:\/\/www.bakirkoyrotaract.org\/tr\/category\/hpk\/\" rel=\"category tag\">Hizmet Projeleri Kom.<\/a><\/span>\n\t\t\t\t\t\t\t\t\t\t\t\t\t\t\t\t\t\t\t\t\t\t\t\t\t\t\t\t\t\t<\/div>\n\t\t\t\t\t\t\t\t\t\t\t\t\t\t\t<\/div>\n\t\t\t\t\t\t\t\t\t\t\t\t\t\t\t<p>\u00c7ocuk Haklar\u0131\u2019n\u0131n neler oldu\u011fu, kapsam\u0131 ve kazan\u0131mlar \u00fczerine detayl\u0131 bir&hellip;<\/p>\n\t\t\t\t\t\t\t\t\t\t\t\t\t\t<a href=\"https:\/\/www.bakirkoyrotaract.org\/tr\/08-02-2019-cocuk-haklari-egitimi\/\"\n\t\t\t\t\t\t\t   class=\"kc-post-2-button\">Devam\u0131n\u0131 Oku <i\n\t\t\t\t\t\t\t\t\tclass=\"fa fa-angle-right\" aria-hidden=\"true\"><\/i><\/a>\n\t\t\t\t\t\t\t\t\t\t\t\t\t<\/div>\n\t\t\t\t\t\t<div class=\"post-item-right\">\n\t\t\t\t\t\t\t<figure>\n\t\t\t\t\t\t\t\t<img decoding=\"async\" src=\"https:\/\/www.bakirkoyrotaract.org\/tr\/wp-content\/uploads\/2019\/05\/WhatsApp-Image-2019-02-08-at-16.54.21-2-543x304xct.jpeg\"\n\t\t\t\t\t\t\t\t     alt=\"08.02.2019 \/ \u00c7ocuk Haklar\u0131 E\u011fitimi\">\n\t\t\t\t\t\t\t<\/figure>\n\t\t\t\t\t\t<\/div>\n\n\t\t\t\t\t\n\t\t\t\t<\/div>\n\n\t\t\t\t\n\t\t\t\t<div class=\"kc-list-item-2\">\n\n\t\t\t\t\t\t\t\t\t\t\t\t\t\t\t\t\t\t<div class=\"post-item-left\">\n\t\t\t\t\t\t\t\t<figure>\n\t\t\t\t\t\t\t\t\t<img decoding=\"async\" src=\"https:\/\/www.bakirkoyrotaract.org\/tr\/wp-content\/uploads\/2019\/05\/WhatsApp-Image-2019-01-27-at-01.01.54-543x304xct.jpeg\"\n\t\t\t\t\t\t\t\t\t     alt=\"26.01.2019 \/ Kul\u00fcp Ocakba\u015f\u0131\">\n\t\t\t\t\t\t\t\t<\/figure>\n\t\t\t\t\t\t\t<\/div>\n\t\t\t\t\t\t\t\t\t\t\t\t<div class=\"post-item-right\">\n\t\t\t\t\t\t\t<div class=\"post_details\">\n\t\t\t\t\t\t\t\t<h2 class=\"post-title-alt\"><a\n\t\t\t\t\t\t\t\t\t\thref=\"https:\/\/www.bakirkoyrotaract.org\/tr\/26-01-2019-kulup-ocakbasi\/\"\n\t\t\t\t\t\t\t\t\t\ttitle=\"26.01.2019 \/ Kul\u00fcp Ocakba\u015f\u0131\">26.01.2019 \/ Kul\u00fcp Ocakba\u015f\u0131<\/a>\n\t\t\t\t\t\t\t\t<\/h2>\n\n\t\t\t\t\t\t\t\t\t\t\t\t\t\t\t\t\t<div class=\"post-meta\">\n\t\t\t\t\t\t\t\t\t\t\t\t\t\t\t\t\t\t\t\t\t\t\t\t\t\t\t\t\t\t\t<span class=\"post-date\"><i class=\"fa fa-clock-o\"><\/i> <a\n\t\t\t\t\t\t\t\t\t\t\t\thref=\"https:\/\/www.bakirkoyrotaract.org\/tr\/2019\/01\/\">Ocak 26 2019<\/a> <\/span>\n\t\t\t\t\t\t\t\t\t\t\t\t\t\t\t\t\t\t\t\t\t\t\t\t\t\t\t\t\t\t\t\t\t\t\t\t\t\t\t\t\t\t\t<span class=\"post-cats\"><i class=\"fa fa-folder-o\"\n\t\t\t\t\t\t\t\t\t\t\t\t                           aria-hidden=\"true\"><\/i> <a href=\"https:\/\/www.bakirkoyrotaract.org\/tr\/category\/2018-2019\/\" rel=\"category tag\">2018-2019<\/a>, <a href=\"https:\/\/www.bakirkoyrotaract.org\/tr\/category\/genel\/\" rel=\"category tag\">Genel<\/a>, <a href=\"https:\/\/www.bakirkoyrotaract.org\/tr\/category\/kyk\/\" rel=\"category tag\">Kul\u00fcp Y\u00f6netimi Kom.<\/a><\/span>\n\t\t\t\t\t\t\t\t\t\t\t\t\t\t\t\t\t\t\t\t\t\t\t\t\t\t\t\t\t\t<\/div>\n\t\t\t\t\t\t\t\t\t\t\t\t\t\t\t<\/div>\n\t\t\t\t\t\t\t\t\t\t\t\t\t\t\t<p>D\u00f6nemin 6. ocakba\u015f\u0131 organizasyonu 26.01.2019 tarihinde ger\u00e7ekle\u015ftirildi. [gallery link=\"file\" columns=\"4\"&hellip;<\/p>\n\t\t\t\t\t\t\t\t\t\t\t\t\t\t<a href=\"https:\/\/www.bakirkoyrotaract.org\/tr\/26-01-2019-kulup-ocakbasi\/\"\n\t\t\t\t\t\t\t   class=\"kc-post-2-button\">Devam\u0131n\u0131 Oku <i\n\t\t\t\t\t\t\t\t\tclass=\"fa fa-angle-right\" aria-hidden=\"true\"><\/i><\/a>\n\t\t\t\t\t\t\t\t\t\t\t\t\t<\/div>\n\n\t\t\t\t\t\n\t\t\t\t<\/div>\n\n\t\t\t\t\n\t\t\t\t<div class=\"kc-list-item-2\">\n\n\t\t\t\t\t\n\t\t\t\t\t\t<div class=\"post-item-left\">\n\t\t\t\t\t\t\t<div class=\"post_details\">\n\t\t\t\t\t\t\t\t<h2 class=\"post-title-alt\"><a\n\t\t\t\t\t\t\t\t\t\thref=\"https:\/\/www.bakirkoyrotaract.org\/tr\/22-01-2019-sokak-lambasi-corba-dagitimi\/\"\n\t\t\t\t\t\t\t\t\t\ttitle=\"22.01.2019 \/ Sokak Lambas\u0131 \u00c7orba Da\u011f\u0131t\u0131m\u0131\">22.01.2019 \/ Sokak Lambas\u0131 \u00c7orba Da\u011f\u0131t\u0131m\u0131<\/a>\n\t\t\t\t\t\t\t\t<\/h2>\n\t\t\t\t\t\t\t\t\t\t\t\t\t\t\t\t\t<div class=\"post-meta\">\n\t\t\t\t\t\t\t\t\t\t\t\t\t\t\t\t\t\t\t\t\t\t\t\t\t\t\t\t\t\t\t<span class=\"post-date\"><i class=\"fa fa-clock-o\"><\/i> <a\n\t\t\t\t\t\t\t\t\t\t\t\thref=\"https:\/\/www.bakirkoyrotaract.org\/tr\/2019\/01\/\">Ocak 22 2019<\/a> <\/span>\n\t\t\t\t\t\t\t\t\t\t\t\t\t\t\t\t\t\t\t\t\t\t\t\t\t\t\t\t\t\t\t\t\t\t\t\t\t\t\t\t\t\t\t<span class=\"post-cats\"><i class=\"fa fa-folder-o\"\n\t\t\t\t\t\t\t\t\t\t\t                           aria-hidden=\"true\"><\/i> <a href=\"https:\/\/www.bakirkoyrotaract.org\/tr\/category\/2018-2019\/\" rel=\"category tag\">2018-2019<\/a>, <a href=\"https:\/\/www.bakirkoyrotaract.org\/tr\/category\/genel\/\" rel=\"category tag\">Genel<\/a>, <a href=\"https:\/\/www.bakirkoyrotaract.org\/tr\/category\/hpk\/\" rel=\"category tag\">Hizmet Projeleri Kom.<\/a><\/span>\n\t\t\t\t\t\t\t\t\t\t\t\t\t\t\t\t\t\t\t\t\t\t\t\t\t\t\t\t\t\t<\/div>\n\t\t\t\t\t\t\t\t\t\t\t\t\t\t\t<\/div>\n\t\t\t\t\t\t\t\t\t\t\t\t\t\t\t<p>(Bak\u0131rk\u00f6y RAC &amp; Beyo\u011flu RAC Ortak Projesi) D\u00f6nemin ilk Sokak&hellip;<\/p>\n\t\t\t\t\t\t\t\t\t\t\t\t\t\t<a href=\"https:\/\/www.bakirkoyrotaract.org\/tr\/22-01-2019-sokak-lambasi-corba-dagitimi\/\"\n\t\t\t\t\t\t\t   class=\"kc-post-2-button\">Devam\u0131n\u0131 Oku <i\n\t\t\t\t\t\t\t\t\tclass=\"fa fa-angle-right\" aria-hidden=\"true\"><\/i><\/a>\n\t\t\t\t\t\t\t\t\t\t\t\t\t<\/div>\n\t\t\t\t\t\t<div class=\"post-item-right\">\n\t\t\t\t\t\t\t<figure>\n\t\t\t\t\t\t\t\t<img decoding=\"async\" src=\"https:\/\/www.bakirkoyrotaract.org\/tr\/wp-content\/uploads\/2019\/05\/awegag-543x304xct.jpg\"\n\t\t\t\t\t\t\t\t     alt=\"22.01.2019 \/ Sokak Lambas\u0131 \u00c7orba Da\u011f\u0131t\u0131m\u0131\">\n\t\t\t\t\t\t\t<\/figure>\n\t\t\t\t\t\t<\/div>\n\n\t\t\t\t\t\n\t\t\t\t<\/div>\n\n\t\t\t\t\n\t\t\t\t<div class=\"kc-list-item-2\">\n\n\t\t\t\t\t\t\t\t\t\t\t\t\t\t\t\t\t\t<div class=\"post-item-left\">\n\t\t\t\t\t\t\t\t<figure>\n\t\t\t\t\t\t\t\t\t<img decoding=\"async\" src=\"https:\/\/www.bakirkoyrotaract.org\/tr\/wp-content\/uploads\/2019\/05\/WhatsApp-Image-2019-03-08-at-23.23.13-1-543x304xct.jpeg\"\n\t\t\t\t\t\t\t\t\t     alt=\"15.01.2019 \/ Satran\u00e7la B\u00fcy\u00fcyorum #63 [Ordu &#8211; Kabad\u00fcz Merkez Ortaokulu]\">\n\t\t\t\t\t\t\t\t<\/figure>\n\t\t\t\t\t\t\t<\/div>\n\t\t\t\t\t\t\t\t\t\t\t\t<div class=\"post-item-right\">\n\t\t\t\t\t\t\t<div class=\"post_details\">\n\t\t\t\t\t\t\t\t<h2 class=\"post-title-alt\"><a\n\t\t\t\t\t\t\t\t\t\thref=\"https:\/\/www.bakirkoyrotaract.org\/tr\/15-01-2019-satrancla-buyuyorum-63-ordu-kabaduz-merkez-ortaokulu\/\"\n\t\t\t\t\t\t\t\t\t\ttitle=\"15.01.2019 \/ Satran\u00e7la B\u00fcy\u00fcyorum #63 [Ordu &#8211; Kabad\u00fcz Merkez Ortaokulu]\">15.01.2019 \/ Satran\u00e7la B\u00fcy\u00fcyorum #63 [Ordu &#8211; Kabad\u00fcz Merkez Ortaokulu]<\/a>\n\t\t\t\t\t\t\t\t<\/h2>\n\n\t\t\t\t\t\t\t\t\t\t\t\t\t\t\t\t\t<div class=\"post-meta\">\n\t\t\t\t\t\t\t\t\t\t\t\t\t\t\t\t\t\t\t\t\t\t\t\t\t\t\t\t\t\t\t<span class=\"post-date\"><i class=\"fa fa-clock-o\"><\/i> <a\n\t\t\t\t\t\t\t\t\t\t\t\thref=\"https:\/\/www.bakirkoyrotaract.org\/tr\/2019\/01\/\">Ocak 15 2019<\/a> <\/span>\n\t\t\t\t\t\t\t\t\t\t\t\t\t\t\t\t\t\t\t\t\t\t\t\t\t\t\t\t\t\t\t\t\t\t\t\t\t\t\t\t\t\t\t<span class=\"post-cats\"><i class=\"fa fa-folder-o\"\n\t\t\t\t\t\t\t\t\t\t\t\t                           aria-hidden=\"true\"><\/i> <a href=\"https:\/\/www.bakirkoyrotaract.org\/tr\/category\/2018-2019\/\" rel=\"category tag\">2018-2019<\/a>, <a href=\"https:\/\/www.bakirkoyrotaract.org\/tr\/category\/genel\/\" rel=\"category tag\">Genel<\/a>, <a href=\"https:\/\/www.bakirkoyrotaract.org\/tr\/category\/hpk\/\" rel=\"category tag\">Hizmet Projeleri Kom.<\/a>, <a href=\"https:\/\/www.bakirkoyrotaract.org\/tr\/category\/satrancla-buyuyorum\/\" rel=\"category tag\">Satran\u00e7la B\u00fcy\u00fcyorum<\/a><\/span>\n\t\t\t\t\t\t\t\t\t\t\t\t\t\t\t\t\t\t\t\t\t\t\t\t\t\t\t\t\t\t<\/div>\n\t\t\t\t\t\t\t\t\t\t\t\t\t\t\t<\/div>\n\t\t\t\t\t\t\t\t\t\t\t\t\t\t\t<p>Satran\u00e7la B\u00fcy\u00fcyorum Ordu-Giresun aya\u011f\u0131n\u0131n 5. toplamda ise 63. okulu olan&hellip;<\/p>\n\t\t\t\t\t\t\t\t\t\t\t\t\t\t<a href=\"https:\/\/www.bakirkoyrotaract.org\/tr\/15-01-2019-satrancla-buyuyorum-63-ordu-kabaduz-merkez-ortaokulu\/\"\n\t\t\t\t\t\t\t   class=\"kc-post-2-button\">Devam\u0131n\u0131 Oku <i\n\t\t\t\t\t\t\t\t\tclass=\"fa fa-angle-right\" aria-hidden=\"true\"><\/i><\/a>\n\t\t\t\t\t\t\t\t\t\t\t\t\t<\/div>\n\n\t\t\t\t\t\n\t\t\t\t<\/div>\n\n\t\t\t\t\n\t\t\t\t<div class=\"kc-list-item-2\">\n\n\t\t\t\t\t\n\t\t\t\t\t\t<div class=\"post-item-left\">\n\t\t\t\t\t\t\t<div class=\"post_details\">\n\t\t\t\t\t\t\t\t<h2 class=\"post-title-alt\"><a\n\t\t\t\t\t\t\t\t\t\thref=\"https:\/\/www.bakirkoyrotaract.org\/tr\/11-01-2019-2-el-kiyafet-bagisi\/\"\n\t\t\t\t\t\t\t\t\t\ttitle=\"11.01.2019 \/ 2. El K\u0131yafet Ba\u011f\u0131\u015f\u0131\">11.01.2019 \/ 2. El K\u0131yafet Ba\u011f\u0131\u015f\u0131<\/a>\n\t\t\t\t\t\t\t\t<\/h2>\n\t\t\t\t\t\t\t\t\t\t\t\t\t\t\t\t\t<div class=\"post-meta\">\n\t\t\t\t\t\t\t\t\t\t\t\t\t\t\t\t\t\t\t\t\t\t\t\t\t\t\t\t\t\t\t<span class=\"post-date\"><i class=\"fa fa-clock-o\"><\/i> <a\n\t\t\t\t\t\t\t\t\t\t\t\thref=\"https:\/\/www.bakirkoyrotaract.org\/tr\/2019\/01\/\">Ocak 11 2019<\/a> <\/span>\n\t\t\t\t\t\t\t\t\t\t\t\t\t\t\t\t\t\t\t\t\t\t\t\t\t\t\t\t\t\t\t\t\t\t\t\t\t\t\t\t\t\t\t<span class=\"post-cats\"><i class=\"fa fa-folder-o\"\n\t\t\t\t\t\t\t\t\t\t\t                           aria-hidden=\"true\"><\/i> <a href=\"https:\/\/www.bakirkoyrotaract.org\/tr\/category\/2018-2019\/\" rel=\"category tag\">2018-2019<\/a>, <a href=\"https:\/\/www.bakirkoyrotaract.org\/tr\/category\/genel\/\" rel=\"category tag\">Genel<\/a>, <a href=\"https:\/\/www.bakirkoyrotaract.org\/tr\/category\/hpk\/\" rel=\"category tag\">Hizmet Projeleri Kom.<\/a><\/span>\n\t\t\t\t\t\t\t\t\t\t\t\t\t\t\t\t\t\t\t\t\t\t\t\t\t\t\t\t\t\t<\/div>\n\t\t\t\t\t\t\t\t\t\t\t\t\t\t\t<\/div>\n\t\t\t\t\t\t\t\t\t\t\t\t\t\t\t<p>Proje dahilinde toplanan k\u0131yafetler 11.01.2019 tarihinde ihtiya\u00e7 sahiplerine ula\u015ft\u0131r\u0131lmak \u00fczere&hellip;<\/p>\n\t\t\t\t\t\t\t\t\t\t\t\t\t\t<a href=\"https:\/\/www.bakirkoyrotaract.org\/tr\/11-01-2019-2-el-kiyafet-bagisi\/\"\n\t\t\t\t\t\t\t   class=\"kc-post-2-button\">Devam\u0131n\u0131 Oku <i\n\t\t\t\t\t\t\t\t\tclass=\"fa fa-angle-right\" aria-hidden=\"true\"><\/i><\/a>\n\t\t\t\t\t\t\t\t\t\t\t\t\t<\/div>\n\t\t\t\t\t\t<div class=\"post-item-right\">\n\t\t\t\t\t\t\t<figure>\n\t\t\t\t\t\t\t\t<img decoding=\"async\" src=\"https:\/\/www.bakirkoyrotaract.org\/tr\/wp-content\/uploads\/2019\/05\/WhatsApp-Image-2019-01-11-at-21.48.25-543x304xct.jpeg\"\n\t\t\t\t\t\t\t\t     alt=\"11.01.2019 \/ 2. El K\u0131yafet Ba\u011f\u0131\u015f\u0131\">\n\t\t\t\t\t\t\t<\/figure>\n\t\t\t\t\t\t<\/div>\n\n\t\t\t\t\t\n\t\t\t\t<\/div>\n\n\t\t\t\t\n\t\t\t\t<div class=\"kc-list-item-2\">\n\n\t\t\t\t\t\t\t\t\t\t\t\t\t\t\t\t\t\t<div class=\"post-item-left\">\n\t\t\t\t\t\t\t\t<figure>\n\t\t\t\t\t\t\t\t\t<img decoding=\"async\" src=\"https:\/\/www.bakirkoyrotaract.org\/tr\/wp-content\/uploads\/2019\/05\/WhatsApp-Image-2019-01-11-at-18.28.28-1-543x304xct.jpeg\"\n\t\t\t\t\t\t\t\t\t     alt=\"11.01.2019 \/ Bot &#038; Mont Yard\u0131m\u0131 [\u015e\u0131rnak &#8211; Oyal\u0131 \u0130lkokulu]\">\n\t\t\t\t\t\t\t\t<\/figure>\n\t\t\t\t\t\t\t<\/div>\n\t\t\t\t\t\t\t\t\t\t\t\t<div class=\"post-item-right\">\n\t\t\t\t\t\t\t<div class=\"post_details\">\n\t\t\t\t\t\t\t\t<h2 class=\"post-title-alt\"><a\n\t\t\t\t\t\t\t\t\t\thref=\"https:\/\/www.bakirkoyrotaract.org\/tr\/11-01-2019-bot-mont-yardimi-sirnak-oyali-ilkokulu\/\"\n\t\t\t\t\t\t\t\t\t\ttitle=\"11.01.2019 \/ Bot &#038; Mont Yard\u0131m\u0131 [\u015e\u0131rnak &#8211; Oyal\u0131 \u0130lkokulu]\">11.01.2019 \/ Bot &#038; Mont Yard\u0131m\u0131 [\u015e\u0131rnak &#8211; Oyal\u0131 \u0130lkokulu]<\/a>\n\t\t\t\t\t\t\t\t<\/h2>\n\n\t\t\t\t\t\t\t\t\t\t\t\t\t\t\t\t\t<div class=\"post-meta\">\n\t\t\t\t\t\t\t\t\t\t\t\t\t\t\t\t\t\t\t\t\t\t\t\t\t\t\t\t\t\t\t<span class=\"post-date\"><i class=\"fa fa-clock-o\"><\/i> <a\n\t\t\t\t\t\t\t\t\t\t\t\thref=\"https:\/\/www.bakirkoyrotaract.org\/tr\/2019\/01\/\">Ocak 11 2019<\/a> <\/span>\n\t\t\t\t\t\t\t\t\t\t\t\t\t\t\t\t\t\t\t\t\t\t\t\t\t\t\t\t\t\t\t\t\t\t\t\t\t\t\t\t\t\t\t<span class=\"post-cats\"><i class=\"fa fa-folder-o\"\n\t\t\t\t\t\t\t\t\t\t\t\t                           aria-hidden=\"true\"><\/i> <a href=\"https:\/\/www.bakirkoyrotaract.org\/tr\/category\/2018-2019\/\" rel=\"category tag\">2018-2019<\/a>, <a href=\"https:\/\/www.bakirkoyrotaract.org\/tr\/category\/genel\/\" rel=\"category tag\">Genel<\/a>, <a href=\"https:\/\/www.bakirkoyrotaract.org\/tr\/category\/hpk\/\" rel=\"category tag\">Hizmet Projeleri Kom.<\/a><\/span>\n\t\t\t\t\t\t\t\t\t\t\t\t\t\t\t\t\t\t\t\t\t\t\t\t\t\t\t\t\t\t<\/div>\n\t\t\t\t\t\t\t\t\t\t\t\t\t\t\t<\/div>\n\t\t\t\t\t\t\t\t\t\t\t\t\t\t\t<p>\u015e\u0131rnak - Oyal\u0131 \u0130lkokulu \u00f6\u011frencilerine toplam 10 adet bot ve&hellip;<\/p>\n\t\t\t\t\t\t\t\t\t\t\t\t\t\t<a href=\"https:\/\/www.bakirkoyrotaract.org\/tr\/11-01-2019-bot-mont-yardimi-sirnak-oyali-ilkokulu\/\"\n\t\t\t\t\t\t\t   class=\"kc-post-2-button\">Devam\u0131n\u0131 Oku <i\n\t\t\t\t\t\t\t\t\tclass=\"fa fa-angle-right\" aria-hidden=\"true\"><\/i><\/a>\n\t\t\t\t\t\t\t\t\t\t\t\t\t<\/div>\n\n\t\t\t\t\t\n\t\t\t\t<\/div>\n\n\t\t\t\t\n\t\t\t\t<div class=\"kc-list-item-2\">\n\n\t\t\t\t\t\n\t\t\t\t\t\t<div class=\"post-item-left\">\n\t\t\t\t\t\t\t<div class=\"post_details\">\n\t\t\t\t\t\t\t\t<h2 class=\"post-title-alt\"><a\n\t\t\t\t\t\t\t\t\t\thref=\"https:\/\/www.bakirkoyrotaract.org\/tr\/11-01-2019-bot-mont-yardimi-sirnak-cigir-ilkokulu-ortaokulu\/\"\n\t\t\t\t\t\t\t\t\t\ttitle=\"11.01.2019 \/ Bot &#038; Mont Yard\u0131m\u0131 [\u015e\u0131rnak &#8211; \u00c7\u0131\u011f\u0131r \u0130lkokulu\/Ortaokulu]\">11.01.2019 \/ Bot &#038; Mont Yard\u0131m\u0131 [\u015e\u0131rnak &#8211; \u00c7\u0131\u011f\u0131r \u0130lkokulu\/Ortaokulu]<\/a>\n\t\t\t\t\t\t\t\t<\/h2>\n\t\t\t\t\t\t\t\t\t\t\t\t\t\t\t\t\t<div class=\"post-meta\">\n\t\t\t\t\t\t\t\t\t\t\t\t\t\t\t\t\t\t\t\t\t\t\t\t\t\t\t\t\t\t\t<span class=\"post-date\"><i class=\"fa fa-clock-o\"><\/i> <a\n\t\t\t\t\t\t\t\t\t\t\t\thref=\"https:\/\/www.bakirkoyrotaract.org\/tr\/2019\/01\/\">Ocak 11 2019<\/a> <\/span>\n\t\t\t\t\t\t\t\t\t\t\t\t\t\t\t\t\t\t\t\t\t\t\t\t\t\t\t\t\t\t\t\t\t\t\t\t\t\t\t\t\t\t\t<span class=\"post-cats\"><i class=\"fa fa-folder-o\"\n\t\t\t\t\t\t\t\t\t\t\t                           aria-hidden=\"true\"><\/i> <a href=\"https:\/\/www.bakirkoyrotaract.org\/tr\/category\/2018-2019\/\" rel=\"category tag\">2018-2019<\/a>, <a href=\"https:\/\/www.bakirkoyrotaract.org\/tr\/category\/genel\/\" rel=\"category tag\">Genel<\/a>, <a href=\"https:\/\/www.bakirkoyrotaract.org\/tr\/category\/hpk\/\" rel=\"category tag\">Hizmet Projeleri Kom.<\/a><\/span>\n\t\t\t\t\t\t\t\t\t\t\t\t\t\t\t\t\t\t\t\t\t\t\t\t\t\t\t\t\t\t<\/div>\n\t\t\t\t\t\t\t\t\t\t\t\t\t\t\t<\/div>\n\t\t\t\t\t\t\t\t\t\t\t\t\t\t\t<p>\u015e\u0131rnak - \u00c7\u0131\u011f\u0131r \u0130lkokulu\/Ortaokulu \u00f6\u011frencilerine toplam 12 adet bot ve&hellip;<\/p>\n\t\t\t\t\t\t\t\t\t\t\t\t\t\t<a href=\"https:\/\/www.bakirkoyrotaract.org\/tr\/11-01-2019-bot-mont-yardimi-sirnak-cigir-ilkokulu-ortaokulu\/\"\n\t\t\t\t\t\t\t   class=\"kc-post-2-button\">Devam\u0131n\u0131 Oku <i\n\t\t\t\t\t\t\t\t\tclass=\"fa fa-angle-right\" aria-hidden=\"true\"><\/i><\/a>\n\t\t\t\t\t\t\t\t\t\t\t\t\t<\/div>\n\t\t\t\t\t\t<div class=\"post-item-right\">\n\t\t\t\t\t\t\t<figure>\n\t\t\t\t\t\t\t\t<img decoding=\"async\" src=\"https:\/\/www.bakirkoyrotaract.org\/tr\/wp-content\/uploads\/2019\/05\/WhatsApp-Image-2019-01-11-at-18.28.28-543x304xct.jpeg\"\n\t\t\t\t\t\t\t\t     alt=\"11.01.2019 \/ Bot &#038; Mont Yard\u0131m\u0131 [\u015e\u0131rnak &#8211; \u00c7\u0131\u011f\u0131r \u0130lkokulu\/Ortaokulu]\">\n\t\t\t\t\t\t\t<\/figure>\n\t\t\t\t\t\t<\/div>\n\n\t\t\t\t\t\n\t\t\t\t<\/div>\n\n\t\t\t\t\n\t\t\t\t<div class=\"kc-list-item-2\">\n\n\t\t\t\t\t\t\t\t\t\t\t\t\t\t\t\t\t\t<div class=\"post-item-left\">\n\t\t\t\t\t\t\t\t<figure>\n\t\t\t\t\t\t\t\t\t<img decoding=\"async\" src=\"https:\/\/www.bakirkoyrotaract.org\/tr\/wp-content\/uploads\/2019\/05\/WhatsApp-Image-2018-12-25-at-18.07.09-1-543x304xct.jpeg\"\n\t\t\t\t\t\t\t\t\t     alt=\"11.01.2019 \/ Bot &#038; Mont Yard\u0131m\u0131 [\u015e\u0131rnak &#8211; Yenik\u00f6y \u0130lkokulu\/Ortaokulu]\">\n\t\t\t\t\t\t\t\t<\/figure>\n\t\t\t\t\t\t\t<\/div>\n\t\t\t\t\t\t\t\t\t\t\t\t<div class=\"post-item-right\">\n\t\t\t\t\t\t\t<div class=\"post_details\">\n\t\t\t\t\t\t\t\t<h2 class=\"post-title-alt\"><a\n\t\t\t\t\t\t\t\t\t\thref=\"https:\/\/www.bakirkoyrotaract.org\/tr\/11-01-2019-bot-mont-yardimi-sirnak-yenikoy-ilkokulu-ortaokulu\/\"\n\t\t\t\t\t\t\t\t\t\ttitle=\"11.01.2019 \/ Bot &#038; Mont Yard\u0131m\u0131 [\u015e\u0131rnak &#8211; Yenik\u00f6y \u0130lkokulu\/Ortaokulu]\">11.01.2019 \/ Bot &#038; Mont Yard\u0131m\u0131 [\u015e\u0131rnak &#8211; Yenik\u00f6y \u0130lkokulu\/Ortaokulu]<\/a>\n\t\t\t\t\t\t\t\t<\/h2>\n\n\t\t\t\t\t\t\t\t\t\t\t\t\t\t\t\t\t<div class=\"post-meta\">\n\t\t\t\t\t\t\t\t\t\t\t\t\t\t\t\t\t\t\t\t\t\t\t\t\t\t\t\t\t\t\t<span class=\"post-date\"><i class=\"fa fa-clock-o\"><\/i> <a\n\t\t\t\t\t\t\t\t\t\t\t\thref=\"https:\/\/www.bakirkoyrotaract.org\/tr\/2019\/01\/\">Ocak 11 2019<\/a> <\/span>\n\t\t\t\t\t\t\t\t\t\t\t\t\t\t\t\t\t\t\t\t\t\t\t\t\t\t\t\t\t\t\t\t\t\t\t\t\t\t\t\t\t\t\t<span class=\"post-cats\"><i class=\"fa fa-folder-o\"\n\t\t\t\t\t\t\t\t\t\t\t\t                           aria-hidden=\"true\"><\/i> <a href=\"https:\/\/www.bakirkoyrotaract.org\/tr\/category\/2018-2019\/\" rel=\"category tag\">2018-2019<\/a>, <a href=\"https:\/\/www.bakirkoyrotaract.org\/tr\/category\/genel\/\" rel=\"category tag\">Genel<\/a>, <a href=\"https:\/\/www.bakirkoyrotaract.org\/tr\/category\/hpk\/\" rel=\"category tag\">Hizmet Projeleri Kom.<\/a><\/span>\n\t\t\t\t\t\t\t\t\t\t\t\t\t\t\t\t\t\t\t\t\t\t\t\t\t\t\t\t\t\t<\/div>\n\t\t\t\t\t\t\t\t\t\t\t\t\t\t\t<\/div>\n\t\t\t\t\t\t\t\t\t\t\t\t\t\t\t<p>\u015e\u0131rnak - Yenik\u00f6y \u0130lkokulu\/Ortaokulu \u00f6\u011frencilerine toplam 10 adet bot ve&hellip;<\/p>\n\t\t\t\t\t\t\t\t\t\t\t\t\t\t<a href=\"https:\/\/www.bakirkoyrotaract.org\/tr\/11-01-2019-bot-mont-yardimi-sirnak-yenikoy-ilkokulu-ortaokulu\/\"\n\t\t\t\t\t\t\t   class=\"kc-post-2-button\">Devam\u0131n\u0131 Oku <i\n\t\t\t\t\t\t\t\t\tclass=\"fa fa-angle-right\" aria-hidden=\"true\"><\/i><\/a>\n\t\t\t\t\t\t\t\t\t\t\t\t\t<\/div>\n\n\t\t\t\t\t\n\t\t\t\t<\/div>\n\n\t\t\t\t\n\t\t\t\t<div class=\"kc-list-item-2\">\n\n\t\t\t\t\t\n\t\t\t\t\t\t<div class=\"post-item-left\">\n\t\t\t\t\t\t\t<div class=\"post_details\">\n\t\t\t\t\t\t\t\t<h2 class=\"post-title-alt\"><a\n\t\t\t\t\t\t\t\t\t\thref=\"https:\/\/www.bakirkoyrotaract.org\/tr\/11-01-2019-bot-mont-yardimi-sirnak-idil-gultepe-ilkokulu\/\"\n\t\t\t\t\t\t\t\t\t\ttitle=\"11.01.2019 \/ Bot &#038; Mont Yard\u0131m\u0131 [\u015e\u0131rnak &#8211; \u0130dil G\u00fcltepe \u0130lkokulu]\">11.01.2019 \/ Bot &#038; Mont Yard\u0131m\u0131 [\u015e\u0131rnak &#8211; \u0130dil G\u00fcltepe \u0130lkokulu]<\/a>\n\t\t\t\t\t\t\t\t<\/h2>\n\t\t\t\t\t\t\t\t\t\t\t\t\t\t\t\t\t<div class=\"post-meta\">\n\t\t\t\t\t\t\t\t\t\t\t\t\t\t\t\t\t\t\t\t\t\t\t\t\t\t\t\t\t\t\t<span class=\"post-date\"><i class=\"fa fa-clock-o\"><\/i> <a\n\t\t\t\t\t\t\t\t\t\t\t\thref=\"https:\/\/www.bakirkoyrotaract.org\/tr\/2019\/01\/\">Ocak 11 2019<\/a> <\/span>\n\t\t\t\t\t\t\t\t\t\t\t\t\t\t\t\t\t\t\t\t\t\t\t\t\t\t\t\t\t\t\t\t\t\t\t\t\t\t\t\t\t\t\t<span class=\"post-cats\"><i class=\"fa fa-folder-o\"\n\t\t\t\t\t\t\t\t\t\t\t                           aria-hidden=\"true\"><\/i> <a href=\"https:\/\/www.bakirkoyrotaract.org\/tr\/category\/2018-2019\/\" rel=\"category tag\">2018-2019<\/a>, <a href=\"https:\/\/www.bakirkoyrotaract.org\/tr\/category\/genel\/\" rel=\"category tag\">Genel<\/a>, <a href=\"https:\/\/www.bakirkoyrotaract.org\/tr\/category\/hpk\/\" rel=\"category tag\">Hizmet Projeleri Kom.<\/a><\/span>\n\t\t\t\t\t\t\t\t\t\t\t\t\t\t\t\t\t\t\t\t\t\t\t\t\t\t\t\t\t\t<\/div>\n\t\t\t\t\t\t\t\t\t\t\t\t\t\t\t<\/div>\n\t\t\t\t\t\t\t\t\t\t\t\t\t\t\t<p>\u015e\u0131rnak - \u0130dil G\u00fcltepe \u0130lkokulu \u00f6\u011frencilerine toplam 17 adet bot&hellip;<\/p>\n\t\t\t\t\t\t\t\t\t\t\t\t\t\t<a href=\"https:\/\/www.bakirkoyrotaract.org\/tr\/11-01-2019-bot-mont-yardimi-sirnak-idil-gultepe-ilkokulu\/\"\n\t\t\t\t\t\t\t   class=\"kc-post-2-button\">Devam\u0131n\u0131 Oku <i\n\t\t\t\t\t\t\t\t\tclass=\"fa fa-angle-right\" aria-hidden=\"true\"><\/i><\/a>\n\t\t\t\t\t\t\t\t\t\t\t\t\t<\/div>\n\t\t\t\t\t\t<div class=\"post-item-right\">\n\t\t\t\t\t\t\t<figure>\n\t\t\t\t\t\t\t\t<img decoding=\"async\" src=\"https:\/\/www.bakirkoyrotaract.org\/tr\/wp-content\/uploads\/2019\/05\/WhatsApp-Image-2018-12-25-at-18.06.58-543x304xct.jpeg\"\n\t\t\t\t\t\t\t\t     alt=\"11.01.2019 \/ Bot &#038; Mont Yard\u0131m\u0131 [\u015e\u0131rnak &#8211; \u0130dil G\u00fcltepe \u0130lkokulu]\">\n\t\t\t\t\t\t\t<\/figure>\n\t\t\t\t\t\t<\/div>\n\n\t\t\t\t\t\n\t\t\t\t<\/div>\n\n\t\t\t\t\n\t\t\t\t<div class=\"kc-list-item-2\">\n\n\t\t\t\t\t\t\t\t\t\t\t\t\t\t\t\t\t\t<div class=\"post-item-left\">\n\t\t\t\t\t\t\t\t<figure>\n\t\t\t\t\t\t\t\t\t<img decoding=\"async\" src=\"https:\/\/www.bakirkoyrotaract.org\/tr\/wp-content\/uploads\/2019\/05\/WhatsApp-Image-2019-03-08-at-23.20.52-543x304xct.jpeg\"\n\t\t\t\t\t\t\t\t\t     alt=\"10.01.2019 \/ Satran\u00e7la B\u00fcy\u00fcyorum #62 [Ordu &#8211; Alt\u0131nordu Hicabi \u00c7elebi \u0130lkokulu]\">\n\t\t\t\t\t\t\t\t<\/figure>\n\t\t\t\t\t\t\t<\/div>\n\t\t\t\t\t\t\t\t\t\t\t\t<div class=\"post-item-right\">\n\t\t\t\t\t\t\t<div class=\"post_details\">\n\t\t\t\t\t\t\t\t<h2 class=\"post-title-alt\"><a\n\t\t\t\t\t\t\t\t\t\thref=\"https:\/\/www.bakirkoyrotaract.org\/tr\/10-01-2019-satrancla-buyuyorum-62-ordu-altinordu-hicabi-celebi-ilkokulu\/\"\n\t\t\t\t\t\t\t\t\t\ttitle=\"10.01.2019 \/ Satran\u00e7la B\u00fcy\u00fcyorum #62 [Ordu &#8211; Alt\u0131nordu Hicabi \u00c7elebi \u0130lkokulu]\">10.01.2019 \/ Satran\u00e7la B\u00fcy\u00fcyorum #62 [Ordu &#8211; Alt\u0131nordu Hicabi \u00c7elebi \u0130lkokulu]<\/a>\n\t\t\t\t\t\t\t\t<\/h2>\n\n\t\t\t\t\t\t\t\t\t\t\t\t\t\t\t\t\t<div class=\"post-meta\">\n\t\t\t\t\t\t\t\t\t\t\t\t\t\t\t\t\t\t\t\t\t\t\t\t\t\t\t\t\t\t\t<span class=\"post-date\"><i class=\"fa fa-clock-o\"><\/i> <a\n\t\t\t\t\t\t\t\t\t\t\t\thref=\"https:\/\/www.bakirkoyrotaract.org\/tr\/2019\/01\/\">Ocak 10 2019<\/a> <\/span>\n\t\t\t\t\t\t\t\t\t\t\t\t\t\t\t\t\t\t\t\t\t\t\t\t\t\t\t\t\t\t\t\t\t\t\t\t\t\t\t\t\t\t\t<span class=\"post-cats\"><i class=\"fa fa-folder-o\"\n\t\t\t\t\t\t\t\t\t\t\t\t                           aria-hidden=\"true\"><\/i> <a href=\"https:\/\/www.bakirkoyrotaract.org\/tr\/category\/2018-2019\/\" rel=\"category tag\">2018-2019<\/a>, <a href=\"https:\/\/www.bakirkoyrotaract.org\/tr\/category\/genel\/\" rel=\"category tag\">Genel<\/a>, <a href=\"https:\/\/www.bakirkoyrotaract.org\/tr\/category\/hpk\/\" rel=\"category tag\">Hizmet Projeleri Kom.<\/a>, <a href=\"https:\/\/www.bakirkoyrotaract.org\/tr\/category\/satrancla-buyuyorum\/\" rel=\"category tag\">Satran\u00e7la B\u00fcy\u00fcyorum<\/a><\/span>\n\t\t\t\t\t\t\t\t\t\t\t\t\t\t\t\t\t\t\t\t\t\t\t\t\t\t\t\t\t\t<\/div>\n\t\t\t\t\t\t\t\t\t\t\t\t\t\t\t<\/div>\n\t\t\t\t\t\t\t\t\t\t\t\t\t\t\t<p>Satran\u00e7la B\u00fcy\u00fcyorum Ordu-Giresun aya\u011f\u0131n\u0131n 4. toplamda ise 62. okulu olan&hellip;<\/p>\n\t\t\t\t\t\t\t\t\t\t\t\t\t\t<a href=\"https:\/\/www.bakirkoyrotaract.org\/tr\/10-01-2019-satrancla-buyuyorum-62-ordu-altinordu-hicabi-celebi-ilkokulu\/\"\n\t\t\t\t\t\t\t   class=\"kc-post-2-button\">Devam\u0131n\u0131 Oku <i\n\t\t\t\t\t\t\t\t\tclass=\"fa fa-angle-right\" aria-hidden=\"true\"><\/i><\/a>\n\t\t\t\t\t\t\t\t\t\t\t\t\t<\/div>\n\n\t\t\t\t\t\n\t\t\t\t<\/div>\n\n\t\t\t\t\n\t\t\t\t<div class=\"kc-list-item-2\">\n\n\t\t\t\t\t\n\t\t\t\t\t\t<div class=\"post-item-left\">\n\t\t\t\t\t\t\t<div class=\"post_details\">\n\t\t\t\t\t\t\t\t<h2 class=\"post-title-alt\"><a\n\t\t\t\t\t\t\t\t\t\thref=\"https:\/\/www.bakirkoyrotaract.org\/tr\/08-01-2019-corbada-tuzun-olsun-corba-dagitimi\/\"\n\t\t\t\t\t\t\t\t\t\ttitle=\"08.01.2019 \/ \u00c7orbada Tuzun Olsun \u00c7orba Da\u011f\u0131t\u0131m\u0131\">08.01.2019 \/ \u00c7orbada Tuzun Olsun \u00c7orba Da\u011f\u0131t\u0131m\u0131<\/a>\n\t\t\t\t\t\t\t\t<\/h2>\n\t\t\t\t\t\t\t\t\t\t\t\t\t\t\t\t\t<div class=\"post-meta\">\n\t\t\t\t\t\t\t\t\t\t\t\t\t\t\t\t\t\t\t\t\t\t\t\t\t\t\t\t\t\t\t<span class=\"post-date\"><i class=\"fa fa-clock-o\"><\/i> <a\n\t\t\t\t\t\t\t\t\t\t\t\thref=\"https:\/\/www.bakirkoyrotaract.org\/tr\/2019\/01\/\">Ocak 8 2019<\/a> <\/span>\n\t\t\t\t\t\t\t\t\t\t\t\t\t\t\t\t\t\t\t\t\t\t\t\t\t\t\t\t\t\t\t\t\t\t\t\t\t\t\t\t\t\t\t<span class=\"post-cats\"><i class=\"fa fa-folder-o\"\n\t\t\t\t\t\t\t\t\t\t\t                           aria-hidden=\"true\"><\/i> <a href=\"https:\/\/www.bakirkoyrotaract.org\/tr\/category\/2018-2019\/\" rel=\"category tag\">2018-2019<\/a>, <a href=\"https:\/\/www.bakirkoyrotaract.org\/tr\/category\/genel\/\" rel=\"category tag\">Genel<\/a>, <a href=\"https:\/\/www.bakirkoyrotaract.org\/tr\/category\/hpk\/\" rel=\"category tag\">Hizmet Projeleri Kom.<\/a><\/span>\n\t\t\t\t\t\t\t\t\t\t\t\t\t\t\t\t\t\t\t\t\t\t\t\t\t\t\t\t\t\t<\/div>\n\t\t\t\t\t\t\t\t\t\t\t\t\t\t\t<\/div>\n\t\t\t\t\t\t\t\t\t\t\t\t\t\t\t<p>D\u00f6nemin dokuzuncu \u00c7orbada Tuzun Olsun \u00e7orba da\u011f\u0131t\u0131m\u0131 08.01.2019 tarihinde ger\u00e7ekle\u015ftirildi.<\/p>\n\t\t\t\t\t\t\t\t\t\t\t\t\t\t<a href=\"https:\/\/www.bakirkoyrotaract.org\/tr\/08-01-2019-corbada-tuzun-olsun-corba-dagitimi\/\"\n\t\t\t\t\t\t\t   class=\"kc-post-2-button\">Devam\u0131n\u0131 Oku <i\n\t\t\t\t\t\t\t\t\tclass=\"fa fa-angle-right\" aria-hidden=\"true\"><\/i><\/a>\n\t\t\t\t\t\t\t\t\t\t\t\t\t<\/div>\n\t\t\t\t\t\t<div class=\"post-item-right\">\n\t\t\t\t\t\t\t<figure>\n\t\t\t\t\t\t\t\t<img decoding=\"async\" src=\"https:\/\/www.bakirkoyrotaract.org\/tr\/wp-content\/uploads\/2019\/05\/sdfbdfb-543x304xct.jpg\"\n\t\t\t\t\t\t\t\t     alt=\"08.01.2019 \/ \u00c7orbada Tuzun Olsun \u00c7orba Da\u011f\u0131t\u0131m\u0131\">\n\t\t\t\t\t\t\t<\/figure>\n\t\t\t\t\t\t<\/div>\n\n\t\t\t\t\t\n\t\t\t\t<\/div>\n\n\t\t\t\t\n\t\t\t\t<div class=\"kc-list-item-2\">\n\n\t\t\t\t\t\t\t\t\t\t\t\t\t\t\t\t\t\t<div class=\"post-item-left\">\n\t\t\t\t\t\t\t\t<figure>\n\t\t\t\t\t\t\t\t\t<img decoding=\"async\" src=\"https:\/\/www.bakirkoyrotaract.org\/tr\/wp-content\/uploads\/2019\/05\/WhatsApp-Image-2019-01-05-at-13.54.43-543x304xct.jpeg\"\n\t\t\t\t\t\t\t\t\t     alt=\"05.01.2019 \/ Atlas Yard\u0131mla\u015fma ve Dayan\u0131\u015fma Derne\u011fi Karton \u015eehir M\u00fczikali Organizasyonu\">\n\t\t\t\t\t\t\t\t<\/figure>\n\t\t\t\t\t\t\t<\/div>\n\t\t\t\t\t\t\t\t\t\t\t\t<div class=\"post-item-right\">\n\t\t\t\t\t\t\t<div class=\"post_details\">\n\t\t\t\t\t\t\t\t<h2 class=\"post-title-alt\"><a\n\t\t\t\t\t\t\t\t\t\thref=\"https:\/\/www.bakirkoyrotaract.org\/tr\/05-01-2019-atlas-yardimlasma-ve-dayanisma-dernegi-karton-sehir-muzikali-organizasyonu\/\"\n\t\t\t\t\t\t\t\t\t\ttitle=\"05.01.2019 \/ Atlas Yard\u0131mla\u015fma ve Dayan\u0131\u015fma Derne\u011fi Karton \u015eehir M\u00fczikali Organizasyonu\">05.01.2019 \/ Atlas Yard\u0131mla\u015fma ve Dayan\u0131\u015fma Derne\u011fi Karton \u015eehir M\u00fczikali Organizasyonu<\/a>\n\t\t\t\t\t\t\t\t<\/h2>\n\n\t\t\t\t\t\t\t\t\t\t\t\t\t\t\t\t\t<div class=\"post-meta\">\n\t\t\t\t\t\t\t\t\t\t\t\t\t\t\t\t\t\t\t\t\t\t\t\t\t\t\t\t\t\t\t<span class=\"post-date\"><i class=\"fa fa-clock-o\"><\/i> <a\n\t\t\t\t\t\t\t\t\t\t\t\thref=\"https:\/\/www.bakirkoyrotaract.org\/tr\/2019\/01\/\">Ocak 5 2019<\/a> <\/span>\n\t\t\t\t\t\t\t\t\t\t\t\t\t\t\t\t\t\t\t\t\t\t\t\t\t\t\t\t\t\t\t\t\t\t\t\t\t\t\t\t\t\t\t<span class=\"post-cats\"><i class=\"fa fa-folder-o\"\n\t\t\t\t\t\t\t\t\t\t\t\t                           aria-hidden=\"true\"><\/i> <a href=\"https:\/\/www.bakirkoyrotaract.org\/tr\/category\/2018-2019\/\" rel=\"category tag\">2018-2019<\/a>, <a href=\"https:\/\/www.bakirkoyrotaract.org\/tr\/category\/genel\/\" rel=\"category tag\">Genel<\/a>, <a href=\"https:\/\/www.bakirkoyrotaract.org\/tr\/category\/hpk\/\" rel=\"category tag\">Hizmet Projeleri Kom.<\/a><\/span>\n\t\t\t\t\t\t\t\t\t\t\t\t\t\t\t\t\t\t\t\t\t\t\t\t\t\t\t\t\t\t<\/div>\n\t\t\t\t\t\t\t\t\t\t\t\t\t\t\t<\/div>\n\t\t\t\t\t\t\t\t\t\t\t\t\t\t\t<p>Atlas Yard\u0131mla\u015fma ve Dayan\u0131\u015fma Derne\u011fi'nden karde\u015flerimiz 05.01.2019 tarihinde Zorlu PSM&hellip;<\/p>\n\t\t\t\t\t\t\t\t\t\t\t\t\t\t<a href=\"https:\/\/www.bakirkoyrotaract.org\/tr\/05-01-2019-atlas-yardimlasma-ve-dayanisma-dernegi-karton-sehir-muzikali-organizasyonu\/\"\n\t\t\t\t\t\t\t   class=\"kc-post-2-button\">Devam\u0131n\u0131 Oku <i\n\t\t\t\t\t\t\t\t\tclass=\"fa fa-angle-right\" aria-hidden=\"true\"><\/i><\/a>\n\t\t\t\t\t\t\t\t\t\t\t\t\t<\/div>\n\n\t\t\t\t\t\n\t\t\t\t<\/div>\n\n\t\t\t\t\n\t\t\t\t<div class=\"kc-list-item-2\">\n\n\t\t\t\t\t\n\t\t\t\t\t\t<div class=\"post-item-left\">\n\t\t\t\t\t\t\t<div class=\"post_details\">\n\t\t\t\t\t\t\t\t<h2 class=\"post-title-alt\"><a\n\t\t\t\t\t\t\t\t\t\thref=\"https:\/\/www.bakirkoyrotaract.org\/tr\/29-12-2018-atlas-yardimlasma-ve-dayanisma-dernegi-hayal-calan-cadi-muzikali-organizasyonu\/\"\n\t\t\t\t\t\t\t\t\t\ttitle=\"29.12.2018 \/ Atlas Yard\u0131mla\u015fma ve Dayan\u0131\u015fma Derne\u011fi Hayal \u00c7alan Cad\u0131 M\u00fczikali Organizasyonu\">29.12.2018 \/ Atlas Yard\u0131mla\u015fma ve Dayan\u0131\u015fma Derne\u011fi Hayal \u00c7alan Cad\u0131 M\u00fczikali Organizasyonu<\/a>\n\t\t\t\t\t\t\t\t<\/h2>\n\t\t\t\t\t\t\t\t\t\t\t\t\t\t\t\t\t<div class=\"post-meta\">\n\t\t\t\t\t\t\t\t\t\t\t\t\t\t\t\t\t\t\t\t\t\t\t\t\t\t\t\t\t\t\t<span class=\"post-date\"><i class=\"fa fa-clock-o\"><\/i> <a\n\t\t\t\t\t\t\t\t\t\t\t\thref=\"https:\/\/www.bakirkoyrotaract.org\/tr\/2018\/12\/\">Aral\u0131k 29 2018<\/a> <\/span>\n\t\t\t\t\t\t\t\t\t\t\t\t\t\t\t\t\t\t\t\t\t\t\t\t\t\t\t\t\t\t\t\t\t\t\t\t\t\t\t\t\t\t\t<span class=\"post-cats\"><i class=\"fa fa-folder-o\"\n\t\t\t\t\t\t\t\t\t\t\t                           aria-hidden=\"true\"><\/i> <a href=\"https:\/\/www.bakirkoyrotaract.org\/tr\/category\/2018-2019\/\" rel=\"category tag\">2018-2019<\/a>, <a href=\"https:\/\/www.bakirkoyrotaract.org\/tr\/category\/genel\/\" rel=\"category tag\">Genel<\/a>, <a href=\"https:\/\/www.bakirkoyrotaract.org\/tr\/category\/hpk\/\" rel=\"category tag\">Hizmet Projeleri Kom.<\/a><\/span>\n\t\t\t\t\t\t\t\t\t\t\t\t\t\t\t\t\t\t\t\t\t\t\t\t\t\t\t\t\t\t<\/div>\n\t\t\t\t\t\t\t\t\t\t\t\t\t\t\t<\/div>\n\t\t\t\t\t\t\t\t\t\t\t\t\t\t\t<p>Atlas Yard\u0131mla\u015fma ve Dayan\u0131\u015fma Derne\u011fi'nden karde\u015flerimiz 29.12.2018 tarihinde Zorlu Center&hellip;<\/p>\n\t\t\t\t\t\t\t\t\t\t\t\t\t\t<a href=\"https:\/\/www.bakirkoyrotaract.org\/tr\/29-12-2018-atlas-yardimlasma-ve-dayanisma-dernegi-hayal-calan-cadi-muzikali-organizasyonu\/\"\n\t\t\t\t\t\t\t   class=\"kc-post-2-button\">Devam\u0131n\u0131 Oku <i\n\t\t\t\t\t\t\t\t\tclass=\"fa fa-angle-right\" aria-hidden=\"true\"><\/i><\/a>\n\t\t\t\t\t\t\t\t\t\t\t\t\t<\/div>\n\t\t\t\t\t\t<div class=\"post-item-right\">\n\t\t\t\t\t\t\t<figure>\n\t\t\t\t\t\t\t\t<img decoding=\"async\" src=\"https:\/\/www.bakirkoyrotaract.org\/tr\/wp-content\/uploads\/2018\/12\/efgewf-543x304xct.jpg\"\n\t\t\t\t\t\t\t\t     alt=\"29.12.2018 \/ Atlas Yard\u0131mla\u015fma ve Dayan\u0131\u015fma Derne\u011fi Hayal \u00c7alan Cad\u0131 M\u00fczikali Organizasyonu\">\n\t\t\t\t\t\t\t<\/figure>\n\t\t\t\t\t\t<\/div>\n\n\t\t\t\t\t\n\t\t\t\t<\/div>\n\n\t\t\t\t\n\t\t\t\t<div class=\"kc-list-item-2\">\n\n\t\t\t\t\t\t\t\t\t\t\t\t\t\t\t\t\t\t<div class=\"post-item-left\">\n\t\t\t\t\t\t\t\t<figure>\n\t\t\t\t\t\t\t\t\t<img decoding=\"async\" src=\"https:\/\/www.bakirkoyrotaract.org\/tr\/wp-content\/uploads\/2018\/12\/WhatsApp-Image-2019-06-02-at-12.22.05-e1592260006749-543x304xct.jpeg\"\n\t\t\t\t\t\t\t\t\t     alt=\"24.12.2018 \/ Mavi Kapak Ba\u011f\u0131\u015f\u0131\">\n\t\t\t\t\t\t\t\t<\/figure>\n\t\t\t\t\t\t\t<\/div>\n\t\t\t\t\t\t\t\t\t\t\t\t<div class=\"post-item-right\">\n\t\t\t\t\t\t\t<div class=\"post_details\">\n\t\t\t\t\t\t\t\t<h2 class=\"post-title-alt\"><a\n\t\t\t\t\t\t\t\t\t\thref=\"https:\/\/www.bakirkoyrotaract.org\/tr\/24-12-2018-mavi-kapak-bagisi\/\"\n\t\t\t\t\t\t\t\t\t\ttitle=\"24.12.2018 \/ Mavi Kapak Ba\u011f\u0131\u015f\u0131\">24.12.2018 \/ Mavi Kapak Ba\u011f\u0131\u015f\u0131<\/a>\n\t\t\t\t\t\t\t\t<\/h2>\n\n\t\t\t\t\t\t\t\t\t\t\t\t\t\t\t\t\t<div class=\"post-meta\">\n\t\t\t\t\t\t\t\t\t\t\t\t\t\t\t\t\t\t\t\t\t\t\t\t\t\t\t\t\t\t\t<span class=\"post-date\"><i class=\"fa fa-clock-o\"><\/i> <a\n\t\t\t\t\t\t\t\t\t\t\t\thref=\"https:\/\/www.bakirkoyrotaract.org\/tr\/2018\/12\/\">Aral\u0131k 24 2018<\/a> <\/span>\n\t\t\t\t\t\t\t\t\t\t\t\t\t\t\t\t\t\t\t\t\t\t\t\t\t\t\t\t\t\t\t\t\t\t\t\t\t\t\t\t\t\t\t<span class=\"post-cats\"><i class=\"fa fa-folder-o\"\n\t\t\t\t\t\t\t\t\t\t\t\t                           aria-hidden=\"true\"><\/i> <a href=\"https:\/\/www.bakirkoyrotaract.org\/tr\/category\/2018-2019\/\" rel=\"category tag\">2018-2019<\/a>, <a href=\"https:\/\/www.bakirkoyrotaract.org\/tr\/category\/genel\/\" rel=\"category tag\">Genel<\/a>, <a href=\"https:\/\/www.bakirkoyrotaract.org\/tr\/category\/hpk\/\" rel=\"category tag\">Hizmet Projeleri Kom.<\/a><\/span>\n\t\t\t\t\t\t\t\t\t\t\t\t\t\t\t\t\t\t\t\t\t\t\t\t\t\t\t\t\t\t<\/div>\n\t\t\t\t\t\t\t\t\t\t\t\t\t\t\t<\/div>\n\t\t\t\t\t\t\t\t\t\t\t\t\t\t\t<p>Proje dahilinde toplanan mavi kapalar 24.12.2018 tarihinde T\u00fcrkiye Omurilik Fel\u00e7lileri&hellip;<\/p>\n\t\t\t\t\t\t\t\t\t\t\t\t\t\t<a href=\"https:\/\/www.bakirkoyrotaract.org\/tr\/24-12-2018-mavi-kapak-bagisi\/\"\n\t\t\t\t\t\t\t   class=\"kc-post-2-button\">Devam\u0131n\u0131 Oku <i\n\t\t\t\t\t\t\t\t\tclass=\"fa fa-angle-right\" aria-hidden=\"true\"><\/i><\/a>\n\t\t\t\t\t\t\t\t\t\t\t\t\t<\/div>\n\n\t\t\t\t\t\n\t\t\t\t<\/div>\n\n\t\t\t\t\n\t\t\t\t<div class=\"kc-list-item-2\">\n\n\t\t\t\t\t\n\t\t\t\t\t\t<div class=\"post-item-left\">\n\t\t\t\t\t\t\t<div class=\"post_details\">\n\t\t\t\t\t\t\t\t<h2 class=\"post-title-alt\"><a\n\t\t\t\t\t\t\t\t\t\thref=\"https:\/\/www.bakirkoyrotaract.org\/tr\/20-12-2018-sevgi-battaniyesi-1\/\"\n\t\t\t\t\t\t\t\t\t\ttitle=\"20.12.2018 \/ Sevgi Battaniyesi 1#\">20.12.2018 \/ Sevgi Battaniyesi 1#<\/a>\n\t\t\t\t\t\t\t\t<\/h2>\n\t\t\t\t\t\t\t\t\t\t\t\t\t\t\t\t\t<div class=\"post-meta\">\n\t\t\t\t\t\t\t\t\t\t\t\t\t\t\t\t\t\t\t\t\t\t\t\t\t\t\t\t\t\t\t<span class=\"post-date\"><i class=\"fa fa-clock-o\"><\/i> <a\n\t\t\t\t\t\t\t\t\t\t\t\thref=\"https:\/\/www.bakirkoyrotaract.org\/tr\/2018\/12\/\">Aral\u0131k 20 2018<\/a> <\/span>\n\t\t\t\t\t\t\t\t\t\t\t\t\t\t\t\t\t\t\t\t\t\t\t\t\t\t\t\t\t\t\t\t\t\t\t\t\t\t\t\t\t\t\t<span class=\"post-cats\"><i class=\"fa fa-folder-o\"\n\t\t\t\t\t\t\t\t\t\t\t                           aria-hidden=\"true\"><\/i> <a href=\"https:\/\/www.bakirkoyrotaract.org\/tr\/category\/2018-2019\/\" rel=\"category tag\">2018-2019<\/a>, <a href=\"https:\/\/www.bakirkoyrotaract.org\/tr\/category\/genel\/\" rel=\"category tag\">Genel<\/a>, <a href=\"https:\/\/www.bakirkoyrotaract.org\/tr\/category\/hpk\/\" rel=\"category tag\">Hizmet Projeleri Kom.<\/a><\/span>\n\t\t\t\t\t\t\t\t\t\t\t\t\t\t\t\t\t\t\t\t\t\t\t\t\t\t\t\t\t\t<\/div>\n\t\t\t\t\t\t\t\t\t\t\t\t\t\t\t<\/div>\n\t\t\t\t\t\t\t\t\t\t\t\t\t\t\t<p>(Bak\u0131rk\u00f6y RAC - Tarsus RAC - Alanya RAC - Gaziantep&hellip;<\/p>\n\t\t\t\t\t\t\t\t\t\t\t\t\t\t<a href=\"https:\/\/www.bakirkoyrotaract.org\/tr\/20-12-2018-sevgi-battaniyesi-1\/\"\n\t\t\t\t\t\t\t   class=\"kc-post-2-button\">Devam\u0131n\u0131 Oku <i\n\t\t\t\t\t\t\t\t\tclass=\"fa fa-angle-right\" aria-hidden=\"true\"><\/i><\/a>\n\t\t\t\t\t\t\t\t\t\t\t\t\t<\/div>\n\t\t\t\t\t\t<div class=\"post-item-right\">\n\t\t\t\t\t\t\t<figure>\n\t\t\t\t\t\t\t\t<img decoding=\"async\" src=\"https:\/\/www.bakirkoyrotaract.org\/tr\/wp-content\/uploads\/2019\/05\/WhatsApp-Image-2019-05-31-at-11.23.01-543x304xct.jpeg\"\n\t\t\t\t\t\t\t\t     alt=\"20.12.2018 \/ Sevgi Battaniyesi 1#\">\n\t\t\t\t\t\t\t<\/figure>\n\t\t\t\t\t\t<\/div>\n\n\t\t\t\t\t\n\t\t\t\t<\/div>\n\n\t\t\t\t\n\t\t\t\t<div class=\"kc-list-item-2\">\n\n\t\t\t\t\t\t\t\t\t\t\t\t\t\t\t\t\t\t<div class=\"post-item-left\">\n\t\t\t\t\t\t\t\t<figure>\n\t\t\t\t\t\t\t\t\t<img decoding=\"async\" src=\"https:\/\/www.bakirkoyrotaract.org\/tr\/wp-content\/uploads\/2018\/12\/fcaxscaxc-543x304xct.jpg\"\n\t\t\t\t\t\t\t\t\t     alt=\"20.12.2018 \/ &#8220;Red Challange&#8221;\">\n\t\t\t\t\t\t\t\t<\/figure>\n\t\t\t\t\t\t\t<\/div>\n\t\t\t\t\t\t\t\t\t\t\t\t<div class=\"post-item-right\">\n\t\t\t\t\t\t\t<div class=\"post_details\">\n\t\t\t\t\t\t\t\t<h2 class=\"post-title-alt\"><a\n\t\t\t\t\t\t\t\t\t\thref=\"https:\/\/www.bakirkoyrotaract.org\/tr\/20-12-2018-red-challange\/\"\n\t\t\t\t\t\t\t\t\t\ttitle=\"20.12.2018 \/ &#8220;Red Challange&#8221;\">20.12.2018 \/ &#8220;Red Challange&#8221;<\/a>\n\t\t\t\t\t\t\t\t<\/h2>\n\n\t\t\t\t\t\t\t\t\t\t\t\t\t\t\t\t\t<div class=\"post-meta\">\n\t\t\t\t\t\t\t\t\t\t\t\t\t\t\t\t\t\t\t\t\t\t\t\t\t\t\t\t\t\t\t<span class=\"post-date\"><i class=\"fa fa-clock-o\"><\/i> <a\n\t\t\t\t\t\t\t\t\t\t\t\thref=\"https:\/\/www.bakirkoyrotaract.org\/tr\/2018\/12\/\">Aral\u0131k 20 2018<\/a> <\/span>\n\t\t\t\t\t\t\t\t\t\t\t\t\t\t\t\t\t\t\t\t\t\t\t\t\t\t\t\t\t\t\t\t\t\t\t\t\t\t\t\t\t\t\t<span class=\"post-cats\"><i class=\"fa fa-folder-o\"\n\t\t\t\t\t\t\t\t\t\t\t\t                           aria-hidden=\"true\"><\/i> <a href=\"https:\/\/www.bakirkoyrotaract.org\/tr\/category\/2018-2019\/\" rel=\"category tag\">2018-2019<\/a>, <a href=\"https:\/\/www.bakirkoyrotaract.org\/tr\/category\/genel\/\" rel=\"category tag\">Genel<\/a>, <a href=\"https:\/\/www.bakirkoyrotaract.org\/tr\/category\/thik\/\" rel=\"category tag\">Halkla \u0130li\u015fkiler Kom.<\/a><\/span>\n\t\t\t\t\t\t\t\t\t\t\t\t\t\t\t\t\t\t\t\t\t\t\t\t\t\t\t\t\t\t<\/div>\n\t\t\t\t\t\t\t\t\t\t\t\t\t\t\t<\/div>\n\t\t\t\t\t\t\t\t\t\t\t\t\t\t\t<p>HIV fark\u0131ndal\u0131k haftas\u0131nda yap\u0131lan projeleri desteklemek ve fark\u0131ndal\u0131\u011f\u0131 daha da&hellip;<\/p>\n\t\t\t\t\t\t\t\t\t\t\t\t\t\t<a href=\"https:\/\/www.bakirkoyrotaract.org\/tr\/20-12-2018-red-challange\/\"\n\t\t\t\t\t\t\t   class=\"kc-post-2-button\">Devam\u0131n\u0131 Oku <i\n\t\t\t\t\t\t\t\t\tclass=\"fa fa-angle-right\" aria-hidden=\"true\"><\/i><\/a>\n\t\t\t\t\t\t\t\t\t\t\t\t\t<\/div>\n\n\t\t\t\t\t\n\t\t\t\t<\/div>\n\n\t\t\t\t\n\t\t\t\t<div class=\"kc-list-item-2\">\n\n\t\t\t\t\t\n\t\t\t\t\t\t<div class=\"post-item-left\">\n\t\t\t\t\t\t\t<div class=\"post_details\">\n\t\t\t\t\t\t\t\t<h2 class=\"post-title-alt\"><a\n\t\t\t\t\t\t\t\t\t\thref=\"https:\/\/www.bakirkoyrotaract.org\/tr\/16-12-2018-farkindalik-gunleri-1\/\"\n\t\t\t\t\t\t\t\t\t\ttitle=\"16.12.2018 \/ Fark\u0131ndal\u0131k G\u00fcnleri 1#\">16.12.2018 \/ Fark\u0131ndal\u0131k G\u00fcnleri 1#<\/a>\n\t\t\t\t\t\t\t\t<\/h2>\n\t\t\t\t\t\t\t\t\t\t\t\t\t\t\t\t\t<div class=\"post-meta\">\n\t\t\t\t\t\t\t\t\t\t\t\t\t\t\t\t\t\t\t\t\t\t\t\t\t\t\t\t\t\t\t<span class=\"post-date\"><i class=\"fa fa-clock-o\"><\/i> <a\n\t\t\t\t\t\t\t\t\t\t\t\thref=\"https:\/\/www.bakirkoyrotaract.org\/tr\/2018\/12\/\">Aral\u0131k 16 2018<\/a> <\/span>\n\t\t\t\t\t\t\t\t\t\t\t\t\t\t\t\t\t\t\t\t\t\t\t\t\t\t\t\t\t\t\t\t\t\t\t\t\t\t\t\t\t\t\t<span class=\"post-cats\"><i class=\"fa fa-folder-o\"\n\t\t\t\t\t\t\t\t\t\t\t                           aria-hidden=\"true\"><\/i> <a href=\"https:\/\/www.bakirkoyrotaract.org\/tr\/category\/2018-2019\/\" rel=\"category tag\">2018-2019<\/a>, <a href=\"https:\/\/www.bakirkoyrotaract.org\/tr\/category\/genel\/\" rel=\"category tag\">Genel<\/a>, <a href=\"https:\/\/www.bakirkoyrotaract.org\/tr\/category\/mgk\/\" rel=\"category tag\">Kariyer Geli\u015fim Kom.<\/a><\/span>\n\t\t\t\t\t\t\t\t\t\t\t\t\t\t\t\t\t\t\t\t\t\t\t\t\t\t\t\t\t\t<\/div>\n\t\t\t\t\t\t\t\t\t\t\t\t\t\t\t<\/div>\n\t\t\t\t\t\t\t\t\t\t\t\t\t\t\t<p>Profesyonel e\u011fitmenler e\u015fli\u011finde Nefes Fark\u0131ndal\u0131\u011f\u0131, Hayal Fark\u0131ndal\u0131\u011f\u0131 ve \u0130leti\u015fim Fark\u0131ndal\u0131\u011f\u0131&hellip;<\/p>\n\t\t\t\t\t\t\t\t\t\t\t\t\t\t<a href=\"https:\/\/www.bakirkoyrotaract.org\/tr\/16-12-2018-farkindalik-gunleri-1\/\"\n\t\t\t\t\t\t\t   class=\"kc-post-2-button\">Devam\u0131n\u0131 Oku <i\n\t\t\t\t\t\t\t\t\tclass=\"fa fa-angle-right\" aria-hidden=\"true\"><\/i><\/a>\n\t\t\t\t\t\t\t\t\t\t\t\t\t<\/div>\n\t\t\t\t\t\t<div class=\"post-item-right\">\n\t\t\t\t\t\t\t<figure>\n\t\t\t\t\t\t\t\t<img decoding=\"async\" src=\"https:\/\/www.bakirkoyrotaract.org\/tr\/wp-content\/uploads\/2019\/05\/WhatsApp-Image-2018-12-16-at-13.16.16-1-543x304xct.jpeg\"\n\t\t\t\t\t\t\t\t     alt=\"16.12.2018 \/ Fark\u0131ndal\u0131k G\u00fcnleri 1#\">\n\t\t\t\t\t\t\t<\/figure>\n\t\t\t\t\t\t<\/div>\n\n\t\t\t\t\t\n\t\t\t\t<\/div>\n\n\t\t\t\t\n\t\t\t\t<div class=\"kc-list-item-2\">\n\n\t\t\t\t\t\t\t\t\t\t\t\t\t\t\t\t\t\t<div class=\"post-item-left\">\n\t\t\t\t\t\t\t\t<figure>\n\t\t\t\t\t\t\t\t\t<img decoding=\"async\" src=\"https:\/\/www.bakirkoyrotaract.org\/tr\/wp-content\/uploads\/2019\/05\/WhatsApp-Image-2018-12-15-at-13.53.46-543x304xct.jpeg\"\n\t\t\t\t\t\t\t\t\t     alt=\"15.12.2018 \/ Atlas Yard\u0131m E\u011fitim Dayan\u0131\u015fma Derne\u011fi Hayal \u00c7alan Cad\u0131 M\u00fczikali Organizasyonu\">\n\t\t\t\t\t\t\t\t<\/figure>\n\t\t\t\t\t\t\t<\/div>\n\t\t\t\t\t\t\t\t\t\t\t\t<div class=\"post-item-right\">\n\t\t\t\t\t\t\t<div class=\"post_details\">\n\t\t\t\t\t\t\t\t<h2 class=\"post-title-alt\"><a\n\t\t\t\t\t\t\t\t\t\thref=\"https:\/\/www.bakirkoyrotaract.org\/tr\/15-12-2018-atlas-yardim-egitim-dayanisma-dernegi-hayal-calan-cadi-muzikali-organizasyonu\/\"\n\t\t\t\t\t\t\t\t\t\ttitle=\"15.12.2018 \/ Atlas Yard\u0131m E\u011fitim Dayan\u0131\u015fma Derne\u011fi Hayal \u00c7alan Cad\u0131 M\u00fczikali Organizasyonu\">15.12.2018 \/ Atlas Yard\u0131m E\u011fitim Dayan\u0131\u015fma Derne\u011fi Hayal \u00c7alan Cad\u0131 M\u00fczikali Organizasyonu<\/a>\n\t\t\t\t\t\t\t\t<\/h2>\n\n\t\t\t\t\t\t\t\t\t\t\t\t\t\t\t\t\t<div class=\"post-meta\">\n\t\t\t\t\t\t\t\t\t\t\t\t\t\t\t\t\t\t\t\t\t\t\t\t\t\t\t\t\t\t\t<span class=\"post-date\"><i class=\"fa fa-clock-o\"><\/i> <a\n\t\t\t\t\t\t\t\t\t\t\t\thref=\"https:\/\/www.bakirkoyrotaract.org\/tr\/2018\/12\/\">Aral\u0131k 15 2018<\/a> <\/span>\n\t\t\t\t\t\t\t\t\t\t\t\t\t\t\t\t\t\t\t\t\t\t\t\t\t\t\t\t\t\t\t\t\t\t\t\t\t\t\t\t\t\t\t<span class=\"post-cats\"><i class=\"fa fa-folder-o\"\n\t\t\t\t\t\t\t\t\t\t\t\t                           aria-hidden=\"true\"><\/i> <a href=\"https:\/\/www.bakirkoyrotaract.org\/tr\/category\/2018-2019\/\" rel=\"category tag\">2018-2019<\/a>, <a href=\"https:\/\/www.bakirkoyrotaract.org\/tr\/category\/genel\/\" rel=\"category tag\">Genel<\/a>, <a href=\"https:\/\/www.bakirkoyrotaract.org\/tr\/category\/hpk\/\" rel=\"category tag\">Hizmet Projeleri Kom.<\/a><\/span>\n\t\t\t\t\t\t\t\t\t\t\t\t\t\t\t\t\t\t\t\t\t\t\t\t\t\t\t\t\t\t<\/div>\n\t\t\t\t\t\t\t\t\t\t\t\t\t\t\t<\/div>\n\t\t\t\t\t\t\t\t\t\t\t\t\t\t\t<p>Atlas Yard\u0131mla\u015fma ve Dayan\u0131\u015fma Derne\u011fi'nden karde\u015flerimiz 15.12.2018 tarihinde Zorlu Center&hellip;<\/p>\n\t\t\t\t\t\t\t\t\t\t\t\t\t\t<a href=\"https:\/\/www.bakirkoyrotaract.org\/tr\/15-12-2018-atlas-yardim-egitim-dayanisma-dernegi-hayal-calan-cadi-muzikali-organizasyonu\/\"\n\t\t\t\t\t\t\t   class=\"kc-post-2-button\">Devam\u0131n\u0131 Oku <i\n\t\t\t\t\t\t\t\t\tclass=\"fa fa-angle-right\" aria-hidden=\"true\"><\/i><\/a>\n\t\t\t\t\t\t\t\t\t\t\t\t\t<\/div>\n\n\t\t\t\t\t\n\t\t\t\t<\/div>\n\n\t\t\t\t\n\t\t\t\t<div class=\"kc-list-item-2\">\n\n\t\t\t\t\t\n\t\t\t\t\t\t<div class=\"post-item-left\">\n\t\t\t\t\t\t\t<div class=\"post_details\">\n\t\t\t\t\t\t\t\t<h2 class=\"post-title-alt\"><a\n\t\t\t\t\t\t\t\t\t\thref=\"https:\/\/www.bakirkoyrotaract.org\/tr\/14-12-2018-satrancla-buyuyorum-61-ordu-persembe-medreseonu-ortaokulu\/\"\n\t\t\t\t\t\t\t\t\t\ttitle=\"14.12.2018 \/ Satran\u00e7la B\u00fcy\u00fcyorum #61 [Ordu &#8211; Per\u015fembe Medrese\u00f6n\u00fc Ortaokulu]\">14.12.2018 \/ Satran\u00e7la B\u00fcy\u00fcyorum #61 [Ordu &#8211; Per\u015fembe Medrese\u00f6n\u00fc Ortaokulu]<\/a>\n\t\t\t\t\t\t\t\t<\/h2>\n\t\t\t\t\t\t\t\t\t\t\t\t\t\t\t\t\t<div class=\"post-meta\">\n\t\t\t\t\t\t\t\t\t\t\t\t\t\t\t\t\t\t\t\t\t\t\t\t\t\t\t\t\t\t\t<span class=\"post-date\"><i class=\"fa fa-clock-o\"><\/i> <a\n\t\t\t\t\t\t\t\t\t\t\t\thref=\"https:\/\/www.bakirkoyrotaract.org\/tr\/2018\/12\/\">Aral\u0131k 14 2018<\/a> <\/span>\n\t\t\t\t\t\t\t\t\t\t\t\t\t\t\t\t\t\t\t\t\t\t\t\t\t\t\t\t\t\t\t\t\t\t\t\t\t\t\t\t\t\t\t<span class=\"post-cats\"><i class=\"fa fa-folder-o\"\n\t\t\t\t\t\t\t\t\t\t\t                           aria-hidden=\"true\"><\/i> <a href=\"https:\/\/www.bakirkoyrotaract.org\/tr\/category\/2018-2019\/\" rel=\"category tag\">2018-2019<\/a>, <a href=\"https:\/\/www.bakirkoyrotaract.org\/tr\/category\/genel\/\" rel=\"category tag\">Genel<\/a>, <a href=\"https:\/\/www.bakirkoyrotaract.org\/tr\/category\/hpk\/\" rel=\"category tag\">Hizmet Projeleri Kom.<\/a>, <a href=\"https:\/\/www.bakirkoyrotaract.org\/tr\/category\/satrancla-buyuyorum\/\" rel=\"category tag\">Satran\u00e7la B\u00fcy\u00fcyorum<\/a><\/span>\n\t\t\t\t\t\t\t\t\t\t\t\t\t\t\t\t\t\t\t\t\t\t\t\t\t\t\t\t\t\t<\/div>\n\t\t\t\t\t\t\t\t\t\t\t\t\t\t\t<\/div>\n\t\t\t\t\t\t\t\t\t\t\t\t\t\t\t<p>Satran\u00e7la B\u00fcy\u00fcyorum Ordu-Giresun aya\u011f\u0131n\u0131n 3. toplamda ise 61. okulu olan\u00a0Ordu&hellip;<\/p>\n\t\t\t\t\t\t\t\t\t\t\t\t\t\t<a href=\"https:\/\/www.bakirkoyrotaract.org\/tr\/14-12-2018-satrancla-buyuyorum-61-ordu-persembe-medreseonu-ortaokulu\/\"\n\t\t\t\t\t\t\t   class=\"kc-post-2-button\">Devam\u0131n\u0131 Oku <i\n\t\t\t\t\t\t\t\t\tclass=\"fa fa-angle-right\" aria-hidden=\"true\"><\/i><\/a>\n\t\t\t\t\t\t\t\t\t\t\t\t\t<\/div>\n\t\t\t\t\t\t<div class=\"post-item-right\">\n\t\t\t\t\t\t\t<figure>\n\t\t\t\t\t\t\t\t<img decoding=\"async\" src=\"https:\/\/www.bakirkoyrotaract.org\/tr\/wp-content\/uploads\/2019\/05\/WhatsApp-Image-2019-03-08-at-23.14.27-1-543x304xct.jpeg\"\n\t\t\t\t\t\t\t\t     alt=\"14.12.2018 \/ Satran\u00e7la B\u00fcy\u00fcyorum #61 [Ordu &#8211; Per\u015fembe Medrese\u00f6n\u00fc Ortaokulu]\">\n\t\t\t\t\t\t\t<\/figure>\n\t\t\t\t\t\t<\/div>\n\n\t\t\t\t\t\n\t\t\t\t<\/div>\n\n\t\t\t\t\n\t\t\t\t<div class=\"kc-list-item-2\">\n\n\t\t\t\t\t\t\t\t\t\t\t\t\t\t\t\t\t\t<div class=\"post-item-left\">\n\t\t\t\t\t\t\t\t<figure>\n\t\t\t\t\t\t\t\t\t<img decoding=\"async\" src=\"https:\/\/www.bakirkoyrotaract.org\/tr\/wp-content\/uploads\/2019\/05\/WhatsApp-Image-2019-03-08-at-23.18.52-543x304xct.jpeg\"\n\t\t\t\t\t\t\t\t\t     alt=\"14.12.2018 \/ Satran\u00e7la B\u00fcy\u00fcyorum #60 [Ordu &#8211; Per\u015fembe \u00c7aka \u00c7aytepe \u0130lkokulu]\">\n\t\t\t\t\t\t\t\t<\/figure>\n\t\t\t\t\t\t\t<\/div>\n\t\t\t\t\t\t\t\t\t\t\t\t<div class=\"post-item-right\">\n\t\t\t\t\t\t\t<div class=\"post_details\">\n\t\t\t\t\t\t\t\t<h2 class=\"post-title-alt\"><a\n\t\t\t\t\t\t\t\t\t\thref=\"https:\/\/www.bakirkoyrotaract.org\/tr\/14-12-2018-satrancla-buyuyorum-60-ordu-persembe-caka-caytepe-ilkokulu\/\"\n\t\t\t\t\t\t\t\t\t\ttitle=\"14.12.2018 \/ Satran\u00e7la B\u00fcy\u00fcyorum #60 [Ordu &#8211; Per\u015fembe \u00c7aka \u00c7aytepe \u0130lkokulu]\">14.12.2018 \/ Satran\u00e7la B\u00fcy\u00fcyorum #60 [Ordu &#8211; Per\u015fembe \u00c7aka \u00c7aytepe \u0130lkokulu]<\/a>\n\t\t\t\t\t\t\t\t<\/h2>\n\n\t\t\t\t\t\t\t\t\t\t\t\t\t\t\t\t\t<div class=\"post-meta\">\n\t\t\t\t\t\t\t\t\t\t\t\t\t\t\t\t\t\t\t\t\t\t\t\t\t\t\t\t\t\t\t<span class=\"post-date\"><i class=\"fa fa-clock-o\"><\/i> <a\n\t\t\t\t\t\t\t\t\t\t\t\thref=\"https:\/\/www.bakirkoyrotaract.org\/tr\/2018\/12\/\">Aral\u0131k 14 2018<\/a> <\/span>\n\t\t\t\t\t\t\t\t\t\t\t\t\t\t\t\t\t\t\t\t\t\t\t\t\t\t\t\t\t\t\t\t\t\t\t\t\t\t\t\t\t\t\t<span class=\"post-cats\"><i class=\"fa fa-folder-o\"\n\t\t\t\t\t\t\t\t\t\t\t\t                           aria-hidden=\"true\"><\/i> <a href=\"https:\/\/www.bakirkoyrotaract.org\/tr\/category\/2018-2019\/\" rel=\"category tag\">2018-2019<\/a>, <a href=\"https:\/\/www.bakirkoyrotaract.org\/tr\/category\/genel\/\" rel=\"category tag\">Genel<\/a>, <a href=\"https:\/\/www.bakirkoyrotaract.org\/tr\/category\/hpk\/\" rel=\"category tag\">Hizmet Projeleri Kom.<\/a>, <a href=\"https:\/\/www.bakirkoyrotaract.org\/tr\/category\/satrancla-buyuyorum\/\" rel=\"category tag\">Satran\u00e7la B\u00fcy\u00fcyorum<\/a><\/span>\n\t\t\t\t\t\t\t\t\t\t\t\t\t\t\t\t\t\t\t\t\t\t\t\t\t\t\t\t\t\t<\/div>\n\t\t\t\t\t\t\t\t\t\t\t\t\t\t\t<\/div>\n\t\t\t\t\t\t\t\t\t\t\t\t\t\t\t<p>Satran\u00e7la B\u00fcy\u00fcyorum Ordu-Giresun aya\u011f\u0131n\u0131n 2. toplamda ise 60. okulu olan&hellip;<\/p>\n\t\t\t\t\t\t\t\t\t\t\t\t\t\t<a href=\"https:\/\/www.bakirkoyrotaract.org\/tr\/14-12-2018-satrancla-buyuyorum-60-ordu-persembe-caka-caytepe-ilkokulu\/\"\n\t\t\t\t\t\t\t   class=\"kc-post-2-button\">Devam\u0131n\u0131 Oku <i\n\t\t\t\t\t\t\t\t\tclass=\"fa fa-angle-right\" aria-hidden=\"true\"><\/i><\/a>\n\t\t\t\t\t\t\t\t\t\t\t\t\t<\/div>\n\n\t\t\t\t\t\n\t\t\t\t<\/div>\n\n\t\t\t\t\n\t\t\t\t<div class=\"kc-list-item-2\">\n\n\t\t\t\t\t\n\t\t\t\t\t\t<div class=\"post-item-left\">\n\t\t\t\t\t\t\t<div class=\"post_details\">\n\t\t\t\t\t\t\t\t<h2 class=\"post-title-alt\"><a\n\t\t\t\t\t\t\t\t\t\thref=\"https:\/\/www.bakirkoyrotaract.org\/tr\/27-04-2019-kulup-ocakbasi-2\/\"\n\t\t\t\t\t\t\t\t\t\ttitle=\"14.12.2018 \/ Kul\u00fcp Ocakba\u015f\u0131\">14.12.2018 \/ Kul\u00fcp Ocakba\u015f\u0131<\/a>\n\t\t\t\t\t\t\t\t<\/h2>\n\t\t\t\t\t\t\t\t\t\t\t\t\t\t\t\t\t<div class=\"post-meta\">\n\t\t\t\t\t\t\t\t\t\t\t\t\t\t\t\t\t\t\t\t\t\t\t\t\t\t\t\t\t\t\t<span class=\"post-date\"><i class=\"fa fa-clock-o\"><\/i> <a\n\t\t\t\t\t\t\t\t\t\t\t\thref=\"https:\/\/www.bakirkoyrotaract.org\/tr\/2018\/12\/\">Aral\u0131k 14 2018<\/a> <\/span>\n\t\t\t\t\t\t\t\t\t\t\t\t\t\t\t\t\t\t\t\t\t\t\t\t\t\t\t\t\t\t\t\t\t\t\t\t\t\t\t\t\t\t\t<span class=\"post-cats\"><i class=\"fa fa-folder-o\"\n\t\t\t\t\t\t\t\t\t\t\t                           aria-hidden=\"true\"><\/i> <a href=\"https:\/\/www.bakirkoyrotaract.org\/tr\/category\/2018-2019\/\" rel=\"category tag\">2018-2019<\/a>, <a href=\"https:\/\/www.bakirkoyrotaract.org\/tr\/category\/genel\/\" rel=\"category tag\">Genel<\/a>, <a href=\"https:\/\/www.bakirkoyrotaract.org\/tr\/category\/kyk\/\" rel=\"category tag\">Kul\u00fcp Y\u00f6netimi Kom.<\/a><\/span>\n\t\t\t\t\t\t\t\t\t\t\t\t\t\t\t\t\t\t\t\t\t\t\t\t\t\t\t\t\t\t<\/div>\n\t\t\t\t\t\t\t\t\t\t\t\t\t\t\t<\/div>\n\t\t\t\t\t\t\t\t\t\t\t\t\t\t\t<p>D\u00f6nemin 5. ocakba\u015f\u0131 organizasyonu 14.12.2018 tarihinde ger\u00e7ekle\u015ftirildi. [gallery link=\"file\" columns=\"4\"&hellip;<\/p>\n\t\t\t\t\t\t\t\t\t\t\t\t\t\t<a href=\"https:\/\/www.bakirkoyrotaract.org\/tr\/27-04-2019-kulup-ocakbasi-2\/\"\n\t\t\t\t\t\t\t   class=\"kc-post-2-button\">Devam\u0131n\u0131 Oku <i\n\t\t\t\t\t\t\t\t\tclass=\"fa fa-angle-right\" aria-hidden=\"true\"><\/i><\/a>\n\t\t\t\t\t\t\t\t\t\t\t\t\t<\/div>\n\t\t\t\t\t\t<div class=\"post-item-right\">\n\t\t\t\t\t\t\t<figure>\n\t\t\t\t\t\t\t\t<img decoding=\"async\" src=\"https:\/\/www.bakirkoyrotaract.org\/tr\/wp-content\/uploads\/2019\/05\/WhatsApp-Image-2018-12-14-at-23.04.04-4-543x304xct.jpeg\"\n\t\t\t\t\t\t\t\t     alt=\"14.12.2018 \/ Kul\u00fcp Ocakba\u015f\u0131\">\n\t\t\t\t\t\t\t<\/figure>\n\t\t\t\t\t\t<\/div>\n\n\t\t\t\t\t\n\t\t\t\t<\/div>\n\n\t\t\t\t\n\t\t\t\t<div class=\"kc-list-item-2\">\n\n\t\t\t\t\t\t\t\t\t\t\t\t\t\t\t\t\t\t<div class=\"post-item-left\">\n\t\t\t\t\t\t\t\t<figure>\n\t\t\t\t\t\t\t\t\t<img decoding=\"async\" src=\"https:\/\/www.bakirkoyrotaract.org\/tr\/wp-content\/uploads\/2019\/05\/WhatsApp-Image-2019-03-08-at-23.19.29-543x304xct.jpeg\"\n\t\t\t\t\t\t\t\t\t     alt=\"14.12.2018 \/ Satran\u00e7la B\u00fcy\u00fcyorum #59 [Ordu &#8211; Per\u015fembe Akyaz\u0131 \u0130mam Hatip Ortaokulu]\">\n\t\t\t\t\t\t\t\t<\/figure>\n\t\t\t\t\t\t\t<\/div>\n\t\t\t\t\t\t\t\t\t\t\t\t<div class=\"post-item-right\">\n\t\t\t\t\t\t\t<div class=\"post_details\">\n\t\t\t\t\t\t\t\t<h2 class=\"post-title-alt\"><a\n\t\t\t\t\t\t\t\t\t\thref=\"https:\/\/www.bakirkoyrotaract.org\/tr\/14-12-2018-satrancla-buyuyorum-59-ordu-persembe-akyazi-imam-hatip-ortaokulu\/\"\n\t\t\t\t\t\t\t\t\t\ttitle=\"14.12.2018 \/ Satran\u00e7la B\u00fcy\u00fcyorum #59 [Ordu &#8211; Per\u015fembe Akyaz\u0131 \u0130mam Hatip Ortaokulu]\">14.12.2018 \/ Satran\u00e7la B\u00fcy\u00fcyorum #59 [Ordu &#8211; Per\u015fembe Akyaz\u0131 \u0130mam Hatip Ortaokulu]<\/a>\n\t\t\t\t\t\t\t\t<\/h2>\n\n\t\t\t\t\t\t\t\t\t\t\t\t\t\t\t\t\t<div class=\"post-meta\">\n\t\t\t\t\t\t\t\t\t\t\t\t\t\t\t\t\t\t\t\t\t\t\t\t\t\t\t\t\t\t\t<span class=\"post-date\"><i class=\"fa fa-clock-o\"><\/i> <a\n\t\t\t\t\t\t\t\t\t\t\t\thref=\"https:\/\/www.bakirkoyrotaract.org\/tr\/2018\/12\/\">Aral\u0131k 14 2018<\/a> <\/span>\n\t\t\t\t\t\t\t\t\t\t\t\t\t\t\t\t\t\t\t\t\t\t\t\t\t\t\t\t\t\t\t\t\t\t\t\t\t\t\t\t\t\t\t<span class=\"post-cats\"><i class=\"fa fa-folder-o\"\n\t\t\t\t\t\t\t\t\t\t\t\t                           aria-hidden=\"true\"><\/i> <a href=\"https:\/\/www.bakirkoyrotaract.org\/tr\/category\/2018-2019\/\" rel=\"category tag\">2018-2019<\/a>, <a href=\"https:\/\/www.bakirkoyrotaract.org\/tr\/category\/genel\/\" rel=\"category tag\">Genel<\/a>, <a href=\"https:\/\/www.bakirkoyrotaract.org\/tr\/category\/hpk\/\" rel=\"category tag\">Hizmet Projeleri Kom.<\/a>, <a href=\"https:\/\/www.bakirkoyrotaract.org\/tr\/category\/satrancla-buyuyorum\/\" rel=\"category tag\">Satran\u00e7la B\u00fcy\u00fcyorum<\/a><\/span>\n\t\t\t\t\t\t\t\t\t\t\t\t\t\t\t\t\t\t\t\t\t\t\t\t\t\t\t\t\t\t<\/div>\n\t\t\t\t\t\t\t\t\t\t\t\t\t\t\t<\/div>\n\t\t\t\t\t\t\t\t\t\t\t\t\t\t\t<p>Satran\u00e7la B\u00fcy\u00fcyorum Ordu-Giresun aya\u011f\u0131n\u0131n ilk toplamda ise 59. okulu olan&hellip;<\/p>\n\t\t\t\t\t\t\t\t\t\t\t\t\t\t<a href=\"https:\/\/www.bakirkoyrotaract.org\/tr\/14-12-2018-satrancla-buyuyorum-59-ordu-persembe-akyazi-imam-hatip-ortaokulu\/\"\n\t\t\t\t\t\t\t   class=\"kc-post-2-button\">Devam\u0131n\u0131 Oku <i\n\t\t\t\t\t\t\t\t\tclass=\"fa fa-angle-right\" aria-hidden=\"true\"><\/i><\/a>\n\t\t\t\t\t\t\t\t\t\t\t\t\t<\/div>\n\n\t\t\t\t\t\n\t\t\t\t<\/div>\n\n\t\t\t\t\n\t\t\t\t<div class=\"kc-list-item-2\">\n\n\t\t\t\t\t\n\t\t\t\t\t\t<div class=\"post-item-left\">\n\t\t\t\t\t\t\t<div class=\"post_details\">\n\t\t\t\t\t\t\t\t<h2 class=\"post-title-alt\"><a\n\t\t\t\t\t\t\t\t\t\thref=\"https:\/\/www.bakirkoyrotaract.org\/tr\/02-12-2018-aids-bilinclendirme-projesi\/\"\n\t\t\t\t\t\t\t\t\t\ttitle=\"02.12.2018 \/ AIDS Bilin\u00e7lendirme Projesi\">02.12.2018 \/ AIDS Bilin\u00e7lendirme Projesi<\/a>\n\t\t\t\t\t\t\t\t<\/h2>\n\t\t\t\t\t\t\t\t\t\t\t\t\t\t\t\t\t<div class=\"post-meta\">\n\t\t\t\t\t\t\t\t\t\t\t\t\t\t\t\t\t\t\t\t\t\t\t\t\t\t\t\t\t\t\t<span class=\"post-date\"><i class=\"fa fa-clock-o\"><\/i> <a\n\t\t\t\t\t\t\t\t\t\t\t\thref=\"https:\/\/www.bakirkoyrotaract.org\/tr\/2018\/12\/\">Aral\u0131k 2 2018<\/a> <\/span>\n\t\t\t\t\t\t\t\t\t\t\t\t\t\t\t\t\t\t\t\t\t\t\t\t\t\t\t\t\t\t\t\t\t\t\t\t\t\t\t\t\t\t\t<span class=\"post-cats\"><i class=\"fa fa-folder-o\"\n\t\t\t\t\t\t\t\t\t\t\t                           aria-hidden=\"true\"><\/i> <a href=\"https:\/\/www.bakirkoyrotaract.org\/tr\/category\/2018-2019\/\" rel=\"category tag\">2018-2019<\/a>, <a href=\"https:\/\/www.bakirkoyrotaract.org\/tr\/category\/genel\/\" rel=\"category tag\">Genel<\/a>, <a href=\"https:\/\/www.bakirkoyrotaract.org\/tr\/category\/hpk\/\" rel=\"category tag\">Hizmet Projeleri Kom.<\/a><\/span>\n\t\t\t\t\t\t\t\t\t\t\t\t\t\t\t\t\t\t\t\t\t\t\t\t\t\t\t\t\t\t<\/div>\n\t\t\t\t\t\t\t\t\t\t\t\t\t\t\t<\/div>\n\t\t\t\t\t\t\t\t\t\t\t\t\t\t\t<p>2420. B\u00f6lge Rotaract Temsilcili\u011fi Toplum Hizmetleri Komitesi taraf\u0131ndan geleneksel olarak&hellip;<\/p>\n\t\t\t\t\t\t\t\t\t\t\t\t\t\t<a href=\"https:\/\/www.bakirkoyrotaract.org\/tr\/02-12-2018-aids-bilinclendirme-projesi\/\"\n\t\t\t\t\t\t\t   class=\"kc-post-2-button\">Devam\u0131n\u0131 Oku <i\n\t\t\t\t\t\t\t\t\tclass=\"fa fa-angle-right\" aria-hidden=\"true\"><\/i><\/a>\n\t\t\t\t\t\t\t\t\t\t\t\t\t<\/div>\n\t\t\t\t\t\t<div class=\"post-item-right\">\n\t\t\t\t\t\t\t<figure>\n\t\t\t\t\t\t\t\t<img decoding=\"async\" src=\"https:\/\/www.bakirkoyrotaract.org\/tr\/wp-content\/uploads\/2019\/05\/WhatsApp-Image-2018-12-02-at-19.55.37-543x304xct.jpeg\"\n\t\t\t\t\t\t\t\t     alt=\"02.12.2018 \/ AIDS Bilin\u00e7lendirme Projesi\">\n\t\t\t\t\t\t\t<\/figure>\n\t\t\t\t\t\t<\/div>\n\n\t\t\t\t\t\n\t\t\t\t<\/div>\n\n\t\t\t\t\n\t\t\t\t<div class=\"kc-list-item-2\">\n\n\t\t\t\t\t\t\t\t\t\t\t\t\t\t\t\t\t\t<div class=\"post-item-left\">\n\t\t\t\t\t\t\t\t<figure>\n\t\t\t\t\t\t\t\t\t<img decoding=\"async\" src=\"https:\/\/www.bakirkoyrotaract.org\/tr\/wp-content\/uploads\/2019\/04\/WhatsApp-Image-2018-12-01-at-13.51.38-543x304xct.jpeg\"\n\t\t\t\t\t\t\t\t\t     alt=\"01.12.2018 \/ Atlas Yard\u0131mla\u015fma ve Dayan\u0131\u015fma Derne\u011fi Karton \u015eehir M\u00fczikali Organizasyonu\">\n\t\t\t\t\t\t\t\t<\/figure>\n\t\t\t\t\t\t\t<\/div>\n\t\t\t\t\t\t\t\t\t\t\t\t<div class=\"post-item-right\">\n\t\t\t\t\t\t\t<div class=\"post_details\">\n\t\t\t\t\t\t\t\t<h2 class=\"post-title-alt\"><a\n\t\t\t\t\t\t\t\t\t\thref=\"https:\/\/www.bakirkoyrotaract.org\/tr\/01-12-2018-karton-sehir-muzikali-organizasyonu\/\"\n\t\t\t\t\t\t\t\t\t\ttitle=\"01.12.2018 \/ Atlas Yard\u0131mla\u015fma ve Dayan\u0131\u015fma Derne\u011fi Karton \u015eehir M\u00fczikali Organizasyonu\">01.12.2018 \/ Atlas Yard\u0131mla\u015fma ve Dayan\u0131\u015fma Derne\u011fi Karton \u015eehir M\u00fczikali Organizasyonu<\/a>\n\t\t\t\t\t\t\t\t<\/h2>\n\n\t\t\t\t\t\t\t\t\t\t\t\t\t\t\t\t\t<div class=\"post-meta\">\n\t\t\t\t\t\t\t\t\t\t\t\t\t\t\t\t\t\t\t\t\t\t\t\t\t\t\t\t\t\t\t<span class=\"post-date\"><i class=\"fa fa-clock-o\"><\/i> <a\n\t\t\t\t\t\t\t\t\t\t\t\thref=\"https:\/\/www.bakirkoyrotaract.org\/tr\/2018\/12\/\">Aral\u0131k 1 2018<\/a> <\/span>\n\t\t\t\t\t\t\t\t\t\t\t\t\t\t\t\t\t\t\t\t\t\t\t\t\t\t\t\t\t\t\t\t\t\t\t\t\t\t\t\t\t\t\t<span class=\"post-cats\"><i class=\"fa fa-folder-o\"\n\t\t\t\t\t\t\t\t\t\t\t\t                           aria-hidden=\"true\"><\/i> <a href=\"https:\/\/www.bakirkoyrotaract.org\/tr\/category\/2018-2019\/\" rel=\"category tag\">2018-2019<\/a>, <a href=\"https:\/\/www.bakirkoyrotaract.org\/tr\/category\/genel\/\" rel=\"category tag\">Genel<\/a>, <a href=\"https:\/\/www.bakirkoyrotaract.org\/tr\/category\/hpk\/\" rel=\"category tag\">Hizmet Projeleri Kom.<\/a><\/span>\n\t\t\t\t\t\t\t\t\t\t\t\t\t\t\t\t\t\t\t\t\t\t\t\t\t\t\t\t\t\t<\/div>\n\t\t\t\t\t\t\t\t\t\t\t\t\t\t\t<\/div>\n\t\t\t\t\t\t\t\t\t\t\t\t\t\t\t<p>Atlas Yard\u0131mla\u015fma ve Dayan\u0131\u015fma Derne\u011fi'nden karde\u015flerimiz 01.12.2019 tarihinde Zorlu PSM&hellip;<\/p>\n\t\t\t\t\t\t\t\t\t\t\t\t\t\t<a href=\"https:\/\/www.bakirkoyrotaract.org\/tr\/01-12-2018-karton-sehir-muzikali-organizasyonu\/\"\n\t\t\t\t\t\t\t   class=\"kc-post-2-button\">Devam\u0131n\u0131 Oku <i\n\t\t\t\t\t\t\t\t\tclass=\"fa fa-angle-right\" aria-hidden=\"true\"><\/i><\/a>\n\t\t\t\t\t\t\t\t\t\t\t\t\t<\/div>\n\n\t\t\t\t\t\n\t\t\t\t<\/div>\n\n\t\t\t\t\n\t\t\t\t<div class=\"kc-list-item-2\">\n\n\t\t\t\t\t\n\t\t\t\t\t\t<div class=\"post-item-left\">\n\t\t\t\t\t\t\t<div class=\"post_details\">\n\t\t\t\t\t\t\t\t<h2 class=\"post-title-alt\"><a\n\t\t\t\t\t\t\t\t\t\thref=\"https:\/\/www.bakirkoyrotaract.org\/tr\/20-11-2018-bot-yardimi-adana-kucukmangit-ilkokulu\/\"\n\t\t\t\t\t\t\t\t\t\ttitle=\"20.11.2018 \/ Bot Yard\u0131m\u0131 [Adana &#8211; K\u00fc\u00e7\u00fckmang\u0131t \u0130lkokulu]\">20.11.2018 \/ Bot Yard\u0131m\u0131 [Adana &#8211; K\u00fc\u00e7\u00fckmang\u0131t \u0130lkokulu]<\/a>\n\t\t\t\t\t\t\t\t<\/h2>\n\t\t\t\t\t\t\t\t\t\t\t\t\t\t\t\t\t<div class=\"post-meta\">\n\t\t\t\t\t\t\t\t\t\t\t\t\t\t\t\t\t\t\t\t\t\t\t\t\t\t\t\t\t\t\t<span class=\"post-date\"><i class=\"fa fa-clock-o\"><\/i> <a\n\t\t\t\t\t\t\t\t\t\t\t\thref=\"https:\/\/www.bakirkoyrotaract.org\/tr\/2018\/11\/\">Kas\u0131m 20 2018<\/a> <\/span>\n\t\t\t\t\t\t\t\t\t\t\t\t\t\t\t\t\t\t\t\t\t\t\t\t\t\t\t\t\t\t\t\t\t\t\t\t\t\t\t\t\t\t\t<span class=\"post-cats\"><i class=\"fa fa-folder-o\"\n\t\t\t\t\t\t\t\t\t\t\t                           aria-hidden=\"true\"><\/i> <a href=\"https:\/\/www.bakirkoyrotaract.org\/tr\/category\/2018-2019\/\" rel=\"category tag\">2018-2019<\/a>, <a href=\"https:\/\/www.bakirkoyrotaract.org\/tr\/category\/genel\/\" rel=\"category tag\">Genel<\/a>, <a href=\"https:\/\/www.bakirkoyrotaract.org\/tr\/category\/hpk\/\" rel=\"category tag\">Hizmet Projeleri Kom.<\/a><\/span>\n\t\t\t\t\t\t\t\t\t\t\t\t\t\t\t\t\t\t\t\t\t\t\t\t\t\t\t\t\t\t<\/div>\n\t\t\t\t\t\t\t\t\t\t\t\t\t\t\t<\/div>\n\t\t\t\t\t\t\t\t\t\t\t\t\t\t\t<p>(Bak\u0131rk\u00f6y RAC &amp; Yeditepe \u00dcniversitesi Sosyal Giri\u015fimcilik Kul\u00fcb\u00fc Ortak Projesi)&hellip;<\/p>\n\t\t\t\t\t\t\t\t\t\t\t\t\t\t<a href=\"https:\/\/www.bakirkoyrotaract.org\/tr\/20-11-2018-bot-yardimi-adana-kucukmangit-ilkokulu\/\"\n\t\t\t\t\t\t\t   class=\"kc-post-2-button\">Devam\u0131n\u0131 Oku <i\n\t\t\t\t\t\t\t\t\tclass=\"fa fa-angle-right\" aria-hidden=\"true\"><\/i><\/a>\n\t\t\t\t\t\t\t\t\t\t\t\t\t<\/div>\n\t\t\t\t\t\t<div class=\"post-item-right\">\n\t\t\t\t\t\t\t<figure>\n\t\t\t\t\t\t\t\t<img decoding=\"async\" src=\"https:\/\/www.bakirkoyrotaract.org\/tr\/wp-content\/uploads\/2019\/05\/kucukmang\u0131t-543x304xct.png\"\n\t\t\t\t\t\t\t\t     alt=\"20.11.2018 \/ Bot Yard\u0131m\u0131 [Adana &#8211; K\u00fc\u00e7\u00fckmang\u0131t \u0130lkokulu]\">\n\t\t\t\t\t\t\t<\/figure>\n\t\t\t\t\t\t<\/div>\n\n\t\t\t\t\t\n\t\t\t\t<\/div>\n\n\t\t\t\t\n\t\t\t\t<div class=\"kc-list-item-2\">\n\n\t\t\t\t\t\t\t\t\t\t\t\t\t\t\t\t\t\t<div class=\"post-item-left\">\n\t\t\t\t\t\t\t\t<figure>\n\t\t\t\t\t\t\t\t\t<img decoding=\"async\" src=\"https:\/\/www.bakirkoyrotaract.org\/tr\/wp-content\/uploads\/2018\/11\/IMG-2735-e1543240338418-543x304xct.jpg\"\n\t\t\t\t\t\t\t\t\t     alt=\"19.11.2018 \/ RTC101 Kul\u00fcp \u0130\u00e7i E\u011fitimi\">\n\t\t\t\t\t\t\t\t<\/figure>\n\t\t\t\t\t\t\t<\/div>\n\t\t\t\t\t\t\t\t\t\t\t\t<div class=\"post-item-right\">\n\t\t\t\t\t\t\t<div class=\"post_details\">\n\t\t\t\t\t\t\t\t<h2 class=\"post-title-alt\"><a\n\t\t\t\t\t\t\t\t\t\thref=\"https:\/\/www.bakirkoyrotaract.org\/tr\/19-11-2018-rtc101-kulup-ici-egitimi\/\"\n\t\t\t\t\t\t\t\t\t\ttitle=\"19.11.2018 \/ RTC101 Kul\u00fcp \u0130\u00e7i E\u011fitimi\">19.11.2018 \/ RTC101 Kul\u00fcp \u0130\u00e7i E\u011fitimi<\/a>\n\t\t\t\t\t\t\t\t<\/h2>\n\n\t\t\t\t\t\t\t\t\t\t\t\t\t\t\t\t\t<div class=\"post-meta\">\n\t\t\t\t\t\t\t\t\t\t\t\t\t\t\t\t\t\t\t\t\t\t\t\t\t\t\t\t\t\t\t<span class=\"post-date\"><i class=\"fa fa-clock-o\"><\/i> <a\n\t\t\t\t\t\t\t\t\t\t\t\thref=\"https:\/\/www.bakirkoyrotaract.org\/tr\/2018\/11\/\">Kas\u0131m 19 2018<\/a> <\/span>\n\t\t\t\t\t\t\t\t\t\t\t\t\t\t\t\t\t\t\t\t\t\t\t\t\t\t\t\t\t\t\t\t\t\t\t\t\t\t\t\t\t\t\t<span class=\"post-cats\"><i class=\"fa fa-folder-o\"\n\t\t\t\t\t\t\t\t\t\t\t\t                           aria-hidden=\"true\"><\/i> <a href=\"https:\/\/www.bakirkoyrotaract.org\/tr\/category\/2018-2019\/\" rel=\"category tag\">2018-2019<\/a>, <a href=\"https:\/\/www.bakirkoyrotaract.org\/tr\/category\/genel\/\" rel=\"category tag\">Genel<\/a>, <a href=\"https:\/\/www.bakirkoyrotaract.org\/tr\/category\/ugk\/\" rel=\"category tag\">\u00dcyelik Geli\u015fim Kom.<\/a><\/span>\n\t\t\t\t\t\t\t\t\t\t\t\t\t\t\t\t\t\t\t\t\t\t\t\t\t\t\t\t\t\t<\/div>\n\t\t\t\t\t\t\t\t\t\t\t\t\t\t\t<\/div>\n\t\t\t\t\t\t\t\t\t\t\t\t\t\t\t<p>2013 - 2014 d\u00f6neminden g\u00fcn\u00fcm\u00fcze d\u00fczenlenen RTC 101 Kul\u00fcp \u0130\u00e7i&hellip;<\/p>\n\t\t\t\t\t\t\t\t\t\t\t\t\t\t<a href=\"https:\/\/www.bakirkoyrotaract.org\/tr\/19-11-2018-rtc101-kulup-ici-egitimi\/\"\n\t\t\t\t\t\t\t   class=\"kc-post-2-button\">Devam\u0131n\u0131 Oku <i\n\t\t\t\t\t\t\t\t\tclass=\"fa fa-angle-right\" aria-hidden=\"true\"><\/i><\/a>\n\t\t\t\t\t\t\t\t\t\t\t\t\t<\/div>\n\n\t\t\t\t\t\n\t\t\t\t<\/div>\n\n\t\t\t\t\n\t\t\t\t<div class=\"kc-list-item-2\">\n\n\t\t\t\t\t\n\t\t\t\t\t\t<div class=\"post-item-left\">\n\t\t\t\t\t\t\t<div class=\"post_details\">\n\t\t\t\t\t\t\t\t<h2 class=\"post-title-alt\"><a\n\t\t\t\t\t\t\t\t\t\thref=\"https:\/\/www.bakirkoyrotaract.org\/tr\/19-11-2018-okul-seti-yardimi-kutahya-sevdigin-ortaokulu\/\"\n\t\t\t\t\t\t\t\t\t\ttitle=\"19.11.2018 \/ Okul Seti Yard\u0131m\u0131 [K\u00fctahya \u2013 Sevdi\u011fin Ortaokulu]\">19.11.2018 \/ Okul Seti Yard\u0131m\u0131 [K\u00fctahya \u2013 Sevdi\u011fin Ortaokulu]<\/a>\n\t\t\t\t\t\t\t\t<\/h2>\n\t\t\t\t\t\t\t\t\t\t\t\t\t\t\t\t\t<div class=\"post-meta\">\n\t\t\t\t\t\t\t\t\t\t\t\t\t\t\t\t\t\t\t\t\t\t\t\t\t\t\t\t\t\t\t<span class=\"post-date\"><i class=\"fa fa-clock-o\"><\/i> <a\n\t\t\t\t\t\t\t\t\t\t\t\thref=\"https:\/\/www.bakirkoyrotaract.org\/tr\/2018\/11\/\">Kas\u0131m 19 2018<\/a> <\/span>\n\t\t\t\t\t\t\t\t\t\t\t\t\t\t\t\t\t\t\t\t\t\t\t\t\t\t\t\t\t\t\t\t\t\t\t\t\t\t\t\t\t\t\t<span class=\"post-cats\"><i class=\"fa fa-folder-o\"\n\t\t\t\t\t\t\t\t\t\t\t                           aria-hidden=\"true\"><\/i> <a href=\"https:\/\/www.bakirkoyrotaract.org\/tr\/category\/2018-2019\/\" rel=\"category tag\">2018-2019<\/a>, <a href=\"https:\/\/www.bakirkoyrotaract.org\/tr\/category\/genel\/\" rel=\"category tag\">Genel<\/a>, <a href=\"https:\/\/www.bakirkoyrotaract.org\/tr\/category\/hpk\/\" rel=\"category tag\">Hizmet Projeleri Kom.<\/a><\/span>\n\t\t\t\t\t\t\t\t\t\t\t\t\t\t\t\t\t\t\t\t\t\t\t\t\t\t\t\t\t\t<\/div>\n\t\t\t\t\t\t\t\t\t\t\t\t\t\t\t<\/div>\n\t\t\t\t\t\t\t\t\t\t\t\t\t\t\t<p>2015-2016 d\u00f6neminde de bilgisayar yard\u0131m\u0131 yapt\u0131\u011f\u0131m\u0131z K\u00fctahya - Sevdi\u011fin Ortaokulu'nda&hellip;<\/p>\n\t\t\t\t\t\t\t\t\t\t\t\t\t\t<a href=\"https:\/\/www.bakirkoyrotaract.org\/tr\/19-11-2018-okul-seti-yardimi-kutahya-sevdigin-ortaokulu\/\"\n\t\t\t\t\t\t\t   class=\"kc-post-2-button\">Devam\u0131n\u0131 Oku <i\n\t\t\t\t\t\t\t\t\tclass=\"fa fa-angle-right\" aria-hidden=\"true\"><\/i><\/a>\n\t\t\t\t\t\t\t\t\t\t\t\t\t<\/div>\n\t\t\t\t\t\t<div class=\"post-item-right\">\n\t\t\t\t\t\t\t<figure>\n\t\t\t\t\t\t\t\t<img decoding=\"async\" src=\"https:\/\/www.bakirkoyrotaract.org\/tr\/wp-content\/uploads\/2018\/11\/WhatsApp-Image-2018-11-19-at-13.21.15-1-543x304xct.jpeg\"\n\t\t\t\t\t\t\t\t     alt=\"19.11.2018 \/ Okul Seti Yard\u0131m\u0131 [K\u00fctahya \u2013 Sevdi\u011fin Ortaokulu]\">\n\t\t\t\t\t\t\t<\/figure>\n\t\t\t\t\t\t<\/div>\n\n\t\t\t\t\t\n\t\t\t\t<\/div>\n\n\t\t\t\t\n\t\t\t\t<div class=\"kc-list-item-2\">\n\n\t\t\t\t\t\t\t\t\t\t\t\t\t\t\t\t\t\t<div class=\"post-item-left\">\n\t\t\t\t\t\t\t\t<figure>\n\t\t\t\t\t\t\t\t\t<img decoding=\"async\" src=\"https:\/\/www.bakirkoyrotaract.org\/tr\/wp-content\/uploads\/2018\/11\/WhatsApp-Image-2018-11-26-at-17.42.59-543x304xct.jpeg\"\n\t\t\t\t\t\t\t\t\t     alt=\"17.11.2018 \/ Bak\u0131rk\u00f6y RAC &#038; Fatih RAC Ortak Ocakba\u015f\u0131\">\n\t\t\t\t\t\t\t\t<\/figure>\n\t\t\t\t\t\t\t<\/div>\n\t\t\t\t\t\t\t\t\t\t\t\t<div class=\"post-item-right\">\n\t\t\t\t\t\t\t<div class=\"post_details\">\n\t\t\t\t\t\t\t\t<h2 class=\"post-title-alt\"><a\n\t\t\t\t\t\t\t\t\t\thref=\"https:\/\/www.bakirkoyrotaract.org\/tr\/17-11-2018-bakirkoy-rac-fatih-rac-ortak-ocakbasi\/\"\n\t\t\t\t\t\t\t\t\t\ttitle=\"17.11.2018 \/ Bak\u0131rk\u00f6y RAC &#038; Fatih RAC Ortak Ocakba\u015f\u0131\">17.11.2018 \/ Bak\u0131rk\u00f6y RAC &#038; Fatih RAC Ortak Ocakba\u015f\u0131<\/a>\n\t\t\t\t\t\t\t\t<\/h2>\n\n\t\t\t\t\t\t\t\t\t\t\t\t\t\t\t\t\t<div class=\"post-meta\">\n\t\t\t\t\t\t\t\t\t\t\t\t\t\t\t\t\t\t\t\t\t\t\t\t\t\t\t\t\t\t\t<span class=\"post-date\"><i class=\"fa fa-clock-o\"><\/i> <a\n\t\t\t\t\t\t\t\t\t\t\t\thref=\"https:\/\/www.bakirkoyrotaract.org\/tr\/2018\/11\/\">Kas\u0131m 17 2018<\/a> <\/span>\n\t\t\t\t\t\t\t\t\t\t\t\t\t\t\t\t\t\t\t\t\t\t\t\t\t\t\t\t\t\t\t\t\t\t\t\t\t\t\t\t\t\t\t<span class=\"post-cats\"><i class=\"fa fa-folder-o\"\n\t\t\t\t\t\t\t\t\t\t\t\t                           aria-hidden=\"true\"><\/i> <a href=\"https:\/\/www.bakirkoyrotaract.org\/tr\/category\/2018-2019\/\" rel=\"category tag\">2018-2019<\/a>, <a href=\"https:\/\/www.bakirkoyrotaract.org\/tr\/category\/genel\/\" rel=\"category tag\">Genel<\/a>, <a href=\"https:\/\/www.bakirkoyrotaract.org\/tr\/category\/kyk\/\" rel=\"category tag\">Kul\u00fcp Y\u00f6netimi Kom.<\/a><\/span>\n\t\t\t\t\t\t\t\t\t\t\t\t\t\t\t\t\t\t\t\t\t\t\t\t\t\t\t\t\t\t<\/div>\n\t\t\t\t\t\t\t\t\t\t\t\t\t\t\t<\/div>\n\t\t\t\t\t\t\t\t\t\t\t\t\t\t\t<p>2018 - 2019 d\u00f6neminin d\u00f6rd\u00fcnc\u00fc ocakba\u015f\u0131 organizasyonu 17.11.2018 tarihinde Fatih&hellip;<\/p>\n\t\t\t\t\t\t\t\t\t\t\t\t\t\t<a href=\"https:\/\/www.bakirkoyrotaract.org\/tr\/17-11-2018-bakirkoy-rac-fatih-rac-ortak-ocakbasi\/\"\n\t\t\t\t\t\t\t   class=\"kc-post-2-button\">Devam\u0131n\u0131 Oku <i\n\t\t\t\t\t\t\t\t\tclass=\"fa fa-angle-right\" aria-hidden=\"true\"><\/i><\/a>\n\t\t\t\t\t\t\t\t\t\t\t\t\t<\/div>\n\n\t\t\t\t\t\n\t\t\t\t<\/div>\n\n\t\t\t\t\n\t\t\t\t<div class=\"kc-list-item-2\">\n\n\t\t\t\t\t\n\t\t\t\t\t\t<div class=\"post-item-left\">\n\t\t\t\t\t\t\t<div class=\"post_details\">\n\t\t\t\t\t\t\t\t<h2 class=\"post-title-alt\"><a\n\t\t\t\t\t\t\t\t\t\thref=\"https:\/\/www.bakirkoyrotaract.org\/tr\/12-11-2018-damdaki-kemanci-muzikal-organizasyonu\/\"\n\t\t\t\t\t\t\t\t\t\ttitle=\"12.11.2018 \/ Damdaki Kemanc\u0131 M\u00fczikal Organizasyonu\">12.11.2018 \/ Damdaki Kemanc\u0131 M\u00fczikal Organizasyonu<\/a>\n\t\t\t\t\t\t\t\t<\/h2>\n\t\t\t\t\t\t\t\t\t\t\t\t\t\t\t\t\t<div class=\"post-meta\">\n\t\t\t\t\t\t\t\t\t\t\t\t\t\t\t\t\t\t\t\t\t\t\t\t\t\t\t\t\t\t\t<span class=\"post-date\"><i class=\"fa fa-clock-o\"><\/i> <a\n\t\t\t\t\t\t\t\t\t\t\t\thref=\"https:\/\/www.bakirkoyrotaract.org\/tr\/2018\/11\/\">Kas\u0131m 12 2018<\/a> <\/span>\n\t\t\t\t\t\t\t\t\t\t\t\t\t\t\t\t\t\t\t\t\t\t\t\t\t\t\t\t\t\t\t\t\t\t\t\t\t\t\t\t\t\t\t<span class=\"post-cats\"><i class=\"fa fa-folder-o\"\n\t\t\t\t\t\t\t\t\t\t\t                           aria-hidden=\"true\"><\/i> <a href=\"https:\/\/www.bakirkoyrotaract.org\/tr\/category\/2018-2019\/\" rel=\"category tag\">2018-2019<\/a>, <a href=\"https:\/\/www.bakirkoyrotaract.org\/tr\/category\/genel\/\" rel=\"category tag\">Genel<\/a>, <a href=\"https:\/\/www.bakirkoyrotaract.org\/tr\/category\/kgk\/\" rel=\"category tag\">K\u00fclt\u00fcrel Geli\u015fim Kom.<\/a><\/span>\n\t\t\t\t\t\t\t\t\t\t\t\t\t\t\t\t\t\t\t\t\t\t\t\t\t\t\t\t\t\t<\/div>\n\t\t\t\t\t\t\t\t\t\t\t\t\t\t\t<\/div>\n\t\t\t\t\t\t\t\t\t\t\t\t\t\t\t<p>12.11.2018 tarihinde kul\u00fcp i\u00e7i etkenlik olarak Damdaki Kemanc\u0131 m\u00fczikalini izledik.<\/p>\n\t\t\t\t\t\t\t\t\t\t\t\t\t\t<a href=\"https:\/\/www.bakirkoyrotaract.org\/tr\/12-11-2018-damdaki-kemanci-muzikal-organizasyonu\/\"\n\t\t\t\t\t\t\t   class=\"kc-post-2-button\">Devam\u0131n\u0131 Oku <i\n\t\t\t\t\t\t\t\t\tclass=\"fa fa-angle-right\" aria-hidden=\"true\"><\/i><\/a>\n\t\t\t\t\t\t\t\t\t\t\t\t\t<\/div>\n\t\t\t\t\t\t<div class=\"post-item-right\">\n\t\t\t\t\t\t\t<figure>\n\t\t\t\t\t\t\t\t<img decoding=\"async\" src=\"https:\/\/www.bakirkoyrotaract.org\/tr\/wp-content\/uploads\/2018\/11\/WhatsApp-Image-2018-11-13-at-09.53.57-543x304xct.jpeg\"\n\t\t\t\t\t\t\t\t     alt=\"12.11.2018 \/ Damdaki Kemanc\u0131 M\u00fczikal Organizasyonu\">\n\t\t\t\t\t\t\t<\/figure>\n\t\t\t\t\t\t<\/div>\n\n\t\t\t\t\t\n\t\t\t\t<\/div>\n\n\t\t\t\t\n\t\t\t\t<div class=\"kc-list-item-2\">\n\n\t\t\t\t\t\t\t\t\t\t\t\t\t\t\t\t\t\t<div class=\"post-item-left\">\n\t\t\t\t\t\t\t\t<figure>\n\t\t\t\t\t\t\t\t\t<img decoding=\"async\" src=\"https:\/\/www.bakirkoyrotaract.org\/tr\/wp-content\/uploads\/2018\/11\/WhatsApp-Image-2018-11-19-at-15.03.40-2-543x304xct.jpeg\"\n\t\t\t\t\t\t\t\t\t     alt=\"09.11.2018 \/ Eski Kaset 90\u2019lar Partisi Vol.002\">\n\t\t\t\t\t\t\t\t<\/figure>\n\t\t\t\t\t\t\t<\/div>\n\t\t\t\t\t\t\t\t\t\t\t\t<div class=\"post-item-right\">\n\t\t\t\t\t\t\t<div class=\"post_details\">\n\t\t\t\t\t\t\t\t<h2 class=\"post-title-alt\"><a\n\t\t\t\t\t\t\t\t\t\thref=\"https:\/\/www.bakirkoyrotaract.org\/tr\/09-11-2018-eski-kaset-parti\/\"\n\t\t\t\t\t\t\t\t\t\ttitle=\"09.11.2018 \/ Eski Kaset 90\u2019lar Partisi Vol.002\">09.11.2018 \/ Eski Kaset 90\u2019lar Partisi Vol.002<\/a>\n\t\t\t\t\t\t\t\t<\/h2>\n\n\t\t\t\t\t\t\t\t\t\t\t\t\t\t\t\t\t<div class=\"post-meta\">\n\t\t\t\t\t\t\t\t\t\t\t\t\t\t\t\t\t\t\t\t\t\t\t\t\t\t\t\t\t\t\t<span class=\"post-date\"><i class=\"fa fa-clock-o\"><\/i> <a\n\t\t\t\t\t\t\t\t\t\t\t\thref=\"https:\/\/www.bakirkoyrotaract.org\/tr\/2018\/11\/\">Kas\u0131m 9 2018<\/a> <\/span>\n\t\t\t\t\t\t\t\t\t\t\t\t\t\t\t\t\t\t\t\t\t\t\t\t\t\t\t\t\t\t\t\t\t\t\t\t\t\t\t\t\t\t\t<span class=\"post-cats\"><i class=\"fa fa-folder-o\"\n\t\t\t\t\t\t\t\t\t\t\t\t                           aria-hidden=\"true\"><\/i> <a href=\"https:\/\/www.bakirkoyrotaract.org\/tr\/category\/2018-2019\/\" rel=\"category tag\">2018-2019<\/a>, <a href=\"https:\/\/www.bakirkoyrotaract.org\/tr\/category\/genel\/\" rel=\"category tag\">Genel<\/a>, <a href=\"https:\/\/www.bakirkoyrotaract.org\/tr\/category\/kyk\/\" rel=\"category tag\">Kul\u00fcp Y\u00f6netimi Kom.<\/a><\/span>\n\t\t\t\t\t\t\t\t\t\t\t\t\t\t\t\t\t\t\t\t\t\t\t\t\t\t\t\t\t\t<\/div>\n\t\t\t\t\t\t\t\t\t\t\t\t\t\t\t<\/div>\n\t\t\t\t\t\t\t\t\t\t\t\t\t\t\t<p>\u0130lk olarak 2017-2018 d\u00f6neminde yap\u0131lan ve\u00a0bot &amp; mont yard\u0131mlar\u0131n\u0131 fonlamak&hellip;<\/p>\n\t\t\t\t\t\t\t\t\t\t\t\t\t\t<a href=\"https:\/\/www.bakirkoyrotaract.org\/tr\/09-11-2018-eski-kaset-parti\/\"\n\t\t\t\t\t\t\t   class=\"kc-post-2-button\">Devam\u0131n\u0131 Oku <i\n\t\t\t\t\t\t\t\t\tclass=\"fa fa-angle-right\" aria-hidden=\"true\"><\/i><\/a>\n\t\t\t\t\t\t\t\t\t\t\t\t\t<\/div>\n\n\t\t\t\t\t\n\t\t\t\t<\/div>\n\n\t\t\t\t\n\t\t\t\t<div class=\"kc-list-item-2\">\n\n\t\t\t\t\t\n\t\t\t\t\t\t<div class=\"post-item-left\">\n\t\t\t\t\t\t\t<div class=\"post_details\">\n\t\t\t\t\t\t\t\t<h2 class=\"post-title-alt\"><a\n\t\t\t\t\t\t\t\t\t\thref=\"https:\/\/www.bakirkoyrotaract.org\/tr\/03-11-2018-tanisan-seversin-ihtiyac-haritasi-zirvesi\/\"\n\t\t\t\t\t\t\t\t\t\ttitle=\"03.11.2018 \/ Tan\u0131san Seversin [\u0130htiya\u00e7 Haritas\u0131 Zirvesi]\">03.11.2018 \/ Tan\u0131san Seversin [\u0130htiya\u00e7 Haritas\u0131 Zirvesi]<\/a>\n\t\t\t\t\t\t\t\t<\/h2>\n\t\t\t\t\t\t\t\t\t\t\t\t\t\t\t\t\t<div class=\"post-meta\">\n\t\t\t\t\t\t\t\t\t\t\t\t\t\t\t\t\t\t\t\t\t\t\t\t\t\t\t\t\t\t\t<span class=\"post-date\"><i class=\"fa fa-clock-o\"><\/i> <a\n\t\t\t\t\t\t\t\t\t\t\t\thref=\"https:\/\/www.bakirkoyrotaract.org\/tr\/2018\/11\/\">Kas\u0131m 3 2018<\/a> <\/span>\n\t\t\t\t\t\t\t\t\t\t\t\t\t\t\t\t\t\t\t\t\t\t\t\t\t\t\t\t\t\t\t\t\t\t\t\t\t\t\t\t\t\t\t<span class=\"post-cats\"><i class=\"fa fa-folder-o\"\n\t\t\t\t\t\t\t\t\t\t\t                           aria-hidden=\"true\"><\/i> <a href=\"https:\/\/www.bakirkoyrotaract.org\/tr\/category\/2018-2019\/\" rel=\"category tag\">2018-2019<\/a>, <a href=\"https:\/\/www.bakirkoyrotaract.org\/tr\/category\/genel\/\" rel=\"category tag\">Genel<\/a>, <a href=\"https:\/\/www.bakirkoyrotaract.org\/tr\/category\/thik\/\" rel=\"category tag\">Halkla \u0130li\u015fkiler Kom.<\/a><\/span>\n\t\t\t\t\t\t\t\t\t\t\t\t\t\t\t\t\t\t\t\t\t\t\t\t\t\t\t\t\t\t<\/div>\n\t\t\t\t\t\t\t\t\t\t\t\t\t\t\t<\/div>\n\t\t\t\t\t\t\t\t\t\t\t\t\t\t\t<p>Rotaract'\u0131 ve kul\u00fcb\u00fcm\u00fcz\u00fc tan\u0131tarak daha fazla insana ula\u015fmay\u0131 ama\u00e7layan\u00a0Tan\u0131san Seversin&hellip;<\/p>\n\t\t\t\t\t\t\t\t\t\t\t\t\t\t<a href=\"https:\/\/www.bakirkoyrotaract.org\/tr\/03-11-2018-tanisan-seversin-ihtiyac-haritasi-zirvesi\/\"\n\t\t\t\t\t\t\t   class=\"kc-post-2-button\">Devam\u0131n\u0131 Oku <i\n\t\t\t\t\t\t\t\t\tclass=\"fa fa-angle-right\" aria-hidden=\"true\"><\/i><\/a>\n\t\t\t\t\t\t\t\t\t\t\t\t\t<\/div>\n\t\t\t\t\t\t<div class=\"post-item-right\">\n\t\t\t\t\t\t\t<figure>\n\t\t\t\t\t\t\t\t<img decoding=\"async\" src=\"https:\/\/www.bakirkoyrotaract.org\/tr\/wp-content\/uploads\/2018\/11\/WhatsApp-Image-2018-11-08-at-15.22.56-543x304xct.jpeg\"\n\t\t\t\t\t\t\t\t     alt=\"03.11.2018 \/ Tan\u0131san Seversin [\u0130htiya\u00e7 Haritas\u0131 Zirvesi]\">\n\t\t\t\t\t\t\t<\/figure>\n\t\t\t\t\t\t<\/div>\n\n\t\t\t\t\t\n\t\t\t\t<\/div>\n\n\t\t\t\t\n\t\t\t\t<div class=\"kc-list-item-2\">\n\n\t\t\t\t\t\t\t\t\t\t\t\t\t\t\t\t\t\t<div class=\"post-item-left\">\n\t\t\t\t\t\t\t\t<figure>\n\t\t\t\t\t\t\t\t\t<img decoding=\"async\" src=\"https:\/\/www.bakirkoyrotaract.org\/tr\/wp-content\/uploads\/2018\/11\/WhatsApp-Image-2018-11-03-at-14.34.16-3-543x304xct.jpeg\"\n\t\t\t\t\t\t\t\t\t     alt=\"03.11.2018 \/ \u015eanl\u0131urfa A\u015fevi Yard\u0131m\u0131\">\n\t\t\t\t\t\t\t\t<\/figure>\n\t\t\t\t\t\t\t<\/div>\n\t\t\t\t\t\t\t\t\t\t\t\t<div class=\"post-item-right\">\n\t\t\t\t\t\t\t<div class=\"post_details\">\n\t\t\t\t\t\t\t\t<h2 class=\"post-title-alt\"><a\n\t\t\t\t\t\t\t\t\t\thref=\"https:\/\/www.bakirkoyrotaract.org\/tr\/03-11-2018-sanliurfa-asevi-yardimi\/\"\n\t\t\t\t\t\t\t\t\t\ttitle=\"03.11.2018 \/ \u015eanl\u0131urfa A\u015fevi Yard\u0131m\u0131\">03.11.2018 \/ \u015eanl\u0131urfa A\u015fevi Yard\u0131m\u0131<\/a>\n\t\t\t\t\t\t\t\t<\/h2>\n\n\t\t\t\t\t\t\t\t\t\t\t\t\t\t\t\t\t<div class=\"post-meta\">\n\t\t\t\t\t\t\t\t\t\t\t\t\t\t\t\t\t\t\t\t\t\t\t\t\t\t\t\t\t\t\t<span class=\"post-date\"><i class=\"fa fa-clock-o\"><\/i> <a\n\t\t\t\t\t\t\t\t\t\t\t\thref=\"https:\/\/www.bakirkoyrotaract.org\/tr\/2018\/11\/\">Kas\u0131m 3 2018<\/a> <\/span>\n\t\t\t\t\t\t\t\t\t\t\t\t\t\t\t\t\t\t\t\t\t\t\t\t\t\t\t\t\t\t\t\t\t\t\t\t\t\t\t\t\t\t\t<span class=\"post-cats\"><i class=\"fa fa-folder-o\"\n\t\t\t\t\t\t\t\t\t\t\t\t                           aria-hidden=\"true\"><\/i> <a href=\"https:\/\/www.bakirkoyrotaract.org\/tr\/category\/2018-2019\/\" rel=\"category tag\">2018-2019<\/a>, <a href=\"https:\/\/www.bakirkoyrotaract.org\/tr\/category\/genel\/\" rel=\"category tag\">Genel<\/a>, <a href=\"https:\/\/www.bakirkoyrotaract.org\/tr\/category\/hpk\/\" rel=\"category tag\">Hizmet Projeleri Kom.<\/a><\/span>\n\t\t\t\t\t\t\t\t\t\t\t\t\t\t\t\t\t\t\t\t\t\t\t\t\t\t\t\t\t\t<\/div>\n\t\t\t\t\t\t\t\t\t\t\t\t\t\t\t<\/div>\n\t\t\t\t\t\t\t\t\t\t\t\t\t\t\t<p>D\u00fczenli olarak her sene d\u00fczenlenen\u00a0\u015eanl\u0131urfa Hz \u0130brahim Halilullah K\u00fclt\u00fcr ve&hellip;<\/p>\n\t\t\t\t\t\t\t\t\t\t\t\t\t\t<a href=\"https:\/\/www.bakirkoyrotaract.org\/tr\/03-11-2018-sanliurfa-asevi-yardimi\/\"\n\t\t\t\t\t\t\t   class=\"kc-post-2-button\">Devam\u0131n\u0131 Oku <i\n\t\t\t\t\t\t\t\t\tclass=\"fa fa-angle-right\" aria-hidden=\"true\"><\/i><\/a>\n\t\t\t\t\t\t\t\t\t\t\t\t\t<\/div>\n\n\t\t\t\t\t\n\t\t\t\t<\/div>\n\n\t\t\t\t\n\t\t\t\t<div class=\"kc-list-item-2\">\n\n\t\t\t\t\t\n\t\t\t\t\t\t<div class=\"post-item-left\">\n\t\t\t\t\t\t\t<div class=\"post_details\">\n\t\t\t\t\t\t\t\t<h2 class=\"post-title-alt\"><a\n\t\t\t\t\t\t\t\t\t\thref=\"https:\/\/www.bakirkoyrotaract.org\/tr\/24-10-2018-corbada-tuzun-olsun-corba-dagitimi\/\"\n\t\t\t\t\t\t\t\t\t\ttitle=\"24.10.2018 \/ \u00c7orbada Tuzun Olsun \u00c7orba Da\u011f\u0131t\u0131m\u0131\">24.10.2018 \/ \u00c7orbada Tuzun Olsun \u00c7orba Da\u011f\u0131t\u0131m\u0131<\/a>\n\t\t\t\t\t\t\t\t<\/h2>\n\t\t\t\t\t\t\t\t\t\t\t\t\t\t\t\t\t<div class=\"post-meta\">\n\t\t\t\t\t\t\t\t\t\t\t\t\t\t\t\t\t\t\t\t\t\t\t\t\t\t\t\t\t\t\t<span class=\"post-date\"><i class=\"fa fa-clock-o\"><\/i> <a\n\t\t\t\t\t\t\t\t\t\t\t\thref=\"https:\/\/www.bakirkoyrotaract.org\/tr\/2018\/10\/\">Ekim 24 2018<\/a> <\/span>\n\t\t\t\t\t\t\t\t\t\t\t\t\t\t\t\t\t\t\t\t\t\t\t\t\t\t\t\t\t\t\t\t\t\t\t\t\t\t\t\t\t\t\t<span class=\"post-cats\"><i class=\"fa fa-folder-o\"\n\t\t\t\t\t\t\t\t\t\t\t                           aria-hidden=\"true\"><\/i> <a href=\"https:\/\/www.bakirkoyrotaract.org\/tr\/category\/2018-2019\/\" rel=\"category tag\">2018-2019<\/a>, <a href=\"https:\/\/www.bakirkoyrotaract.org\/tr\/category\/genel\/\" rel=\"category tag\">Genel<\/a>, <a href=\"https:\/\/www.bakirkoyrotaract.org\/tr\/category\/hpk\/\" rel=\"category tag\">Hizmet Projeleri Kom.<\/a><\/span>\n\t\t\t\t\t\t\t\t\t\t\t\t\t\t\t\t\t\t\t\t\t\t\t\t\t\t\t\t\t\t<\/div>\n\t\t\t\t\t\t\t\t\t\t\t\t\t\t\t<\/div>\n\t\t\t\t\t\t\t\t\t\t\t\t\t\t\t<p>D\u00f6nemin sekizinci \u00c7orbada Tuzun Olsun \u00e7orba da\u011f\u0131t\u0131m\u0131 24.10.2018 tarihinde ger\u00e7ekle\u015ftirildi.&hellip;<\/p>\n\t\t\t\t\t\t\t\t\t\t\t\t\t\t<a href=\"https:\/\/www.bakirkoyrotaract.org\/tr\/24-10-2018-corbada-tuzun-olsun-corba-dagitimi\/\"\n\t\t\t\t\t\t\t   class=\"kc-post-2-button\">Devam\u0131n\u0131 Oku <i\n\t\t\t\t\t\t\t\t\tclass=\"fa fa-angle-right\" aria-hidden=\"true\"><\/i><\/a>\n\t\t\t\t\t\t\t\t\t\t\t\t\t<\/div>\n\t\t\t\t\t\t<div class=\"post-item-right\">\n\t\t\t\t\t\t\t<figure>\n\t\t\t\t\t\t\t\t<img decoding=\"async\" src=\"https:\/\/www.bakirkoyrotaract.org\/tr\/wp-content\/uploads\/2018\/10\/WhatsApp-Image-2018-10-24-at-20.21.41-543x304xct.jpeg\"\n\t\t\t\t\t\t\t\t     alt=\"24.10.2018 \/ \u00c7orbada Tuzun Olsun \u00c7orba Da\u011f\u0131t\u0131m\u0131\">\n\t\t\t\t\t\t\t<\/figure>\n\t\t\t\t\t\t<\/div>\n\n\t\t\t\t\t\n\t\t\t\t<\/div>\n\n\t\t\t\t\n\t\t\t\t<div class=\"kc-list-item-2\">\n\n\t\t\t\t\t\t\t\t\t\t\t\t\t\t\t\t\t\t<div class=\"post-item-left\">\n\t\t\t\t\t\t\t\t<figure>\n\t\t\t\t\t\t\t\t\t<img decoding=\"async\" src=\"https:\/\/www.bakirkoyrotaract.org\/tr\/wp-content\/uploads\/2018\/10\/WhatsApp-Image-2018-10-24-at-13.52.02-543x304xct.jpeg\"\n\t\t\t\t\t\t\t\t\t     alt=\"24.10.2018 \/ Tan\u0131san Seversin [Alt\u0131nba\u015f \u00dcniversitesi]\">\n\t\t\t\t\t\t\t\t<\/figure>\n\t\t\t\t\t\t\t<\/div>\n\t\t\t\t\t\t\t\t\t\t\t\t<div class=\"post-item-right\">\n\t\t\t\t\t\t\t<div class=\"post_details\">\n\t\t\t\t\t\t\t\t<h2 class=\"post-title-alt\"><a\n\t\t\t\t\t\t\t\t\t\thref=\"https:\/\/www.bakirkoyrotaract.org\/tr\/24-10-2018-tanisan-seversin-altinbas-universitesi\/\"\n\t\t\t\t\t\t\t\t\t\ttitle=\"24.10.2018 \/ Tan\u0131san Seversin [Alt\u0131nba\u015f \u00dcniversitesi]\">24.10.2018 \/ Tan\u0131san Seversin [Alt\u0131nba\u015f \u00dcniversitesi]<\/a>\n\t\t\t\t\t\t\t\t<\/h2>\n\n\t\t\t\t\t\t\t\t\t\t\t\t\t\t\t\t\t<div class=\"post-meta\">\n\t\t\t\t\t\t\t\t\t\t\t\t\t\t\t\t\t\t\t\t\t\t\t\t\t\t\t\t\t\t\t<span class=\"post-date\"><i class=\"fa fa-clock-o\"><\/i> <a\n\t\t\t\t\t\t\t\t\t\t\t\thref=\"https:\/\/www.bakirkoyrotaract.org\/tr\/2018\/10\/\">Ekim 24 2018<\/a> <\/span>\n\t\t\t\t\t\t\t\t\t\t\t\t\t\t\t\t\t\t\t\t\t\t\t\t\t\t\t\t\t\t\t\t\t\t\t\t\t\t\t\t\t\t\t<span class=\"post-cats\"><i class=\"fa fa-folder-o\"\n\t\t\t\t\t\t\t\t\t\t\t\t                           aria-hidden=\"true\"><\/i> <a href=\"https:\/\/www.bakirkoyrotaract.org\/tr\/category\/2018-2019\/\" rel=\"category tag\">2018-2019<\/a>, <a href=\"https:\/\/www.bakirkoyrotaract.org\/tr\/category\/genel\/\" rel=\"category tag\">Genel<\/a>, <a href=\"https:\/\/www.bakirkoyrotaract.org\/tr\/category\/thik\/\" rel=\"category tag\">Halkla \u0130li\u015fkiler Kom.<\/a><\/span>\n\t\t\t\t\t\t\t\t\t\t\t\t\t\t\t\t\t\t\t\t\t\t\t\t\t\t\t\t\t\t<\/div>\n\t\t\t\t\t\t\t\t\t\t\t\t\t\t\t<\/div>\n\t\t\t\t\t\t\t\t\t\t\t\t\t\t\t<p>Rotaract'\u0131 ve kul\u00fcb\u00fcm\u00fcz\u00fc tan\u0131tarak daha fazla insana ula\u015fmay\u0131 ama\u00e7layan\u00a0Tan\u0131san Seversin&hellip;<\/p>\n\t\t\t\t\t\t\t\t\t\t\t\t\t\t<a href=\"https:\/\/www.bakirkoyrotaract.org\/tr\/24-10-2018-tanisan-seversin-altinbas-universitesi\/\"\n\t\t\t\t\t\t\t   class=\"kc-post-2-button\">Devam\u0131n\u0131 Oku <i\n\t\t\t\t\t\t\t\t\tclass=\"fa fa-angle-right\" aria-hidden=\"true\"><\/i><\/a>\n\t\t\t\t\t\t\t\t\t\t\t\t\t<\/div>\n\n\t\t\t\t\t\n\t\t\t\t<\/div>\n\n\t\t\t\t\n\t\t\t\t<div class=\"kc-list-item-2\">\n\n\t\t\t\t\t\n\t\t\t\t\t\t<div class=\"post-item-left\">\n\t\t\t\t\t\t\t<div class=\"post_details\">\n\t\t\t\t\t\t\t\t<h2 class=\"post-title-alt\"><a\n\t\t\t\t\t\t\t\t\t\thref=\"https:\/\/www.bakirkoyrotaract.org\/tr\/22-10-2018-sinema-organizasyonu-venom\/\"\n\t\t\t\t\t\t\t\t\t\ttitle=\"22.10.2018 \/ Kul\u00fcp \u0130\u00e7i Sinema Organizasyonu [Venom]\">22.10.2018 \/ Kul\u00fcp \u0130\u00e7i Sinema Organizasyonu [Venom]<\/a>\n\t\t\t\t\t\t\t\t<\/h2>\n\t\t\t\t\t\t\t\t\t\t\t\t\t\t\t\t\t<div class=\"post-meta\">\n\t\t\t\t\t\t\t\t\t\t\t\t\t\t\t\t\t\t\t\t\t\t\t\t\t\t\t\t\t\t\t<span class=\"post-date\"><i class=\"fa fa-clock-o\"><\/i> <a\n\t\t\t\t\t\t\t\t\t\t\t\thref=\"https:\/\/www.bakirkoyrotaract.org\/tr\/2018\/10\/\">Ekim 22 2018<\/a> <\/span>\n\t\t\t\t\t\t\t\t\t\t\t\t\t\t\t\t\t\t\t\t\t\t\t\t\t\t\t\t\t\t\t\t\t\t\t\t\t\t\t\t\t\t\t<span class=\"post-cats\"><i class=\"fa fa-folder-o\"\n\t\t\t\t\t\t\t\t\t\t\t                           aria-hidden=\"true\"><\/i> <a href=\"https:\/\/www.bakirkoyrotaract.org\/tr\/category\/2018-2019\/\" rel=\"category tag\">2018-2019<\/a>, <a href=\"https:\/\/www.bakirkoyrotaract.org\/tr\/category\/genel\/\" rel=\"category tag\">Genel<\/a>, <a href=\"https:\/\/www.bakirkoyrotaract.org\/tr\/category\/kgk\/\" rel=\"category tag\">K\u00fclt\u00fcrel Geli\u015fim Kom.<\/a><\/span>\n\t\t\t\t\t\t\t\t\t\t\t\t\t\t\t\t\t\t\t\t\t\t\t\t\t\t\t\t\t\t<\/div>\n\t\t\t\t\t\t\t\t\t\t\t\t\t\t\t<\/div>\n\t\t\t\t\t\t\t\t\t\t\t\t\t\t\t<p>D\u00f6nemin ikinci sinema organizasyonunda 06.07.2018 tarihinde kul\u00fcp\u00e7e Antman&amp;Wasp filmini izledik.&hellip;<\/p>\n\t\t\t\t\t\t\t\t\t\t\t\t\t\t<a href=\"https:\/\/www.bakirkoyrotaract.org\/tr\/22-10-2018-sinema-organizasyonu-venom\/\"\n\t\t\t\t\t\t\t   class=\"kc-post-2-button\">Devam\u0131n\u0131 Oku <i\n\t\t\t\t\t\t\t\t\tclass=\"fa fa-angle-right\" aria-hidden=\"true\"><\/i><\/a>\n\t\t\t\t\t\t\t\t\t\t\t\t\t<\/div>\n\t\t\t\t\t\t<div class=\"post-item-right\">\n\t\t\t\t\t\t\t<figure>\n\t\t\t\t\t\t\t\t<img decoding=\"async\" src=\"https:\/\/www.bakirkoyrotaract.org\/tr\/wp-content\/uploads\/2018\/10\/WhatsApp-Image-2018-10-22-at-22.01.18-1-543x304xct.jpeg\"\n\t\t\t\t\t\t\t\t     alt=\"22.10.2018 \/ Kul\u00fcp \u0130\u00e7i Sinema Organizasyonu [Venom]\">\n\t\t\t\t\t\t\t<\/figure>\n\t\t\t\t\t\t<\/div>\n\n\t\t\t\t\t\n\t\t\t\t<\/div>\n\n\t\t\t\t\n\t\t\t\t<div class=\"kc-list-item-2\">\n\n\t\t\t\t\t\t\t\t\t\t\t\t\t\t\t\t\t\t<div class=\"post-item-left\">\n\t\t\t\t\t\t\t\t<figure>\n\t\t\t\t\t\t\t\t\t<img decoding=\"async\" src=\"https:\/\/www.bakirkoyrotaract.org\/tr\/wp-content\/uploads\/2018\/10\/WhatsApp-Image-2018-10-23-at-09.46.56-3-543x304xct.jpeg\"\n\t\t\t\t\t\t\t\t\t     alt=\"22.10.2018 \/ 2. El K\u0131yafet Ba\u011f\u0131\u015f\u0131\">\n\t\t\t\t\t\t\t\t<\/figure>\n\t\t\t\t\t\t\t<\/div>\n\t\t\t\t\t\t\t\t\t\t\t\t<div class=\"post-item-right\">\n\t\t\t\t\t\t\t<div class=\"post_details\">\n\t\t\t\t\t\t\t\t<h2 class=\"post-title-alt\"><a\n\t\t\t\t\t\t\t\t\t\thref=\"https:\/\/www.bakirkoyrotaract.org\/tr\/22-10-2018-2-el-kiyafet-bagisi\/\"\n\t\t\t\t\t\t\t\t\t\ttitle=\"22.10.2018 \/ 2. El K\u0131yafet Ba\u011f\u0131\u015f\u0131\">22.10.2018 \/ 2. El K\u0131yafet Ba\u011f\u0131\u015f\u0131<\/a>\n\t\t\t\t\t\t\t\t<\/h2>\n\n\t\t\t\t\t\t\t\t\t\t\t\t\t\t\t\t\t<div class=\"post-meta\">\n\t\t\t\t\t\t\t\t\t\t\t\t\t\t\t\t\t\t\t\t\t\t\t\t\t\t\t\t\t\t\t<span class=\"post-date\"><i class=\"fa fa-clock-o\"><\/i> <a\n\t\t\t\t\t\t\t\t\t\t\t\thref=\"https:\/\/www.bakirkoyrotaract.org\/tr\/2018\/10\/\">Ekim 22 2018<\/a> <\/span>\n\t\t\t\t\t\t\t\t\t\t\t\t\t\t\t\t\t\t\t\t\t\t\t\t\t\t\t\t\t\t\t\t\t\t\t\t\t\t\t\t\t\t\t<span class=\"post-cats\"><i class=\"fa fa-folder-o\"\n\t\t\t\t\t\t\t\t\t\t\t\t                           aria-hidden=\"true\"><\/i> <a href=\"https:\/\/www.bakirkoyrotaract.org\/tr\/category\/2018-2019\/\" rel=\"category tag\">2018-2019<\/a>, <a href=\"https:\/\/www.bakirkoyrotaract.org\/tr\/category\/genel\/\" rel=\"category tag\">Genel<\/a>, <a href=\"https:\/\/www.bakirkoyrotaract.org\/tr\/category\/hpk\/\" rel=\"category tag\">Hizmet Projeleri Kom.<\/a><\/span>\n\t\t\t\t\t\t\t\t\t\t\t\t\t\t\t\t\t\t\t\t\t\t\t\t\t\t\t\t\t\t<\/div>\n\t\t\t\t\t\t\t\t\t\t\t\t\t\t\t<\/div>\n\t\t\t\t\t\t\t\t\t\t\t\t\t\t\t<p>Proje dahilinde toplanan k\u0131yafetler 22.10.2018 tarihinde ihtiya\u00e7 sahiplerine ula\u015ft\u0131r\u0131lmak \u00fczere&hellip;<\/p>\n\t\t\t\t\t\t\t\t\t\t\t\t\t\t<a href=\"https:\/\/www.bakirkoyrotaract.org\/tr\/22-10-2018-2-el-kiyafet-bagisi\/\"\n\t\t\t\t\t\t\t   class=\"kc-post-2-button\">Devam\u0131n\u0131 Oku <i\n\t\t\t\t\t\t\t\t\tclass=\"fa fa-angle-right\" aria-hidden=\"true\"><\/i><\/a>\n\t\t\t\t\t\t\t\t\t\t\t\t\t<\/div>\n\n\t\t\t\t\t\n\t\t\t\t<\/div>\n\n\t\t\t\t\n\t\t\t\t<div class=\"kc-list-item-2\">\n\n\t\t\t\t\t\n\t\t\t\t\t\t<div class=\"post-item-left\">\n\t\t\t\t\t\t\t<div class=\"post_details\">\n\t\t\t\t\t\t\t\t<h2 class=\"post-title-alt\"><a\n\t\t\t\t\t\t\t\t\t\thref=\"https:\/\/www.bakirkoyrotaract.org\/tr\/20-10-2018-suc-makinesi-tiyatro-gosterimi\/\"\n\t\t\t\t\t\t\t\t\t\ttitle=\"20.10.2018 \/ Su\u00e7 Makinesi Tiyatro G\u00f6sterimi\">20.10.2018 \/ Su\u00e7 Makinesi Tiyatro G\u00f6sterimi<\/a>\n\t\t\t\t\t\t\t\t<\/h2>\n\t\t\t\t\t\t\t\t\t\t\t\t\t\t\t\t\t<div class=\"post-meta\">\n\t\t\t\t\t\t\t\t\t\t\t\t\t\t\t\t\t\t\t\t\t\t\t\t\t\t\t\t\t\t\t<span class=\"post-date\"><i class=\"fa fa-clock-o\"><\/i> <a\n\t\t\t\t\t\t\t\t\t\t\t\thref=\"https:\/\/www.bakirkoyrotaract.org\/tr\/2018\/10\/\">Ekim 20 2018<\/a> <\/span>\n\t\t\t\t\t\t\t\t\t\t\t\t\t\t\t\t\t\t\t\t\t\t\t\t\t\t\t\t\t\t\t\t\t\t\t\t\t\t\t\t\t\t\t<span class=\"post-cats\"><i class=\"fa fa-folder-o\"\n\t\t\t\t\t\t\t\t\t\t\t                           aria-hidden=\"true\"><\/i> <a href=\"https:\/\/www.bakirkoyrotaract.org\/tr\/category\/2018-2019\/\" rel=\"category tag\">2018-2019<\/a>, <a href=\"https:\/\/www.bakirkoyrotaract.org\/tr\/category\/genel\/\" rel=\"category tag\">Genel<\/a>, <a href=\"https:\/\/www.bakirkoyrotaract.org\/tr\/category\/kyk\/\" rel=\"category tag\">Kul\u00fcp Y\u00f6netimi Kom.<\/a><\/span>\n\t\t\t\t\t\t\t\t\t\t\t\t\t\t\t\t\t\t\t\t\t\t\t\t\t\t\t\t\t\t<\/div>\n\t\t\t\t\t\t\t\t\t\t\t\t\t\t\t<\/div>\n\t\t\t\t\t\t\t\t\t\t\t\t\t\t\t<p>Ger\u00e7ekle\u015ftirilecek bot &amp; mont yard\u0131m\u0131 projelerini fonlamak \u00fczere \"Su\u00e7 Makinesi\"&hellip;<\/p>\n\t\t\t\t\t\t\t\t\t\t\t\t\t\t<a href=\"https:\/\/www.bakirkoyrotaract.org\/tr\/20-10-2018-suc-makinesi-tiyatro-gosterimi\/\"\n\t\t\t\t\t\t\t   class=\"kc-post-2-button\">Devam\u0131n\u0131 Oku <i\n\t\t\t\t\t\t\t\t\tclass=\"fa fa-angle-right\" aria-hidden=\"true\"><\/i><\/a>\n\t\t\t\t\t\t\t\t\t\t\t\t\t<\/div>\n\t\t\t\t\t\t<div class=\"post-item-right\">\n\t\t\t\t\t\t\t<figure>\n\t\t\t\t\t\t\t\t<img decoding=\"async\" src=\"https:\/\/www.bakirkoyrotaract.org\/tr\/wp-content\/uploads\/2018\/10\/WhatsApp-Image-2018-10-20-at-20.37.18-543x304xct.jpeg\"\n\t\t\t\t\t\t\t\t     alt=\"20.10.2018 \/ Su\u00e7 Makinesi Tiyatro G\u00f6sterimi\">\n\t\t\t\t\t\t\t<\/figure>\n\t\t\t\t\t\t<\/div>\n\n\t\t\t\t\t\n\t\t\t\t<\/div>\n\n\t\t\t\t\n\t\t\t\t<div class=\"kc-list-item-2\">\n\n\t\t\t\t\t\t\t\t\t\t\t\t\t\t\t\t\t\t<div class=\"post-item-left\">\n\t\t\t\t\t\t\t\t<figure>\n\t\t\t\t\t\t\t\t\t<img decoding=\"async\" src=\"https:\/\/www.bakirkoyrotaract.org\/tr\/wp-content\/uploads\/2018\/10\/WhatsApp-Image-2018-10-13-at-20.53.12-1-543x304xct.jpeg\"\n\t\t\t\t\t\t\t\t\t     alt=\"13.10.2018 \/ Bak\u0131rk\u00f6y RAC &#038; Antakya RAC Ortak Ocakba\u015f\u0131\">\n\t\t\t\t\t\t\t\t<\/figure>\n\t\t\t\t\t\t\t<\/div>\n\t\t\t\t\t\t\t\t\t\t\t\t<div class=\"post-item-right\">\n\t\t\t\t\t\t\t<div class=\"post_details\">\n\t\t\t\t\t\t\t\t<h2 class=\"post-title-alt\"><a\n\t\t\t\t\t\t\t\t\t\thref=\"https:\/\/www.bakirkoyrotaract.org\/tr\/13-10-2018-bakirkoy-rac-antakya-rac-ortak-ocakbasi\/\"\n\t\t\t\t\t\t\t\t\t\ttitle=\"13.10.2018 \/ Bak\u0131rk\u00f6y RAC &#038; Antakya RAC Ortak Ocakba\u015f\u0131\">13.10.2018 \/ Bak\u0131rk\u00f6y RAC &#038; Antakya RAC Ortak Ocakba\u015f\u0131<\/a>\n\t\t\t\t\t\t\t\t<\/h2>\n\n\t\t\t\t\t\t\t\t\t\t\t\t\t\t\t\t\t<div class=\"post-meta\">\n\t\t\t\t\t\t\t\t\t\t\t\t\t\t\t\t\t\t\t\t\t\t\t\t\t\t\t\t\t\t\t<span class=\"post-date\"><i class=\"fa fa-clock-o\"><\/i> <a\n\t\t\t\t\t\t\t\t\t\t\t\thref=\"https:\/\/www.bakirkoyrotaract.org\/tr\/2018\/10\/\">Ekim 13 2018<\/a> <\/span>\n\t\t\t\t\t\t\t\t\t\t\t\t\t\t\t\t\t\t\t\t\t\t\t\t\t\t\t\t\t\t\t\t\t\t\t\t\t\t\t\t\t\t\t<span class=\"post-cats\"><i class=\"fa fa-folder-o\"\n\t\t\t\t\t\t\t\t\t\t\t\t                           aria-hidden=\"true\"><\/i> <a href=\"https:\/\/www.bakirkoyrotaract.org\/tr\/category\/2018-2019\/\" rel=\"category tag\">2018-2019<\/a>, <a href=\"https:\/\/www.bakirkoyrotaract.org\/tr\/category\/genel\/\" rel=\"category tag\">Genel<\/a>, <a href=\"https:\/\/www.bakirkoyrotaract.org\/tr\/category\/kyk\/\" rel=\"category tag\">Kul\u00fcp Y\u00f6netimi Kom.<\/a><\/span>\n\t\t\t\t\t\t\t\t\t\t\t\t\t\t\t\t\t\t\t\t\t\t\t\t\t\t\t\t\t\t<\/div>\n\t\t\t\t\t\t\t\t\t\t\t\t\t\t\t<\/div>\n\t\t\t\t\t\t\t\t\t\t\t\t\t\t\t<p>2018 - 2019 d\u00f6neminin \u00fc\u00e7\u00fcnc\u00fc ocakba\u015f\u0131 organizasyonu 13.10.2018 tarihinde Antakya&hellip;<\/p>\n\t\t\t\t\t\t\t\t\t\t\t\t\t\t<a href=\"https:\/\/www.bakirkoyrotaract.org\/tr\/13-10-2018-bakirkoy-rac-antakya-rac-ortak-ocakbasi\/\"\n\t\t\t\t\t\t\t   class=\"kc-post-2-button\">Devam\u0131n\u0131 Oku <i\n\t\t\t\t\t\t\t\t\tclass=\"fa fa-angle-right\" aria-hidden=\"true\"><\/i><\/a>\n\t\t\t\t\t\t\t\t\t\t\t\t\t<\/div>\n\n\t\t\t\t\t\n\t\t\t\t<\/div>\n\n\t\t\t\t\n\t\t\t\t<div class=\"kc-list-item-2\">\n\n\t\t\t\t\t\n\t\t\t\t\t\t<div class=\"post-item-left\">\n\t\t\t\t\t\t\t<div class=\"post_details\">\n\t\t\t\t\t\t\t\t<h2 class=\"post-title-alt\"><a\n\t\t\t\t\t\t\t\t\t\thref=\"https:\/\/www.bakirkoyrotaract.org\/tr\/13-10-2018-antakya-kulturel-gezi\/\"\n\t\t\t\t\t\t\t\t\t\ttitle=\"13.10.2018 \/ Antakya K\u00fclt\u00fcrel Gezi\">13.10.2018 \/ Antakya K\u00fclt\u00fcrel Gezi<\/a>\n\t\t\t\t\t\t\t\t<\/h2>\n\t\t\t\t\t\t\t\t\t\t\t\t\t\t\t\t\t<div class=\"post-meta\">\n\t\t\t\t\t\t\t\t\t\t\t\t\t\t\t\t\t\t\t\t\t\t\t\t\t\t\t\t\t\t\t<span class=\"post-date\"><i class=\"fa fa-clock-o\"><\/i> <a\n\t\t\t\t\t\t\t\t\t\t\t\thref=\"https:\/\/www.bakirkoyrotaract.org\/tr\/2018\/10\/\">Ekim 13 2018<\/a> <\/span>\n\t\t\t\t\t\t\t\t\t\t\t\t\t\t\t\t\t\t\t\t\t\t\t\t\t\t\t\t\t\t\t\t\t\t\t\t\t\t\t\t\t\t\t<span class=\"post-cats\"><i class=\"fa fa-folder-o\"\n\t\t\t\t\t\t\t\t\t\t\t                           aria-hidden=\"true\"><\/i> <a href=\"https:\/\/www.bakirkoyrotaract.org\/tr\/category\/2018-2019\/\" rel=\"category tag\">2018-2019<\/a>, <a href=\"https:\/\/www.bakirkoyrotaract.org\/tr\/category\/genel\/\" rel=\"category tag\">Genel<\/a>, <a href=\"https:\/\/www.bakirkoyrotaract.org\/tr\/category\/kgk\/\" rel=\"category tag\">K\u00fclt\u00fcrel Geli\u015fim Kom.<\/a><\/span>\n\t\t\t\t\t\t\t\t\t\t\t\t\t\t\t\t\t\t\t\t\t\t\t\t\t\t\t\t\t\t<\/div>\n\t\t\t\t\t\t\t\t\t\t\t\t\t\t\t<\/div>\n\t\t\t\t\t\t\t\t\t\t\t\t\t\t\t<p>13-14.10.2018 tarihinde tarihi ve do\u011fal g\u00fczellikleri ile \u00fcnl\u00fc Antakya\u2019ya k\u00fclt\u00fcrel&hellip;<\/p>\n\t\t\t\t\t\t\t\t\t\t\t\t\t\t<a href=\"https:\/\/www.bakirkoyrotaract.org\/tr\/13-10-2018-antakya-kulturel-gezi\/\"\n\t\t\t\t\t\t\t   class=\"kc-post-2-button\">Devam\u0131n\u0131 Oku <i\n\t\t\t\t\t\t\t\t\tclass=\"fa fa-angle-right\" aria-hidden=\"true\"><\/i><\/a>\n\t\t\t\t\t\t\t\t\t\t\t\t\t<\/div>\n\t\t\t\t\t\t<div class=\"post-item-right\">\n\t\t\t\t\t\t\t<figure>\n\t\t\t\t\t\t\t\t<img decoding=\"async\" src=\"https:\/\/www.bakirkoyrotaract.org\/tr\/wp-content\/uploads\/2018\/10\/WhatsApp-Image-2018-10-13-at-13.21.51-543x304xct.jpeg\"\n\t\t\t\t\t\t\t\t     alt=\"13.10.2018 \/ Antakya K\u00fclt\u00fcrel Gezi\">\n\t\t\t\t\t\t\t<\/figure>\n\t\t\t\t\t\t<\/div>\n\n\t\t\t\t\t\n\t\t\t\t<\/div>\n\n\t\t\t\t\n\t\t\t\t<div class=\"kc-list-item-2\">\n\n\t\t\t\t\t\t\t\t\t\t\t\t\t\t\t\t\t\t<div class=\"post-item-left\">\n\t\t\t\t\t\t\t\t<figure>\n\t\t\t\t\t\t\t\t\t<img decoding=\"async\" src=\"https:\/\/www.bakirkoyrotaract.org\/tr\/wp-content\/uploads\/2018\/11\/WhatsApp-Image-2018-10-12-at-15.07.23-1-543x304xct.jpeg\"\n\t\t\t\t\t\t\t\t\t     alt=\"12.10.2018 \/ \u00c7ocuk Haklar\u0131 E\u011fitimi [Hatay &#8211; G\u00fcm\u00fc\u015fg\u00f6ze Ortaokulu]\">\n\t\t\t\t\t\t\t\t<\/figure>\n\t\t\t\t\t\t\t<\/div>\n\t\t\t\t\t\t\t\t\t\t\t\t<div class=\"post-item-right\">\n\t\t\t\t\t\t\t<div class=\"post_details\">\n\t\t\t\t\t\t\t\t<h2 class=\"post-title-alt\"><a\n\t\t\t\t\t\t\t\t\t\thref=\"https:\/\/www.bakirkoyrotaract.org\/tr\/12-10-2018-cocuk-haklari-egitimi-hatay-gumusgoze-ortaokulu\/\"\n\t\t\t\t\t\t\t\t\t\ttitle=\"12.10.2018 \/ \u00c7ocuk Haklar\u0131 E\u011fitimi [Hatay &#8211; G\u00fcm\u00fc\u015fg\u00f6ze Ortaokulu]\">12.10.2018 \/ \u00c7ocuk Haklar\u0131 E\u011fitimi [Hatay &#8211; G\u00fcm\u00fc\u015fg\u00f6ze Ortaokulu]<\/a>\n\t\t\t\t\t\t\t\t<\/h2>\n\n\t\t\t\t\t\t\t\t\t\t\t\t\t\t\t\t\t<div class=\"post-meta\">\n\t\t\t\t\t\t\t\t\t\t\t\t\t\t\t\t\t\t\t\t\t\t\t\t\t\t\t\t\t\t\t<span class=\"post-date\"><i class=\"fa fa-clock-o\"><\/i> <a\n\t\t\t\t\t\t\t\t\t\t\t\thref=\"https:\/\/www.bakirkoyrotaract.org\/tr\/2018\/10\/\">Ekim 12 2018<\/a> <\/span>\n\t\t\t\t\t\t\t\t\t\t\t\t\t\t\t\t\t\t\t\t\t\t\t\t\t\t\t\t\t\t\t\t\t\t\t\t\t\t\t\t\t\t\t<span class=\"post-cats\"><i class=\"fa fa-folder-o\"\n\t\t\t\t\t\t\t\t\t\t\t\t                           aria-hidden=\"true\"><\/i> <a href=\"https:\/\/www.bakirkoyrotaract.org\/tr\/category\/2018-2019\/\" rel=\"category tag\">2018-2019<\/a>, <a href=\"https:\/\/www.bakirkoyrotaract.org\/tr\/category\/genel\/\" rel=\"category tag\">Genel<\/a>, <a href=\"https:\/\/www.bakirkoyrotaract.org\/tr\/category\/hpk\/\" rel=\"category tag\">Hizmet Projeleri Kom.<\/a><\/span>\n\t\t\t\t\t\t\t\t\t\t\t\t\t\t\t\t\t\t\t\t\t\t\t\t\t\t\t\t\t\t<\/div>\n\t\t\t\t\t\t\t\t\t\t\t\t\t\t\t<\/div>\n\t\t\t\t\t\t\t\t\t\t\t\t\t\t\t<p>(Bak\u0131rk\u00f6y RAC &amp; Antakya RAC Ortak Projesi) Antakya'ya ger\u00e7ekle\u015ftirilen gezinin&hellip;<\/p>\n\t\t\t\t\t\t\t\t\t\t\t\t\t\t<a href=\"https:\/\/www.bakirkoyrotaract.org\/tr\/12-10-2018-cocuk-haklari-egitimi-hatay-gumusgoze-ortaokulu\/\"\n\t\t\t\t\t\t\t   class=\"kc-post-2-button\">Devam\u0131n\u0131 Oku <i\n\t\t\t\t\t\t\t\t\tclass=\"fa fa-angle-right\" aria-hidden=\"true\"><\/i><\/a>\n\t\t\t\t\t\t\t\t\t\t\t\t\t<\/div>\n\n\t\t\t\t\t\n\t\t\t\t<\/div>\n\n\t\t\t\t\n\t\t\t\t<div class=\"kc-list-item-2\">\n\n\t\t\t\t\t\n\t\t\t\t\t\t<div class=\"post-item-left\">\n\t\t\t\t\t\t\t<div class=\"post_details\">\n\t\t\t\t\t\t\t\t<h2 class=\"post-title-alt\"><a\n\t\t\t\t\t\t\t\t\t\thref=\"https:\/\/www.bakirkoyrotaract.org\/tr\/10-10-2018-konuk-konusmacili-toplanti-meme-kanseri-bilinclendirme-prof-dr-sukru-aktan-yrd-doc-dr-fatih-levent-balci\/\"\n\t\t\t\t\t\t\t\t\t\ttitle=\"10.10.2018 \/ Konuk Konu\u015fmac\u0131l\u0131 Toplant\u0131 [Meme Kanseri Bilin\u00e7lendirme &#8211; Prof Dr \u015e\u00fckr\u00fc Aktan &#038; Yrd Do\u00e7 Dr Fatih Levent Balc\u0131]\">10.10.2018 \/ Konuk Konu\u015fmac\u0131l\u0131 Toplant\u0131 [Meme Kanseri Bilin\u00e7lendirme &#8211; Prof Dr \u015e\u00fckr\u00fc Aktan &#038; Yrd Do\u00e7 Dr Fatih Levent Balc\u0131]<\/a>\n\t\t\t\t\t\t\t\t<\/h2>\n\t\t\t\t\t\t\t\t\t\t\t\t\t\t\t\t\t<div class=\"post-meta\">\n\t\t\t\t\t\t\t\t\t\t\t\t\t\t\t\t\t\t\t\t\t\t\t\t\t\t\t\t\t\t\t<span class=\"post-date\"><i class=\"fa fa-clock-o\"><\/i> <a\n\t\t\t\t\t\t\t\t\t\t\t\thref=\"https:\/\/www.bakirkoyrotaract.org\/tr\/2018\/10\/\">Ekim 10 2018<\/a> <\/span>\n\t\t\t\t\t\t\t\t\t\t\t\t\t\t\t\t\t\t\t\t\t\t\t\t\t\t\t\t\t\t\t\t\t\t\t\t\t\t\t\t\t\t\t<span class=\"post-cats\"><i class=\"fa fa-folder-o\"\n\t\t\t\t\t\t\t\t\t\t\t                           aria-hidden=\"true\"><\/i> <a href=\"https:\/\/www.bakirkoyrotaract.org\/tr\/category\/2018-2019\/\" rel=\"category tag\">2018-2019<\/a>, <a href=\"https:\/\/www.bakirkoyrotaract.org\/tr\/category\/genel\/\" rel=\"category tag\">Genel<\/a>, <a href=\"https:\/\/www.bakirkoyrotaract.org\/tr\/category\/hpk\/\" rel=\"category tag\">Hizmet Projeleri Kom.<\/a><\/span>\n\t\t\t\t\t\t\t\t\t\t\t\t\t\t\t\t\t\t\t\t\t\t\t\t\t\t\t\t\t\t<\/div>\n\t\t\t\t\t\t\t\t\t\t\t\t\t\t\t<\/div>\n\t\t\t\t\t\t\t\t\t\t\t\t\t\t\t<p>(Bak\u0131rk\u00f6y RAC -\u00a0Gayrettepe RAC - Maslak RAC - Silivri RAC&hellip;<\/p>\n\t\t\t\t\t\t\t\t\t\t\t\t\t\t<a href=\"https:\/\/www.bakirkoyrotaract.org\/tr\/10-10-2018-konuk-konusmacili-toplanti-meme-kanseri-bilinclendirme-prof-dr-sukru-aktan-yrd-doc-dr-fatih-levent-balci\/\"\n\t\t\t\t\t\t\t   class=\"kc-post-2-button\">Devam\u0131n\u0131 Oku <i\n\t\t\t\t\t\t\t\t\tclass=\"fa fa-angle-right\" aria-hidden=\"true\"><\/i><\/a>\n\t\t\t\t\t\t\t\t\t\t\t\t\t<\/div>\n\t\t\t\t\t\t<div class=\"post-item-right\">\n\t\t\t\t\t\t\t<figure>\n\t\t\t\t\t\t\t\t<img decoding=\"async\" src=\"https:\/\/www.bakirkoyrotaract.org\/tr\/wp-content\/uploads\/2018\/11\/WhatsApp-Image-2018-11-01-at-10.39.51-543x304xct.jpeg\"\n\t\t\t\t\t\t\t\t     alt=\"10.10.2018 \/ Konuk Konu\u015fmac\u0131l\u0131 Toplant\u0131 [Meme Kanseri Bilin\u00e7lendirme &#8211; Prof Dr \u015e\u00fckr\u00fc Aktan &#038; Yrd Do\u00e7 Dr Fatih Levent Balc\u0131]\">\n\t\t\t\t\t\t\t<\/figure>\n\t\t\t\t\t\t<\/div>\n\n\t\t\t\t\t\n\t\t\t\t<\/div>\n\n\t\t\t\t\n\t\t\t\t<div class=\"kc-list-item-2\">\n\n\t\t\t\t\t\t\t\t\t\t\t\t\t\t\t\t\t\t<div class=\"post-item-left\">\n\t\t\t\t\t\t\t\t<figure>\n\t\t\t\t\t\t\t\t\t<img decoding=\"async\" src=\"https:\/\/www.bakirkoyrotaract.org\/tr\/wp-content\/uploads\/2018\/10\/WhatsApp-Image-2018-10-03-at-12.56.38-543x304xct.jpeg\"\n\t\t\t\t\t\t\t\t\t     alt=\"04.10.2018 \/ Kad\u0131n Haklar\u0131 E\u011fitimi\">\n\t\t\t\t\t\t\t\t<\/figure>\n\t\t\t\t\t\t\t<\/div>\n\t\t\t\t\t\t\t\t\t\t\t\t<div class=\"post-item-right\">\n\t\t\t\t\t\t\t<div class=\"post_details\">\n\t\t\t\t\t\t\t\t<h2 class=\"post-title-alt\"><a\n\t\t\t\t\t\t\t\t\t\thref=\"https:\/\/www.bakirkoyrotaract.org\/tr\/04-10-2018-kadin-haklari-egitimi\/\"\n\t\t\t\t\t\t\t\t\t\ttitle=\"04.10.2018 \/ Kad\u0131n Haklar\u0131 E\u011fitimi\">04.10.2018 \/ Kad\u0131n Haklar\u0131 E\u011fitimi<\/a>\n\t\t\t\t\t\t\t\t<\/h2>\n\n\t\t\t\t\t\t\t\t\t\t\t\t\t\t\t\t\t<div class=\"post-meta\">\n\t\t\t\t\t\t\t\t\t\t\t\t\t\t\t\t\t\t\t\t\t\t\t\t\t\t\t\t\t\t\t<span class=\"post-date\"><i class=\"fa fa-clock-o\"><\/i> <a\n\t\t\t\t\t\t\t\t\t\t\t\thref=\"https:\/\/www.bakirkoyrotaract.org\/tr\/2018\/10\/\">Ekim 4 2018<\/a> <\/span>\n\t\t\t\t\t\t\t\t\t\t\t\t\t\t\t\t\t\t\t\t\t\t\t\t\t\t\t\t\t\t\t\t\t\t\t\t\t\t\t\t\t\t\t<span class=\"post-cats\"><i class=\"fa fa-folder-o\"\n\t\t\t\t\t\t\t\t\t\t\t\t                           aria-hidden=\"true\"><\/i> <a href=\"https:\/\/www.bakirkoyrotaract.org\/tr\/category\/2018-2019\/\" rel=\"category tag\">2018-2019<\/a>, <a href=\"https:\/\/www.bakirkoyrotaract.org\/tr\/category\/genel\/\" rel=\"category tag\">Genel<\/a>, <a href=\"https:\/\/www.bakirkoyrotaract.org\/tr\/category\/hpk\/\" rel=\"category tag\">Hizmet Projeleri Kom.<\/a><\/span>\n\t\t\t\t\t\t\t\t\t\t\t\t\t\t\t\t\t\t\t\t\t\t\t\t\t\t\t\t\t\t<\/div>\n\t\t\t\t\t\t\t\t\t\t\t\t\t\t\t<\/div>\n\t\t\t\t\t\t\t\t\t\t\t\t\t\t\t<p>Kad\u0131n Haklar\u0131\u2019n\u0131n neler oldu\u011fu, kapsam\u0131 ve kazan\u0131mlar \u00fczerine detayl\u0131 bir&hellip;<\/p>\n\t\t\t\t\t\t\t\t\t\t\t\t\t\t<a href=\"https:\/\/www.bakirkoyrotaract.org\/tr\/04-10-2018-kadin-haklari-egitimi\/\"\n\t\t\t\t\t\t\t   class=\"kc-post-2-button\">Devam\u0131n\u0131 Oku <i\n\t\t\t\t\t\t\t\t\tclass=\"fa fa-angle-right\" aria-hidden=\"true\"><\/i><\/a>\n\t\t\t\t\t\t\t\t\t\t\t\t\t<\/div>\n\n\t\t\t\t\t\n\t\t\t\t<\/div>\n\n\t\t\t\t\n\t\t\t\t<div class=\"kc-list-item-2\">\n\n\t\t\t\t\t\n\t\t\t\t\t\t<div class=\"post-item-left\">\n\t\t\t\t\t\t\t<div class=\"post_details\">\n\t\t\t\t\t\t\t\t<h2 class=\"post-title-alt\"><a\n\t\t\t\t\t\t\t\t\t\thref=\"https:\/\/www.bakirkoyrotaract.org\/tr\/04-10-2018-sivil-toplum-gunleri-13-tider-ridvan-oner-bengu-kilit\/\"\n\t\t\t\t\t\t\t\t\t\ttitle=\"04.10.2018 \/ Sivil Toplum G\u00fcnleri 15# [T\u0130DER &#8211; R\u0131dvan \u00d6ner &#038; Beng\u00fc Kilit]\">04.10.2018 \/ Sivil Toplum G\u00fcnleri 15# [T\u0130DER &#8211; R\u0131dvan \u00d6ner &#038; Beng\u00fc Kilit]<\/a>\n\t\t\t\t\t\t\t\t<\/h2>\n\t\t\t\t\t\t\t\t\t\t\t\t\t\t\t\t\t<div class=\"post-meta\">\n\t\t\t\t\t\t\t\t\t\t\t\t\t\t\t\t\t\t\t\t\t\t\t\t\t\t\t\t\t\t\t<span class=\"post-date\"><i class=\"fa fa-clock-o\"><\/i> <a\n\t\t\t\t\t\t\t\t\t\t\t\thref=\"https:\/\/www.bakirkoyrotaract.org\/tr\/2018\/10\/\">Ekim 4 2018<\/a> <\/span>\n\t\t\t\t\t\t\t\t\t\t\t\t\t\t\t\t\t\t\t\t\t\t\t\t\t\t\t\t\t\t\t\t\t\t\t\t\t\t\t\t\t\t\t<span class=\"post-cats\"><i class=\"fa fa-folder-o\"\n\t\t\t\t\t\t\t\t\t\t\t                           aria-hidden=\"true\"><\/i> <a href=\"https:\/\/www.bakirkoyrotaract.org\/tr\/category\/2018-2019\/\" rel=\"category tag\">2018-2019<\/a>, <a href=\"https:\/\/www.bakirkoyrotaract.org\/tr\/category\/genel\/\" rel=\"category tag\">Genel<\/a>, <a href=\"https:\/\/www.bakirkoyrotaract.org\/tr\/category\/stk\/\" rel=\"category tag\">Sivil Toplum Kurulu\u015flar\u0131 Kom.<\/a><\/span>\n\t\t\t\t\t\t\t\t\t\t\t\t\t\t\t\t\t\t\t\t\t\t\t\t\t\t\t\t\t\t<\/div>\n\t\t\t\t\t\t\t\t\t\t\t\t\t\t\t<\/div>\n\t\t\t\t\t\t\t\t\t\t\t\t\t\t\t<p>Sivil Toplum G\u00fcnleri program\u0131n\u0131n 15. aya\u011f\u0131nda Temel \u0130htiya\u00e7 Derne\u011fi'nden (T\u0130DER)\u00a0R\u0131dvan&hellip;<\/p>\n\t\t\t\t\t\t\t\t\t\t\t\t\t\t<a href=\"https:\/\/www.bakirkoyrotaract.org\/tr\/04-10-2018-sivil-toplum-gunleri-13-tider-ridvan-oner-bengu-kilit\/\"\n\t\t\t\t\t\t\t   class=\"kc-post-2-button\">Devam\u0131n\u0131 Oku <i\n\t\t\t\t\t\t\t\t\tclass=\"fa fa-angle-right\" aria-hidden=\"true\"><\/i><\/a>\n\t\t\t\t\t\t\t\t\t\t\t\t\t<\/div>\n\t\t\t\t\t\t<div class=\"post-item-right\">\n\t\t\t\t\t\t\t<figure>\n\t\t\t\t\t\t\t\t<img decoding=\"async\" src=\"https:\/\/www.bakirkoyrotaract.org\/tr\/wp-content\/uploads\/2018\/10\/WhatsApp-Image-2018-10-05-at-17.58.49-1-543x304xct.jpeg\"\n\t\t\t\t\t\t\t\t     alt=\"04.10.2018 \/ Sivil Toplum G\u00fcnleri 15# [T\u0130DER &#8211; R\u0131dvan \u00d6ner &#038; Beng\u00fc Kilit]\">\n\t\t\t\t\t\t\t<\/figure>\n\t\t\t\t\t\t<\/div>\n\n\t\t\t\t\t\n\t\t\t\t<\/div>\n\n\t\t\t\t\n\t\t\t\t<div class=\"kc-list-item-2\">\n\n\t\t\t\t\t\t\t\t\t\t\t\t\t\t\t\t\t\t<div class=\"post-item-left\">\n\t\t\t\t\t\t\t\t<figure>\n\t\t\t\t\t\t\t\t\t<img decoding=\"async\" src=\"https:\/\/www.bakirkoyrotaract.org\/tr\/wp-content\/uploads\/2018\/10\/WhatsApp-Image-2018-10-03-at-15.16.38-e1540998501668-543x304xct.jpeg\"\n\t\t\t\t\t\t\t\t\t     alt=\"03.10.2018 \/ Okul Seti Yard\u0131m\u0131 [Anarat H\u0131gutyun Ermeni Okulu]\">\n\t\t\t\t\t\t\t\t<\/figure>\n\t\t\t\t\t\t\t<\/div>\n\t\t\t\t\t\t\t\t\t\t\t\t<div class=\"post-item-right\">\n\t\t\t\t\t\t\t<div class=\"post_details\">\n\t\t\t\t\t\t\t\t<h2 class=\"post-title-alt\"><a\n\t\t\t\t\t\t\t\t\t\thref=\"https:\/\/www.bakirkoyrotaract.org\/tr\/03-10-2018-okul-seti-yardimi-anarat-higutyun-ermeni-okulu\/\"\n\t\t\t\t\t\t\t\t\t\ttitle=\"03.10.2018 \/ Okul Seti Yard\u0131m\u0131 [Anarat H\u0131gutyun Ermeni Okulu]\">03.10.2018 \/ Okul Seti Yard\u0131m\u0131 [Anarat H\u0131gutyun Ermeni Okulu]<\/a>\n\t\t\t\t\t\t\t\t<\/h2>\n\n\t\t\t\t\t\t\t\t\t\t\t\t\t\t\t\t\t<div class=\"post-meta\">\n\t\t\t\t\t\t\t\t\t\t\t\t\t\t\t\t\t\t\t\t\t\t\t\t\t\t\t\t\t\t\t<span class=\"post-date\"><i class=\"fa fa-clock-o\"><\/i> <a\n\t\t\t\t\t\t\t\t\t\t\t\thref=\"https:\/\/www.bakirkoyrotaract.org\/tr\/2018\/10\/\">Ekim 3 2018<\/a> <\/span>\n\t\t\t\t\t\t\t\t\t\t\t\t\t\t\t\t\t\t\t\t\t\t\t\t\t\t\t\t\t\t\t\t\t\t\t\t\t\t\t\t\t\t\t<span class=\"post-cats\"><i class=\"fa fa-folder-o\"\n\t\t\t\t\t\t\t\t\t\t\t\t                           aria-hidden=\"true\"><\/i> <a href=\"https:\/\/www.bakirkoyrotaract.org\/tr\/category\/2018-2019\/\" rel=\"category tag\">2018-2019<\/a>, <a href=\"https:\/\/www.bakirkoyrotaract.org\/tr\/category\/genel\/\" rel=\"category tag\">Genel<\/a>, <a href=\"https:\/\/www.bakirkoyrotaract.org\/tr\/category\/hpk\/\" rel=\"category tag\">Hizmet Projeleri Kom.<\/a><\/span>\n\t\t\t\t\t\t\t\t\t\t\t\t\t\t\t\t\t\t\t\t\t\t\t\t\t\t\t\t\t\t<\/div>\n\t\t\t\t\t\t\t\t\t\t\t\t\t\t\t<\/div>\n\t\t\t\t\t\t\t\t\t\t\t\t\t\t\t<p>Anarat H\u0131gutyun Ermeni Okulu'ndaki ihtiya\u00e7 sahibi 15 karde\u015fimize 03.10.2018 tarihinde&hellip;<\/p>\n\t\t\t\t\t\t\t\t\t\t\t\t\t\t<a href=\"https:\/\/www.bakirkoyrotaract.org\/tr\/03-10-2018-okul-seti-yardimi-anarat-higutyun-ermeni-okulu\/\"\n\t\t\t\t\t\t\t   class=\"kc-post-2-button\">Devam\u0131n\u0131 Oku <i\n\t\t\t\t\t\t\t\t\tclass=\"fa fa-angle-right\" aria-hidden=\"true\"><\/i><\/a>\n\t\t\t\t\t\t\t\t\t\t\t\t\t<\/div>\n\n\t\t\t\t\t\n\t\t\t\t<\/div>\n\n\t\t\t\t\n\t\t\t\t<div class=\"kc-list-item-2\">\n\n\t\t\t\t\t\n\t\t\t\t\t\t<div class=\"post-item-left\">\n\t\t\t\t\t\t\t<div class=\"post_details\">\n\t\t\t\t\t\t\t\t<h2 class=\"post-title-alt\"><a\n\t\t\t\t\t\t\t\t\t\thref=\"https:\/\/www.bakirkoyrotaract.org\/tr\/03-10-2018-corbada-tuzun-olsun-corba-dagitimi\/\"\n\t\t\t\t\t\t\t\t\t\ttitle=\"03.10.2018 \/ \u00c7orbada Tuzun Olsun \u00c7orba Da\u011f\u0131t\u0131m\u0131\">03.10.2018 \/ \u00c7orbada Tuzun Olsun \u00c7orba Da\u011f\u0131t\u0131m\u0131<\/a>\n\t\t\t\t\t\t\t\t<\/h2>\n\t\t\t\t\t\t\t\t\t\t\t\t\t\t\t\t\t<div class=\"post-meta\">\n\t\t\t\t\t\t\t\t\t\t\t\t\t\t\t\t\t\t\t\t\t\t\t\t\t\t\t\t\t\t\t<span class=\"post-date\"><i class=\"fa fa-clock-o\"><\/i> <a\n\t\t\t\t\t\t\t\t\t\t\t\thref=\"https:\/\/www.bakirkoyrotaract.org\/tr\/2018\/10\/\">Ekim 3 2018<\/a> <\/span>\n\t\t\t\t\t\t\t\t\t\t\t\t\t\t\t\t\t\t\t\t\t\t\t\t\t\t\t\t\t\t\t\t\t\t\t\t\t\t\t\t\t\t\t<span class=\"post-cats\"><i class=\"fa fa-folder-o\"\n\t\t\t\t\t\t\t\t\t\t\t                           aria-hidden=\"true\"><\/i> <a href=\"https:\/\/www.bakirkoyrotaract.org\/tr\/category\/2018-2019\/\" rel=\"category tag\">2018-2019<\/a>, <a href=\"https:\/\/www.bakirkoyrotaract.org\/tr\/category\/genel\/\" rel=\"category tag\">Genel<\/a>, <a href=\"https:\/\/www.bakirkoyrotaract.org\/tr\/category\/hpk\/\" rel=\"category tag\">Hizmet Projeleri Kom.<\/a><\/span>\n\t\t\t\t\t\t\t\t\t\t\t\t\t\t\t\t\t\t\t\t\t\t\t\t\t\t\t\t\t\t<\/div>\n\t\t\t\t\t\t\t\t\t\t\t\t\t\t\t<\/div>\n\t\t\t\t\t\t\t\t\t\t\t\t\t\t\t<p>D\u00f6nemin yedinci \u00c7orbada Tuzun Olsun \u00e7orba da\u011f\u0131t\u0131m\u0131 03.10.2018 tarihinde ger\u00e7ekle\u015ftirildi.<\/p>\n\t\t\t\t\t\t\t\t\t\t\t\t\t\t<a href=\"https:\/\/www.bakirkoyrotaract.org\/tr\/03-10-2018-corbada-tuzun-olsun-corba-dagitimi\/\"\n\t\t\t\t\t\t\t   class=\"kc-post-2-button\">Devam\u0131n\u0131 Oku <i\n\t\t\t\t\t\t\t\t\tclass=\"fa fa-angle-right\" aria-hidden=\"true\"><\/i><\/a>\n\t\t\t\t\t\t\t\t\t\t\t\t\t<\/div>\n\t\t\t\t\t\t<div class=\"post-item-right\">\n\t\t\t\t\t\t\t<figure>\n\t\t\t\t\t\t\t\t<img decoding=\"async\" src=\"https:\/\/www.bakirkoyrotaract.org\/tr\/wp-content\/uploads\/2018\/10\/WhatsApp-Image-2018-10-03-at-21.05.55-e1540998192766-543x304xct.jpeg\"\n\t\t\t\t\t\t\t\t     alt=\"03.10.2018 \/ \u00c7orbada Tuzun Olsun \u00c7orba Da\u011f\u0131t\u0131m\u0131\">\n\t\t\t\t\t\t\t<\/figure>\n\t\t\t\t\t\t<\/div>\n\n\t\t\t\t\t\n\t\t\t\t<\/div>\n\n\t\t\t\t\n\t\t\t\t<div class=\"kc-list-item-2\">\n\n\t\t\t\t\t\t\t\t\t\t\t\t\t\t\t\t\t\t<div class=\"post-item-left\">\n\t\t\t\t\t\t\t\t<figure>\n\t\t\t\t\t\t\t\t\t<img decoding=\"async\" src=\"https:\/\/www.bakirkoyrotaract.org\/tr\/wp-content\/uploads\/2018\/10\/WhatsApp-Image-2018-10-08-at-20.11.36-543x304xct.jpeg\"\n\t\t\t\t\t\t\t\t\t     alt=\"03.10.2018 \/ \u00c7ocuk Haklar\u0131 E\u011fitimi\">\n\t\t\t\t\t\t\t\t<\/figure>\n\t\t\t\t\t\t\t<\/div>\n\t\t\t\t\t\t\t\t\t\t\t\t<div class=\"post-item-right\">\n\t\t\t\t\t\t\t<div class=\"post_details\">\n\t\t\t\t\t\t\t\t<h2 class=\"post-title-alt\"><a\n\t\t\t\t\t\t\t\t\t\thref=\"https:\/\/www.bakirkoyrotaract.org\/tr\/03-10-2018-cocuk-haklari-egitimi\/\"\n\t\t\t\t\t\t\t\t\t\ttitle=\"03.10.2018 \/ \u00c7ocuk Haklar\u0131 E\u011fitimi\">03.10.2018 \/ \u00c7ocuk Haklar\u0131 E\u011fitimi<\/a>\n\t\t\t\t\t\t\t\t<\/h2>\n\n\t\t\t\t\t\t\t\t\t\t\t\t\t\t\t\t\t<div class=\"post-meta\">\n\t\t\t\t\t\t\t\t\t\t\t\t\t\t\t\t\t\t\t\t\t\t\t\t\t\t\t\t\t\t\t<span class=\"post-date\"><i class=\"fa fa-clock-o\"><\/i> <a\n\t\t\t\t\t\t\t\t\t\t\t\thref=\"https:\/\/www.bakirkoyrotaract.org\/tr\/2018\/10\/\">Ekim 3 2018<\/a> <\/span>\n\t\t\t\t\t\t\t\t\t\t\t\t\t\t\t\t\t\t\t\t\t\t\t\t\t\t\t\t\t\t\t\t\t\t\t\t\t\t\t\t\t\t\t<span class=\"post-cats\"><i class=\"fa fa-folder-o\"\n\t\t\t\t\t\t\t\t\t\t\t\t                           aria-hidden=\"true\"><\/i> <a href=\"https:\/\/www.bakirkoyrotaract.org\/tr\/category\/2018-2019\/\" rel=\"category tag\">2018-2019<\/a>, <a href=\"https:\/\/www.bakirkoyrotaract.org\/tr\/category\/genel\/\" rel=\"category tag\">Genel<\/a>, <a href=\"https:\/\/www.bakirkoyrotaract.org\/tr\/category\/hpk\/\" rel=\"category tag\">Hizmet Projeleri Kom.<\/a><\/span>\n\t\t\t\t\t\t\t\t\t\t\t\t\t\t\t\t\t\t\t\t\t\t\t\t\t\t\t\t\t\t<\/div>\n\t\t\t\t\t\t\t\t\t\t\t\t\t\t\t<\/div>\n\t\t\t\t\t\t\t\t\t\t\t\t\t\t\t<p>\u00c7ocuk Haklar\u0131\u2019n\u0131n neler oldu\u011fu, kapsam\u0131 ve kazan\u0131mlar \u00fczerine detayl\u0131 bir&hellip;<\/p>\n\t\t\t\t\t\t\t\t\t\t\t\t\t\t<a href=\"https:\/\/www.bakirkoyrotaract.org\/tr\/03-10-2018-cocuk-haklari-egitimi\/\"\n\t\t\t\t\t\t\t   class=\"kc-post-2-button\">Devam\u0131n\u0131 Oku <i\n\t\t\t\t\t\t\t\t\tclass=\"fa fa-angle-right\" aria-hidden=\"true\"><\/i><\/a>\n\t\t\t\t\t\t\t\t\t\t\t\t\t<\/div>\n\n\t\t\t\t\t\n\t\t\t\t<\/div>\n\n\t\t\t\t\n\t\t\t\t<div class=\"kc-list-item-2\">\n\n\t\t\t\t\t\n\t\t\t\t\t\t<div class=\"post-item-left\">\n\t\t\t\t\t\t\t<div class=\"post_details\">\n\t\t\t\t\t\t\t\t<h2 class=\"post-title-alt\"><a\n\t\t\t\t\t\t\t\t\t\thref=\"https:\/\/www.bakirkoyrotaract.org\/tr\/03-10-2018-kirtasiye-yardimi-van-beyarslan-ilkokulu\/\"\n\t\t\t\t\t\t\t\t\t\ttitle=\"03.10.2018 \/ K\u0131rtasiye Yard\u0131m\u0131 [Van &#8211; Beyarslan \u0130lkokulu]\">03.10.2018 \/ K\u0131rtasiye Yard\u0131m\u0131 [Van &#8211; Beyarslan \u0130lkokulu]<\/a>\n\t\t\t\t\t\t\t\t<\/h2>\n\t\t\t\t\t\t\t\t\t\t\t\t\t\t\t\t\t<div class=\"post-meta\">\n\t\t\t\t\t\t\t\t\t\t\t\t\t\t\t\t\t\t\t\t\t\t\t\t\t\t\t\t\t\t\t<span class=\"post-date\"><i class=\"fa fa-clock-o\"><\/i> <a\n\t\t\t\t\t\t\t\t\t\t\t\thref=\"https:\/\/www.bakirkoyrotaract.org\/tr\/2018\/10\/\">Ekim 3 2018<\/a> <\/span>\n\t\t\t\t\t\t\t\t\t\t\t\t\t\t\t\t\t\t\t\t\t\t\t\t\t\t\t\t\t\t\t\t\t\t\t\t\t\t\t\t\t\t\t<span class=\"post-cats\"><i class=\"fa fa-folder-o\"\n\t\t\t\t\t\t\t\t\t\t\t                           aria-hidden=\"true\"><\/i> <a href=\"https:\/\/www.bakirkoyrotaract.org\/tr\/category\/2018-2019\/\" rel=\"category tag\">2018-2019<\/a>, <a href=\"https:\/\/www.bakirkoyrotaract.org\/tr\/category\/genel\/\" rel=\"category tag\">Genel<\/a>, <a href=\"https:\/\/www.bakirkoyrotaract.org\/tr\/category\/hpk\/\" rel=\"category tag\">Hizmet Projeleri Kom.<\/a><\/span>\n\t\t\t\t\t\t\t\t\t\t\t\t\t\t\t\t\t\t\t\t\t\t\t\t\t\t\t\t\t\t<\/div>\n\t\t\t\t\t\t\t\t\t\t\t\t\t\t\t<\/div>\n\t\t\t\t\t\t\t\t\t\t\t\t\t\t\t<p>Van Beyaslan \u0130lkokulu\u2019nda okuyan 45 karde\u015fimize k\u0131rtasiye malzemeleri 03.10.2018 tarihinde&hellip;<\/p>\n\t\t\t\t\t\t\t\t\t\t\t\t\t\t<a href=\"https:\/\/www.bakirkoyrotaract.org\/tr\/03-10-2018-kirtasiye-yardimi-van-beyarslan-ilkokulu\/\"\n\t\t\t\t\t\t\t   class=\"kc-post-2-button\">Devam\u0131n\u0131 Oku <i\n\t\t\t\t\t\t\t\t\tclass=\"fa fa-angle-right\" aria-hidden=\"true\"><\/i><\/a>\n\t\t\t\t\t\t\t\t\t\t\t\t\t<\/div>\n\t\t\t\t\t\t<div class=\"post-item-right\">\n\t\t\t\t\t\t\t<figure>\n\t\t\t\t\t\t\t\t<img decoding=\"async\" src=\"https:\/\/www.bakirkoyrotaract.org\/tr\/wp-content\/uploads\/2018\/11\/85f1812d-d04d-4d24-9a5c-a21afdfed0b6-543x304xct.jpg\"\n\t\t\t\t\t\t\t\t     alt=\"03.10.2018 \/ K\u0131rtasiye Yard\u0131m\u0131 [Van &#8211; Beyarslan \u0130lkokulu]\">\n\t\t\t\t\t\t\t<\/figure>\n\t\t\t\t\t\t<\/div>\n\n\t\t\t\t\t\n\t\t\t\t<\/div>\n\n\t\t\t\t\n\t\t\t\t<div class=\"kc-list-item-2\">\n\n\t\t\t\t\t\t\t\t\t\t\t\t\t\t\t\t\t\t<div class=\"post-item-left\">\n\t\t\t\t\t\t\t\t<figure>\n\t\t\t\t\t\t\t\t\t<img decoding=\"async\" src=\"https:\/\/www.bakirkoyrotaract.org\/tr\/wp-content\/uploads\/2018\/11\/WhatsApp-Image-2018-10-12-at-14.20.23-543x304xct.jpeg\"\n\t\t\t\t\t\t\t\t\t     alt=\"03.10.2018 \/ K\u0131rtasiye Yard\u0131m\u0131 [\u015eanl\u0131urfa &#8211; G\u00fcrp\u0131nar Ortaokulu]\">\n\t\t\t\t\t\t\t\t<\/figure>\n\t\t\t\t\t\t\t<\/div>\n\t\t\t\t\t\t\t\t\t\t\t\t<div class=\"post-item-right\">\n\t\t\t\t\t\t\t<div class=\"post_details\">\n\t\t\t\t\t\t\t\t<h2 class=\"post-title-alt\"><a\n\t\t\t\t\t\t\t\t\t\thref=\"https:\/\/www.bakirkoyrotaract.org\/tr\/03-10-2018-kirtasiye-yardimi-sanliurfa-gurpinar-ortaokulu\/\"\n\t\t\t\t\t\t\t\t\t\ttitle=\"03.10.2018 \/ K\u0131rtasiye Yard\u0131m\u0131 [\u015eanl\u0131urfa &#8211; G\u00fcrp\u0131nar Ortaokulu]\">03.10.2018 \/ K\u0131rtasiye Yard\u0131m\u0131 [\u015eanl\u0131urfa &#8211; G\u00fcrp\u0131nar Ortaokulu]<\/a>\n\t\t\t\t\t\t\t\t<\/h2>\n\n\t\t\t\t\t\t\t\t\t\t\t\t\t\t\t\t\t<div class=\"post-meta\">\n\t\t\t\t\t\t\t\t\t\t\t\t\t\t\t\t\t\t\t\t\t\t\t\t\t\t\t\t\t\t\t<span class=\"post-date\"><i class=\"fa fa-clock-o\"><\/i> <a\n\t\t\t\t\t\t\t\t\t\t\t\thref=\"https:\/\/www.bakirkoyrotaract.org\/tr\/2018\/10\/\">Ekim 3 2018<\/a> <\/span>\n\t\t\t\t\t\t\t\t\t\t\t\t\t\t\t\t\t\t\t\t\t\t\t\t\t\t\t\t\t\t\t\t\t\t\t\t\t\t\t\t\t\t\t<span class=\"post-cats\"><i class=\"fa fa-folder-o\"\n\t\t\t\t\t\t\t\t\t\t\t\t                           aria-hidden=\"true\"><\/i> <a href=\"https:\/\/www.bakirkoyrotaract.org\/tr\/category\/2018-2019\/\" rel=\"category tag\">2018-2019<\/a>, <a href=\"https:\/\/www.bakirkoyrotaract.org\/tr\/category\/genel\/\" rel=\"category tag\">Genel<\/a>, <a href=\"https:\/\/www.bakirkoyrotaract.org\/tr\/category\/hpk\/\" rel=\"category tag\">Hizmet Projeleri Kom.<\/a><\/span>\n\t\t\t\t\t\t\t\t\t\t\t\t\t\t\t\t\t\t\t\t\t\t\t\t\t\t\t\t\t\t<\/div>\n\t\t\t\t\t\t\t\t\t\t\t\t\t\t\t<\/div>\n\t\t\t\t\t\t\t\t\t\t\t\t\t\t\t<p>\u015eanl\u0131urfa G\u00fcrp\u0131nar Ortaokulu'nda okuyan 80 karde\u015fimize k\u0131rtasiye malzemeleri 03.10.2018 tarihinde&hellip;<\/p>\n\t\t\t\t\t\t\t\t\t\t\t\t\t\t<a href=\"https:\/\/www.bakirkoyrotaract.org\/tr\/03-10-2018-kirtasiye-yardimi-sanliurfa-gurpinar-ortaokulu\/\"\n\t\t\t\t\t\t\t   class=\"kc-post-2-button\">Devam\u0131n\u0131 Oku <i\n\t\t\t\t\t\t\t\t\tclass=\"fa fa-angle-right\" aria-hidden=\"true\"><\/i><\/a>\n\t\t\t\t\t\t\t\t\t\t\t\t\t<\/div>\n\n\t\t\t\t\t\n\t\t\t\t<\/div>\n\n\t\t\t\t\n\t\t\t\t<div class=\"kc-list-item-2\">\n\n\t\t\t\t\t\n\t\t\t\t\t\t<div class=\"post-item-left\">\n\t\t\t\t\t\t\t<div class=\"post_details\">\n\t\t\t\t\t\t\t\t<h2 class=\"post-title-alt\"><a\n\t\t\t\t\t\t\t\t\t\thref=\"https:\/\/www.bakirkoyrotaract.org\/tr\/03-10-2018-kirtasiye-yardimi-gaziantep-tokacli-koyu-ilkokulu\/\"\n\t\t\t\t\t\t\t\t\t\ttitle=\"03.10.2018 \/ K\u0131rtasiye Yard\u0131m\u0131 [Gaziantep &#8211; Toka\u00e7l\u0131 K\u00f6y\u00fc \u0130lkokulu]\">03.10.2018 \/ K\u0131rtasiye Yard\u0131m\u0131 [Gaziantep &#8211; Toka\u00e7l\u0131 K\u00f6y\u00fc \u0130lkokulu]<\/a>\n\t\t\t\t\t\t\t\t<\/h2>\n\t\t\t\t\t\t\t\t\t\t\t\t\t\t\t\t\t<div class=\"post-meta\">\n\t\t\t\t\t\t\t\t\t\t\t\t\t\t\t\t\t\t\t\t\t\t\t\t\t\t\t\t\t\t\t<span class=\"post-date\"><i class=\"fa fa-clock-o\"><\/i> <a\n\t\t\t\t\t\t\t\t\t\t\t\thref=\"https:\/\/www.bakirkoyrotaract.org\/tr\/2018\/10\/\">Ekim 3 2018<\/a> <\/span>\n\t\t\t\t\t\t\t\t\t\t\t\t\t\t\t\t\t\t\t\t\t\t\t\t\t\t\t\t\t\t\t\t\t\t\t\t\t\t\t\t\t\t\t<span class=\"post-cats\"><i class=\"fa fa-folder-o\"\n\t\t\t\t\t\t\t\t\t\t\t                           aria-hidden=\"true\"><\/i> <a href=\"https:\/\/www.bakirkoyrotaract.org\/tr\/category\/2018-2019\/\" rel=\"category tag\">2018-2019<\/a>, <a href=\"https:\/\/www.bakirkoyrotaract.org\/tr\/category\/genel\/\" rel=\"category tag\">Genel<\/a>, <a href=\"https:\/\/www.bakirkoyrotaract.org\/tr\/category\/hpk\/\" rel=\"category tag\">Hizmet Projeleri Kom.<\/a><\/span>\n\t\t\t\t\t\t\t\t\t\t\t\t\t\t\t\t\t\t\t\t\t\t\t\t\t\t\t\t\t\t<\/div>\n\t\t\t\t\t\t\t\t\t\t\t\t\t\t\t<\/div>\n\t\t\t\t\t\t\t\t\t\t\t\t\t\t\t<p>Gaziantep Toka\u00e7l\u0131 \u0130lkokulu'nda okuyan 50 karde\u015fimize k\u0131rtasiye malzemeleri 03.10.2018 tarihinde&hellip;<\/p>\n\t\t\t\t\t\t\t\t\t\t\t\t\t\t<a href=\"https:\/\/www.bakirkoyrotaract.org\/tr\/03-10-2018-kirtasiye-yardimi-gaziantep-tokacli-koyu-ilkokulu\/\"\n\t\t\t\t\t\t\t   class=\"kc-post-2-button\">Devam\u0131n\u0131 Oku <i\n\t\t\t\t\t\t\t\t\tclass=\"fa fa-angle-right\" aria-hidden=\"true\"><\/i><\/a>\n\t\t\t\t\t\t\t\t\t\t\t\t\t<\/div>\n\t\t\t\t\t\t<div class=\"post-item-right\">\n\t\t\t\t\t\t\t<figure>\n\t\t\t\t\t\t\t\t<img decoding=\"async\" src=\"https:\/\/www.bakirkoyrotaract.org\/tr\/wp-content\/uploads\/2018\/11\/WhatsApp-Image-2018-10-12-at-12.00.43-543x304xct.jpeg\"\n\t\t\t\t\t\t\t\t     alt=\"03.10.2018 \/ K\u0131rtasiye Yard\u0131m\u0131 [Gaziantep &#8211; Toka\u00e7l\u0131 K\u00f6y\u00fc \u0130lkokulu]\">\n\t\t\t\t\t\t\t<\/figure>\n\t\t\t\t\t\t<\/div>\n\n\t\t\t\t\t\n\t\t\t\t<\/div>\n\n\t\t\t\t\n\t\t\t\t<div class=\"kc-list-item-2\">\n\n\t\t\t\t\t\t\t\t\t\t\t\t\t\t\t\t\t\t<div class=\"post-item-left\">\n\t\t\t\t\t\t\t\t<figure>\n\t\t\t\t\t\t\t\t\t<img decoding=\"async\" src=\"https:\/\/www.bakirkoyrotaract.org\/tr\/wp-content\/uploads\/2018\/10\/WhatsApp-Image-2018-10-03-at-11.40.10-2-e1540821862342-543x304xct.jpeg\"\n\t\t\t\t\t\t\t\t\t     alt=\"29.09.2018 \/ Kedi Evi Yap\u0131m\u0131\">\n\t\t\t\t\t\t\t\t<\/figure>\n\t\t\t\t\t\t\t<\/div>\n\t\t\t\t\t\t\t\t\t\t\t\t<div class=\"post-item-right\">\n\t\t\t\t\t\t\t<div class=\"post_details\">\n\t\t\t\t\t\t\t\t<h2 class=\"post-title-alt\"><a\n\t\t\t\t\t\t\t\t\t\thref=\"https:\/\/www.bakirkoyrotaract.org\/tr\/29-09-2018-kedi-evi-yapimi\/\"\n\t\t\t\t\t\t\t\t\t\ttitle=\"29.09.2018 \/ Kedi Evi Yap\u0131m\u0131\">29.09.2018 \/ Kedi Evi Yap\u0131m\u0131<\/a>\n\t\t\t\t\t\t\t\t<\/h2>\n\n\t\t\t\t\t\t\t\t\t\t\t\t\t\t\t\t\t<div class=\"post-meta\">\n\t\t\t\t\t\t\t\t\t\t\t\t\t\t\t\t\t\t\t\t\t\t\t\t\t\t\t\t\t\t\t<span class=\"post-date\"><i class=\"fa fa-clock-o\"><\/i> <a\n\t\t\t\t\t\t\t\t\t\t\t\thref=\"https:\/\/www.bakirkoyrotaract.org\/tr\/2018\/09\/\">Eyl\u00fcl 29 2018<\/a> <\/span>\n\t\t\t\t\t\t\t\t\t\t\t\t\t\t\t\t\t\t\t\t\t\t\t\t\t\t\t\t\t\t\t\t\t\t\t\t\t\t\t\t\t\t\t<span class=\"post-cats\"><i class=\"fa fa-folder-o\"\n\t\t\t\t\t\t\t\t\t\t\t\t                           aria-hidden=\"true\"><\/i> <a href=\"https:\/\/www.bakirkoyrotaract.org\/tr\/category\/2018-2019\/\" rel=\"category tag\">2018-2019<\/a>, <a href=\"https:\/\/www.bakirkoyrotaract.org\/tr\/category\/genel\/\" rel=\"category tag\">Genel<\/a>, <a href=\"https:\/\/www.bakirkoyrotaract.org\/tr\/category\/hpk\/\" rel=\"category tag\">Hizmet Projeleri Kom.<\/a><\/span>\n\t\t\t\t\t\t\t\t\t\t\t\t\t\t\t\t\t\t\t\t\t\t\t\t\t\t\t\t\t\t<\/div>\n\t\t\t\t\t\t\t\t\t\t\t\t\t\t\t<\/div>\n\t\t\t\t\t\t\t\t\t\t\t\t\t\t\t<p>Geleneksel projelerimizden kedi evi yap\u0131m\u0131 Ortak\u00f6y RAC ortakl\u0131\u011f\u0131nda toplam 16&hellip;<\/p>\n\t\t\t\t\t\t\t\t\t\t\t\t\t\t<a href=\"https:\/\/www.bakirkoyrotaract.org\/tr\/29-09-2018-kedi-evi-yapimi\/\"\n\t\t\t\t\t\t\t   class=\"kc-post-2-button\">Devam\u0131n\u0131 Oku <i\n\t\t\t\t\t\t\t\t\tclass=\"fa fa-angle-right\" aria-hidden=\"true\"><\/i><\/a>\n\t\t\t\t\t\t\t\t\t\t\t\t\t<\/div>\n\n\t\t\t\t\t\n\t\t\t\t<\/div>\n\n\t\t\t\t\n\t\t\t\t<div class=\"kc-list-item-2\">\n\n\t\t\t\t\t\n\t\t\t\t\t\t<div class=\"post-item-left\">\n\t\t\t\t\t\t\t<div class=\"post_details\">\n\t\t\t\t\t\t\t\t<h2 class=\"post-title-alt\"><a\n\t\t\t\t\t\t\t\t\t\thref=\"https:\/\/www.bakirkoyrotaract.org\/tr\/29-09-2018-okul-seti-yardimi-sirnak-idil-gultepe-koyu-ilkokulu\/\"\n\t\t\t\t\t\t\t\t\t\ttitle=\"29.09.2018 \/ Okul Seti Yard\u0131m\u0131 [\u015e\u0131rnak &#8211; \u0130dil G\u00fcltepe K\u00f6y\u00fc \u0130lkokulu]\">29.09.2018 \/ Okul Seti Yard\u0131m\u0131 [\u015e\u0131rnak &#8211; \u0130dil G\u00fcltepe K\u00f6y\u00fc \u0130lkokulu]<\/a>\n\t\t\t\t\t\t\t\t<\/h2>\n\t\t\t\t\t\t\t\t\t\t\t\t\t\t\t\t\t<div class=\"post-meta\">\n\t\t\t\t\t\t\t\t\t\t\t\t\t\t\t\t\t\t\t\t\t\t\t\t\t\t\t\t\t\t\t<span class=\"post-date\"><i class=\"fa fa-clock-o\"><\/i> <a\n\t\t\t\t\t\t\t\t\t\t\t\thref=\"https:\/\/www.bakirkoyrotaract.org\/tr\/2018\/09\/\">Eyl\u00fcl 29 2018<\/a> <\/span>\n\t\t\t\t\t\t\t\t\t\t\t\t\t\t\t\t\t\t\t\t\t\t\t\t\t\t\t\t\t\t\t\t\t\t\t\t\t\t\t\t\t\t\t<span class=\"post-cats\"><i class=\"fa fa-folder-o\"\n\t\t\t\t\t\t\t\t\t\t\t                           aria-hidden=\"true\"><\/i> <a href=\"https:\/\/www.bakirkoyrotaract.org\/tr\/category\/2018-2019\/\" rel=\"category tag\">2018-2019<\/a>, <a href=\"https:\/\/www.bakirkoyrotaract.org\/tr\/category\/genel\/\" rel=\"category tag\">Genel<\/a>, <a href=\"https:\/\/www.bakirkoyrotaract.org\/tr\/category\/hpk\/\" rel=\"category tag\">Hizmet Projeleri Kom.<\/a><\/span>\n\t\t\t\t\t\t\t\t\t\t\t\t\t\t\t\t\t\t\t\t\t\t\t\t\t\t\t\t\t\t<\/div>\n\t\t\t\t\t\t\t\t\t\t\t\t\t\t\t<\/div>\n\t\t\t\t\t\t\t\t\t\t\t\t\t\t\t<p>\u015e\u0131rnak \u0130dil il\u00e7esine ba\u011fl\u0131 G\u00fcltepe K\u00f6y\u00fc \u0130lkokulu\u2019nun t\u00fcm \u00f6\u011frencilerine toplamda&hellip;<\/p>\n\t\t\t\t\t\t\t\t\t\t\t\t\t\t<a href=\"https:\/\/www.bakirkoyrotaract.org\/tr\/29-09-2018-okul-seti-yardimi-sirnak-idil-gultepe-koyu-ilkokulu\/\"\n\t\t\t\t\t\t\t   class=\"kc-post-2-button\">Devam\u0131n\u0131 Oku <i\n\t\t\t\t\t\t\t\t\tclass=\"fa fa-angle-right\" aria-hidden=\"true\"><\/i><\/a>\n\t\t\t\t\t\t\t\t\t\t\t\t\t<\/div>\n\t\t\t\t\t\t<div class=\"post-item-right\">\n\t\t\t\t\t\t\t<figure>\n\t\t\t\t\t\t\t\t<img decoding=\"async\" src=\"https:\/\/www.bakirkoyrotaract.org\/tr\/wp-content\/uploads\/2018\/09\/WhatsApp-Image-2018-09-26-at-14.27.57-1-1-543x304xct.jpeg\"\n\t\t\t\t\t\t\t\t     alt=\"29.09.2018 \/ Okul Seti Yard\u0131m\u0131 [\u015e\u0131rnak &#8211; \u0130dil G\u00fcltepe K\u00f6y\u00fc \u0130lkokulu]\">\n\t\t\t\t\t\t\t<\/figure>\n\t\t\t\t\t\t<\/div>\n\n\t\t\t\t\t\n\t\t\t\t<\/div>\n\n\t\t\t\t\n\t\t\t\t<div class=\"kc-list-item-2\">\n\n\t\t\t\t\t\t\t\t\t\t\t\t\t\t\t\t\t\t<div class=\"post-item-left\">\n\t\t\t\t\t\t\t\t<figure>\n\t\t\t\t\t\t\t\t\t<img decoding=\"async\" src=\"https:\/\/www.bakirkoyrotaract.org\/tr\/wp-content\/uploads\/2018\/09\/WhatsApp-Image-2018-09-27-at-10.43.35-4-543x304xct.jpeg\"\n\t\t\t\t\t\t\t\t\t     alt=\"26.09.2018 \/ Okul Seti Yard\u0131m\u0131 [\u015e\u0131rnak &#8211; \u0130dil Ocakl\u0131 K\u00f6y\u00fc \u0130lkokulu]\">\n\t\t\t\t\t\t\t\t<\/figure>\n\t\t\t\t\t\t\t<\/div>\n\t\t\t\t\t\t\t\t\t\t\t\t<div class=\"post-item-right\">\n\t\t\t\t\t\t\t<div class=\"post_details\">\n\t\t\t\t\t\t\t\t<h2 class=\"post-title-alt\"><a\n\t\t\t\t\t\t\t\t\t\thref=\"https:\/\/www.bakirkoyrotaract.org\/tr\/26-09-2018-okul-seti-yardimi-sirnak-idil-ocakli-koyu-ilkokulu\/\"\n\t\t\t\t\t\t\t\t\t\ttitle=\"26.09.2018 \/ Okul Seti Yard\u0131m\u0131 [\u015e\u0131rnak &#8211; \u0130dil Ocakl\u0131 K\u00f6y\u00fc \u0130lkokulu]\">26.09.2018 \/ Okul Seti Yard\u0131m\u0131 [\u015e\u0131rnak &#8211; \u0130dil Ocakl\u0131 K\u00f6y\u00fc \u0130lkokulu]<\/a>\n\t\t\t\t\t\t\t\t<\/h2>\n\n\t\t\t\t\t\t\t\t\t\t\t\t\t\t\t\t\t<div class=\"post-meta\">\n\t\t\t\t\t\t\t\t\t\t\t\t\t\t\t\t\t\t\t\t\t\t\t\t\t\t\t\t\t\t\t<span class=\"post-date\"><i class=\"fa fa-clock-o\"><\/i> <a\n\t\t\t\t\t\t\t\t\t\t\t\thref=\"https:\/\/www.bakirkoyrotaract.org\/tr\/2018\/09\/\">Eyl\u00fcl 26 2018<\/a> <\/span>\n\t\t\t\t\t\t\t\t\t\t\t\t\t\t\t\t\t\t\t\t\t\t\t\t\t\t\t\t\t\t\t\t\t\t\t\t\t\t\t\t\t\t\t<span class=\"post-cats\"><i class=\"fa fa-folder-o\"\n\t\t\t\t\t\t\t\t\t\t\t\t                           aria-hidden=\"true\"><\/i> <a href=\"https:\/\/www.bakirkoyrotaract.org\/tr\/category\/2018-2019\/\" rel=\"category tag\">2018-2019<\/a>, <a href=\"https:\/\/www.bakirkoyrotaract.org\/tr\/category\/genel\/\" rel=\"category tag\">Genel<\/a>, <a href=\"https:\/\/www.bakirkoyrotaract.org\/tr\/category\/hpk\/\" rel=\"category tag\">Hizmet Projeleri Kom.<\/a><\/span>\n\t\t\t\t\t\t\t\t\t\t\t\t\t\t\t\t\t\t\t\t\t\t\t\t\t\t\t\t\t\t<\/div>\n\t\t\t\t\t\t\t\t\t\t\t\t\t\t\t<\/div>\n\t\t\t\t\t\t\t\t\t\t\t\t\t\t\t<p>\u015e\u0131rnak \u0130dil il\u00e7esine ba\u011fl\u0131 Ocakl\u0131 K\u00f6y\u00fc \u0130lkokulu\u2019nun t\u00fcm \u00f6\u011frencilerine toplamda&hellip;<\/p>\n\t\t\t\t\t\t\t\t\t\t\t\t\t\t<a href=\"https:\/\/www.bakirkoyrotaract.org\/tr\/26-09-2018-okul-seti-yardimi-sirnak-idil-ocakli-koyu-ilkokulu\/\"\n\t\t\t\t\t\t\t   class=\"kc-post-2-button\">Devam\u0131n\u0131 Oku <i\n\t\t\t\t\t\t\t\t\tclass=\"fa fa-angle-right\" aria-hidden=\"true\"><\/i><\/a>\n\t\t\t\t\t\t\t\t\t\t\t\t\t<\/div>\n\n\t\t\t\t\t\n\t\t\t\t<\/div>\n\n\t\t\t\t\n\t\t\t\t<div class=\"kc-list-item-2\">\n\n\t\t\t\t\t\n\t\t\t\t\t\t<div class=\"post-item-left\">\n\t\t\t\t\t\t\t<div class=\"post_details\">\n\t\t\t\t\t\t\t\t<h2 class=\"post-title-alt\"><a\n\t\t\t\t\t\t\t\t\t\thref=\"https:\/\/www.bakirkoyrotaract.org\/tr\/24-09-2018-corbada-tuzun-olsun-corba-dagitimi\/\"\n\t\t\t\t\t\t\t\t\t\ttitle=\"24.09.2018 \/ \u00c7orbada Tuzun Olsun \u00c7orba Da\u011f\u0131t\u0131m\u0131\">24.09.2018 \/ \u00c7orbada Tuzun Olsun \u00c7orba Da\u011f\u0131t\u0131m\u0131<\/a>\n\t\t\t\t\t\t\t\t<\/h2>\n\t\t\t\t\t\t\t\t\t\t\t\t\t\t\t\t\t<div class=\"post-meta\">\n\t\t\t\t\t\t\t\t\t\t\t\t\t\t\t\t\t\t\t\t\t\t\t\t\t\t\t\t\t\t\t<span class=\"post-date\"><i class=\"fa fa-clock-o\"><\/i> <a\n\t\t\t\t\t\t\t\t\t\t\t\thref=\"https:\/\/www.bakirkoyrotaract.org\/tr\/2018\/09\/\">Eyl\u00fcl 24 2018<\/a> <\/span>\n\t\t\t\t\t\t\t\t\t\t\t\t\t\t\t\t\t\t\t\t\t\t\t\t\t\t\t\t\t\t\t\t\t\t\t\t\t\t\t\t\t\t\t<span class=\"post-cats\"><i class=\"fa fa-folder-o\"\n\t\t\t\t\t\t\t\t\t\t\t                           aria-hidden=\"true\"><\/i> <a href=\"https:\/\/www.bakirkoyrotaract.org\/tr\/category\/2018-2019\/\" rel=\"category tag\">2018-2019<\/a>, <a href=\"https:\/\/www.bakirkoyrotaract.org\/tr\/category\/genel\/\" rel=\"category tag\">Genel<\/a>, <a href=\"https:\/\/www.bakirkoyrotaract.org\/tr\/category\/hpk\/\" rel=\"category tag\">Hizmet Projeleri Kom.<\/a><\/span>\n\t\t\t\t\t\t\t\t\t\t\t\t\t\t\t\t\t\t\t\t\t\t\t\t\t\t\t\t\t\t<\/div>\n\t\t\t\t\t\t\t\t\t\t\t\t\t\t\t<\/div>\n\t\t\t\t\t\t\t\t\t\t\t\t\t\t\t<p>D\u00f6nemin alt\u0131nc\u0131 \u00c7orbada Tuzun Olsun \u00e7orba da\u011f\u0131t\u0131m\u0131 24.09.2018 tarihinde ger\u00e7ekle\u015ftirildi.&hellip;<\/p>\n\t\t\t\t\t\t\t\t\t\t\t\t\t\t<a href=\"https:\/\/www.bakirkoyrotaract.org\/tr\/24-09-2018-corbada-tuzun-olsun-corba-dagitimi\/\"\n\t\t\t\t\t\t\t   class=\"kc-post-2-button\">Devam\u0131n\u0131 Oku <i\n\t\t\t\t\t\t\t\t\tclass=\"fa fa-angle-right\" aria-hidden=\"true\"><\/i><\/a>\n\t\t\t\t\t\t\t\t\t\t\t\t\t<\/div>\n\t\t\t\t\t\t<div class=\"post-item-right\">\n\t\t\t\t\t\t\t<figure>\n\t\t\t\t\t\t\t\t<img decoding=\"async\" src=\"https:\/\/www.bakirkoyrotaract.org\/tr\/wp-content\/uploads\/2018\/09\/WhatsApp-Image-2018-09-24-at-21.24.59-543x304xct.jpeg\"\n\t\t\t\t\t\t\t\t     alt=\"24.09.2018 \/ \u00c7orbada Tuzun Olsun \u00c7orba Da\u011f\u0131t\u0131m\u0131\">\n\t\t\t\t\t\t\t<\/figure>\n\t\t\t\t\t\t<\/div>\n\n\t\t\t\t\t\n\t\t\t\t<\/div>\n\n\t\t\t\t\n\t\t\t\t<div class=\"kc-list-item-2\">\n\n\t\t\t\t\t\t\t\t\t\t\t\t\t\t\t\t\t\t<div class=\"post-item-left\">\n\t\t\t\t\t\t\t\t<figure>\n\t\t\t\t\t\t\t\t\t<img decoding=\"async\" src=\"https:\/\/www.bakirkoyrotaract.org\/tr\/wp-content\/uploads\/2018\/09\/WhatsApp-Image-2018-09-23-at-14.18.23-1-543x304xct.jpeg\"\n\t\t\t\t\t\t\t\t\t     alt=\"23.09.2018 \/ Kayna\u015fma G\u00fcn\u00fc Waffle Stand\u0131\">\n\t\t\t\t\t\t\t\t<\/figure>\n\t\t\t\t\t\t\t<\/div>\n\t\t\t\t\t\t\t\t\t\t\t\t<div class=\"post-item-right\">\n\t\t\t\t\t\t\t<div class=\"post_details\">\n\t\t\t\t\t\t\t\t<h2 class=\"post-title-alt\"><a\n\t\t\t\t\t\t\t\t\t\thref=\"https:\/\/www.bakirkoyrotaract.org\/tr\/23-09-2018-kaynasma-gunu-waffle-standi\/\"\n\t\t\t\t\t\t\t\t\t\ttitle=\"23.09.2018 \/ Kayna\u015fma G\u00fcn\u00fc Waffle Stand\u0131\">23.09.2018 \/ Kayna\u015fma G\u00fcn\u00fc Waffle Stand\u0131<\/a>\n\t\t\t\t\t\t\t\t<\/h2>\n\n\t\t\t\t\t\t\t\t\t\t\t\t\t\t\t\t\t<div class=\"post-meta\">\n\t\t\t\t\t\t\t\t\t\t\t\t\t\t\t\t\t\t\t\t\t\t\t\t\t\t\t\t\t\t\t<span class=\"post-date\"><i class=\"fa fa-clock-o\"><\/i> <a\n\t\t\t\t\t\t\t\t\t\t\t\thref=\"https:\/\/www.bakirkoyrotaract.org\/tr\/2018\/09\/\">Eyl\u00fcl 23 2018<\/a> <\/span>\n\t\t\t\t\t\t\t\t\t\t\t\t\t\t\t\t\t\t\t\t\t\t\t\t\t\t\t\t\t\t\t\t\t\t\t\t\t\t\t\t\t\t\t<span class=\"post-cats\"><i class=\"fa fa-folder-o\"\n\t\t\t\t\t\t\t\t\t\t\t\t                           aria-hidden=\"true\"><\/i> <a href=\"https:\/\/www.bakirkoyrotaract.org\/tr\/category\/2018-2019\/\" rel=\"category tag\">2018-2019<\/a>, <a href=\"https:\/\/www.bakirkoyrotaract.org\/tr\/category\/genel\/\" rel=\"category tag\">Genel<\/a>, <a href=\"https:\/\/www.bakirkoyrotaract.org\/tr\/category\/kyk\/\" rel=\"category tag\">Kul\u00fcp Y\u00f6netimi Kom.<\/a><\/span>\n\t\t\t\t\t\t\t\t\t\t\t\t\t\t\t\t\t\t\t\t\t\t\t\t\t\t\t\t\t\t<\/div>\n\t\t\t\t\t\t\t\t\t\t\t\t\t\t\t<\/div>\n\t\t\t\t\t\t\t\t\t\t\t\t\t\t\t<p>23.09.2018 tarihinde ger\u00e7ekle\u015ftirilen Kayna\u015fma G\u00fcn\u00fc organizasyonunda kul\u00fcb\u00fcm\u00fcz de fon yaratma&hellip;<\/p>\n\t\t\t\t\t\t\t\t\t\t\t\t\t\t<a href=\"https:\/\/www.bakirkoyrotaract.org\/tr\/23-09-2018-kaynasma-gunu-waffle-standi\/\"\n\t\t\t\t\t\t\t   class=\"kc-post-2-button\">Devam\u0131n\u0131 Oku <i\n\t\t\t\t\t\t\t\t\tclass=\"fa fa-angle-right\" aria-hidden=\"true\"><\/i><\/a>\n\t\t\t\t\t\t\t\t\t\t\t\t\t<\/div>\n\n\t\t\t\t\t\n\t\t\t\t<\/div>\n\n\t\t\t\t\n\t\t\t\t<div class=\"kc-list-item-2\">\n\n\t\t\t\t\t\n\t\t\t\t\t\t<div class=\"post-item-left\">\n\t\t\t\t\t\t\t<div class=\"post_details\">\n\t\t\t\t\t\t\t\t<h2 class=\"post-title-alt\"><a\n\t\t\t\t\t\t\t\t\t\thref=\"https:\/\/www.bakirkoyrotaract.org\/tr\/22-09-2018-ev-esyasi-yardimi\/\"\n\t\t\t\t\t\t\t\t\t\ttitle=\"22.09.2018 \/ Ev E\u015fyas\u0131 Yard\u0131m\u0131\">22.09.2018 \/ Ev E\u015fyas\u0131 Yard\u0131m\u0131<\/a>\n\t\t\t\t\t\t\t\t<\/h2>\n\t\t\t\t\t\t\t\t\t\t\t\t\t\t\t\t\t<div class=\"post-meta\">\n\t\t\t\t\t\t\t\t\t\t\t\t\t\t\t\t\t\t\t\t\t\t\t\t\t\t\t\t\t\t\t<span class=\"post-date\"><i class=\"fa fa-clock-o\"><\/i> <a\n\t\t\t\t\t\t\t\t\t\t\t\thref=\"https:\/\/www.bakirkoyrotaract.org\/tr\/2018\/09\/\">Eyl\u00fcl 22 2018<\/a> <\/span>\n\t\t\t\t\t\t\t\t\t\t\t\t\t\t\t\t\t\t\t\t\t\t\t\t\t\t\t\t\t\t\t\t\t\t\t\t\t\t\t\t\t\t\t<span class=\"post-cats\"><i class=\"fa fa-folder-o\"\n\t\t\t\t\t\t\t\t\t\t\t                           aria-hidden=\"true\"><\/i> <a href=\"https:\/\/www.bakirkoyrotaract.org\/tr\/category\/2018-2019\/\" rel=\"category tag\">2018-2019<\/a>, <a href=\"https:\/\/www.bakirkoyrotaract.org\/tr\/category\/genel\/\" rel=\"category tag\">Genel<\/a>, <a href=\"https:\/\/www.bakirkoyrotaract.org\/tr\/category\/hpk\/\" rel=\"category tag\">Hizmet Projeleri Kom.<\/a><\/span>\n\t\t\t\t\t\t\t\t\t\t\t\t\t\t\t\t\t\t\t\t\t\t\t\t\t\t\t\t\t\t<\/div>\n\t\t\t\t\t\t\t\t\t\t\t\t\t\t\t<\/div>\n\t\t\t\t\t\t\t\t\t\t\t\t\t\t\t<p>Muhtelif ev e\u015fyalar\u0131 ihtiya\u00e7 sahiplerine ba\u011f\u0131\u015flanmak \u00fczere 22.09.2018 tarihinde Atlas&hellip;<\/p>\n\t\t\t\t\t\t\t\t\t\t\t\t\t\t<a href=\"https:\/\/www.bakirkoyrotaract.org\/tr\/22-09-2018-ev-esyasi-yardimi\/\"\n\t\t\t\t\t\t\t   class=\"kc-post-2-button\">Devam\u0131n\u0131 Oku <i\n\t\t\t\t\t\t\t\t\tclass=\"fa fa-angle-right\" aria-hidden=\"true\"><\/i><\/a>\n\t\t\t\t\t\t\t\t\t\t\t\t\t<\/div>\n\t\t\t\t\t\t<div class=\"post-item-right\">\n\t\t\t\t\t\t\t<figure>\n\t\t\t\t\t\t\t\t<img decoding=\"async\" src=\"https:\/\/www.bakirkoyrotaract.org\/tr\/wp-content\/uploads\/2018\/09\/WhatsApp-Image-2018-09-22-at-12.26.28-2-543x304xct.jpeg\"\n\t\t\t\t\t\t\t\t     alt=\"22.09.2018 \/ Ev E\u015fyas\u0131 Yard\u0131m\u0131\">\n\t\t\t\t\t\t\t<\/figure>\n\t\t\t\t\t\t<\/div>\n\n\t\t\t\t\t\n\t\t\t\t<\/div>\n\n\t\t\t\t\n\t\t\t\t<div class=\"kc-list-item-2\">\n\n\t\t\t\t\t\t\t\t\t\t\t\t\t\t\t\t\t\t<div class=\"post-item-left\">\n\t\t\t\t\t\t\t\t<figure>\n\t\t\t\t\t\t\t\t\t<img decoding=\"async\" src=\"https:\/\/www.bakirkoyrotaract.org\/tr\/wp-content\/uploads\/2018\/09\/bak\u0131rkoyk\u0131y\u01311-543x304xct.jpg\"\n\t\t\t\t\t\t\t\t\t     alt=\"15.09.2018 \/ K\u0131y\u0131 Temizleme Projesi\">\n\t\t\t\t\t\t\t\t<\/figure>\n\t\t\t\t\t\t\t<\/div>\n\t\t\t\t\t\t\t\t\t\t\t\t<div class=\"post-item-right\">\n\t\t\t\t\t\t\t<div class=\"post_details\">\n\t\t\t\t\t\t\t\t<h2 class=\"post-title-alt\"><a\n\t\t\t\t\t\t\t\t\t\thref=\"https:\/\/www.bakirkoyrotaract.org\/tr\/15-09-2018-kiyi-temizleme-projesi\/\"\n\t\t\t\t\t\t\t\t\t\ttitle=\"15.09.2018 \/ K\u0131y\u0131 Temizleme Projesi\">15.09.2018 \/ K\u0131y\u0131 Temizleme Projesi<\/a>\n\t\t\t\t\t\t\t\t<\/h2>\n\n\t\t\t\t\t\t\t\t\t\t\t\t\t\t\t\t\t<div class=\"post-meta\">\n\t\t\t\t\t\t\t\t\t\t\t\t\t\t\t\t\t\t\t\t\t\t\t\t\t\t\t\t\t\t\t<span class=\"post-date\"><i class=\"fa fa-clock-o\"><\/i> <a\n\t\t\t\t\t\t\t\t\t\t\t\thref=\"https:\/\/www.bakirkoyrotaract.org\/tr\/2018\/09\/\">Eyl\u00fcl 15 2018<\/a> <\/span>\n\t\t\t\t\t\t\t\t\t\t\t\t\t\t\t\t\t\t\t\t\t\t\t\t\t\t\t\t\t\t\t\t\t\t\t\t\t\t\t\t\t\t\t<span class=\"post-cats\"><i class=\"fa fa-folder-o\"\n\t\t\t\t\t\t\t\t\t\t\t\t                           aria-hidden=\"true\"><\/i> <a href=\"https:\/\/www.bakirkoyrotaract.org\/tr\/category\/2018-2019\/\" rel=\"category tag\">2018-2019<\/a>, <a href=\"https:\/\/www.bakirkoyrotaract.org\/tr\/category\/genel\/\" rel=\"category tag\">Genel<\/a>, <a href=\"https:\/\/www.bakirkoyrotaract.org\/tr\/category\/hpk\/\" rel=\"category tag\">Hizmet Projeleri Kom.<\/a><\/span>\n\t\t\t\t\t\t\t\t\t\t\t\t\t\t\t\t\t\t\t\t\t\t\t\t\t\t\t\t\t\t<\/div>\n\t\t\t\t\t\t\t\t\t\t\t\t\t\t\t<\/div>\n\t\t\t\t\t\t\t\t\t\t\t\t\t\t\t<p>(Bak\u0131rk\u00f6y RAC &amp;\u00a0JCI Bah\u00e7e\u015fehir Ortak Projesi) Geleneksel projelerimizden K\u0131y\u0131 Temizleme&hellip;<\/p>\n\t\t\t\t\t\t\t\t\t\t\t\t\t\t<a href=\"https:\/\/www.bakirkoyrotaract.org\/tr\/15-09-2018-kiyi-temizleme-projesi\/\"\n\t\t\t\t\t\t\t   class=\"kc-post-2-button\">Devam\u0131n\u0131 Oku <i\n\t\t\t\t\t\t\t\t\tclass=\"fa fa-angle-right\" aria-hidden=\"true\"><\/i><\/a>\n\t\t\t\t\t\t\t\t\t\t\t\t\t<\/div>\n\n\t\t\t\t\t\n\t\t\t\t<\/div>\n\n\t\t\t\t\n\t\t\t\t<div class=\"kc-list-item-2\">\n\n\t\t\t\t\t\n\t\t\t\t\t\t<div class=\"post-item-left\">\n\t\t\t\t\t\t\t<div class=\"post_details\">\n\t\t\t\t\t\t\t\t<h2 class=\"post-title-alt\"><a\n\t\t\t\t\t\t\t\t\t\thref=\"https:\/\/www.bakirkoyrotaract.org\/tr\/06-09-2018-konuk-konusmacili-toplanti-emre-baskan-bakirkoy-rac-beyoglu-rac-ortak-projesi\/\"\n\t\t\t\t\t\t\t\t\t\ttitle=\"06.09.2018 \/ Konuk Konu\u015fmac\u0131l\u0131 Toplant\u0131 [Konfor Alan\u0131&#8217;ndan \u00c7\u0131kmak &#8211; Emre Ba\u015fkan]\">06.09.2018 \/ Konuk Konu\u015fmac\u0131l\u0131 Toplant\u0131 [Konfor Alan\u0131&#8217;ndan \u00c7\u0131kmak &#8211; Emre Ba\u015fkan]<\/a>\n\t\t\t\t\t\t\t\t<\/h2>\n\t\t\t\t\t\t\t\t\t\t\t\t\t\t\t\t\t<div class=\"post-meta\">\n\t\t\t\t\t\t\t\t\t\t\t\t\t\t\t\t\t\t\t\t\t\t\t\t\t\t\t\t\t\t\t<span class=\"post-date\"><i class=\"fa fa-clock-o\"><\/i> <a\n\t\t\t\t\t\t\t\t\t\t\t\thref=\"https:\/\/www.bakirkoyrotaract.org\/tr\/2018\/09\/\">Eyl\u00fcl 6 2018<\/a> <\/span>\n\t\t\t\t\t\t\t\t\t\t\t\t\t\t\t\t\t\t\t\t\t\t\t\t\t\t\t\t\t\t\t\t\t\t\t\t\t\t\t\t\t\t\t<span class=\"post-cats\"><i class=\"fa fa-folder-o\"\n\t\t\t\t\t\t\t\t\t\t\t                           aria-hidden=\"true\"><\/i> <a href=\"https:\/\/www.bakirkoyrotaract.org\/tr\/category\/2018-2019\/\" rel=\"category tag\">2018-2019<\/a>, <a href=\"https:\/\/www.bakirkoyrotaract.org\/tr\/category\/genel\/\" rel=\"category tag\">Genel<\/a>, <a href=\"https:\/\/www.bakirkoyrotaract.org\/tr\/category\/mgk\/\" rel=\"category tag\">Kariyer Geli\u015fim Kom.<\/a><\/span>\n\t\t\t\t\t\t\t\t\t\t\t\t\t\t\t\t\t\t\t\t\t\t\t\t\t\t\t\t\t\t<\/div>\n\t\t\t\t\t\t\t\t\t\t\t\t\t\t\t<\/div>\n\t\t\t\t\t\t\t\t\t\t\t\t\t\t\t<p>(Bak\u0131rk\u00f6y RAC &amp; Beyo\u011flu RAC Ortak Projesi) \"Konfor Alan\u0131'ndan \u00c7\u0131kmak\"&hellip;<\/p>\n\t\t\t\t\t\t\t\t\t\t\t\t\t\t<a href=\"https:\/\/www.bakirkoyrotaract.org\/tr\/06-09-2018-konuk-konusmacili-toplanti-emre-baskan-bakirkoy-rac-beyoglu-rac-ortak-projesi\/\"\n\t\t\t\t\t\t\t   class=\"kc-post-2-button\">Devam\u0131n\u0131 Oku <i\n\t\t\t\t\t\t\t\t\tclass=\"fa fa-angle-right\" aria-hidden=\"true\"><\/i><\/a>\n\t\t\t\t\t\t\t\t\t\t\t\t\t<\/div>\n\t\t\t\t\t\t<div class=\"post-item-right\">\n\t\t\t\t\t\t\t<figure>\n\t\t\t\t\t\t\t\t<img decoding=\"async\" src=\"https:\/\/www.bakirkoyrotaract.org\/tr\/wp-content\/uploads\/2018\/09\/WhatsApp-Image-2018-09-07-at-08.16.42-2-543x304xct.jpeg\"\n\t\t\t\t\t\t\t\t     alt=\"06.09.2018 \/ Konuk Konu\u015fmac\u0131l\u0131 Toplant\u0131 [Konfor Alan\u0131&#8217;ndan \u00c7\u0131kmak &#8211; Emre Ba\u015fkan]\">\n\t\t\t\t\t\t\t<\/figure>\n\t\t\t\t\t\t<\/div>\n\n\t\t\t\t\t\n\t\t\t\t<\/div>\n\n\t\t\t\t\n\t\t\t\t<div class=\"kc-list-item-2\">\n\n\t\t\t\t\t\t\t\t\t\t\t\t\t\t\t\t\t\t<div class=\"post-item-left\">\n\t\t\t\t\t\t\t\t<figure>\n\t\t\t\t\t\t\t\t\t<img decoding=\"async\" src=\"https:\/\/www.bakirkoyrotaract.org\/tr\/wp-content\/uploads\/2018\/09\/WhatsApp-Image-2018-09-05-at-11.18.55-e1536135834655-543x304xct.jpeg\"\n\t\t\t\t\t\t\t\t\t     alt=\"04.09.2018 \/ \u00c7orbada Tuzun Olsun \u00c7orba Da\u011f\u0131t\u0131m\u0131\">\n\t\t\t\t\t\t\t\t<\/figure>\n\t\t\t\t\t\t\t<\/div>\n\t\t\t\t\t\t\t\t\t\t\t\t<div class=\"post-item-right\">\n\t\t\t\t\t\t\t<div class=\"post_details\">\n\t\t\t\t\t\t\t\t<h2 class=\"post-title-alt\"><a\n\t\t\t\t\t\t\t\t\t\thref=\"https:\/\/www.bakirkoyrotaract.org\/tr\/04-09-2018-corbada-tuzun-olsun-corba-dagitimi\/\"\n\t\t\t\t\t\t\t\t\t\ttitle=\"04.09.2018 \/ \u00c7orbada Tuzun Olsun \u00c7orba Da\u011f\u0131t\u0131m\u0131\">04.09.2018 \/ \u00c7orbada Tuzun Olsun \u00c7orba Da\u011f\u0131t\u0131m\u0131<\/a>\n\t\t\t\t\t\t\t\t<\/h2>\n\n\t\t\t\t\t\t\t\t\t\t\t\t\t\t\t\t\t<div class=\"post-meta\">\n\t\t\t\t\t\t\t\t\t\t\t\t\t\t\t\t\t\t\t\t\t\t\t\t\t\t\t\t\t\t\t<span class=\"post-date\"><i class=\"fa fa-clock-o\"><\/i> <a\n\t\t\t\t\t\t\t\t\t\t\t\thref=\"https:\/\/www.bakirkoyrotaract.org\/tr\/2018\/09\/\">Eyl\u00fcl 4 2018<\/a> <\/span>\n\t\t\t\t\t\t\t\t\t\t\t\t\t\t\t\t\t\t\t\t\t\t\t\t\t\t\t\t\t\t\t\t\t\t\t\t\t\t\t\t\t\t\t<span class=\"post-cats\"><i class=\"fa fa-folder-o\"\n\t\t\t\t\t\t\t\t\t\t\t\t                           aria-hidden=\"true\"><\/i> <a href=\"https:\/\/www.bakirkoyrotaract.org\/tr\/category\/2018-2019\/\" rel=\"category tag\">2018-2019<\/a>, <a href=\"https:\/\/www.bakirkoyrotaract.org\/tr\/category\/genel\/\" rel=\"category tag\">Genel<\/a>, <a href=\"https:\/\/www.bakirkoyrotaract.org\/tr\/category\/hpk\/\" rel=\"category tag\">Hizmet Projeleri Kom.<\/a><\/span>\n\t\t\t\t\t\t\t\t\t\t\t\t\t\t\t\t\t\t\t\t\t\t\t\t\t\t\t\t\t\t<\/div>\n\t\t\t\t\t\t\t\t\t\t\t\t\t\t\t<\/div>\n\t\t\t\t\t\t\t\t\t\t\t\t\t\t\t<p>D\u00f6nemin 5. \u00c7orbada Tuzun Olsun \u00e7orba da\u011f\u0131t\u0131m\u0131 04.09.2018 tarihinde ger\u00e7ekle\u015ftirildi.&hellip;<\/p>\n\t\t\t\t\t\t\t\t\t\t\t\t\t\t<a href=\"https:\/\/www.bakirkoyrotaract.org\/tr\/04-09-2018-corbada-tuzun-olsun-corba-dagitimi\/\"\n\t\t\t\t\t\t\t   class=\"kc-post-2-button\">Devam\u0131n\u0131 Oku <i\n\t\t\t\t\t\t\t\t\tclass=\"fa fa-angle-right\" aria-hidden=\"true\"><\/i><\/a>\n\t\t\t\t\t\t\t\t\t\t\t\t\t<\/div>\n\n\t\t\t\t\t\n\t\t\t\t<\/div>\n\n\t\t\t\t\n\t\t\t\t<div class=\"kc-list-item-2\">\n\n\t\t\t\t\t\n\t\t\t\t\t\t<div class=\"post-item-left\">\n\t\t\t\t\t\t\t<div class=\"post_details\">\n\t\t\t\t\t\t\t\t<h2 class=\"post-title-alt\"><a\n\t\t\t\t\t\t\t\t\t\thref=\"https:\/\/www.bakirkoyrotaract.org\/tr\/31-08-2018-satrancla-buyuyorum-58-istanbul-atlas-yardimlasma-dernegi\/\"\n\t\t\t\t\t\t\t\t\t\ttitle=\"31.08.2018 \/ Satran\u00e7la B\u00fcy\u00fcyorum #58 [\u0130stanbul &#8211; Atlas Yard\u0131mla\u015fma ve Dayan\u0131\u015fma Derne\u011fi]\">31.08.2018 \/ Satran\u00e7la B\u00fcy\u00fcyorum #58 [\u0130stanbul &#8211; Atlas Yard\u0131mla\u015fma ve Dayan\u0131\u015fma Derne\u011fi]<\/a>\n\t\t\t\t\t\t\t\t<\/h2>\n\t\t\t\t\t\t\t\t\t\t\t\t\t\t\t\t\t<div class=\"post-meta\">\n\t\t\t\t\t\t\t\t\t\t\t\t\t\t\t\t\t\t\t\t\t\t\t\t\t\t\t\t\t\t\t<span class=\"post-date\"><i class=\"fa fa-clock-o\"><\/i> <a\n\t\t\t\t\t\t\t\t\t\t\t\thref=\"https:\/\/www.bakirkoyrotaract.org\/tr\/2018\/08\/\">A\u011fustos 31 2018<\/a> <\/span>\n\t\t\t\t\t\t\t\t\t\t\t\t\t\t\t\t\t\t\t\t\t\t\t\t\t\t\t\t\t\t\t\t\t\t\t\t\t\t\t\t\t\t\t<span class=\"post-cats\"><i class=\"fa fa-folder-o\"\n\t\t\t\t\t\t\t\t\t\t\t                           aria-hidden=\"true\"><\/i> <a href=\"https:\/\/www.bakirkoyrotaract.org\/tr\/category\/2018-2019\/\" rel=\"category tag\">2018-2019<\/a>, <a href=\"https:\/\/www.bakirkoyrotaract.org\/tr\/category\/genel\/\" rel=\"category tag\">Genel<\/a>, <a href=\"https:\/\/www.bakirkoyrotaract.org\/tr\/category\/hpk\/\" rel=\"category tag\">Hizmet Projeleri Kom.<\/a><\/span>\n\t\t\t\t\t\t\t\t\t\t\t\t\t\t\t\t\t\t\t\t\t\t\t\t\t\t\t\t\t\t<\/div>\n\t\t\t\t\t\t\t\t\t\t\t\t\t\t\t<\/div>\n\t\t\t\t\t\t\t\t\t\t\t\t\t\t\t<p>Satran\u00e7la B\u00fcy\u00fcyorum Program\u0131'n\u0131n 58. halkas\u0131 bu defa 10 okulluk bir&hellip;<\/p>\n\t\t\t\t\t\t\t\t\t\t\t\t\t\t<a href=\"https:\/\/www.bakirkoyrotaract.org\/tr\/31-08-2018-satrancla-buyuyorum-58-istanbul-atlas-yardimlasma-dernegi\/\"\n\t\t\t\t\t\t\t   class=\"kc-post-2-button\">Devam\u0131n\u0131 Oku <i\n\t\t\t\t\t\t\t\t\tclass=\"fa fa-angle-right\" aria-hidden=\"true\"><\/i><\/a>\n\t\t\t\t\t\t\t\t\t\t\t\t\t<\/div>\n\t\t\t\t\t\t<div class=\"post-item-right\">\n\t\t\t\t\t\t\t<figure>\n\t\t\t\t\t\t\t\t<img decoding=\"async\" src=\"https:\/\/www.bakirkoyrotaract.org\/tr\/wp-content\/uploads\/2018\/10\/WhatsApp-Image-2018-08-31-at-11.59.52-543x304xct.jpeg\"\n\t\t\t\t\t\t\t\t     alt=\"31.08.2018 \/ Satran\u00e7la B\u00fcy\u00fcyorum #58 [\u0130stanbul &#8211; Atlas Yard\u0131mla\u015fma ve Dayan\u0131\u015fma Derne\u011fi]\">\n\t\t\t\t\t\t\t<\/figure>\n\t\t\t\t\t\t<\/div>\n\n\t\t\t\t\t\n\t\t\t\t<\/div>\n\n\t\t\t\t\n\t\t\t\t<div class=\"kc-list-item-2\">\n\n\t\t\t\t\t\t\t\t\t\t\t\t\t\t\t\t\t\t<div class=\"post-item-left\">\n\t\t\t\t\t\t\t\t<figure>\n\t\t\t\t\t\t\t\t\t<img decoding=\"async\" src=\"https:\/\/www.bakirkoyrotaract.org\/tr\/wp-content\/uploads\/2018\/08\/WhatsApp-Image-2018-08-28-at-22.02.11-2-e1535615184336-543x304xct.jpeg\"\n\t\t\t\t\t\t\t\t\t     alt=\"28.08.2018 \/ \u00c7orbada Tuzun Olsun \u00c7orba Da\u011f\u0131t\u0131m\u0131\">\n\t\t\t\t\t\t\t\t<\/figure>\n\t\t\t\t\t\t\t<\/div>\n\t\t\t\t\t\t\t\t\t\t\t\t<div class=\"post-item-right\">\n\t\t\t\t\t\t\t<div class=\"post_details\">\n\t\t\t\t\t\t\t\t<h2 class=\"post-title-alt\"><a\n\t\t\t\t\t\t\t\t\t\thref=\"https:\/\/www.bakirkoyrotaract.org\/tr\/28-08-2018-corbada-tuzun-olsun-corba-dagitimi\/\"\n\t\t\t\t\t\t\t\t\t\ttitle=\"28.08.2018 \/ \u00c7orbada Tuzun Olsun \u00c7orba Da\u011f\u0131t\u0131m\u0131\">28.08.2018 \/ \u00c7orbada Tuzun Olsun \u00c7orba Da\u011f\u0131t\u0131m\u0131<\/a>\n\t\t\t\t\t\t\t\t<\/h2>\n\n\t\t\t\t\t\t\t\t\t\t\t\t\t\t\t\t\t<div class=\"post-meta\">\n\t\t\t\t\t\t\t\t\t\t\t\t\t\t\t\t\t\t\t\t\t\t\t\t\t\t\t\t\t\t\t<span class=\"post-date\"><i class=\"fa fa-clock-o\"><\/i> <a\n\t\t\t\t\t\t\t\t\t\t\t\thref=\"https:\/\/www.bakirkoyrotaract.org\/tr\/2018\/08\/\">A\u011fustos 28 2018<\/a> <\/span>\n\t\t\t\t\t\t\t\t\t\t\t\t\t\t\t\t\t\t\t\t\t\t\t\t\t\t\t\t\t\t\t\t\t\t\t\t\t\t\t\t\t\t\t<span class=\"post-cats\"><i class=\"fa fa-folder-o\"\n\t\t\t\t\t\t\t\t\t\t\t\t                           aria-hidden=\"true\"><\/i> <a href=\"https:\/\/www.bakirkoyrotaract.org\/tr\/category\/2018-2019\/\" rel=\"category tag\">2018-2019<\/a>, <a href=\"https:\/\/www.bakirkoyrotaract.org\/tr\/category\/genel\/\" rel=\"category tag\">Genel<\/a>, <a href=\"https:\/\/www.bakirkoyrotaract.org\/tr\/category\/hpk\/\" rel=\"category tag\">Hizmet Projeleri Kom.<\/a><\/span>\n\t\t\t\t\t\t\t\t\t\t\t\t\t\t\t\t\t\t\t\t\t\t\t\t\t\t\t\t\t\t<\/div>\n\t\t\t\t\t\t\t\t\t\t\t\t\t\t\t<\/div>\n\t\t\t\t\t\t\t\t\t\t\t\t\t\t\t<p>D\u00f6nemin 4. \u00c7orbada Tuzun Olsun \u00e7orba da\u011f\u0131t\u0131m\u0131 28.08.2018 tarihinde ger\u00e7ekle\u015ftirildi.&hellip;<\/p>\n\t\t\t\t\t\t\t\t\t\t\t\t\t\t<a href=\"https:\/\/www.bakirkoyrotaract.org\/tr\/28-08-2018-corbada-tuzun-olsun-corba-dagitimi\/\"\n\t\t\t\t\t\t\t   class=\"kc-post-2-button\">Devam\u0131n\u0131 Oku <i\n\t\t\t\t\t\t\t\t\tclass=\"fa fa-angle-right\" aria-hidden=\"true\"><\/i><\/a>\n\t\t\t\t\t\t\t\t\t\t\t\t\t<\/div>\n\n\t\t\t\t\t\n\t\t\t\t<\/div>\n\n\t\t\t\t\n\t\t\t\t<div class=\"kc-list-item-2\">\n\n\t\t\t\t\t\n\t\t\t\t\t\t<div class=\"post-item-left\">\n\t\t\t\t\t\t\t<div class=\"post_details\">\n\t\t\t\t\t\t\t\t<h2 class=\"post-title-alt\"><a\n\t\t\t\t\t\t\t\t\t\thref=\"https:\/\/www.bakirkoyrotaract.org\/tr\/25-08-2018-bilim-cocuklari-gazturman-gayan-kinaliada-cocuk-dinlenme-evi\/\"\n\t\t\t\t\t\t\t\t\t\ttitle=\"25.08.2018 \/ Bilim \u00c7ocuklar\u0131 [Gazturman Gayan K\u0131nal\u0131ada \u00c7ocuk Dinlenme Evi]\">25.08.2018 \/ Bilim \u00c7ocuklar\u0131 [Gazturman Gayan K\u0131nal\u0131ada \u00c7ocuk Dinlenme Evi]<\/a>\n\t\t\t\t\t\t\t\t<\/h2>\n\t\t\t\t\t\t\t\t\t\t\t\t\t\t\t\t\t<div class=\"post-meta\">\n\t\t\t\t\t\t\t\t\t\t\t\t\t\t\t\t\t\t\t\t\t\t\t\t\t\t\t\t\t\t\t<span class=\"post-date\"><i class=\"fa fa-clock-o\"><\/i> <a\n\t\t\t\t\t\t\t\t\t\t\t\thref=\"https:\/\/www.bakirkoyrotaract.org\/tr\/2018\/08\/\">A\u011fustos 25 2018<\/a> <\/span>\n\t\t\t\t\t\t\t\t\t\t\t\t\t\t\t\t\t\t\t\t\t\t\t\t\t\t\t\t\t\t\t\t\t\t\t\t\t\t\t\t\t\t\t<span class=\"post-cats\"><i class=\"fa fa-folder-o\"\n\t\t\t\t\t\t\t\t\t\t\t                           aria-hidden=\"true\"><\/i> <a href=\"https:\/\/www.bakirkoyrotaract.org\/tr\/category\/2018-2019\/\" rel=\"category tag\">2018-2019<\/a>, <a href=\"https:\/\/www.bakirkoyrotaract.org\/tr\/category\/genel\/\" rel=\"category tag\">Genel<\/a>, <a href=\"https:\/\/www.bakirkoyrotaract.org\/tr\/category\/hpk\/\" rel=\"category tag\">Hizmet Projeleri Kom.<\/a><\/span>\n\t\t\t\t\t\t\t\t\t\t\t\t\t\t\t\t\t\t\t\t\t\t\t\t\t\t\t\t\t\t<\/div>\n\t\t\t\t\t\t\t\t\t\t\t\t\t\t\t<\/div>\n\t\t\t\t\t\t\t\t\t\t\t\t\t\t\t<p>Geleneksel projelerimizden \u00e7ocuklara bilimi sevdirmeyi ve teknik d\u00fc\u015f\u00fcnce a\u015f\u0131lamay\u0131 ama\u00e7layan&hellip;<\/p>\n\t\t\t\t\t\t\t\t\t\t\t\t\t\t<a href=\"https:\/\/www.bakirkoyrotaract.org\/tr\/25-08-2018-bilim-cocuklari-gazturman-gayan-kinaliada-cocuk-dinlenme-evi\/\"\n\t\t\t\t\t\t\t   class=\"kc-post-2-button\">Devam\u0131n\u0131 Oku <i\n\t\t\t\t\t\t\t\t\tclass=\"fa fa-angle-right\" aria-hidden=\"true\"><\/i><\/a>\n\t\t\t\t\t\t\t\t\t\t\t\t\t<\/div>\n\t\t\t\t\t\t<div class=\"post-item-right\">\n\t\t\t\t\t\t\t<figure>\n\t\t\t\t\t\t\t\t<img decoding=\"async\" src=\"https:\/\/www.bakirkoyrotaract.org\/tr\/wp-content\/uploads\/2018\/08\/WhatsApp-Image-2018-08-25-at-12.27.26-543x304xct.jpeg\"\n\t\t\t\t\t\t\t\t     alt=\"25.08.2018 \/ Bilim \u00c7ocuklar\u0131 [Gazturman Gayan K\u0131nal\u0131ada \u00c7ocuk Dinlenme Evi]\">\n\t\t\t\t\t\t\t<\/figure>\n\t\t\t\t\t\t<\/div>\n\n\t\t\t\t\t\n\t\t\t\t<\/div>\n\n\t\t\t\t\n\t\t\t\t<div class=\"kc-list-item-2\">\n\n\t\t\t\t\t\t\t\t\t\t\t\t\t\t\t\t\t\t<div class=\"post-item-left\">\n\t\t\t\t\t\t\t\t<figure>\n\t\t\t\t\t\t\t\t\t<img decoding=\"async\" src=\"https:\/\/www.bakirkoyrotaract.org\/tr\/wp-content\/uploads\/2018\/09\/WhatsApp-Image-2018-09-18-at-11.54.19-543x304xct.jpeg\"\n\t\t\t\t\t\t\t\t\t     alt=\"11.08.2018 \/ Bilim \u00c7ocuklar\u0131 [Ata\u015fehir Belediyesi]\">\n\t\t\t\t\t\t\t\t<\/figure>\n\t\t\t\t\t\t\t<\/div>\n\t\t\t\t\t\t\t\t\t\t\t\t<div class=\"post-item-right\">\n\t\t\t\t\t\t\t<div class=\"post_details\">\n\t\t\t\t\t\t\t\t<h2 class=\"post-title-alt\"><a\n\t\t\t\t\t\t\t\t\t\thref=\"https:\/\/www.bakirkoyrotaract.org\/tr\/11-08-2018-bilim-cocuklari-atasehir-belediyesi\/\"\n\t\t\t\t\t\t\t\t\t\ttitle=\"11.08.2018 \/ Bilim \u00c7ocuklar\u0131 [Ata\u015fehir Belediyesi]\">11.08.2018 \/ Bilim \u00c7ocuklar\u0131 [Ata\u015fehir Belediyesi]<\/a>\n\t\t\t\t\t\t\t\t<\/h2>\n\n\t\t\t\t\t\t\t\t\t\t\t\t\t\t\t\t\t<div class=\"post-meta\">\n\t\t\t\t\t\t\t\t\t\t\t\t\t\t\t\t\t\t\t\t\t\t\t\t\t\t\t\t\t\t\t<span class=\"post-date\"><i class=\"fa fa-clock-o\"><\/i> <a\n\t\t\t\t\t\t\t\t\t\t\t\thref=\"https:\/\/www.bakirkoyrotaract.org\/tr\/2018\/08\/\">A\u011fustos 11 2018<\/a> <\/span>\n\t\t\t\t\t\t\t\t\t\t\t\t\t\t\t\t\t\t\t\t\t\t\t\t\t\t\t\t\t\t\t\t\t\t\t\t\t\t\t\t\t\t\t<span class=\"post-cats\"><i class=\"fa fa-folder-o\"\n\t\t\t\t\t\t\t\t\t\t\t\t                           aria-hidden=\"true\"><\/i> <a href=\"https:\/\/www.bakirkoyrotaract.org\/tr\/category\/2018-2019\/\" rel=\"category tag\">2018-2019<\/a>, <a href=\"https:\/\/www.bakirkoyrotaract.org\/tr\/category\/genel\/\" rel=\"category tag\">Genel<\/a>, <a href=\"https:\/\/www.bakirkoyrotaract.org\/tr\/category\/hpk\/\" rel=\"category tag\">Hizmet Projeleri Kom.<\/a><\/span>\n\t\t\t\t\t\t\t\t\t\t\t\t\t\t\t\t\t\t\t\t\t\t\t\t\t\t\t\t\t\t<\/div>\n\t\t\t\t\t\t\t\t\t\t\t\t\t\t\t<\/div>\n\t\t\t\t\t\t\t\t\t\t\t\t\t\t\t<p>Geleneksel projelerimizden Bilim \u00c7ocuklar\u0131 2018-2019 d\u00f6neminde ilk olarak 11.08.2018 tarihinde&hellip;<\/p>\n\t\t\t\t\t\t\t\t\t\t\t\t\t\t<a href=\"https:\/\/www.bakirkoyrotaract.org\/tr\/11-08-2018-bilim-cocuklari-atasehir-belediyesi\/\"\n\t\t\t\t\t\t\t   class=\"kc-post-2-button\">Devam\u0131n\u0131 Oku <i\n\t\t\t\t\t\t\t\t\tclass=\"fa fa-angle-right\" aria-hidden=\"true\"><\/i><\/a>\n\t\t\t\t\t\t\t\t\t\t\t\t\t<\/div>\n\n\t\t\t\t\t\n\t\t\t\t<\/div>\n\n\t\t\t\t\n\t\t\t\t<div class=\"kc-list-item-2\">\n\n\t\t\t\t\t\n\t\t\t\t\t\t<div class=\"post-item-left\">\n\t\t\t\t\t\t\t<div class=\"post_details\">\n\t\t\t\t\t\t\t\t<h2 class=\"post-title-alt\"><a\n\t\t\t\t\t\t\t\t\t\thref=\"https:\/\/www.bakirkoyrotaract.org\/tr\/11-08-2018-kulup-ocakbasi\/\"\n\t\t\t\t\t\t\t\t\t\ttitle=\"11.08.2018 \/ Kul\u00fcp Ocakba\u015f\u0131\">11.08.2018 \/ Kul\u00fcp Ocakba\u015f\u0131<\/a>\n\t\t\t\t\t\t\t\t<\/h2>\n\t\t\t\t\t\t\t\t\t\t\t\t\t\t\t\t\t<div class=\"post-meta\">\n\t\t\t\t\t\t\t\t\t\t\t\t\t\t\t\t\t\t\t\t\t\t\t\t\t\t\t\t\t\t\t<span class=\"post-date\"><i class=\"fa fa-clock-o\"><\/i> <a\n\t\t\t\t\t\t\t\t\t\t\t\thref=\"https:\/\/www.bakirkoyrotaract.org\/tr\/2018\/08\/\">A\u011fustos 11 2018<\/a> <\/span>\n\t\t\t\t\t\t\t\t\t\t\t\t\t\t\t\t\t\t\t\t\t\t\t\t\t\t\t\t\t\t\t\t\t\t\t\t\t\t\t\t\t\t\t<span class=\"post-cats\"><i class=\"fa fa-folder-o\"\n\t\t\t\t\t\t\t\t\t\t\t                           aria-hidden=\"true\"><\/i> <a href=\"https:\/\/www.bakirkoyrotaract.org\/tr\/category\/2018-2019\/\" rel=\"category tag\">2018-2019<\/a>, <a href=\"https:\/\/www.bakirkoyrotaract.org\/tr\/category\/genel\/\" rel=\"category tag\">Genel<\/a>, <a href=\"https:\/\/www.bakirkoyrotaract.org\/tr\/category\/kyk\/\" rel=\"category tag\">Kul\u00fcp Y\u00f6netimi Kom.<\/a><\/span>\n\t\t\t\t\t\t\t\t\t\t\t\t\t\t\t\t\t\t\t\t\t\t\t\t\t\t\t\t\t\t<\/div>\n\t\t\t\t\t\t\t\t\t\t\t\t\t\t\t<\/div>\n\t\t\t\t\t\t\t\t\t\t\t\t\t\t\t<p>D\u00f6nemin 2. ocakba\u015f\u0131 organizasyonu \u00fcyelerimizden Seden D\u00fcr\u00fcstkan ve Sina D\u00fcr\u00fcstkan'\u0131n&hellip;<\/p>\n\t\t\t\t\t\t\t\t\t\t\t\t\t\t<a href=\"https:\/\/www.bakirkoyrotaract.org\/tr\/11-08-2018-kulup-ocakbasi\/\"\n\t\t\t\t\t\t\t   class=\"kc-post-2-button\">Devam\u0131n\u0131 Oku <i\n\t\t\t\t\t\t\t\t\tclass=\"fa fa-angle-right\" aria-hidden=\"true\"><\/i><\/a>\n\t\t\t\t\t\t\t\t\t\t\t\t\t<\/div>\n\t\t\t\t\t\t<div class=\"post-item-right\">\n\t\t\t\t\t\t\t<figure>\n\t\t\t\t\t\t\t\t<img decoding=\"async\" src=\"https:\/\/www.bakirkoyrotaract.org\/tr\/wp-content\/uploads\/2018\/08\/WhatsApp-Image-2018-08-11-at-20.07.50-543x304xct.jpeg\"\n\t\t\t\t\t\t\t\t     alt=\"11.08.2018 \/ Kul\u00fcp Ocakba\u015f\u0131\">\n\t\t\t\t\t\t\t<\/figure>\n\t\t\t\t\t\t<\/div>\n\n\t\t\t\t\t\n\t\t\t\t<\/div>\n\n\t\t\t\t\n\t\t\t\t<div class=\"kc-list-item-2\">\n\n\t\t\t\t\t\t\t\t\t\t\t\t\t\t\t\t\t\t<div class=\"post-item-left\">\n\t\t\t\t\t\t\t\t<figure>\n\t\t\t\t\t\t\t\t\t<img decoding=\"async\" src=\"https:\/\/www.bakirkoyrotaract.org\/tr\/wp-content\/uploads\/2018\/08\/WhatsApp-Image-2018-08-09-at-22.53.43-543x304xct.jpeg\"\n\t\t\t\t\t\t\t\t\t     alt=\"09.08.2018 \/ Sivil Toplum G\u00fcnleri 14# [Atlas Yard\u0131mla\u015fma ve Dayan\u0131\u015fma Derne\u011fi &#8211; Ferda Alt\u0131nta\u015f]\">\n\t\t\t\t\t\t\t\t<\/figure>\n\t\t\t\t\t\t\t<\/div>\n\t\t\t\t\t\t\t\t\t\t\t\t<div class=\"post-item-right\">\n\t\t\t\t\t\t\t<div class=\"post_details\">\n\t\t\t\t\t\t\t\t<h2 class=\"post-title-alt\"><a\n\t\t\t\t\t\t\t\t\t\thref=\"https:\/\/www.bakirkoyrotaract.org\/tr\/09-08-2018-sivil-toplum-gunleri-13-atlas-yardim-dernegi-ferda-altintas\/\"\n\t\t\t\t\t\t\t\t\t\ttitle=\"09.08.2018 \/ Sivil Toplum G\u00fcnleri 14# [Atlas Yard\u0131mla\u015fma ve Dayan\u0131\u015fma Derne\u011fi &#8211; Ferda Alt\u0131nta\u015f]\">09.08.2018 \/ Sivil Toplum G\u00fcnleri 14# [Atlas Yard\u0131mla\u015fma ve Dayan\u0131\u015fma Derne\u011fi &#8211; Ferda Alt\u0131nta\u015f]<\/a>\n\t\t\t\t\t\t\t\t<\/h2>\n\n\t\t\t\t\t\t\t\t\t\t\t\t\t\t\t\t\t<div class=\"post-meta\">\n\t\t\t\t\t\t\t\t\t\t\t\t\t\t\t\t\t\t\t\t\t\t\t\t\t\t\t\t\t\t\t<span class=\"post-date\"><i class=\"fa fa-clock-o\"><\/i> <a\n\t\t\t\t\t\t\t\t\t\t\t\thref=\"https:\/\/www.bakirkoyrotaract.org\/tr\/2018\/08\/\">A\u011fustos 9 2018<\/a> <\/span>\n\t\t\t\t\t\t\t\t\t\t\t\t\t\t\t\t\t\t\t\t\t\t\t\t\t\t\t\t\t\t\t\t\t\t\t\t\t\t\t\t\t\t\t<span class=\"post-cats\"><i class=\"fa fa-folder-o\"\n\t\t\t\t\t\t\t\t\t\t\t\t                           aria-hidden=\"true\"><\/i> <a href=\"https:\/\/www.bakirkoyrotaract.org\/tr\/category\/2018-2019\/\" rel=\"category tag\">2018-2019<\/a>, <a href=\"https:\/\/www.bakirkoyrotaract.org\/tr\/category\/genel\/\" rel=\"category tag\">Genel<\/a>, <a href=\"https:\/\/www.bakirkoyrotaract.org\/tr\/category\/stk\/\" rel=\"category tag\">Sivil Toplum Kurulu\u015flar\u0131 Kom.<\/a><\/span>\n\t\t\t\t\t\t\t\t\t\t\t\t\t\t\t\t\t\t\t\t\t\t\t\t\t\t\t\t\t\t<\/div>\n\t\t\t\t\t\t\t\t\t\t\t\t\t\t\t<\/div>\n\t\t\t\t\t\t\t\t\t\t\t\t\t\t\t<p>Geleneksel projelerimizden \"Sivil Toplum G\u00fcnleri\"nin 14. organizasyonu kapsam\u0131nda Atlas Yard\u0131m&hellip;<\/p>\n\t\t\t\t\t\t\t\t\t\t\t\t\t\t<a href=\"https:\/\/www.bakirkoyrotaract.org\/tr\/09-08-2018-sivil-toplum-gunleri-13-atlas-yardim-dernegi-ferda-altintas\/\"\n\t\t\t\t\t\t\t   class=\"kc-post-2-button\">Devam\u0131n\u0131 Oku <i\n\t\t\t\t\t\t\t\t\tclass=\"fa fa-angle-right\" aria-hidden=\"true\"><\/i><\/a>\n\t\t\t\t\t\t\t\t\t\t\t\t\t<\/div>\n\n\t\t\t\t\t\n\t\t\t\t<\/div>\n\n\t\t\t\t\n\t\t\t\t<div class=\"kc-list-item-2\">\n\n\t\t\t\t\t\n\t\t\t\t\t\t<div class=\"post-item-left\">\n\t\t\t\t\t\t\t<div class=\"post_details\">\n\t\t\t\t\t\t\t\t<h2 class=\"post-title-alt\"><a\n\t\t\t\t\t\t\t\t\t\thref=\"https:\/\/www.bakirkoyrotaract.org\/tr\/26-07-2018-bahcelievler-huzurevi-ziyareti\/\"\n\t\t\t\t\t\t\t\t\t\ttitle=\"26.07.2018 \/ Bak\u0131rk\u00f6y \u015eefkat Huzurevi Ziyareti\">26.07.2018 \/ Bak\u0131rk\u00f6y \u015eefkat Huzurevi Ziyareti<\/a>\n\t\t\t\t\t\t\t\t<\/h2>\n\t\t\t\t\t\t\t\t\t\t\t\t\t\t\t\t\t<div class=\"post-meta\">\n\t\t\t\t\t\t\t\t\t\t\t\t\t\t\t\t\t\t\t\t\t\t\t\t\t\t\t\t\t\t\t<span class=\"post-date\"><i class=\"fa fa-clock-o\"><\/i> <a\n\t\t\t\t\t\t\t\t\t\t\t\thref=\"https:\/\/www.bakirkoyrotaract.org\/tr\/2018\/07\/\">Temmuz 26 2018<\/a> <\/span>\n\t\t\t\t\t\t\t\t\t\t\t\t\t\t\t\t\t\t\t\t\t\t\t\t\t\t\t\t\t\t\t\t\t\t\t\t\t\t\t\t\t\t\t<span class=\"post-cats\"><i class=\"fa fa-folder-o\"\n\t\t\t\t\t\t\t\t\t\t\t                           aria-hidden=\"true\"><\/i> <a href=\"https:\/\/www.bakirkoyrotaract.org\/tr\/category\/2018-2019\/\" rel=\"category tag\">2018-2019<\/a>, <a href=\"https:\/\/www.bakirkoyrotaract.org\/tr\/category\/genel\/\" rel=\"category tag\">Genel<\/a>, <a href=\"https:\/\/www.bakirkoyrotaract.org\/tr\/category\/hpk\/\" rel=\"category tag\">Hizmet Projeleri Kom.<\/a><\/span>\n\t\t\t\t\t\t\t\t\t\t\t\t\t\t\t\t\t\t\t\t\t\t\t\t\t\t\t\t\t\t<\/div>\n\t\t\t\t\t\t\t\t\t\t\t\t\t\t\t<\/div>\n\t\t\t\t\t\t\t\t\t\t\t\t\t\t\t<p>D\u00fczenli olarak ger\u00e7ekle\u015ftirdi\u011fimiz projelerimizden huzur evi ziyaretlerinin bu d\u00f6nemki ilki&hellip;<\/p>\n\t\t\t\t\t\t\t\t\t\t\t\t\t\t<a href=\"https:\/\/www.bakirkoyrotaract.org\/tr\/26-07-2018-bahcelievler-huzurevi-ziyareti\/\"\n\t\t\t\t\t\t\t   class=\"kc-post-2-button\">Devam\u0131n\u0131 Oku <i\n\t\t\t\t\t\t\t\t\tclass=\"fa fa-angle-right\" aria-hidden=\"true\"><\/i><\/a>\n\t\t\t\t\t\t\t\t\t\t\t\t\t<\/div>\n\t\t\t\t\t\t<div class=\"post-item-right\">\n\t\t\t\t\t\t\t<figure>\n\t\t\t\t\t\t\t\t<img decoding=\"async\" src=\"https:\/\/www.bakirkoyrotaract.org\/tr\/wp-content\/uploads\/2018\/08\/WhatsApp-Image-2018-07-26-at-16.55.47-543x304xct.jpeg\"\n\t\t\t\t\t\t\t\t     alt=\"26.07.2018 \/ Bak\u0131rk\u00f6y \u015eefkat Huzurevi Ziyareti\">\n\t\t\t\t\t\t\t<\/figure>\n\t\t\t\t\t\t<\/div>\n\n\t\t\t\t\t\n\t\t\t\t<\/div>\n\n\t\t\t\t\n\t\t\t\t<div class=\"kc-list-item-2\">\n\n\t\t\t\t\t\t\t\t\t\t\t\t\t\t\t\t\t\t<div class=\"post-item-left\">\n\t\t\t\t\t\t\t\t<figure>\n\t\t\t\t\t\t\t\t\t<img decoding=\"async\" src=\"https:\/\/www.bakirkoyrotaract.org\/tr\/wp-content\/uploads\/2018\/08\/WhatsApp-Image-2018-07-25-at-13.55.34-e1535626048759-543x304xct.jpeg\"\n\t\t\t\t\t\t\t\t\t     alt=\"24.07.2018 \/ \u00c7orbada Tuzun Olsun \u00c7orba Da\u011f\u0131t\u0131m\u0131\">\n\t\t\t\t\t\t\t\t<\/figure>\n\t\t\t\t\t\t\t<\/div>\n\t\t\t\t\t\t\t\t\t\t\t\t<div class=\"post-item-right\">\n\t\t\t\t\t\t\t<div class=\"post_details\">\n\t\t\t\t\t\t\t\t<h2 class=\"post-title-alt\"><a\n\t\t\t\t\t\t\t\t\t\thref=\"https:\/\/www.bakirkoyrotaract.org\/tr\/24-07-2018-corbada-tuzun-olsun-corba-dagitimi\/\"\n\t\t\t\t\t\t\t\t\t\ttitle=\"24.07.2018 \/ \u00c7orbada Tuzun Olsun \u00c7orba Da\u011f\u0131t\u0131m\u0131\">24.07.2018 \/ \u00c7orbada Tuzun Olsun \u00c7orba Da\u011f\u0131t\u0131m\u0131<\/a>\n\t\t\t\t\t\t\t\t<\/h2>\n\n\t\t\t\t\t\t\t\t\t\t\t\t\t\t\t\t\t<div class=\"post-meta\">\n\t\t\t\t\t\t\t\t\t\t\t\t\t\t\t\t\t\t\t\t\t\t\t\t\t\t\t\t\t\t\t<span class=\"post-date\"><i class=\"fa fa-clock-o\"><\/i> <a\n\t\t\t\t\t\t\t\t\t\t\t\thref=\"https:\/\/www.bakirkoyrotaract.org\/tr\/2018\/07\/\">Temmuz 24 2018<\/a> <\/span>\n\t\t\t\t\t\t\t\t\t\t\t\t\t\t\t\t\t\t\t\t\t\t\t\t\t\t\t\t\t\t\t\t\t\t\t\t\t\t\t\t\t\t\t<span class=\"post-cats\"><i class=\"fa fa-folder-o\"\n\t\t\t\t\t\t\t\t\t\t\t\t                           aria-hidden=\"true\"><\/i> <a href=\"https:\/\/www.bakirkoyrotaract.org\/tr\/category\/2018-2019\/\" rel=\"category tag\">2018-2019<\/a>, <a href=\"https:\/\/www.bakirkoyrotaract.org\/tr\/category\/genel\/\" rel=\"category tag\">Genel<\/a>, <a href=\"https:\/\/www.bakirkoyrotaract.org\/tr\/category\/hpk\/\" rel=\"category tag\">Hizmet Projeleri Kom.<\/a><\/span>\n\t\t\t\t\t\t\t\t\t\t\t\t\t\t\t\t\t\t\t\t\t\t\t\t\t\t\t\t\t\t<\/div>\n\t\t\t\t\t\t\t\t\t\t\t\t\t\t\t<\/div>\n\t\t\t\t\t\t\t\t\t\t\t\t\t\t\t<p>D\u00f6nemin 3. \u00c7orbada Tuzun Olsun \u00e7orba da\u011f\u0131t\u0131m\u0131 24.07.2018 tarihinde ger\u00e7ekle\u015ftirildi.&hellip;<\/p>\n\t\t\t\t\t\t\t\t\t\t\t\t\t\t<a href=\"https:\/\/www.bakirkoyrotaract.org\/tr\/24-07-2018-corbada-tuzun-olsun-corba-dagitimi\/\"\n\t\t\t\t\t\t\t   class=\"kc-post-2-button\">Devam\u0131n\u0131 Oku <i\n\t\t\t\t\t\t\t\t\tclass=\"fa fa-angle-right\" aria-hidden=\"true\"><\/i><\/a>\n\t\t\t\t\t\t\t\t\t\t\t\t\t<\/div>\n\n\t\t\t\t\t\n\t\t\t\t<\/div>\n\n\t\t\t\t\n\t\t\t\t<div class=\"kc-list-item-2\">\n\n\t\t\t\t\t\n\t\t\t\t\t\t<div class=\"post-item-left\">\n\t\t\t\t\t\t\t<div class=\"post_details\">\n\t\t\t\t\t\t\t\t<h2 class=\"post-title-alt\"><a\n\t\t\t\t\t\t\t\t\t\thref=\"https:\/\/www.bakirkoyrotaract.org\/tr\/17-07-2018-corbada-tuzun-olsun-corba-dagitimi\/\"\n\t\t\t\t\t\t\t\t\t\ttitle=\"17.07.2018 \/ \u00c7orbada Tuzun Olsun \u00c7orba Da\u011f\u0131t\u0131m\u0131\">17.07.2018 \/ \u00c7orbada Tuzun Olsun \u00c7orba Da\u011f\u0131t\u0131m\u0131<\/a>\n\t\t\t\t\t\t\t\t<\/h2>\n\t\t\t\t\t\t\t\t\t\t\t\t\t\t\t\t\t<div class=\"post-meta\">\n\t\t\t\t\t\t\t\t\t\t\t\t\t\t\t\t\t\t\t\t\t\t\t\t\t\t\t\t\t\t\t<span class=\"post-date\"><i class=\"fa fa-clock-o\"><\/i> <a\n\t\t\t\t\t\t\t\t\t\t\t\thref=\"https:\/\/www.bakirkoyrotaract.org\/tr\/2018\/07\/\">Temmuz 17 2018<\/a> <\/span>\n\t\t\t\t\t\t\t\t\t\t\t\t\t\t\t\t\t\t\t\t\t\t\t\t\t\t\t\t\t\t\t\t\t\t\t\t\t\t\t\t\t\t\t<span class=\"post-cats\"><i class=\"fa fa-folder-o\"\n\t\t\t\t\t\t\t\t\t\t\t                           aria-hidden=\"true\"><\/i> <a href=\"https:\/\/www.bakirkoyrotaract.org\/tr\/category\/2018-2019\/\" rel=\"category tag\">2018-2019<\/a>, <a href=\"https:\/\/www.bakirkoyrotaract.org\/tr\/category\/genel\/\" rel=\"category tag\">Genel<\/a>, <a href=\"https:\/\/www.bakirkoyrotaract.org\/tr\/category\/hpk\/\" rel=\"category tag\">Hizmet Projeleri Kom.<\/a><\/span>\n\t\t\t\t\t\t\t\t\t\t\t\t\t\t\t\t\t\t\t\t\t\t\t\t\t\t\t\t\t\t<\/div>\n\t\t\t\t\t\t\t\t\t\t\t\t\t\t\t<\/div>\n\t\t\t\t\t\t\t\t\t\t\t\t\t\t\t<p>D\u00f6nemin 2. \u00c7orbada Tuzun Olsun \u00e7orba da\u011f\u0131t\u0131m\u0131 17.07.2018 tarihinde ger\u00e7ekle\u015ftirildi.&hellip;<\/p>\n\t\t\t\t\t\t\t\t\t\t\t\t\t\t<a href=\"https:\/\/www.bakirkoyrotaract.org\/tr\/17-07-2018-corbada-tuzun-olsun-corba-dagitimi\/\"\n\t\t\t\t\t\t\t   class=\"kc-post-2-button\">Devam\u0131n\u0131 Oku <i\n\t\t\t\t\t\t\t\t\tclass=\"fa fa-angle-right\" aria-hidden=\"true\"><\/i><\/a>\n\t\t\t\t\t\t\t\t\t\t\t\t\t<\/div>\n\t\t\t\t\t\t<div class=\"post-item-right\">\n\t\t\t\t\t\t\t<figure>\n\t\t\t\t\t\t\t\t<img decoding=\"async\" src=\"https:\/\/www.bakirkoyrotaract.org\/tr\/wp-content\/uploads\/2018\/08\/WhatsApp-Image-2018-07-17-at-21.28.16-543x304xct.jpeg\"\n\t\t\t\t\t\t\t\t     alt=\"17.07.2018 \/ \u00c7orbada Tuzun Olsun \u00c7orba Da\u011f\u0131t\u0131m\u0131\">\n\t\t\t\t\t\t\t<\/figure>\n\t\t\t\t\t\t<\/div>\n\n\t\t\t\t\t\n\t\t\t\t<\/div>\n\n\t\t\t\t\n\t\t\t\t<div class=\"kc-list-item-2\">\n\n\t\t\t\t\t\t\t\t\t\t\t\t\t\t\t\t\t\t<div class=\"post-item-left\">\n\t\t\t\t\t\t\t\t<figure>\n\t\t\t\t\t\t\t\t\t<img decoding=\"async\" src=\"https:\/\/www.bakirkoyrotaract.org\/tr\/wp-content\/uploads\/2018\/08\/WhatsApp-Image-2018-07-10-at-09.17.30-543x304xct.jpeg\"\n\t\t\t\t\t\t\t\t\t     alt=\"10.07.2018 \/ \u00c7orbada Tuzun Olsun \u00c7orba Da\u011f\u0131t\u0131m\u0131\">\n\t\t\t\t\t\t\t\t<\/figure>\n\t\t\t\t\t\t\t<\/div>\n\t\t\t\t\t\t\t\t\t\t\t\t<div class=\"post-item-right\">\n\t\t\t\t\t\t\t<div class=\"post_details\">\n\t\t\t\t\t\t\t\t<h2 class=\"post-title-alt\"><a\n\t\t\t\t\t\t\t\t\t\thref=\"https:\/\/www.bakirkoyrotaract.org\/tr\/10-07-2018-corbada-tuzun-olsun-corba-dagitimi\/\"\n\t\t\t\t\t\t\t\t\t\ttitle=\"10.07.2018 \/ \u00c7orbada Tuzun Olsun \u00c7orba Da\u011f\u0131t\u0131m\u0131\">10.07.2018 \/ \u00c7orbada Tuzun Olsun \u00c7orba Da\u011f\u0131t\u0131m\u0131<\/a>\n\t\t\t\t\t\t\t\t<\/h2>\n\n\t\t\t\t\t\t\t\t\t\t\t\t\t\t\t\t\t<div class=\"post-meta\">\n\t\t\t\t\t\t\t\t\t\t\t\t\t\t\t\t\t\t\t\t\t\t\t\t\t\t\t\t\t\t\t<span class=\"post-date\"><i class=\"fa fa-clock-o\"><\/i> <a\n\t\t\t\t\t\t\t\t\t\t\t\thref=\"https:\/\/www.bakirkoyrotaract.org\/tr\/2018\/07\/\">Temmuz 10 2018<\/a> <\/span>\n\t\t\t\t\t\t\t\t\t\t\t\t\t\t\t\t\t\t\t\t\t\t\t\t\t\t\t\t\t\t\t\t\t\t\t\t\t\t\t\t\t\t\t<span class=\"post-cats\"><i class=\"fa fa-folder-o\"\n\t\t\t\t\t\t\t\t\t\t\t\t                           aria-hidden=\"true\"><\/i> <a href=\"https:\/\/www.bakirkoyrotaract.org\/tr\/category\/2018-2019\/\" rel=\"category tag\">2018-2019<\/a>, <a href=\"https:\/\/www.bakirkoyrotaract.org\/tr\/category\/genel\/\" rel=\"category tag\">Genel<\/a>, <a href=\"https:\/\/www.bakirkoyrotaract.org\/tr\/category\/hpk\/\" rel=\"category tag\">Hizmet Projeleri Kom.<\/a><\/span>\n\t\t\t\t\t\t\t\t\t\t\t\t\t\t\t\t\t\t\t\t\t\t\t\t\t\t\t\t\t\t<\/div>\n\t\t\t\t\t\t\t\t\t\t\t\t\t\t\t<\/div>\n\t\t\t\t\t\t\t\t\t\t\t\t\t\t\t<p>D\u00fczenli ger\u00e7ekle\u015ftirilen projelerimizden d\u00f6nemin ilk \u00c7orbada Tuzun Olsun \u00e7orba da\u011f\u0131t\u0131m\u0131&hellip;<\/p>\n\t\t\t\t\t\t\t\t\t\t\t\t\t\t<a href=\"https:\/\/www.bakirkoyrotaract.org\/tr\/10-07-2018-corbada-tuzun-olsun-corba-dagitimi\/\"\n\t\t\t\t\t\t\t   class=\"kc-post-2-button\">Devam\u0131n\u0131 Oku <i\n\t\t\t\t\t\t\t\t\tclass=\"fa fa-angle-right\" aria-hidden=\"true\"><\/i><\/a>\n\t\t\t\t\t\t\t\t\t\t\t\t\t<\/div>\n\n\t\t\t\t\t\n\t\t\t\t<\/div>\n\n\t\t\t\t\n\t\t\t\t<div class=\"kc-list-item-2\">\n\n\t\t\t\t\t\n\t\t\t\t\t\t<div class=\"post-item-left\">\n\t\t\t\t\t\t\t<div class=\"post_details\">\n\t\t\t\t\t\t\t\t<h2 class=\"post-title-alt\"><a\n\t\t\t\t\t\t\t\t\t\thref=\"https:\/\/www.bakirkoyrotaract.org\/tr\/06-07-2018-sinema-organizasyonu-antmanwasp\/\"\n\t\t\t\t\t\t\t\t\t\ttitle=\"06.07.2018 \/ Kul\u00fcp \u0130\u00e7i Sinema Organizasyonu [Antman&#038;Wasp]\">06.07.2018 \/ Kul\u00fcp \u0130\u00e7i Sinema Organizasyonu [Antman&#038;Wasp]<\/a>\n\t\t\t\t\t\t\t\t<\/h2>\n\t\t\t\t\t\t\t\t\t\t\t\t\t\t\t\t\t<div class=\"post-meta\">\n\t\t\t\t\t\t\t\t\t\t\t\t\t\t\t\t\t\t\t\t\t\t\t\t\t\t\t\t\t\t\t<span class=\"post-date\"><i class=\"fa fa-clock-o\"><\/i> <a\n\t\t\t\t\t\t\t\t\t\t\t\thref=\"https:\/\/www.bakirkoyrotaract.org\/tr\/2018\/07\/\">Temmuz 6 2018<\/a> <\/span>\n\t\t\t\t\t\t\t\t\t\t\t\t\t\t\t\t\t\t\t\t\t\t\t\t\t\t\t\t\t\t\t\t\t\t\t\t\t\t\t\t\t\t\t<span class=\"post-cats\"><i class=\"fa fa-folder-o\"\n\t\t\t\t\t\t\t\t\t\t\t                           aria-hidden=\"true\"><\/i> <a href=\"https:\/\/www.bakirkoyrotaract.org\/tr\/category\/2018-2019\/\" rel=\"category tag\">2018-2019<\/a>, <a href=\"https:\/\/www.bakirkoyrotaract.org\/tr\/category\/genel\/\" rel=\"category tag\">Genel<\/a>, <a href=\"https:\/\/www.bakirkoyrotaract.org\/tr\/category\/kgk\/\" rel=\"category tag\">K\u00fclt\u00fcrel Geli\u015fim Kom.<\/a><\/span>\n\t\t\t\t\t\t\t\t\t\t\t\t\t\t\t\t\t\t\t\t\t\t\t\t\t\t\t\t\t\t<\/div>\n\t\t\t\t\t\t\t\t\t\t\t\t\t\t\t<\/div>\n\t\t\t\t\t\t\t\t\t\t\t\t\t\t\t<p>D\u00f6nemin ilk sinema organizasyonu kapsam\u0131nda 06.07.2018 tarihinde kul\u00fcp\u00e7e Antman&amp;Wasp filmini&hellip;<\/p>\n\t\t\t\t\t\t\t\t\t\t\t\t\t\t<a href=\"https:\/\/www.bakirkoyrotaract.org\/tr\/06-07-2018-sinema-organizasyonu-antmanwasp\/\"\n\t\t\t\t\t\t\t   class=\"kc-post-2-button\">Devam\u0131n\u0131 Oku <i\n\t\t\t\t\t\t\t\t\tclass=\"fa fa-angle-right\" aria-hidden=\"true\"><\/i><\/a>\n\t\t\t\t\t\t\t\t\t\t\t\t\t<\/div>\n\t\t\t\t\t\t<div class=\"post-item-right\">\n\t\t\t\t\t\t\t<figure>\n\t\t\t\t\t\t\t\t<img decoding=\"async\" src=\"https:\/\/www.bakirkoyrotaract.org\/tr\/wp-content\/uploads\/2018\/08\/WhatsApp-Image-2018-07-07-at-02.41.09-543x304xct.jpeg\"\n\t\t\t\t\t\t\t\t     alt=\"06.07.2018 \/ Kul\u00fcp \u0130\u00e7i Sinema Organizasyonu [Antman&#038;Wasp]\">\n\t\t\t\t\t\t\t<\/figure>\n\t\t\t\t\t\t<\/div>\n\n\t\t\t\t\t\n\t\t\t\t<\/div>\n\n\t\t\t\t\n\t\t\t\t<div class=\"kc-list-item-2\">\n\n\t\t\t\t\t\t\t\t\t\t\t\t\t\t\t\t\t\t<div class=\"post-item-left\">\n\t\t\t\t\t\t\t\t<figure>\n\t\t\t\t\t\t\t\t\t<img decoding=\"async\" src=\"https:\/\/www.bakirkoyrotaract.org\/tr\/wp-content\/uploads\/2018\/08\/WhatsApp-Image-2018-07-06-at-21.50.43-543x304xct.jpeg\"\n\t\t\t\t\t\t\t\t\t     alt=\"06.07.2018 \/ Kul\u00fcp Ocakba\u015f\u0131\">\n\t\t\t\t\t\t\t\t<\/figure>\n\t\t\t\t\t\t\t<\/div>\n\t\t\t\t\t\t\t\t\t\t\t\t<div class=\"post-item-right\">\n\t\t\t\t\t\t\t<div class=\"post_details\">\n\t\t\t\t\t\t\t\t<h2 class=\"post-title-alt\"><a\n\t\t\t\t\t\t\t\t\t\thref=\"https:\/\/www.bakirkoyrotaract.org\/tr\/06-07-2018-kulup-ocakbasi\/\"\n\t\t\t\t\t\t\t\t\t\ttitle=\"06.07.2018 \/ Kul\u00fcp Ocakba\u015f\u0131\">06.07.2018 \/ Kul\u00fcp Ocakba\u015f\u0131<\/a>\n\t\t\t\t\t\t\t\t<\/h2>\n\n\t\t\t\t\t\t\t\t\t\t\t\t\t\t\t\t\t<div class=\"post-meta\">\n\t\t\t\t\t\t\t\t\t\t\t\t\t\t\t\t\t\t\t\t\t\t\t\t\t\t\t\t\t\t\t<span class=\"post-date\"><i class=\"fa fa-clock-o\"><\/i> <a\n\t\t\t\t\t\t\t\t\t\t\t\thref=\"https:\/\/www.bakirkoyrotaract.org\/tr\/2018\/07\/\">Temmuz 6 2018<\/a> <\/span>\n\t\t\t\t\t\t\t\t\t\t\t\t\t\t\t\t\t\t\t\t\t\t\t\t\t\t\t\t\t\t\t\t\t\t\t\t\t\t\t\t\t\t\t<span class=\"post-cats\"><i class=\"fa fa-folder-o\"\n\t\t\t\t\t\t\t\t\t\t\t\t                           aria-hidden=\"true\"><\/i> <a href=\"https:\/\/www.bakirkoyrotaract.org\/tr\/category\/2018-2019\/\" rel=\"category tag\">2018-2019<\/a>, <a href=\"https:\/\/www.bakirkoyrotaract.org\/tr\/category\/genel\/\" rel=\"category tag\">Genel<\/a>, <a href=\"https:\/\/www.bakirkoyrotaract.org\/tr\/category\/kyk\/\" rel=\"category tag\">Kul\u00fcp Y\u00f6netimi Kom.<\/a><\/span>\n\t\t\t\t\t\t\t\t\t\t\t\t\t\t\t\t\t\t\t\t\t\t\t\t\t\t\t\t\t\t<\/div>\n\t\t\t\t\t\t\t\t\t\t\t\t\t\t\t<\/div>\n\t\t\t\t\t\t\t\t\t\t\t\t\t\t\t<p>D\u00f6nemin ilk ocakba\u015f\u0131 organizasyonu \u00fcyelerimizden Enes A\u00e7anal ve Lami A\u00e7anal\u2019\u0131n&hellip;<\/p>\n\t\t\t\t\t\t\t\t\t\t\t\t\t\t<a href=\"https:\/\/www.bakirkoyrotaract.org\/tr\/06-07-2018-kulup-ocakbasi\/\"\n\t\t\t\t\t\t\t   class=\"kc-post-2-button\">Devam\u0131n\u0131 Oku <i\n\t\t\t\t\t\t\t\t\tclass=\"fa fa-angle-right\" aria-hidden=\"true\"><\/i><\/a>\n\t\t\t\t\t\t\t\t\t\t\t\t\t<\/div>\n\n\t\t\t\t\t\n\t\t\t\t<\/div>\n\n\t\t\t\t\n\t\t\t\t<div class=\"kc-list-item-2\">\n\n\t\t\t\t\t\n\t\t\t\t\t\t<div class=\"post-item-left\">\n\t\t\t\t\t\t\t<div class=\"post_details\">\n\t\t\t\t\t\t\t\t<h2 class=\"post-title-alt\"><a\n\t\t\t\t\t\t\t\t\t\thref=\"https:\/\/www.bakirkoyrotaract.org\/tr\/01-07-2018-anitkabir-gezisi\/\"\n\t\t\t\t\t\t\t\t\t\ttitle=\"01.07.2018 \/ An\u0131tkabir Gezisi\">01.07.2018 \/ An\u0131tkabir Gezisi<\/a>\n\t\t\t\t\t\t\t\t<\/h2>\n\t\t\t\t\t\t\t\t\t\t\t\t\t\t\t\t\t<div class=\"post-meta\">\n\t\t\t\t\t\t\t\t\t\t\t\t\t\t\t\t\t\t\t\t\t\t\t\t\t\t\t\t\t\t\t<span class=\"post-date\"><i class=\"fa fa-clock-o\"><\/i> <a\n\t\t\t\t\t\t\t\t\t\t\t\thref=\"https:\/\/www.bakirkoyrotaract.org\/tr\/2018\/07\/\">Temmuz 1 2018<\/a> <\/span>\n\t\t\t\t\t\t\t\t\t\t\t\t\t\t\t\t\t\t\t\t\t\t\t\t\t\t\t\t\t\t\t\t\t\t\t\t\t\t\t\t\t\t\t<span class=\"post-cats\"><i class=\"fa fa-folder-o\"\n\t\t\t\t\t\t\t\t\t\t\t                           aria-hidden=\"true\"><\/i> <a href=\"https:\/\/www.bakirkoyrotaract.org\/tr\/category\/2018-2019\/\" rel=\"category tag\">2018-2019<\/a>, <a href=\"https:\/\/www.bakirkoyrotaract.org\/tr\/category\/genel\/\" rel=\"category tag\">Genel<\/a>, <a href=\"https:\/\/www.bakirkoyrotaract.org\/tr\/category\/kyk\/\" rel=\"category tag\">Kul\u00fcp Y\u00f6netimi Kom.<\/a><\/span>\n\t\t\t\t\t\t\t\t\t\t\t\t\t\t\t\t\t\t\t\t\t\t\t\t\t\t\t\t\t\t<\/div>\n\t\t\t\t\t\t\t\t\t\t\t\t\t\t\t<\/div>\n\t\t\t\t\t\t\t\t\t\t\t\t\t\t\t<p>Her d\u00f6nem ba\u015flang\u0131c\u0131nda 2420.\u00a0 B\u00f6lge Rotaract Temsilcili\u011fi taraf\u0131ndan d\u00fczenlenen An\u0131tkabir&hellip;<\/p>\n\t\t\t\t\t\t\t\t\t\t\t\t\t\t<a href=\"https:\/\/www.bakirkoyrotaract.org\/tr\/01-07-2018-anitkabir-gezisi\/\"\n\t\t\t\t\t\t\t   class=\"kc-post-2-button\">Devam\u0131n\u0131 Oku <i\n\t\t\t\t\t\t\t\t\tclass=\"fa fa-angle-right\" aria-hidden=\"true\"><\/i><\/a>\n\t\t\t\t\t\t\t\t\t\t\t\t\t<\/div>\n\t\t\t\t\t\t<div class=\"post-item-right\">\n\t\t\t\t\t\t\t<figure>\n\t\t\t\t\t\t\t\t<img decoding=\"async\" src=\"https:\/\/www.bakirkoyrotaract.org\/tr\/wp-content\/uploads\/2018\/09\/20180701-anitkabir2-543x304xct.jpg\"\n\t\t\t\t\t\t\t\t     alt=\"01.07.2018 \/ An\u0131tkabir Gezisi\">\n\t\t\t\t\t\t\t<\/figure>\n\t\t\t\t\t\t<\/div>\n\n\t\t\t\t\t\n\t\t\t\t<\/div>\n\n\t\t\t\t\n\t\t\t\t<div class=\"kc-list-item-2\">\n\n\t\t\t\t\t\t\t\t\t\t\t\t\t\t\t\t\t\t<div class=\"post-item-left\">\n\t\t\t\t\t\t\t\t<figure>\n\t\t\t\t\t\t\t\t\t<img decoding=\"async\" src=\"https:\/\/www.bakirkoyrotaract.org\/tr\/wp-content\/uploads\/2018\/10\/thumb_university_20mortarboard_20hat_20and_20scroll_202-543x304xct.jpg\"\n\t\t\t\t\t\t\t\t\t     alt=\"Program \/ E\u011fitim Bursu\">\n\t\t\t\t\t\t\t\t<\/figure>\n\t\t\t\t\t\t\t<\/div>\n\t\t\t\t\t\t\t\t\t\t\t\t<div class=\"post-item-right\">\n\t\t\t\t\t\t\t<div class=\"post_details\">\n\t\t\t\t\t\t\t\t<h2 class=\"post-title-alt\"><a\n\t\t\t\t\t\t\t\t\t\thref=\"https:\/\/www.bakirkoyrotaract.org\/tr\/program-egitim-bursu-4\/\"\n\t\t\t\t\t\t\t\t\t\ttitle=\"Program \/ E\u011fitim Bursu\">Program \/ E\u011fitim Bursu<\/a>\n\t\t\t\t\t\t\t\t<\/h2>\n\n\t\t\t\t\t\t\t\t\t\t\t\t\t\t\t\t\t<div class=\"post-meta\">\n\t\t\t\t\t\t\t\t\t\t\t\t\t\t\t\t\t\t\t\t\t\t\t\t\t\t\t\t\t\t\t<span class=\"post-date\"><i class=\"fa fa-clock-o\"><\/i> <a\n\t\t\t\t\t\t\t\t\t\t\t\thref=\"https:\/\/www.bakirkoyrotaract.org\/tr\/2018\/07\/\">Temmuz 1 2018<\/a> <\/span>\n\t\t\t\t\t\t\t\t\t\t\t\t\t\t\t\t\t\t\t\t\t\t\t\t\t\t\t\t\t\t\t\t\t\t\t\t\t\t\t\t\t\t\t<span class=\"post-cats\"><i class=\"fa fa-folder-o\"\n\t\t\t\t\t\t\t\t\t\t\t\t                           aria-hidden=\"true\"><\/i> <a href=\"https:\/\/www.bakirkoyrotaract.org\/tr\/category\/2018-2019\/\" rel=\"category tag\">2018-2019<\/a>, <a href=\"https:\/\/www.bakirkoyrotaract.org\/tr\/category\/genel\/\" rel=\"category tag\">Genel<\/a>, <a href=\"https:\/\/www.bakirkoyrotaract.org\/tr\/category\/hpk\/\" rel=\"category tag\">Hizmet Projeleri Kom.<\/a><\/span>\n\t\t\t\t\t\t\t\t\t\t\t\t\t\t\t\t\t\t\t\t\t\t\t\t\t\t\t\t\t\t<\/div>\n\t\t\t\t\t\t\t\t\t\t\t\t\t\t\t<\/div>\n\t\t\t\t\t\t\t\t\t\t\t\t\t\t\t<p>Kal\u0131c\u0131 bir program olarak 2015-2016 d\u00f6neminde ba\u015flat\u0131lan E\u011fitim Bursu kapsam\u0131nda&hellip;<\/p>\n\t\t\t\t\t\t\t\t\t\t\t\t\t\t<a href=\"https:\/\/www.bakirkoyrotaract.org\/tr\/program-egitim-bursu-4\/\"\n\t\t\t\t\t\t\t   class=\"kc-post-2-button\">Devam\u0131n\u0131 Oku <i\n\t\t\t\t\t\t\t\t\tclass=\"fa fa-angle-right\" aria-hidden=\"true\"><\/i><\/a>\n\t\t\t\t\t\t\t\t\t\t\t\t\t<\/div>\n\n\t\t\t\t\t\n\t\t\t\t<\/div>\n\n\t\t\t\t\n\t\n<\/div>\n<\/div><\/div><\/div><\/div><\/section>\n","protected":false},"excerpt":{"rendered":"","protected":false},"author":1,"featured_media":0,"parent":4042,"menu_order":0,"comment_status":"closed","ping_status":"closed","template":"","meta":{"footnotes":""},"class_list":["post-5058","page","type-page","status-publish","hentry"],"_links":{"self":[{"href":"https:\/\/www.bakirkoyrotaract.org\/tr\/wp-json\/wp\/v2\/pages\/5058","targetHints":{"allow":["GET"]}}],"collection":[{"href":"https:\/\/www.bakirkoyrotaract.org\/tr\/wp-json\/wp\/v2\/pages"}],"about":[{"href":"https:\/\/www.bakirkoyrotaract.org\/tr\/wp-json\/wp\/v2\/types\/page"}],"author":[{"embeddable":true,"href":"https:\/\/www.bakirkoyrotaract.org\/tr\/wp-json\/wp\/v2\/users\/1"}],"replies":[{"embeddable":true,"href":"https:\/\/www.bakirkoyrotaract.org\/tr\/wp-json\/wp\/v2\/comments?post=5058"}],"version-history":[{"count":15,"href":"https:\/\/www.bakirkoyrotaract.org\/tr\/wp-json\/wp\/v2\/pages\/5058\/revisions"}],"predecessor-version":[{"id":9116,"href":"https:\/\/www.bakirkoyrotaract.org\/tr\/wp-json\/wp\/v2\/pages\/5058\/revisions\/9116"}],"up":[{"embeddable":true,"href":"https:\/\/www.bakirkoyrotaract.org\/tr\/wp-json\/wp\/v2\/pages\/4042"}],"wp:attachment":[{"href":"https:\/\/www.bakirkoyrotaract.org\/tr\/wp-json\/wp\/v2\/media?parent=5058"}],"curies":[{"name":"wp","href":"https:\/\/api.w.org\/{rel}","templated":true}]}}